{"id":4052,"date":"2020-08-20T11:15:01","date_gmt":"2020-08-20T14:15:01","guid":{"rendered":"https:\/\/schoueri.com.br\/en\/?page_id=4052"},"modified":"2021-04-19T07:50:26","modified_gmt":"2021-04-19T10:50:26","slug":"publications","status":"publish","type":"page","link":"https:\/\/schoueri.com.br\/en\/publications\/","title":{"rendered":"Publications"},"content":{"rendered":"\t\t<div data-elementor-type=\"wp-page\" data-elementor-id=\"4052\" class=\"elementor elementor-4052\">\n\t\t\t\t\t\t<section class=\"elementor-section elementor-top-section elementor-element elementor-element-0a096a4 elementor-section-full_width elementor-section-height-default elementor-section-height-default\" data-id=\"0a096a4\" data-element_type=\"section\">\n\t\t\t\t\t\t<div class=\"elementor-container elementor-column-gap-no\">\n\t\t\t\t\t<div class=\"elementor-column elementor-col-100 elementor-top-column elementor-element elementor-element-4a337ec\" data-id=\"4a337ec\" data-element_type=\"column\">\n\t\t\t<div class=\"elementor-widget-wrap elementor-element-populated\">\n\t\t\t\t\t\t<div class=\"elementor-element elementor-element-5447786 ee-filters-align-left ee-grid-columns-3 ee-grid-columns-tablet-2 ee-grid-columns-mobile-1 ee-posts-avatar-position-left elementor-widget elementor-widget-posts-extra\" data-id=\"5447786\" data-element_type=\"widget\" data-settings=\"{&quot;classic_layout&quot;:&quot;masonry&quot;,&quot;classic_filters&quot;:&quot;yes&quot;,&quot;columns&quot;:&quot;3&quot;,&quot;columns_tablet&quot;:&quot;2&quot;,&quot;columns_mobile&quot;:&quot;1&quot;,&quot;classic_grid_columns_spacing&quot;:{&quot;unit&quot;:&quot;px&quot;,&quot;size&quot;:24,&quot;sizes&quot;:[]},&quot;classic_grid_columns_spacing_tablet&quot;:{&quot;unit&quot;:&quot;px&quot;,&quot;size&quot;:12,&quot;sizes&quot;:[]},&quot;classic_grid_columns_spacing_mobile&quot;:{&quot;unit&quot;:&quot;px&quot;,&quot;size&quot;:0,&quot;sizes&quot;:[]}}\" data-widget_type=\"posts-extra.classic\">\n\t\t\t\t<div class=\"elementor-widget-container\">\n\t\t\t\t\t<ul class=\"ee-filters ee-filters--category\">\n\n\t\t\t\t\t\t<li class=\"ee-filters__item o-nav__item\"><a data-filter=\"*\" class=\"ee--active\">\n\t\t\t\tAll\t\t\t<\/a><\/li>\n\t\t\t\n\t\t\t<li class=\"ee-filters__item o-nav__item ee-term ee-term--articles-book-chapters\">\n\t\t\t\t\t<a data-filter=\".ee-filter-48\" class=\"ee-term__link\">\n\t\t\t\t\t\tArticles &amp; Book Chapters\t\t\t\t\t\t\t\t\t\t\t<\/a>\n\t\t\t\t<\/li>\n\t\t\t<li class=\"ee-filters__item o-nav__item ee-term ee-term--books\">\n\t\t\t\t\t<a data-filter=\".ee-filter-50\" class=\"ee-term__link\">\n\t\t\t\t\t\tBooks\t\t\t\t\t\t\t\t\t\t\t<\/a>\n\t\t\t\t<\/li>\n\t\t\t<li class=\"ee-filters__item o-nav__item ee-term ee-term--presentations\">\n\t\t\t\t\t<a data-filter=\".ee-filter-51\" class=\"ee-term__link\">\n\t\t\t\t\t\tPresentations\t\t\t\t\t\t\t\t\t\t\t<\/a>\n\t\t\t\t<\/li>\n\t\t\t<li class=\"ee-filters__item o-nav__item ee-term ee-term--sem-categoria\">\n\t\t\t\t\t<a data-filter=\".ee-filter-1\" class=\"ee-term__link\">\n\t\t\t\t\t\tSem categoria\t\t\t\t\t\t\t\t\t\t\t<\/a>\n\t\t\t\t<\/li>\n\t\t\t\t\t<\/ul><div class=\"ee-grid ee-loop ee-grid--masonry\"><div class=\"ee-grid__item--sizer\"><\/div><div class=\"ee-grid__item ee-loop__item ee-filter-48\"><article class=\"ee-post post-6860 post type-post status-publish format-standard hentry category-articles-book-chapters\"><div class=\"ee-post__body ee-post__area\"><a href=\"https:\/\/schoueri.com.br\/en\/the-un-framework-convention-a-once-in-a-lifetimeopportunity\/\" class=\"ee-post__title\">\n\t\t\t<h2 class=\"ee-post__title__heading\">The UN Framework Convention: A Once-in-a-LifetimeOpportunity<\/h2>\n\t\t<\/a><div class=\"ee-post__metas ee-post__metas--has-metas\"><ul class=\"ee-post__metas__list display--\"><li class=\"ee-post__meta ee-post__meta--date ee-post__metas__date\"> 17\/07\/2025<span class=\"ee-post__meta__separator\">\u00b7<\/span><\/li><\/ul><\/div><div class=\"ee-post__excerpt\">PDF SCHOUERI, L. E.. The UN Framework Convention: A Once-in-a-Lifetime Opportunity. \u00a0Intertax,\u00a0Volume\u00a053,\u00a0Issue 6\/7\u00a0(2025) pp. 492&hellip;<\/div><div class=\"ee-post__read-more\">\n\t\t\t<a class=\"ee-post__button\" href=\"https:\/\/schoueri.com.br\/en\/the-un-framework-convention-a-once-in-a-lifetimeopportunity\/\">\n\t\t\t\tMore\t\t\t<\/a>\n\t\t<\/div><\/div><!-- .ee-post__body --><\/article><!-- .ee-post --><\/div><!-- .ee-loop__item --><div class=\"ee-grid__item ee-loop__item ee-filter-48\"><article class=\"ee-post post-6856 post type-post status-publish format-standard hentry category-articles-book-chapters\"><div class=\"ee-post__body ee-post__area\"><a href=\"https:\/\/schoueri.com.br\/en\/prefacio-em-regras-gerais-antiabuso-nos-acordos-de-bitributacao\/\" class=\"ee-post__title\">\n\t\t\t<h2 class=\"ee-post__title__heading\">Pref\u00e1cio em &#8220;Regras Gerais Antiabuso nos Acordos de Bitributa\u00e7\u00e3o&#8221;<\/h2>\n\t\t<\/a><div class=\"ee-post__metas ee-post__metas--has-metas\"><ul class=\"ee-post__metas__list display--\"><li class=\"ee-post__meta ee-post__meta--date ee-post__metas__date\"> 29\/05\/2025<span class=\"ee-post__meta__separator\">\u00b7<\/span><\/li><\/ul><\/div><div class=\"ee-post__excerpt\">PDF LAVEZ, R. A.; SCHOUERI, L. E.. Regras Gerais Antiabuso nos Acordos de Bitributa\u00e7\u00e3o: Interpreta\u00e7\u00e3o&hellip;<\/div><div class=\"ee-post__read-more\">\n\t\t\t<a class=\"ee-post__button\" href=\"https:\/\/schoueri.com.br\/en\/prefacio-em-regras-gerais-antiabuso-nos-acordos-de-bitributacao\/\">\n\t\t\t\tMore\t\t\t<\/a>\n\t\t<\/div><\/div><!-- .ee-post__body --><\/article><!-- .ee-post --><\/div><!-- .ee-loop__item --><div class=\"ee-grid__item ee-loop__item ee-filter-48\"><article class=\"ee-post post-6854 post type-post status-publish format-standard hentry category-articles-book-chapters\"><div class=\"ee-post__body ee-post__area\"><a href=\"https:\/\/schoueri.com.br\/en\/a-neutralidade-das-regras-transitorias-no-ibs-e-na-cbs-o-caso-dos-bens-de-capital\/\" class=\"ee-post__title\">\n\t\t\t<h2 class=\"ee-post__title__heading\">A Neutralidade das Regras Transit\u00f3rias no IBS e na CBS: o Caso dos Bens de Capital<\/h2>\n\t\t<\/a><div class=\"ee-post__metas ee-post__metas--has-metas\"><ul class=\"ee-post__metas__list display--\"><li class=\"ee-post__meta ee-post__meta--date ee-post__metas__date\"> 19\/05\/2025<span class=\"ee-post__meta__separator\">\u00b7<\/span><\/li><\/ul><\/div><div class=\"ee-post__excerpt\">PDF SCHOUERI, L. E.; GALDINO, G. . A Neutralidade das Regras Transit\u00f3rias no IBS e&hellip;<\/div><div class=\"ee-post__read-more\">\n\t\t\t<a class=\"ee-post__button\" href=\"https:\/\/schoueri.com.br\/en\/a-neutralidade-das-regras-transitorias-no-ibs-e-na-cbs-o-caso-dos-bens-de-capital\/\">\n\t\t\t\tMore\t\t\t<\/a>\n\t\t<\/div><\/div><!-- .ee-post__body --><\/article><!-- .ee-post --><\/div><!-- .ee-loop__item --><div class=\"ee-grid__item ee-loop__item ee-filter-48\"><article class=\"ee-post post-6853 post type-post status-publish format-standard hentry category-articles-book-chapters\"><div class=\"ee-post__body ee-post__area\"><a href=\"https:\/\/schoueri.com.br\/en\/discurso-para-a-posse-de-luis-eduardo-schoueri-na-presidencia-do-ibdt\/\" class=\"ee-post__title\">\n\t\t\t<h2 class=\"ee-post__title__heading\">Discurso para a posse de Lu\u00eds Eduardo Schoueri na presid\u00eancia do IBDT<\/h2>\n\t\t<\/a><div class=\"ee-post__metas ee-post__metas--has-metas\"><ul class=\"ee-post__metas__list display--\"><li class=\"ee-post__meta ee-post__meta--date ee-post__metas__date\"> 19\/05\/2025<span class=\"ee-post__meta__separator\">\u00b7<\/span><\/li><\/ul><\/div><div class=\"ee-post__excerpt\">PDF SCHOUERI, L. E. . Discurso para a posse de Lu\u00eds Eduardo Schoueri na presid\u00eancia&hellip;<\/div><div class=\"ee-post__read-more\">\n\t\t\t<a class=\"ee-post__button\" href=\"https:\/\/schoueri.com.br\/en\/discurso-para-a-posse-de-luis-eduardo-schoueri-na-presidencia-do-ibdt\/\">\n\t\t\t\tMore\t\t\t<\/a>\n\t\t<\/div><\/div><!-- .ee-post__body --><\/article><!-- .ee-post --><\/div><!-- .ee-loop__item --><div class=\"ee-grid__item ee-loop__item ee-filter-48\"><article class=\"ee-post post-6851 post type-post status-publish format-standard hentry category-articles-book-chapters\"><div class=\"ee-post__body ee-post__area\"><a href=\"https:\/\/schoueri.com.br\/en\/analise-sobre-a-nao-incidencia-do-irf-sobre-remessas-ao-exterior-em-contraprestacao-de-servicos-tecnicos-que-nao-pressupoem-em-si-mesmos-qualquer-transferencia-de-tecnologia-nas-hipoteses-em-que-o\/\" class=\"ee-post__title\">\n\t\t\t<h2 class=\"ee-post__title__heading\">An\u00e1lise sobre a n\u00e3o incid\u00eancia do IRF sobre remessas ao exterior em contrapresta\u00e7\u00e3o de servi\u00e7os t\u00e9cnicos que n\u00e3o pressup\u00f5em, em si mesmos, qualquer transfer\u00eancia de tecnologia, nas hip\u00f3teses em que o protocolo faz refer\u00eancia ao conceito de know-how<\/h2>\n\t\t<\/a><div class=\"ee-post__metas ee-post__metas--has-metas\"><ul class=\"ee-post__metas__list display--\"><li class=\"ee-post__meta ee-post__meta--date ee-post__metas__date\"> 09\/05\/2025<span class=\"ee-post__meta__separator\">\u00b7<\/span><\/li><\/ul><\/div><div class=\"ee-post__excerpt\">PDF SCHOUERI, Lu\u00eds Eduardo; BATTI, Gabriel Bez. An\u00e1lise sobre a n\u00e3o incid\u00eancia do IRF sobre&hellip;<\/div><div class=\"ee-post__read-more\">\n\t\t\t<a class=\"ee-post__button\" href=\"https:\/\/schoueri.com.br\/en\/analise-sobre-a-nao-incidencia-do-irf-sobre-remessas-ao-exterior-em-contraprestacao-de-servicos-tecnicos-que-nao-pressupoem-em-si-mesmos-qualquer-transferencia-de-tecnologia-nas-hipoteses-em-que-o\/\">\n\t\t\t\tMore\t\t\t<\/a>\n\t\t<\/div><\/div><!-- .ee-post__body --><\/article><!-- .ee-post --><\/div><!-- .ee-loop__item --><div class=\"ee-grid__item ee-loop__item ee-filter-1\"><article class=\"ee-post post-6819 post type-post status-publish format-standard hentry category-sem-categoria\"><div class=\"ee-post__body ee-post__area\"><a href=\"https:\/\/schoueri.com.br\/en\/corporate-taxation-in-brazil\/\" class=\"ee-post__title\">\n\t\t\t<h2 class=\"ee-post__title__heading\">Corporate Taxation in Brazil<\/h2>\n\t\t<\/a><div class=\"ee-post__metas ee-post__metas--has-metas\"><ul class=\"ee-post__metas__list display--\"><li class=\"ee-post__meta ee-post__meta--date ee-post__metas__date\"> 18\/03\/2025<span class=\"ee-post__meta__separator\">\u00b7<\/span><\/li><\/ul><\/div><div class=\"ee-post__excerpt\">Edward Elgar SCHOUERI, L. E.; GALDINO, G. . Corporate Taxation in Brazil. In: Reuven S.&hellip;<\/div><div class=\"ee-post__read-more\">\n\t\t\t<a class=\"ee-post__button\" href=\"https:\/\/schoueri.com.br\/en\/corporate-taxation-in-brazil\/\">\n\t\t\t\tMore\t\t\t<\/a>\n\t\t<\/div><\/div><!-- .ee-post__body --><\/article><!-- .ee-post --><\/div><!-- .ee-loop__item --><div class=\"ee-grid__item ee-loop__item ee-filter-48\"><article class=\"ee-post post-6793 post type-post status-publish format-standard hentry category-articles-book-chapters\"><div class=\"ee-post__body ee-post__area\"><a href=\"https:\/\/schoueri.com.br\/en\/the-concept-of-options-realistically-avaible-in-transfer-pricing-upon-the-delineation-rule-vis-a-vis-article-9-of-double-taxation-treaties-and-tax-un-certainty\/\" class=\"ee-post__title\">\n\t\t\t<h2 class=\"ee-post__title__heading\">The Concept of Options Realistically Avaible in Transfer Pricing upon the Delineation Rule vis-\u00e0-vis Article 9 of Double Taxation Treaties and Tax (Un) Certainty<\/h2>\n\t\t<\/a><div class=\"ee-post__metas ee-post__metas--has-metas\"><ul class=\"ee-post__metas__list display--\"><li class=\"ee-post__meta ee-post__meta--date ee-post__metas__date\"> 12\/03\/2025<span class=\"ee-post__meta__separator\">\u00b7<\/span><\/li><\/ul><\/div><div class=\"ee-post__excerpt\">PDF SCHOUERI, L. E.; FETTERMANN, B. . The Concept of Options Realistically Avaible in Transfer&hellip;<\/div><div class=\"ee-post__read-more\">\n\t\t\t<a class=\"ee-post__button\" href=\"https:\/\/schoueri.com.br\/en\/the-concept-of-options-realistically-avaible-in-transfer-pricing-upon-the-delineation-rule-vis-a-vis-article-9-of-double-taxation-treaties-and-tax-un-certainty\/\">\n\t\t\t\tMore\t\t\t<\/a>\n\t\t<\/div><\/div><!-- .ee-post__body --><\/article><!-- .ee-post --><\/div><!-- .ee-loop__item --><div class=\"ee-grid__item ee-loop__item ee-filter-48\"><article class=\"ee-post post-6791 post type-post status-publish format-standard hentry category-articles-book-chapters\"><div class=\"ee-post__body ee-post__area\"><a href=\"https:\/\/schoueri.com.br\/en\/paraisos-fiscais-a-distincao-entre-os-conceitos-de-jurisdicao-de-tributacao-favorecida-e-regime-fiscal-privilegiado-no-direito-brasileiro-e-o-regime-de-agravamento-de-imposto-de-ren\/\" class=\"ee-post__title\">\n\t\t\t<h2 class=\"ee-post__title__heading\">\u201cPara\u00edsos Fiscais\u201d: a Distin\u00e7\u00e3o entre os Conceitos de Jurisdi\u00e7\u00e3o de Tributa\u00e7\u00e3o Favorecida e Regime Fiscal Privilegiado no Direito Brasileiro e o Regime de Agravamento de Imposto de Renda na Fonte sobre N\u00e3o Residentes<\/h2>\n\t\t<\/a><div class=\"ee-post__metas ee-post__metas--has-metas\"><ul class=\"ee-post__metas__list display--\"><li class=\"ee-post__meta ee-post__meta--date ee-post__metas__date\"> 12\/03\/2025<span class=\"ee-post__meta__separator\">\u00b7<\/span><\/li><\/ul><\/div><div class=\"ee-post__excerpt\">PDF SCHOUERI, L. E.; BALEEIRO, R. . \u201cPara\u00edsos Fiscais\u201d: a Distin\u00e7\u00e3o entre os Conceitos de&hellip;<\/div><div class=\"ee-post__read-more\">\n\t\t\t<a class=\"ee-post__button\" href=\"https:\/\/schoueri.com.br\/en\/paraisos-fiscais-a-distincao-entre-os-conceitos-de-jurisdicao-de-tributacao-favorecida-e-regime-fiscal-privilegiado-no-direito-brasileiro-e-o-regime-de-agravamento-de-imposto-de-ren\/\">\n\t\t\t\tMore\t\t\t<\/a>\n\t\t<\/div><\/div><!-- .ee-post__body --><\/article><!-- .ee-post --><\/div><!-- .ee-loop__item --><div class=\"ee-grid__item ee-loop__item ee-filter-48\"><article class=\"ee-post post-6795 post type-post status-publish format-standard hentry category-articles-book-chapters\"><div class=\"ee-post__body ee-post__area\"><a href=\"https:\/\/schoueri.com.br\/en\/rethinking-taxing-rights\/\" class=\"ee-post__title\">\n\t\t\t<h2 class=\"ee-post__title__heading\">Rethinking Taxing Rights<\/h2>\n\t\t<\/a><div class=\"ee-post__metas ee-post__metas--has-metas\"><ul class=\"ee-post__metas__list display--\"><li class=\"ee-post__meta ee-post__meta--date ee-post__metas__date\"> 26\/01\/2025<span class=\"ee-post__meta__separator\">\u00b7<\/span><\/li><\/ul><\/div><div class=\"ee-post__excerpt\">PDF SCHOUERI, Lu\u00eds Eduardo; LINDENBERG SCHOUERI, Pedro Guilherme. Rethinking Taxing Rights. Journal of International Economic&hellip;<\/div><div class=\"ee-post__read-more\">\n\t\t\t<a class=\"ee-post__button\" href=\"https:\/\/schoueri.com.br\/en\/rethinking-taxing-rights\/\">\n\t\t\t\tMore\t\t\t<\/a>\n\t\t<\/div><\/div><!-- .ee-post__body --><\/article><!-- .ee-post --><\/div><!-- .ee-loop__item --><div class=\"ee-grid__item ee-loop__item ee-filter-48\"><article class=\"ee-post post-6799 post type-post status-publish format-standard hentry category-articles-book-chapters\"><div class=\"ee-post__body ee-post__area\"><a href=\"https:\/\/schoueri.com.br\/en\/selected-challenges-in-the-implementation-of-pillar-two-in-brazil\/\" class=\"ee-post__title\">\n\t\t\t<h2 class=\"ee-post__title__heading\">Selected Challenges in the Implementation of Pillar Two in Brazil<\/h2>\n\t\t<\/a><div class=\"ee-post__metas ee-post__metas--has-metas\"><ul class=\"ee-post__metas__list display--\"><li class=\"ee-post__meta ee-post__meta--date ee-post__metas__date\"> 30\/12\/2024<span class=\"ee-post__meta__separator\">\u00b7<\/span><\/li><\/ul><\/div><div class=\"ee-post__excerpt\">Belt and Road Initiative Tax Journal SCHOUERI, L. E.; LIOTTI, B. F. Selected Challenges in&hellip;<\/div><div class=\"ee-post__read-more\">\n\t\t\t<a class=\"ee-post__button\" href=\"https:\/\/schoueri.com.br\/en\/selected-challenges-in-the-implementation-of-pillar-two-in-brazil\/\">\n\t\t\t\tMore\t\t\t<\/a>\n\t\t<\/div><\/div><!-- .ee-post__body --><\/article><!-- .ee-post --><\/div><!-- .ee-loop__item --><div class=\"ee-grid__item ee-loop__item ee-filter-48\"><article class=\"ee-post post-6797 post type-post status-publish format-standard hentry category-articles-book-chapters\"><div class=\"ee-post__body ee-post__area\"><a href=\"https:\/\/schoueri.com.br\/en\/a-declaracao-de-bens-e-direitos-entre-confissao-efeito-informativo-ou-constitutivo\/\" class=\"ee-post__title\">\n\t\t\t<h2 class=\"ee-post__title__heading\">A Declara\u00e7\u00e3o de Bens e Direitos: entre Confiss\u00e3o, Efeito Informativo ou Constitutivo<\/h2>\n\t\t<\/a><div class=\"ee-post__metas ee-post__metas--has-metas\"><ul class=\"ee-post__metas__list display--\"><li class=\"ee-post__meta ee-post__meta--date ee-post__metas__date\"> 05\/12\/2024<span class=\"ee-post__meta__separator\">\u00b7<\/span><\/li><\/ul><\/div><div class=\"ee-post__excerpt\">RDTA SCHOUERI, Lu\u00eds Eduardo; CARDIN, Guilherme Silva Galdino. A Declara\u00e7\u00e3o de Bens e Direitos: entre&hellip;<\/div><div class=\"ee-post__read-more\">\n\t\t\t<a class=\"ee-post__button\" href=\"https:\/\/schoueri.com.br\/en\/a-declaracao-de-bens-e-direitos-entre-confissao-efeito-informativo-ou-constitutivo\/\">\n\t\t\t\tMore\t\t\t<\/a>\n\t\t<\/div><\/div><!-- .ee-post__body --><\/article><!-- .ee-post --><\/div><!-- .ee-loop__item --><div class=\"ee-grid__item ee-loop__item ee-filter-48\"><article class=\"ee-post post-6800 post type-post status-publish format-standard hentry category-articles-book-chapters\"><div class=\"ee-post__body ee-post__area\"><a href=\"https:\/\/schoueri.com.br\/en\/chapter-3-the-qualification-of-fictitious-income-under-tax-treaties\/\" class=\"ee-post__title\">\n\t\t\t<h2 class=\"ee-post__title__heading\">Chapter 3: The Qualification of Fictitious Income under Tax Treaties<\/h2>\n\t\t<\/a><div class=\"ee-post__metas ee-post__metas--has-metas\"><ul class=\"ee-post__metas__list display--\"><li class=\"ee-post__meta ee-post__meta--date ee-post__metas__date\"> 03\/12\/2024<span class=\"ee-post__meta__separator\">\u00b7<\/span><\/li><\/ul><\/div><div class=\"ee-post__excerpt\">IBFD SCHOUERI, L. E.; GALENDI JUNIOR, R. A. . The Qualification of Fictitious Income under&hellip;<\/div><div class=\"ee-post__read-more\">\n\t\t\t<a class=\"ee-post__button\" href=\"https:\/\/schoueri.com.br\/en\/chapter-3-the-qualification-of-fictitious-income-under-tax-treaties\/\">\n\t\t\t\tMore\t\t\t<\/a>\n\t\t<\/div><\/div><!-- .ee-post__body --><\/article><!-- .ee-post --><\/div><!-- .ee-loop__item --><div class=\"ee-grid__item ee-loop__item ee-filter-48\"><article class=\"ee-post post-6802 post type-post status-publish format-standard hentry category-articles-book-chapters\"><div class=\"ee-post__body ee-post__area\"><a href=\"https:\/\/schoueri.com.br\/en\/the-impact-of-tax-treaties-on-international-mobility-of-work-in-brazil\/\" class=\"ee-post__title\">\n\t\t\t<h2 class=\"ee-post__title__heading\">The Impact of Tax Treaties on International Mobility of Work in Brazil<\/h2>\n\t\t<\/a><div class=\"ee-post__metas ee-post__metas--has-metas\"><ul class=\"ee-post__metas__list display--\"><li class=\"ee-post__meta ee-post__meta--date ee-post__metas__date\"> 03\/10\/2024<span class=\"ee-post__meta__separator\">\u00b7<\/span><\/li><\/ul><\/div><div class=\"ee-post__excerpt\">IBFD SCHOUERI, L. E.; BALEEIRO, R. . The Impact of Tax Treaties on International Mobility&hellip;<\/div><div class=\"ee-post__read-more\">\n\t\t\t<a class=\"ee-post__button\" href=\"https:\/\/schoueri.com.br\/en\/the-impact-of-tax-treaties-on-international-mobility-of-work-in-brazil\/\">\n\t\t\t\tMore\t\t\t<\/a>\n\t\t<\/div><\/div><!-- .ee-post__body --><\/article><!-- .ee-post --><\/div><!-- .ee-loop__item --><div class=\"ee-grid__item ee-loop__item ee-filter-48\"><article class=\"ee-post post-6801 post type-post status-publish format-standard hentry category-articles-book-chapters\"><div class=\"ee-post__body ee-post__area\"><a href=\"https:\/\/schoueri.com.br\/en\/brazil-worldwide-taxation-rules-versus-article-7-of-brazilian-treaties\/\" class=\"ee-post__title\">\n\t\t\t<h2 class=\"ee-post__title__heading\">Brazil: Worldwide Taxation Rules versus Article 7 of Brazilian Treaties<\/h2>\n\t\t<\/a><div class=\"ee-post__metas ee-post__metas--has-metas\"><ul class=\"ee-post__metas__list display--\"><li class=\"ee-post__meta ee-post__meta--date ee-post__metas__date\"> 03\/10\/2024<span class=\"ee-post__meta__separator\">\u00b7<\/span><\/li><\/ul><\/div><div class=\"ee-post__excerpt\">IBFD SCHOUERI, L. E.; BALEEIRO, R. . Brazil: Worldwide Taxation Rules versus Article 7 of&hellip;<\/div><div class=\"ee-post__read-more\">\n\t\t\t<a class=\"ee-post__button\" href=\"https:\/\/schoueri.com.br\/en\/brazil-worldwide-taxation-rules-versus-article-7-of-brazilian-treaties\/\">\n\t\t\t\tMore\t\t\t<\/a>\n\t\t<\/div><\/div><!-- .ee-post__body --><\/article><!-- .ee-post --><\/div><!-- .ee-loop__item --><div class=\"ee-grid__item ee-loop__item ee-filter-48\"><article class=\"ee-post post-6803 post type-post status-publish format-standard hentry category-articles-book-chapters\"><div class=\"ee-post__body ee-post__area\"><a href=\"https:\/\/schoueri.com.br\/en\/outros-resultados-abrangentes-sua-disciplina-contabil-e-tributaria\/\" class=\"ee-post__title\">\n\t\t\t<h2 class=\"ee-post__title__heading\">Outros Resultados Abrangentes: Sua Disciplina Cont\u00e1bil e Tribut\u00e1ria<\/h2>\n\t\t<\/a><div class=\"ee-post__metas ee-post__metas--has-metas\"><ul class=\"ee-post__metas__list display--\"><li class=\"ee-post__meta ee-post__meta--date ee-post__metas__date\"> 13\/09\/2024<span class=\"ee-post__meta__separator\">\u00b7<\/span><\/li><\/ul><\/div><div class=\"ee-post__excerpt\">PDF SCHOUERI, L. E.; GALENDI JUNIOR, R. A. . Outros Resultados Abrangentes: Sua Disciplina Cont\u00e1bil&hellip;<\/div><div class=\"ee-post__read-more\">\n\t\t\t<a class=\"ee-post__button\" href=\"https:\/\/schoueri.com.br\/en\/outros-resultados-abrangentes-sua-disciplina-contabil-e-tributaria\/\">\n\t\t\t\tMore\t\t\t<\/a>\n\t\t<\/div><\/div><!-- .ee-post__body --><\/article><!-- .ee-post --><\/div><!-- .ee-loop__item --><div class=\"ee-grid__item ee-loop__item ee-filter-48\"><article class=\"ee-post post-6804 post type-post status-publish format-standard hentry category-articles-book-chapters\"><div class=\"ee-post__body ee-post__area\"><a href=\"https:\/\/schoueri.com.br\/en\/o-acesso-aos-beneficios-dos-acordos-para-evitar-a-dupla-tributacao-e-a-exigencia-do-atestado-de-residencia\/\" class=\"ee-post__title\">\n\t\t\t<h2 class=\"ee-post__title__heading\">O Acesso aos Benef\u00edcios dos Acordos para Evitar a Dupla Tributa\u00e7\u00e3o e a Exig\u00eancia do \u201cAtestado de Resid\u00eancia\u201d<\/h2>\n\t\t<\/a><div class=\"ee-post__metas ee-post__metas--has-metas\"><ul class=\"ee-post__metas__list display--\"><li class=\"ee-post__meta ee-post__meta--date ee-post__metas__date\"> 03\/09\/2024<span class=\"ee-post__meta__separator\">\u00b7<\/span><\/li><\/ul><\/div><div class=\"ee-post__excerpt\">RDTI SCHOUERI, Lu\u00eds Eduardo; CARDIN, Guilherme Silva Galdino. O Acesso aos Benef\u00edcios dos Acordos para&hellip;<\/div><div class=\"ee-post__read-more\">\n\t\t\t<a class=\"ee-post__button\" href=\"https:\/\/schoueri.com.br\/en\/o-acesso-aos-beneficios-dos-acordos-para-evitar-a-dupla-tributacao-e-a-exigencia-do-atestado-de-residencia\/\">\n\t\t\t\tMore\t\t\t<\/a>\n\t\t<\/div><\/div><!-- .ee-post__body --><\/article><!-- .ee-post --><\/div><!-- .ee-loop__item --><div class=\"ee-grid__item ee-loop__item ee-filter-48\"><article class=\"ee-post post-6806 post type-post status-publish format-standard hentry category-articles-book-chapters\"><div class=\"ee-post__body ee-post__area\"><a href=\"https:\/\/schoueri.com.br\/en\/as-subvencoes-e-as-reservas-de-lucros-na-lei-12-973-14-a-ainda-relevante-compreensao-de-sua-contabilizacao\/\" class=\"ee-post__title\">\n\t\t\t<h2 class=\"ee-post__title__heading\">As Subven\u00e7\u00f5es e as Reservas de Lucros na Lei 12.973\/14: a (Ainda Relevante) Compreens\u00e3o de sua Contabiliza\u00e7\u00e3o<\/h2>\n\t\t<\/a><div class=\"ee-post__metas ee-post__metas--has-metas\"><ul class=\"ee-post__metas__list display--\"><li class=\"ee-post__meta ee-post__meta--date ee-post__metas__date\"> 10\/07\/2024<span class=\"ee-post__meta__separator\">\u00b7<\/span><\/li><\/ul><\/div><div class=\"ee-post__excerpt\">PDF SCHOUERI, L. E.; GALENDI JUNIOR, R. A. . As Subven\u00e7\u00f5es e as Reservas de&hellip;<\/div><div class=\"ee-post__read-more\">\n\t\t\t<a class=\"ee-post__button\" href=\"https:\/\/schoueri.com.br\/en\/as-subvencoes-e-as-reservas-de-lucros-na-lei-12-973-14-a-ainda-relevante-compreensao-de-sua-contabilizacao\/\">\n\t\t\t\tMore\t\t\t<\/a>\n\t\t<\/div><\/div><!-- .ee-post__body --><\/article><!-- .ee-post --><\/div><!-- .ee-loop__item --><div class=\"ee-grid__item ee-loop__item ee-filter-48\"><article class=\"ee-post post-6798 post type-post status-publish format-standard hentry category-articles-book-chapters\"><div class=\"ee-post__body ee-post__area\"><a href=\"https:\/\/schoueri.com.br\/en\/action-6-hitting-the-wrong-target\/\" class=\"ee-post__title\">\n\t\t\t<h2 class=\"ee-post__title__heading\">Action 6: Hitting the Wrong Target<\/h2>\n\t\t<\/a><div class=\"ee-post__metas ee-post__metas--has-metas\"><ul class=\"ee-post__metas__list display--\"><li class=\"ee-post__meta ee-post__meta--date ee-post__metas__date\"> 22\/03\/2024<span class=\"ee-post__meta__separator\">\u00b7<\/span><\/li><\/ul><\/div><div class=\"ee-post__excerpt\">Intertax SCHOUERI, Lu\u00eds Eduardo. Editorial: Action 6. Hitting the Wrong Target. In: Intertax, v. 52,&hellip;<\/div><div class=\"ee-post__read-more\">\n\t\t\t<a class=\"ee-post__button\" href=\"https:\/\/schoueri.com.br\/en\/action-6-hitting-the-wrong-target\/\">\n\t\t\t\tMore\t\t\t<\/a>\n\t\t<\/div><\/div><!-- .ee-post__body --><\/article><!-- .ee-post --><\/div><!-- .ee-loop__item --><div class=\"ee-grid__item ee-loop__item ee-filter-50\"><article class=\"ee-post post-6807 post type-post status-publish format-standard hentry category-books\"><div class=\"ee-post__body ee-post__area\"><a href=\"https:\/\/schoueri.com.br\/en\/direito-tributario-13a-ed-2024\/\" class=\"ee-post__title\">\n\t\t\t<h2 class=\"ee-post__title__heading\">Direito Tribut\u00e1rio \u2013 13\u00aa Ed. 2024<\/h2>\n\t\t<\/a><div class=\"ee-post__metas ee-post__metas--has-metas\"><ul class=\"ee-post__metas__list display--\"><li class=\"ee-post__meta ee-post__meta--date ee-post__metas__date\"> 11\/03\/2024<span class=\"ee-post__meta__separator\">\u00b7<\/span><\/li><\/ul><\/div><div class=\"ee-post__excerpt\">Uma nova proposta de estudo do Direito Tribut\u00e1rio: \u00e9 assim que o autor descreve este&hellip;<\/div><div class=\"ee-post__read-more\">\n\t\t\t<a class=\"ee-post__button\" href=\"https:\/\/schoueri.com.br\/en\/direito-tributario-13a-ed-2024\/\">\n\t\t\t\tMore\t\t\t<\/a>\n\t\t<\/div><\/div><!-- .ee-post__body --><\/article><!-- .ee-post --><\/div><!-- .ee-loop__item --><div class=\"ee-grid__item ee-loop__item ee-filter-48\"><article class=\"ee-post post-6814 post type-post status-publish format-standard hentry category-articles-book-chapters\"><div class=\"ee-post__body ee-post__area\"><a href=\"https:\/\/schoueri.com.br\/en\/periodicidade-do-lucro-tributavel-e-integracao-entre-pessoa-fisica-e-pessoa-juridica-o-caso-do-prejuizo-fiscal-na-extincao-da-pessoa-juridica\/\" class=\"ee-post__title\">\n\t\t\t<h2 class=\"ee-post__title__heading\">Periodicidade do Lucro Tribut\u00e1vel e Integra\u00e7\u00e3o entre Pessoa F\u00edsica e Pessoa Jur\u00eddica: o caso do Preju\u00edzo Fiscal na Extin\u00e7\u00e3o da Pessoa Jur\u00eddica<\/h2>\n\t\t<\/a><div class=\"ee-post__metas ee-post__metas--has-metas\"><ul class=\"ee-post__metas__list display--\"><li class=\"ee-post__meta ee-post__meta--date ee-post__metas__date\"> 10\/03\/2024<span class=\"ee-post__meta__separator\">\u00b7<\/span><\/li><\/ul><\/div><div class=\"ee-post__excerpt\">PDF SCHOUERI, L. E.; GALDINO, G. . Periodicidade do Lucro Tribut\u00e1vel e Integra\u00e7\u00e3o entre Pessoa&hellip;<\/div><div class=\"ee-post__read-more\">\n\t\t\t<a class=\"ee-post__button\" href=\"https:\/\/schoueri.com.br\/en\/periodicidade-do-lucro-tributavel-e-integracao-entre-pessoa-fisica-e-pessoa-juridica-o-caso-do-prejuizo-fiscal-na-extincao-da-pessoa-juridica\/\">\n\t\t\t\tMore\t\t\t<\/a>\n\t\t<\/div><\/div><!-- .ee-post__body --><\/article><!-- .ee-post --><\/div><!-- .ee-loop__item --><div class=\"ee-grid__item ee-loop__item ee-filter-48\"><article class=\"ee-post post-6813 post type-post status-publish format-standard hentry category-articles-book-chapters\"><div class=\"ee-post__body ee-post__area\"><a href=\"https:\/\/schoueri.com.br\/en\/brazil-computation-of-taxable-business-profits\/\" class=\"ee-post__title\">\n\t\t\t<h2 class=\"ee-post__title__heading\">Brazil: Computation of Taxable Business Profits<\/h2>\n\t\t<\/a><div class=\"ee-post__metas ee-post__metas--has-metas\"><ul class=\"ee-post__metas__list display--\"><li class=\"ee-post__meta ee-post__meta--date ee-post__metas__date\"> 10\/03\/2024<span class=\"ee-post__meta__separator\">\u00b7<\/span><\/li><\/ul><\/div><div class=\"ee-post__excerpt\">IBFD SCHOUERI, L. E.; GALENDI JUNIOR, R. A. . Chapter 8: Brazil. In: Andr\u00e9s B\u00e1ez&hellip;<\/div><div class=\"ee-post__read-more\">\n\t\t\t<a class=\"ee-post__button\" href=\"https:\/\/schoueri.com.br\/en\/brazil-computation-of-taxable-business-profits\/\">\n\t\t\t\tMore\t\t\t<\/a>\n\t\t<\/div><\/div><!-- .ee-post__body --><\/article><!-- .ee-post --><\/div><!-- .ee-loop__item --><div class=\"ee-grid__item ee-loop__item ee-filter-48\"><article class=\"ee-post post-6812 post type-post status-publish format-standard hentry category-articles-book-chapters\"><div class=\"ee-post__body ee-post__area\"><a href=\"https:\/\/schoueri.com.br\/en\/artigo-8-da-lei-n-14-754-2023-e-os-acordos-para-evitar-a-dupla-tributacao-os-efeitos-da-opcao-pela-transparencia-da-entidade-controlada\/\" class=\"ee-post__title\">\n\t\t\t<h2 class=\"ee-post__title__heading\">Artigo 8 da Lei n. 14.754\/2023 e os Acordos para Evitar a Dupla Tributa\u00e7\u00e3o: os Efeitos da Op\u00e7\u00e3o pela Transpar\u00eancia da Entidade Controlada<\/h2>\n\t\t<\/a><div class=\"ee-post__metas ee-post__metas--has-metas\"><ul class=\"ee-post__metas__list display--\"><li class=\"ee-post__meta ee-post__meta--date ee-post__metas__date\"> 10\/03\/2024<span class=\"ee-post__meta__separator\">\u00b7<\/span><\/li><\/ul><\/div><div class=\"ee-post__excerpt\">PDF SCHOUERI, L. E.; GALDINO, G. . Artigo 8 da Lei n. 14.754\/2023 e os&hellip;<\/div><div class=\"ee-post__read-more\">\n\t\t\t<a class=\"ee-post__button\" href=\"https:\/\/schoueri.com.br\/en\/artigo-8-da-lei-n-14-754-2023-e-os-acordos-para-evitar-a-dupla-tributacao-os-efeitos-da-opcao-pela-transparencia-da-entidade-controlada\/\">\n\t\t\t\tMore\t\t\t<\/a>\n\t\t<\/div><\/div><!-- .ee-post__body --><\/article><!-- .ee-post --><\/div><!-- .ee-loop__item --><div class=\"ee-grid__item ee-loop__item ee-filter-48\"><article class=\"ee-post post-6811 post type-post status-publish format-standard hentry category-articles-book-chapters\"><div class=\"ee-post__body ee-post__area\"><a href=\"https:\/\/schoueri.com.br\/en\/o-principio-da-anterioridade-e-a-revogacao-de-isencoes-e-beneficios-fiscais-um-estudo-da-jurisprudencia-do-supremo-tribunal-federal\/\" class=\"ee-post__title\">\n\t\t\t<h2 class=\"ee-post__title__heading\">O Princ\u00edpio da Anterioridade e a Revoga\u00e7\u00e3o de Isen\u00e7\u00f5es e Benef\u00edcios Fiscais: um Estudo da Jurisprud\u00eancia do Supremo Tribunal Federal<\/h2>\n\t\t<\/a><div class=\"ee-post__metas ee-post__metas--has-metas\"><ul class=\"ee-post__metas__list display--\"><li class=\"ee-post__meta ee-post__meta--date ee-post__metas__date\"> 10\/03\/2024<span class=\"ee-post__meta__separator\">\u00b7<\/span><\/li><\/ul><\/div><div class=\"ee-post__excerpt\">PDF SCHOUERI, L. E.; BALEEIRO, R. . O Princ\u00edpio da Anterioridade e a Revoga\u00e7\u00e3o de&hellip;<\/div><div class=\"ee-post__read-more\">\n\t\t\t<a class=\"ee-post__button\" href=\"https:\/\/schoueri.com.br\/en\/o-principio-da-anterioridade-e-a-revogacao-de-isencoes-e-beneficios-fiscais-um-estudo-da-jurisprudencia-do-supremo-tribunal-federal\/\">\n\t\t\t\tMore\t\t\t<\/a>\n\t\t<\/div><\/div><!-- .ee-post__body --><\/article><!-- .ee-post --><\/div><!-- .ee-loop__item --><div class=\"ee-grid__item ee-loop__item ee-filter-48\"><article class=\"ee-post post-6810 post type-post status-publish format-standard hentry category-articles-book-chapters\"><div class=\"ee-post__body ee-post__area\"><a href=\"https:\/\/schoueri.com.br\/en\/a-lei-14-789-2023-e-a-jurisprudencia-do-stj-incompatibilidades-e-suas-consequencias\/\" class=\"ee-post__title\">\n\t\t\t<h2 class=\"ee-post__title__heading\">A Lei 14.789\/2023 e a Jurisprud\u00eancia do STJ: Incompatibilidades e suas Consequ\u00eancias<\/h2>\n\t\t<\/a><div class=\"ee-post__metas ee-post__metas--has-metas\"><ul class=\"ee-post__metas__list display--\"><li class=\"ee-post__meta ee-post__meta--date ee-post__metas__date\"> 10\/03\/2024<span class=\"ee-post__meta__separator\">\u00b7<\/span><\/li><\/ul><\/div><div class=\"ee-post__excerpt\">PDF SCHOUERI, L. E.; GALENDI JUNIOR, R. A. . A Lei 14.789\/2023 e a Jurisprud\u00eancia&hellip;<\/div><div class=\"ee-post__read-more\">\n\t\t\t<a class=\"ee-post__button\" href=\"https:\/\/schoueri.com.br\/en\/a-lei-14-789-2023-e-a-jurisprudencia-do-stj-incompatibilidades-e-suas-consequencias\/\">\n\t\t\t\tMore\t\t\t<\/a>\n\t\t<\/div><\/div><!-- .ee-post__body --><\/article><!-- .ee-post --><\/div><!-- .ee-loop__item --><div class=\"ee-grid__item ee-loop__item ee-filter-48\"><article class=\"ee-post post-6817 post type-post status-publish format-standard hentry category-articles-book-chapters\"><div class=\"ee-post__body ee-post__area\"><a href=\"https:\/\/schoueri.com.br\/en\/nao-cumulatividade-e-isencao-no-meio-da-cadeia-produtiva\/\" class=\"ee-post__title\">\n\t\t\t<h2 class=\"ee-post__title__heading\">N\u00e3o Cumulatividade e Isen\u00e7\u00e3o no Meio da Cadeia Produtiva<\/h2>\n\t\t<\/a><div class=\"ee-post__metas ee-post__metas--has-metas\"><ul class=\"ee-post__metas__list display--\"><li class=\"ee-post__meta ee-post__meta--date ee-post__metas__date\"> 07\/03\/2024<span class=\"ee-post__meta__separator\">\u00b7<\/span><\/li><\/ul><\/div><div class=\"ee-post__excerpt\">PDF SCHOUERI, L. E.. N\u00e3o Cumulatividade e Isen\u00e7\u00e3o no Meio da Cadeia Produtiva. In: T\u00e9rcio&hellip;<\/div><div class=\"ee-post__read-more\">\n\t\t\t<a class=\"ee-post__button\" href=\"https:\/\/schoueri.com.br\/en\/nao-cumulatividade-e-isencao-no-meio-da-cadeia-produtiva\/\">\n\t\t\t\tMore\t\t\t<\/a>\n\t\t<\/div><\/div><!-- .ee-post__body --><\/article><!-- .ee-post --><\/div><!-- .ee-loop__item --><div class=\"ee-grid__item ee-loop__item ee-filter-48\"><article class=\"ee-post post-6816 post type-post status-publish format-standard hentry category-articles-book-chapters\"><div class=\"ee-post__body ee-post__area\"><a href=\"https:\/\/schoueri.com.br\/en\/crypto-assets-tax-law-and-policy-in-brazil\/\" class=\"ee-post__title\">\n\t\t\t<h2 class=\"ee-post__title__heading\">Crypto Assets: Tax Law and Policy in Brazil<\/h2>\n\t\t<\/a><div class=\"ee-post__metas ee-post__metas--has-metas\"><ul class=\"ee-post__metas__list display--\"><li class=\"ee-post__meta ee-post__meta--date ee-post__metas__date\"> 07\/03\/2024<span class=\"ee-post__meta__separator\">\u00b7<\/span><\/li><\/ul><\/div><div class=\"ee-post__excerpt\">IBFD SCHOUERI, L. E.; PINTO, F. K. R. . Crypto Assets: Tax Law and Policy&hellip;<\/div><div class=\"ee-post__read-more\">\n\t\t\t<a class=\"ee-post__button\" href=\"https:\/\/schoueri.com.br\/en\/crypto-assets-tax-law-and-policy-in-brazil\/\">\n\t\t\t\tMore\t\t\t<\/a>\n\t\t<\/div><\/div><!-- .ee-post__body --><\/article><!-- .ee-post --><\/div><!-- .ee-loop__item --><div class=\"ee-grid__item ee-loop__item ee-filter-48\"><article class=\"ee-post post-6815 post type-post status-publish format-standard hentry category-articles-book-chapters\"><div class=\"ee-post__body ee-post__area\"><a href=\"https:\/\/schoueri.com.br\/en\/a-capacidade-contributiva-entre-lei-complementar-tributaria-e-o-estado-federal\/\" class=\"ee-post__title\">\n\t\t\t<h2 class=\"ee-post__title__heading\">A Capacidade Contributiva entre Lei Complementar Tribut\u00e1ria e o Estado Federal<\/h2>\n\t\t<\/a><div class=\"ee-post__metas ee-post__metas--has-metas\"><ul class=\"ee-post__metas__list display--\"><li class=\"ee-post__meta ee-post__meta--date ee-post__metas__date\"> 07\/03\/2024<span class=\"ee-post__meta__separator\">\u00b7<\/span><\/li><\/ul><\/div><div class=\"ee-post__excerpt\">PDF SCHOUERI, L. E.; MALAQUIAS, Jonathan . A Capacidade Contributiva entre Lei Complementar Tribut\u00e1ria e&hellip;<\/div><div class=\"ee-post__read-more\">\n\t\t\t<a class=\"ee-post__button\" href=\"https:\/\/schoueri.com.br\/en\/a-capacidade-contributiva-entre-lei-complementar-tributaria-e-o-estado-federal\/\">\n\t\t\t\tMore\t\t\t<\/a>\n\t\t<\/div><\/div><!-- .ee-post__body --><\/article><!-- .ee-post --><\/div><!-- .ee-loop__item --><div class=\"ee-grid__item ee-loop__item ee-filter-48\"><article class=\"ee-post post-6818 post type-post status-publish format-standard hentry category-articles-book-chapters\"><div class=\"ee-post__body ee-post__area\"><a href=\"https:\/\/schoueri.com.br\/en\/populismo-em-cheque\/\" class=\"ee-post__title\">\n\t\t\t<h2 class=\"ee-post__title__heading\">Populismo Tribut\u00e1rio em Xeque<\/h2>\n\t\t<\/a><div class=\"ee-post__metas ee-post__metas--has-metas\"><ul class=\"ee-post__metas__list display--\"><li class=\"ee-post__meta ee-post__meta--date ee-post__metas__date\"> 13\/12\/2023<span class=\"ee-post__meta__separator\">\u00b7<\/span><\/li><\/ul><\/div><div class=\"ee-post__excerpt\">PDF SCHOUERI, L. E.; FERREIRA, G. A. . Populismo Tribut\u00e1rio em Xeque. In: Onofre A.&hellip;<\/div><div class=\"ee-post__read-more\">\n\t\t\t<a class=\"ee-post__button\" href=\"https:\/\/schoueri.com.br\/en\/populismo-em-cheque\/\">\n\t\t\t\tMore\t\t\t<\/a>\n\t\t<\/div><\/div><!-- .ee-post__body --><\/article><!-- .ee-post --><\/div><!-- .ee-loop__item --><div class=\"ee-grid__item ee-loop__item ee-filter-48\"><article class=\"ee-post post-6821 post type-post status-publish format-standard hentry category-articles-book-chapters\"><div class=\"ee-post__body ee-post__area\"><a href=\"https:\/\/schoueri.com.br\/en\/as-subvencoes-para-investimentos-e-o-principio-federativo-na-jurisprudencia-do-stj\/\" class=\"ee-post__title\">\n\t\t\t<h2 class=\"ee-post__title__heading\">As Subven\u00e7\u00f5es para Investimentos e o Princ\u00edpio Federativo na Jurisprud\u00eancia do STJ<\/h2>\n\t\t<\/a><div class=\"ee-post__metas ee-post__metas--has-metas\"><ul class=\"ee-post__metas__list display--\"><li class=\"ee-post__meta ee-post__meta--date ee-post__metas__date\"> 01\/12\/2023<span class=\"ee-post__meta__separator\">\u00b7<\/span><\/li><\/ul><\/div><div class=\"ee-post__excerpt\">PDF SCHOUERI, L. E.; GALENDI JUNIOR, R. A. . As Subven\u00e7\u00f5es para Investimentos e o&hellip;<\/div><div class=\"ee-post__read-more\">\n\t\t\t<a class=\"ee-post__button\" href=\"https:\/\/schoueri.com.br\/en\/as-subvencoes-para-investimentos-e-o-principio-federativo-na-jurisprudencia-do-stj\/\">\n\t\t\t\tMore\t\t\t<\/a>\n\t\t<\/div><\/div><!-- .ee-post__body --><\/article><!-- .ee-post --><\/div><!-- .ee-loop__item --><div class=\"ee-grid__item ee-loop__item ee-filter-48\"><article class=\"ee-post post-6822 post type-post status-publish format-standard hentry category-articles-book-chapters\"><div class=\"ee-post__body ee-post__area\"><a href=\"https:\/\/schoueri.com.br\/en\/chapter-20-brazil-dispute-resolution-under-tax-treaties-and-beyond\/\" class=\"ee-post__title\">\n\t\t\t<h2 class=\"ee-post__title__heading\">Chapter 20: Brazil &#8211; Dispute Resolution under Tax Treaties and Beyond<\/h2>\n\t\t<\/a><div class=\"ee-post__metas ee-post__metas--has-metas\"><ul class=\"ee-post__metas__list display--\"><li class=\"ee-post__meta ee-post__meta--date ee-post__metas__date\"> 17\/11\/2023<span class=\"ee-post__meta__separator\">\u00b7<\/span><\/li><\/ul><\/div><div class=\"ee-post__excerpt\">IBFD SCHOUERI, L. E.; BARBOSA, M. C. . Chapter 20: Brazil. In: Guglielmo Maisto. (Org.).&hellip;<\/div><div class=\"ee-post__read-more\">\n\t\t\t<a class=\"ee-post__button\" href=\"https:\/\/schoueri.com.br\/en\/chapter-20-brazil-dispute-resolution-under-tax-treaties-and-beyond\/\">\n\t\t\t\tMore\t\t\t<\/a>\n\t\t<\/div><\/div><!-- .ee-post__body --><\/article><!-- .ee-post --><\/div><!-- .ee-loop__item --><div class=\"ee-grid__item ee-loop__item ee-filter-48\"><article class=\"ee-post post-6820 post type-post status-publish format-standard hentry category-articles-book-chapters\"><div class=\"ee-post__body ee-post__area\"><a href=\"https:\/\/schoueri.com.br\/en\/aproveitamento-fiscal-de-mais-valia-no-caso-de-cisao\/\" class=\"ee-post__title\">\n\t\t\t<h2 class=\"ee-post__title__heading\">Aproveitamento Fiscal da Mais-Valia no Caso de Cis\u00e3o: An\u00e1lise do Art. 20, \u00a71\u00ba, da Lei N\u00ba 12.973\/2014.<\/h2>\n\t\t<\/a><div class=\"ee-post__metas ee-post__metas--has-metas\"><ul class=\"ee-post__metas__list display--\"><li class=\"ee-post__meta ee-post__meta--date ee-post__metas__date\"> 01\/11\/2023<span class=\"ee-post__meta__separator\">\u00b7<\/span><\/li><\/ul><\/div><div class=\"ee-post__excerpt\">PDF SCHOUERI, L. E.; FERREIRA, D. O. . Aproveitamento Fiscal da Mais-Valia no Caso de&hellip;<\/div><div class=\"ee-post__read-more\">\n\t\t\t<a class=\"ee-post__button\" href=\"https:\/\/schoueri.com.br\/en\/aproveitamento-fiscal-de-mais-valia-no-caso-de-cisao\/\">\n\t\t\t\tMore\t\t\t<\/a>\n\t\t<\/div><\/div><!-- .ee-post__body --><\/article><!-- .ee-post --><\/div><!-- .ee-loop__item --><div class=\"ee-grid__item ee-loop__item ee-filter-48\"><article class=\"ee-post post-6823 post type-post status-publish format-standard hentry category-articles-book-chapters\"><div class=\"ee-post__body ee-post__area\"><a href=\"https:\/\/schoueri.com.br\/en\/da-concretizacao-da-nocao-de-paraiso-fiscal-no-direito-brasileiro\/\" class=\"ee-post__title\">\n\t\t\t<h2 class=\"ee-post__title__heading\">Da Concretiza\u00e7\u00e3o da No\u00e7\u00e3o de Para\u00edso Fiscal no Direito Brasileiro<\/h2>\n\t\t<\/a><div class=\"ee-post__metas ee-post__metas--has-metas\"><ul class=\"ee-post__metas__list display--\"><li class=\"ee-post__meta ee-post__meta--date ee-post__metas__date\"> 25\/10\/2023<span class=\"ee-post__meta__separator\">\u00b7<\/span><\/li><\/ul><\/div><div class=\"ee-post__excerpt\">PDF SCHOUERI, L. E.; BALEEIRO, R. . Da Concretiza\u00e7\u00e3o da No\u00e7\u00e3o de Para\u00edso Fiscal no&hellip;<\/div><div class=\"ee-post__read-more\">\n\t\t\t<a class=\"ee-post__button\" href=\"https:\/\/schoueri.com.br\/en\/da-concretizacao-da-nocao-de-paraiso-fiscal-no-direito-brasileiro\/\">\n\t\t\t\tMore\t\t\t<\/a>\n\t\t<\/div><\/div><!-- .ee-post__body --><\/article><!-- .ee-post --><\/div><!-- .ee-loop__item --><div class=\"ee-grid__item ee-loop__item ee-filter-48\"><article class=\"ee-post post-6772 post type-post status-publish format-standard hentry category-articles-book-chapters tag-direito-tributario-internacional-pillar-two tag-international-tax-law\"><div class=\"ee-post__body ee-post__area\"><a href=\"https:\/\/schoueri.com.br\/en\/effective-tax-rate-criteria-and-source-taxation-under-the-oecds-pillar-two-proposals\/\" class=\"ee-post__title\">\n\t\t\t<h2 class=\"ee-post__title__heading\">Effective Tax Rate Criteria and Source Taxation under the OECD\u2019s Pillar Two Proposals<\/h2>\n\t\t<\/a><div class=\"ee-post__metas ee-post__metas--has-metas\"><ul class=\"ee-post__metas__list display--\"><li class=\"ee-post__meta ee-post__meta--date ee-post__metas__date\"> 13\/07\/2023<span class=\"ee-post__meta__separator\">\u00b7<\/span><\/li><\/ul><\/div><div class=\"ee-post__excerpt\">IBFD This article aims to analyse how the effective tax rate criteria of the OECD\u2019s&hellip;<\/div><div class=\"ee-post__read-more\">\n\t\t\t<a class=\"ee-post__button\" href=\"https:\/\/schoueri.com.br\/en\/effective-tax-rate-criteria-and-source-taxation-under-the-oecds-pillar-two-proposals\/\">\n\t\t\t\tMore\t\t\t<\/a>\n\t\t<\/div><\/div><!-- .ee-post__body --><\/article><!-- .ee-post --><\/div><!-- .ee-loop__item --><div class=\"ee-grid__item ee-loop__item ee-filter-48\"><article class=\"ee-post post-6788 post type-post status-publish format-standard hentry category-articles-book-chapters\"><div class=\"ee-post__body ee-post__area\"><a href=\"https:\/\/schoueri.com.br\/en\/the-twilight-of-bilateralism\/\" class=\"ee-post__title\">\n\t\t\t<h2 class=\"ee-post__title__heading\">The Twilight of Bilateralism<\/h2>\n\t\t<\/a><div class=\"ee-post__metas ee-post__metas--has-metas\"><ul class=\"ee-post__metas__list display--\"><li class=\"ee-post__meta ee-post__meta--date ee-post__metas__date\"> 07\/06\/2023<span class=\"ee-post__meta__separator\">\u00b7<\/span><\/li><\/ul><\/div><div class=\"ee-post__excerpt\">PDF Lu\u00eds Eduardo Schoueri, &#8216;Editorial: The Twilight Of Bilateralism&#8217;, (2023), 51, Intertax, Issue 5, pp.&hellip;<\/div><div class=\"ee-post__read-more\">\n\t\t\t<a class=\"ee-post__button\" href=\"https:\/\/schoueri.com.br\/en\/the-twilight-of-bilateralism\/\">\n\t\t\t\tMore\t\t\t<\/a>\n\t\t<\/div><\/div><!-- .ee-post__body --><\/article><!-- .ee-post --><\/div><!-- .ee-loop__item --><div class=\"ee-grid__item ee-loop__item ee-filter-48\"><article class=\"ee-post post-6824 post type-post status-publish format-standard hentry category-articles-book-chapters\"><div class=\"ee-post__body ee-post__area\"><a href=\"https:\/\/schoueri.com.br\/en\/transacao-e-novacao-a-extincao-do-credito-tributario-pelo-artigo-171-do-ctn-e-a-impossibilidade-de-repeticao-do-indebito\/\" class=\"ee-post__title\">\n\t\t\t<h2 class=\"ee-post__title__heading\">Transa\u00e7\u00e3o e Nova\u00e7\u00e3o: a Extin\u00e7\u00e3o do Cr\u00e9dito Tribut\u00e1rio pelo artigo 171 do CTN e a (Im)Possibilidade de Repeti\u00e7\u00e3o do Ind\u00e9bito<\/h2>\n\t\t<\/a><div class=\"ee-post__metas ee-post__metas--has-metas\"><ul class=\"ee-post__metas__list display--\"><li class=\"ee-post__meta ee-post__meta--date ee-post__metas__date\"> 26\/04\/2023<span class=\"ee-post__meta__separator\">\u00b7<\/span><\/li><\/ul><\/div><div class=\"ee-post__excerpt\">PDF SCHOUERI, Lu\u00eds Eduardo; BARBOSA, Mateus Calicchio. Transa\u00e7\u00e3o e Nova\u00e7\u00e3o: a Extin\u00e7\u00e3o do Cr\u00e9dito Tribut\u00e1rio&hellip;<\/div><div class=\"ee-post__read-more\">\n\t\t\t<a class=\"ee-post__button\" href=\"https:\/\/schoueri.com.br\/en\/transacao-e-novacao-a-extincao-do-credito-tributario-pelo-artigo-171-do-ctn-e-a-impossibilidade-de-repeticao-do-indebito\/\">\n\t\t\t\tMore\t\t\t<\/a>\n\t\t<\/div><\/div><!-- .ee-post__body --><\/article><!-- .ee-post --><\/div><!-- .ee-loop__item --><div class=\"ee-grid__item ee-loop__item ee-filter-48\"><article class=\"ee-post post-6787 post type-post status-publish format-standard hentry category-articles-book-chapters tag-iof\"><div class=\"ee-post__body ee-post__area\"><a href=\"https:\/\/schoueri.com.br\/en\/iof-on-financial-loans-comprehend-current-account-contracts\/\" class=\"ee-post__title\">\n\t\t\t<h2 class=\"ee-post__title__heading\">IOF on Financial Loans comprehend Current Account Contracts?<\/h2>\n\t\t<\/a><div class=\"ee-post__metas ee-post__metas--has-metas\"><ul class=\"ee-post__metas__list display--\"><li class=\"ee-post__meta ee-post__meta--date ee-post__metas__date\"> 15\/02\/2023<span class=\"ee-post__meta__separator\">\u00b7<\/span><\/li><\/ul><\/div><div class=\"ee-post__excerpt\">PDF This article aims at, from a dogmatic legal perspective, examining analytical-ly whether Law No.&hellip;<\/div><div class=\"ee-post__read-more\">\n\t\t\t<a class=\"ee-post__button\" href=\"https:\/\/schoueri.com.br\/en\/iof-on-financial-loans-comprehend-current-account-contracts\/\">\n\t\t\t\tMore\t\t\t<\/a>\n\t\t<\/div><\/div><!-- .ee-post__body --><\/article><!-- .ee-post --><\/div><!-- .ee-loop__item --><div class=\"ee-grid__item ee-loop__item ee-filter-48\"><article class=\"ee-post post-6785 post type-post status-publish format-standard hentry category-articles-book-chapters tag-contribuinte\"><div class=\"ee-post__body ee-post__area\"><a href=\"https:\/\/schoueri.com.br\/en\/consumption-tax-and-the-taxpayer-in-a-possible-paradigm-change-for-indirect-taxation-in-brazil-shifting-the-incidence-from-production-to-consumption\/\" class=\"ee-post__title\">\n\t\t\t<h2 class=\"ee-post__title__heading\">Consumption Tax and the Taxpayer in a Possible Paradigm Change for Indirect Taxation in Brazil: shifting the Incidence from Production to Consumption<\/h2>\n\t\t<\/a><div class=\"ee-post__metas ee-post__metas--has-metas\"><ul class=\"ee-post__metas__list display--\"><li class=\"ee-post__meta ee-post__meta--date ee-post__metas__date\"> 01\/01\/2023<span class=\"ee-post__meta__separator\">\u00b7<\/span><\/li><\/ul><\/div><div class=\"ee-post__excerpt\">PDF This article starts from a scientific-speculative exercise, proposed by Profes-sor Lu\u00eds Eduardo Schoueri, to&hellip;<\/div><div class=\"ee-post__read-more\">\n\t\t\t<a class=\"ee-post__button\" href=\"https:\/\/schoueri.com.br\/en\/consumption-tax-and-the-taxpayer-in-a-possible-paradigm-change-for-indirect-taxation-in-brazil-shifting-the-incidence-from-production-to-consumption\/\">\n\t\t\t\tMore\t\t\t<\/a>\n\t\t<\/div><\/div><!-- .ee-post__body --><\/article><!-- .ee-post --><\/div><!-- .ee-loop__item --><div class=\"ee-grid__item ee-loop__item ee-filter-48\"><article class=\"ee-post post-6825 post type-post status-publish format-standard hentry category-articles-book-chapters\"><div class=\"ee-post__body ee-post__area\"><a href=\"https:\/\/schoueri.com.br\/en\/iof-e-contratos-de-conta-corrente-a-inexistencia-de-operacao-de-credito\/\" class=\"ee-post__title\">\n\t\t\t<h2 class=\"ee-post__title__heading\">IOF e Contratos de Conta Corrente: A Inexist\u00eancia de Opera\u00e7\u00e3o de Cr\u00e9dito<\/h2>\n\t\t<\/a><div class=\"ee-post__metas ee-post__metas--has-metas\"><ul class=\"ee-post__metas__list display--\"><li class=\"ee-post__meta ee-post__meta--date ee-post__metas__date\"> 01\/09\/2022<span class=\"ee-post__meta__separator\">\u00b7<\/span><\/li><\/ul><\/div><div class=\"ee-post__excerpt\">PDF SCHOUERI, L. E.; GALDINO, G. . IOF e Contratos de Conta Corrente: A Inexist\u00eancia&hellip;<\/div><div class=\"ee-post__read-more\">\n\t\t\t<a class=\"ee-post__button\" href=\"https:\/\/schoueri.com.br\/en\/iof-e-contratos-de-conta-corrente-a-inexistencia-de-operacao-de-credito\/\">\n\t\t\t\tMore\t\t\t<\/a>\n\t\t<\/div><\/div><!-- .ee-post__body --><\/article><!-- .ee-post --><\/div><!-- .ee-loop__item --><div class=\"ee-grid__item ee-loop__item ee-filter-48\"><article class=\"ee-post post-6779 post type-post status-publish format-standard hentry category-articles-book-chapters\"><div class=\"ee-post__body ee-post__area\"><a href=\"https:\/\/schoueri.com.br\/en\/contract-for-the-opening-and-maintenance-of-a-transaction-account-and-the-tax-levied-on-financial-transactions-in-brazil-iof-non-characterization-of-a-loan\/\" class=\"ee-post__title\">\n\t\t\t<h2 class=\"ee-post__title__heading\">Contract for the opening and maintenance of a transaction account and the tax levied on financial transactions in Brazil (IOF): non-characterization of a loan<\/h2>\n\t\t<\/a><div class=\"ee-post__metas ee-post__metas--has-metas\"><ul class=\"ee-post__metas__list display--\"><li class=\"ee-post__meta ee-post__meta--date ee-post__metas__date\"> 01\/09\/2022<span class=\"ee-post__meta__separator\">\u00b7<\/span><\/li><\/ul><\/div><div class=\"ee-post__excerpt\">PDF This article intends to examine, from a perspective ranging from the legal provisions to&hellip;<\/div><div class=\"ee-post__read-more\">\n\t\t\t<a class=\"ee-post__button\" href=\"https:\/\/schoueri.com.br\/en\/contract-for-the-opening-and-maintenance-of-a-transaction-account-and-the-tax-levied-on-financial-transactions-in-brazil-iof-non-characterization-of-a-loan\/\">\n\t\t\t\tMore\t\t\t<\/a>\n\t\t<\/div><\/div><!-- .ee-post__body --><\/article><!-- .ee-post --><\/div><!-- .ee-loop__item --><div class=\"ee-grid__item ee-loop__item ee-filter-48\"><article class=\"ee-post post-6827 post type-post status-publish format-standard hentry category-articles-book-chapters\"><div class=\"ee-post__body ee-post__area\"><a href=\"https:\/\/schoueri.com.br\/en\/a-isencao-tecnica-do-imposto-de-renda-nos-fundos-de-investimento-imobiliario-fiis-e-os-ganhos-de-capital-na-alienacao-de-quotas-de-outros-fiis\/\" class=\"ee-post__title\">\n\t\t\t<h2 class=\"ee-post__title__heading\">A Isen\u00e7\u00e3o T\u00e9cnica do Imposto de Renda nos Fundos de Investimento Imobili\u00e1rio (FIIs) e os Ganhos de Capital na Aliena\u00e7\u00e3o de Quotas de Outros FIIs<\/h2>\n\t\t<\/a><div class=\"ee-post__metas ee-post__metas--has-metas\"><ul class=\"ee-post__metas__list display--\"><li class=\"ee-post__meta ee-post__meta--date ee-post__metas__date\"> 29\/08\/2022<span class=\"ee-post__meta__separator\">\u00b7<\/span><\/li><\/ul><\/div><div class=\"ee-post__excerpt\">PDF SCHOUERI, L. E.; GALDINO, G. . A Isen\u00e7\u00e3o T\u00e9cnica do Imposto de Renda nos&hellip;<\/div><div class=\"ee-post__read-more\">\n\t\t\t<a class=\"ee-post__button\" href=\"https:\/\/schoueri.com.br\/en\/a-isencao-tecnica-do-imposto-de-renda-nos-fundos-de-investimento-imobiliario-fiis-e-os-ganhos-de-capital-na-alienacao-de-quotas-de-outros-fiis\/\">\n\t\t\t\tMore\t\t\t<\/a>\n\t\t<\/div><\/div><!-- .ee-post__body --><\/article><!-- .ee-post --><\/div><!-- .ee-loop__item --><div class=\"ee-grid__item ee-loop__item ee-filter-48\"><article class=\"ee-post post-6826 post type-post status-publish format-standard hentry category-articles-book-chapters\"><div class=\"ee-post__body ee-post__area\"><a href=\"https:\/\/schoueri.com.br\/en\/pillar-2-and-global-tax-governance-between-liberal-international-order-and-westphalian-order\/\" class=\"ee-post__title\">\n\t\t\t<h2 class=\"ee-post__title__heading\">Pillar 2 and Global Tax Governance between Liberal International Order and Westphalian Order<\/h2>\n\t\t<\/a><div class=\"ee-post__metas ee-post__metas--has-metas\"><ul class=\"ee-post__metas__list display--\"><li class=\"ee-post__meta ee-post__meta--date ee-post__metas__date\"> 29\/08\/2022<span class=\"ee-post__meta__separator\">\u00b7<\/span><\/li><\/ul><\/div><div class=\"ee-post__excerpt\">PDF L.E. Schoueri &amp; B.C.F.N. Santos. Pillar 2 and Global Tax Governance between. Anais do&hellip;<\/div><div class=\"ee-post__read-more\">\n\t\t\t<a class=\"ee-post__button\" href=\"https:\/\/schoueri.com.br\/en\/pillar-2-and-global-tax-governance-between-liberal-international-order-and-westphalian-order\/\">\n\t\t\t\tMore\t\t\t<\/a>\n\t\t<\/div><\/div><!-- .ee-post__body --><\/article><!-- .ee-post --><\/div><!-- .ee-loop__item --><div class=\"ee-grid__item ee-loop__item ee-filter-48\"><article class=\"ee-post post-6828 post type-post status-publish format-standard hentry category-articles-book-chapters\"><div class=\"ee-post__body ee-post__area\"><a href=\"https:\/\/schoueri.com.br\/en\/iof-sobre-operacoes-simbolicas-de-cambio-e-as-conferencias-internacionais-de-acoes\/\" class=\"ee-post__title\">\n\t\t\t<h2 class=\"ee-post__title__heading\">IOF sobre Opera\u00e7\u00f5es Simb\u00f3licas de C\u00e2mbio e as Confer\u00eancias Internacionais de A\u00e7\u00f5es<\/h2>\n\t\t<\/a><div class=\"ee-post__metas ee-post__metas--has-metas\"><ul class=\"ee-post__metas__list display--\"><li class=\"ee-post__meta ee-post__meta--date ee-post__metas__date\"> 21\/07\/2022<span class=\"ee-post__meta__separator\">\u00b7<\/span><\/li><\/ul><\/div><div class=\"ee-post__excerpt\">PDF SCHOUERI, Lu\u00eds Eduardo; GALDINO, Guilherme. IOF sobre Opera\u00e7\u00f5es Simb\u00f3licas de C\u00e2mbio e as Confer\u00eancias&hellip;<\/div><div class=\"ee-post__read-more\">\n\t\t\t<a class=\"ee-post__button\" href=\"https:\/\/schoueri.com.br\/en\/iof-sobre-operacoes-simbolicas-de-cambio-e-as-conferencias-internacionais-de-acoes\/\">\n\t\t\t\tMore\t\t\t<\/a>\n\t\t<\/div><\/div><!-- .ee-post__body --><\/article><!-- .ee-post --><\/div><!-- .ee-loop__item --><div class=\"ee-grid__item ee-loop__item ee-filter-48\"><article class=\"ee-post post-6829 post type-post status-publish format-standard hentry category-articles-book-chapters\"><div class=\"ee-post__body ee-post__area\"><a href=\"https:\/\/schoueri.com.br\/en\/a-indenizacao-por-dano-moral-e-o-imposto-de-renda\/\" class=\"ee-post__title\">\n\t\t\t<h2 class=\"ee-post__title__heading\">A Indeniza\u00e7\u00e3o por Dano Moral e o Imposto de Renda<\/h2>\n\t\t<\/a><div class=\"ee-post__metas ee-post__metas--has-metas\"><ul class=\"ee-post__metas__list display--\"><li class=\"ee-post__meta ee-post__meta--date ee-post__metas__date\"> 05\/07\/2022<span class=\"ee-post__meta__separator\">\u00b7<\/span><\/li><\/ul><\/div><div class=\"ee-post__excerpt\">PDF SCHOUERI, L.E.; JARDIM NETO, Jos\u00e9 Gomes. A Indeniza\u00e7\u00e3o por Dano Moral e o Imposto&hellip;<\/div><div class=\"ee-post__read-more\">\n\t\t\t<a class=\"ee-post__button\" href=\"https:\/\/schoueri.com.br\/en\/a-indenizacao-por-dano-moral-e-o-imposto-de-renda\/\">\n\t\t\t\tMore\t\t\t<\/a>\n\t\t<\/div><\/div><!-- .ee-post__body --><\/article><!-- .ee-post --><\/div><!-- .ee-loop__item --><div class=\"ee-grid__item ee-loop__item ee-filter-48\"><article class=\"ee-post post-6782 post type-post status-publish format-standard hentry category-articles-book-chapters tag-icms\"><div class=\"ee-post__body ee-post__area\"><a href=\"https:\/\/schoueri.com.br\/en\/criminalization-of-non-payment-of-vat-on-sales-and-certain-services-icms-in-own-operations-comments-on-the-new-jurisprudence\/\" class=\"ee-post__title\">\n\t\t\t<h2 class=\"ee-post__title__heading\">Criminalization of non-payment of VAT on Sales and certain Services (ICMS) in own operations &#8211; Comments on the new jurisprudence<\/h2>\n\t\t<\/a><div class=\"ee-post__metas ee-post__metas--has-metas\"><ul class=\"ee-post__metas__list display--\"><li class=\"ee-post__meta ee-post__meta--date ee-post__metas__date\"> 01\/06\/2022<span class=\"ee-post__meta__separator\">\u00b7<\/span><\/li><\/ul><\/div><div class=\"ee-post__excerpt\">PDF SCHOUERI, L. E.; CINTRA, L. F. U. . Criminaliza\u00e7\u00e3o do n\u00e3o pagamento de ICMS&hellip;<\/div><div class=\"ee-post__read-more\">\n\t\t\t<a class=\"ee-post__button\" href=\"https:\/\/schoueri.com.br\/en\/criminalization-of-non-payment-of-vat-on-sales-and-certain-services-icms-in-own-operations-comments-on-the-new-jurisprudence\/\">\n\t\t\t\tMore\t\t\t<\/a>\n\t\t<\/div><\/div><!-- .ee-post__body --><\/article><!-- .ee-post --><\/div><!-- .ee-loop__item --><div class=\"ee-grid__item ee-loop__item ee-filter-48\"><article class=\"ee-post post-6830 post type-post status-publish format-standard hentry category-articles-book-chapters\"><div class=\"ee-post__body ee-post__area\"><a href=\"https:\/\/schoueri.com.br\/en\/a-tributacao-de-investimentos-financeiros-e-o-irpj-revisitando-o-lucro-inflacionario\/\" class=\"ee-post__title\">\n\t\t\t<h2 class=\"ee-post__title__heading\">A Tributa\u00e7\u00e3o de \u2018Investimentos Financeiros\u2019 e o IRPJ: Revisitando o Lucro Inflacion\u00e1rio<\/h2>\n\t\t<\/a><div class=\"ee-post__metas ee-post__metas--has-metas\"><ul class=\"ee-post__metas__list display--\"><li class=\"ee-post__meta ee-post__meta--date ee-post__metas__date\"> 14\/03\/2022<span class=\"ee-post__meta__separator\">\u00b7<\/span><\/li><\/ul><\/div><div class=\"ee-post__excerpt\">PDF SCHOUERI, L. E.; AMARO, F. M. . A Tributa\u00e7\u00e3o de &#8220;Investimentos Financeiros&#8221; e o&hellip;<\/div><div class=\"ee-post__read-more\">\n\t\t\t<a class=\"ee-post__button\" href=\"https:\/\/schoueri.com.br\/en\/a-tributacao-de-investimentos-financeiros-e-o-irpj-revisitando-o-lucro-inflacionario\/\">\n\t\t\t\tMore\t\t\t<\/a>\n\t\t<\/div><\/div><!-- .ee-post__body --><\/article><!-- .ee-post --><\/div><!-- .ee-loop__item --><div class=\"ee-grid__item ee-loop__item ee-filter-48\"><article class=\"ee-post post-6763 post type-post status-publish format-standard has-post-thumbnail hentry category-articles-book-chapters tag-direito-tributario-internacional-pillar-two\"><div class=\"ee-post__body ee-post__area\"><a href=\"https:\/\/schoueri.com.br\/en\/oecd-international-some-considerations-on-the-limitation-of-substance-based-carve-out-in-the-income-inclusion-rule-of-pillar-two\/\" class=\"ee-post__title\">\n\t\t\t<h2 class=\"ee-post__title__heading\">OECD\/International &#8211; Some Considerations on the Limitation of Substance-Based Carve-Out in the Income Inclusion Rule of Pillar Two<\/h2>\n\t\t<\/a><div class=\"ee-post__metas ee-post__metas--has-metas\"><ul class=\"ee-post__metas__list display--\"><li class=\"ee-post__meta ee-post__meta--date ee-post__metas__date\"> 29\/11\/2021<span class=\"ee-post__meta__separator\">\u00b7<\/span><\/li><\/ul><\/div><div class=\"ee-post__excerpt\">IBFD L.E. Schoueri, Some Considerations on the Limitation of Substance-Based Carve-Out in the Income Inclusion&hellip;<\/div><div class=\"ee-post__read-more\">\n\t\t\t<a class=\"ee-post__button\" href=\"https:\/\/schoueri.com.br\/en\/oecd-international-some-considerations-on-the-limitation-of-substance-based-carve-out-in-the-income-inclusion-rule-of-pillar-two\/\">\n\t\t\t\tMore\t\t\t<\/a>\n\t\t<\/div><\/div><!-- .ee-post__body --><\/article><!-- .ee-post --><\/div><!-- .ee-loop__item --><div class=\"ee-grid__item ee-loop__item ee-filter-51\"><article class=\"ee-post post-6759 post type-post status-publish format-standard has-post-thumbnail hentry category-presentations tag-direito-tributario-legalidade-supremo-tribunal-federal\"><div class=\"ee-post__body ee-post__area\"><a href=\"https:\/\/schoueri.com.br\/en\/a-legalidade-tributaria-na-jurisprudencia-do-supremo-tribunal-federal\/\" class=\"ee-post__title\">\n\t\t\t<h2 class=\"ee-post__title__heading\">A Legalidade Tribut\u00e1ria na Jurisprud\u00eancia do Supremo Tribunal Federal<\/h2>\n\t\t<\/a><div class=\"ee-post__metas ee-post__metas--has-metas\"><ul class=\"ee-post__metas__list display--\"><li class=\"ee-post__meta ee-post__meta--date ee-post__metas__date\"> 09\/11\/2021<span class=\"ee-post__meta__separator\">\u00b7<\/span><\/li><\/ul><\/div><div class=\"ee-post__excerpt\">Dropbox https:\/\/schoueri.com.br\/en\/wp-content\/uploads\/2021\/11\/Palestra-Luis-Eduardo-Schoueri-PUC-Camp..mp4<\/div><div class=\"ee-post__read-more\">\n\t\t\t<a class=\"ee-post__button\" href=\"https:\/\/schoueri.com.br\/en\/a-legalidade-tributaria-na-jurisprudencia-do-supremo-tribunal-federal\/\">\n\t\t\t\tMore\t\t\t<\/a>\n\t\t<\/div><\/div><!-- .ee-post__body --><\/article><!-- .ee-post --><\/div><!-- .ee-loop__item --><div class=\"ee-grid__item ee-loop__item ee-filter-48\"><article class=\"ee-post post-6832 post type-post status-publish format-standard hentry category-articles-book-chapters\"><div class=\"ee-post__body ee-post__area\"><a href=\"https:\/\/schoueri.com.br\/en\/agio-na-aquisicao-de-empresas-endividadas-novas-controversias-em-um-debate-antigo\/\" class=\"ee-post__title\">\n\t\t\t<h2 class=\"ee-post__title__heading\">\u00c1gio na Aquisi\u00e7\u00e3o de Empresas Endividadas: Novas Controv\u00e9rsias em um Debate Antigo<\/h2>\n\t\t<\/a><div class=\"ee-post__metas ee-post__metas--has-metas\"><ul class=\"ee-post__metas__list display--\"><li class=\"ee-post__meta ee-post__meta--date ee-post__metas__date\"> 04\/11\/2021<span class=\"ee-post__meta__separator\">\u00b7<\/span><\/li><\/ul><\/div><div class=\"ee-post__excerpt\">PDF SCHOUERI, L. E.; LAVEZ, Raphael Assef . \u00c1gio na Aquisi\u00e7\u00e3o de Empresas endividadas: Novas&hellip;<\/div><div class=\"ee-post__read-more\">\n\t\t\t<a class=\"ee-post__button\" href=\"https:\/\/schoueri.com.br\/en\/agio-na-aquisicao-de-empresas-endividadas-novas-controversias-em-um-debate-antigo\/\">\n\t\t\t\tMore\t\t\t<\/a>\n\t\t<\/div><\/div><!-- .ee-post__body --><\/article><!-- .ee-post --><\/div><!-- .ee-loop__item --><div class=\"ee-grid__item ee-loop__item ee-filter-48\"><article class=\"ee-post post-6831 post type-post status-publish format-standard hentry category-articles-book-chapters\"><div class=\"ee-post__body ee-post__area\"><a href=\"https:\/\/schoueri.com.br\/en\/planejamento-tributario-e-seguranca-juridica-as-regras-de-subcapitalizacao-como-estado-de-caso-para-normas-especificas-antiabuso\/\" class=\"ee-post__title\">\n\t\t\t<h2 class=\"ee-post__title__heading\">Planejamento Tribut\u00e1rio e Seguran\u00e7a Jur\u00eddica: as Regras de Subcapitaliza\u00e7\u00e3o como Estado de Caso para Normas Espec\u00edficas Antiabuso<\/h2>\n\t\t<\/a><div class=\"ee-post__metas ee-post__metas--has-metas\"><ul class=\"ee-post__metas__list display--\"><li class=\"ee-post__meta ee-post__meta--date ee-post__metas__date\"> 04\/11\/2021<span class=\"ee-post__meta__separator\">\u00b7<\/span><\/li><\/ul><\/div><div class=\"ee-post__excerpt\">PDF SCHOUERI, L. E.; BARBOSA, M. C. . Planejamento Tribut\u00e1rio e Seguran\u00e7a Jur\u00eddica: as Regras&hellip;<\/div><div class=\"ee-post__read-more\">\n\t\t\t<a class=\"ee-post__button\" href=\"https:\/\/schoueri.com.br\/en\/planejamento-tributario-e-seguranca-juridica-as-regras-de-subcapitalizacao-como-estado-de-caso-para-normas-especificas-antiabuso\/\">\n\t\t\t\tMore\t\t\t<\/a>\n\t\t<\/div><\/div><!-- .ee-post__body --><\/article><!-- .ee-post --><\/div><!-- .ee-loop__item --><div class=\"ee-grid__item ee-loop__item ee-filter-48\"><article class=\"ee-post post-6752 post type-post status-publish format-standard has-post-thumbnail hentry category-articles-book-chapters tag-direito-tributario-tax-treaties\"><div class=\"ee-post__body ee-post__area\"><a href=\"https:\/\/schoueri.com.br\/en\/the-influence-of-the-beps-multilateral-instrument-on-tax-treaties-concluded-by-non-signatory-countries\/\" class=\"ee-post__title\">\n\t\t\t<h2 class=\"ee-post__title__heading\">The Influence of the BEPS Multilateral Instrument on Tax Treaties Concluded by Non-signatory Countries<\/h2>\n\t\t<\/a><div class=\"ee-post__metas ee-post__metas--has-metas\"><ul class=\"ee-post__metas__list display--\"><li class=\"ee-post__meta ee-post__meta--date ee-post__metas__date\"> 04\/10\/2021<span class=\"ee-post__meta__separator\">\u00b7<\/span><\/li><\/ul><\/div><div class=\"ee-post__excerpt\">Kluwer Law Online Abstract This article intends to assess the impact of the Base Erosion&hellip;<\/div><div class=\"ee-post__read-more\">\n\t\t\t<a class=\"ee-post__button\" href=\"https:\/\/schoueri.com.br\/en\/the-influence-of-the-beps-multilateral-instrument-on-tax-treaties-concluded-by-non-signatory-countries\/\">\n\t\t\t\tMore\t\t\t<\/a>\n\t\t<\/div><\/div><!-- .ee-post__body --><\/article><!-- .ee-post --><\/div><!-- .ee-loop__item --><div class=\"ee-grid__item ee-loop__item ee-filter-48\"><article class=\"ee-post post-6751 post type-post status-publish format-standard has-post-thumbnail hentry category-articles-book-chapters tag-direito-tributario-imposto-de-renda\"><div class=\"ee-post__body ee-post__area\"><a href=\"https:\/\/schoueri.com.br\/en\/imposto-de-renda-e-capacidade-contributiva-a-periodicidade-anual-e-mensal-no-irpj\/\" class=\"ee-post__title\">\n\t\t\t<h2 class=\"ee-post__title__heading\">Imposto de renda e Capacidade Contributiva: a Periodicidade Anual e Mensal no IRPJ<\/h2>\n\t\t<\/a><div class=\"ee-post__metas ee-post__metas--has-metas\"><ul class=\"ee-post__metas__list display--\"><li class=\"ee-post__meta ee-post__meta--date ee-post__metas__date\"> 04\/10\/2021<span class=\"ee-post__meta__separator\">\u00b7<\/span><\/li><\/ul><\/div><div class=\"ee-post__excerpt\">PDF Este artigo analisa a periodicidade no Imposto de Renda da Pessoa Jur\u00eddica. Partindo da&hellip;<\/div><div class=\"ee-post__read-more\">\n\t\t\t<a class=\"ee-post__button\" href=\"https:\/\/schoueri.com.br\/en\/imposto-de-renda-e-capacidade-contributiva-a-periodicidade-anual-e-mensal-no-irpj\/\">\n\t\t\t\tMore\t\t\t<\/a>\n\t\t<\/div><\/div><!-- .ee-post__body --><\/article><!-- .ee-post --><\/div><!-- .ee-loop__item --><div class=\"ee-grid__item ee-loop__item ee-filter-48\"><article class=\"ee-post post-6749 post type-post status-publish format-standard has-post-thumbnail hentry category-articles-book-chapters tag-direito-tributario\"><div class=\"ee-post__body ee-post__area\"><a href=\"https:\/\/schoueri.com.br\/en\/value-creation-and-income-taxation\/\" class=\"ee-post__title\">\n\t\t\t<h2 class=\"ee-post__title__heading\">Value creation and income taxation<\/h2>\n\t\t<\/a><div class=\"ee-post__metas ee-post__metas--has-metas\"><ul class=\"ee-post__metas__list display--\"><li class=\"ee-post__meta ee-post__meta--date ee-post__metas__date\"> 04\/10\/2021<span class=\"ee-post__meta__separator\">\u00b7<\/span><\/li><\/ul><\/div><div class=\"ee-post__excerpt\">PDF Brazilian legislation does not provide for a unique approach to define &#8220;value&#8221;. Although there&hellip;<\/div><div class=\"ee-post__read-more\">\n\t\t\t<a class=\"ee-post__button\" href=\"https:\/\/schoueri.com.br\/en\/value-creation-and-income-taxation\/\">\n\t\t\t\tMore\t\t\t<\/a>\n\t\t<\/div><\/div><!-- .ee-post__body --><\/article><!-- .ee-post --><\/div><!-- .ee-loop__item --><div class=\"ee-grid__item ee-loop__item ee-filter-48\"><article class=\"ee-post post-6748 post type-post status-publish format-standard has-post-thumbnail hentry category-articles-book-chapters tag-direito-tributario-obrigacoes-acessorias\"><div class=\"ee-post__body ee-post__area\"><a href=\"https:\/\/schoueri.com.br\/en\/obrigacoes-acessorias-do-interesse-da-fiscalizacao-a-mera-comodidade\/\" class=\"ee-post__title\">\n\t\t\t<h2 class=\"ee-post__title__heading\">\u2018Obriga\u00e7\u00f5es acess\u00f3rias\u2019: do interesse da fiscaliza\u00e7\u00e3o \u00e0 mera comodidade<\/h2>\n\t\t<\/a><div class=\"ee-post__metas ee-post__metas--has-metas\"><ul class=\"ee-post__metas__list display--\"><li class=\"ee-post__meta ee-post__meta--date ee-post__metas__date\"> 04\/10\/2021<span class=\"ee-post__meta__separator\">\u00b7<\/span><\/li><\/ul><\/div><div class=\"ee-post__excerpt\">JOTA<\/div><div class=\"ee-post__read-more\">\n\t\t\t<a class=\"ee-post__button\" href=\"https:\/\/schoueri.com.br\/en\/obrigacoes-acessorias-do-interesse-da-fiscalizacao-a-mera-comodidade\/\">\n\t\t\t\tMore\t\t\t<\/a>\n\t\t<\/div><\/div><!-- .ee-post__body --><\/article><!-- .ee-post --><\/div><!-- .ee-loop__item --><div class=\"ee-grid__item ee-loop__item ee-filter-48\"><article class=\"ee-post post-6739 post type-post status-publish format-standard hentry category-articles-book-chapters tag-direito-tributario-internacional-international-tax-law-tax-treaties\"><div class=\"ee-post__body ee-post__area\"><a href=\"https:\/\/schoueri.com.br\/en\/chapter-37-practicability-enforcement-and-legitimacy-tax-treaty-dispute-resolution-at-a-crossroads\/\" class=\"ee-post__title\">\n\t\t\t<h2 class=\"ee-post__title__heading\">Chapter 37: Practicability, Enforcement and Legitimacy: Tax Treaty Dispute Resolution at a Crossroads<\/h2>\n\t\t<\/a><div class=\"ee-post__metas ee-post__metas--has-metas\"><ul class=\"ee-post__metas__list display--\"><li class=\"ee-post__meta ee-post__meta--date ee-post__metas__date\"> 13\/09\/2021<span class=\"ee-post__meta__separator\">\u00b7<\/span><\/li><\/ul><\/div><div class=\"ee-post__excerpt\">IBFD<\/div><div class=\"ee-post__read-more\">\n\t\t\t<a class=\"ee-post__button\" href=\"https:\/\/schoueri.com.br\/en\/chapter-37-practicability-enforcement-and-legitimacy-tax-treaty-dispute-resolution-at-a-crossroads\/\">\n\t\t\t\tMore\t\t\t<\/a>\n\t\t<\/div><\/div><!-- .ee-post__body --><\/article><!-- .ee-post --><\/div><!-- .ee-loop__item --><div class=\"ee-grid__item ee-loop__item ee-filter-51\"><article class=\"ee-post post-6730 post type-post status-publish format-standard has-post-thumbnail hentry category-presentations tag-direito-tributario-imunidades-dominio-economico-terceiro-setor\"><div class=\"ee-post__body ee-post__area\"><a href=\"https:\/\/schoueri.com.br\/en\/imunidades-capacidade-contributiva-dominio-economico-e-o-terceiro-setor-no-estado-do-seculo-xxi\/\" class=\"ee-post__title\">\n\t\t\t<h2 class=\"ee-post__title__heading\">Imunidades: capacidade contributiva, dom\u00ednio econ\u00f4mico e o terceiro setor no Estado do S\u00e9culo XXI<\/h2>\n\t\t<\/a><div class=\"ee-post__metas ee-post__metas--has-metas\"><ul class=\"ee-post__metas__list display--\"><li class=\"ee-post__meta ee-post__meta--date ee-post__metas__date\"> 13\/08\/2021<span class=\"ee-post__meta__separator\">\u00b7<\/span><\/li><\/ul><\/div><div class=\"ee-post__excerpt\">Dropbox https:\/\/schoueri.com.br\/en\/wp-content\/uploads\/2021\/08\/Aula-Prof.-Schoueri-Elali-UFRN-Agosto-2021.mp4<\/div><div class=\"ee-post__read-more\">\n\t\t\t<a class=\"ee-post__button\" href=\"https:\/\/schoueri.com.br\/en\/imunidades-capacidade-contributiva-dominio-economico-e-o-terceiro-setor-no-estado-do-seculo-xxi\/\">\n\t\t\t\tMore\t\t\t<\/a>\n\t\t<\/div><\/div><!-- .ee-post__body --><\/article><!-- .ee-post --><\/div><!-- .ee-loop__item --><div class=\"ee-grid__item ee-loop__item ee-filter-48\"><article class=\"ee-post post-6697 post type-post status-publish format-standard hentry category-articles-book-chapters tag-direito-tributario\"><div class=\"ee-post__body ee-post__area\"><a href=\"https:\/\/schoueri.com.br\/en\/reducao-de-capital-a-custo-ou-a-valor-de-mercado\/\" class=\"ee-post__title\">\n\t\t\t<h2 class=\"ee-post__title__heading\">Redu\u00e7\u00e3o de capital a custo ou a valor de mercado<\/h2>\n\t\t<\/a><div class=\"ee-post__metas ee-post__metas--has-metas\"><ul class=\"ee-post__metas__list display--\"><li class=\"ee-post__meta ee-post__meta--date ee-post__metas__date\"> 30\/07\/2021<span class=\"ee-post__meta__separator\">\u00b7<\/span><\/li><\/ul><\/div><div class=\"ee-post__excerpt\">Poder 360<\/div><div class=\"ee-post__read-more\">\n\t\t\t<a class=\"ee-post__button\" href=\"https:\/\/schoueri.com.br\/en\/reducao-de-capital-a-custo-ou-a-valor-de-mercado\/\">\n\t\t\t\tMore\t\t\t<\/a>\n\t\t<\/div><\/div><!-- .ee-post__body --><\/article><!-- .ee-post --><\/div><!-- .ee-loop__item --><div class=\"ee-grid__item ee-loop__item ee-filter-51\"><article class=\"ee-post post-6723 post type-post status-publish format-standard has-post-thumbnail hentry category-presentations tag-direito-tributario-sistema-tributario-brasileiro\"><div class=\"ee-post__body ee-post__area\"><a href=\"https:\/\/schoueri.com.br\/en\/reforma-fiscal-os-planos-do-governo\/\" class=\"ee-post__title\">\n\t\t\t<h2 class=\"ee-post__title__heading\">Reforma Fiscal: os planos do governo<\/h2>\n\t\t<\/a><div class=\"ee-post__metas ee-post__metas--has-metas\"><ul class=\"ee-post__metas__list display--\"><li class=\"ee-post__meta ee-post__meta--date ee-post__metas__date\"> 27\/07\/2021<span class=\"ee-post__meta__separator\">\u00b7<\/span><\/li><\/ul><\/div><div class=\"ee-post__excerpt\">YouTube<\/div><div class=\"ee-post__read-more\">\n\t\t\t<a class=\"ee-post__button\" href=\"https:\/\/schoueri.com.br\/en\/reforma-fiscal-os-planos-do-governo\/\">\n\t\t\t\tMore\t\t\t<\/a>\n\t\t<\/div><\/div><!-- .ee-post__body --><\/article><!-- .ee-post --><\/div><!-- .ee-loop__item --><div class=\"ee-grid__item ee-loop__item ee-filter-51\"><article class=\"ee-post post-6713 post type-post status-publish format-standard has-post-thumbnail hentry category-presentations tag-direito-tributario-sistema-tributario-brasileiro\"><div class=\"ee-post__body ee-post__area\"><a href=\"https:\/\/schoueri.com.br\/en\/sistema-tributario-brasileiro-grandes-pensadores-do-direito-part-luis-eduardo-schoueri\/\" class=\"ee-post__title\">\n\t\t\t<h2 class=\"ee-post__title__heading\">Sistema Tribut\u00e1rio Brasileiro &#8211; GRANDES PENSADORES DO DIREITO &#8211; Part. Lu\u00eds Eduardo Schoueri<\/h2>\n\t\t<\/a><div class=\"ee-post__metas ee-post__metas--has-metas\"><ul class=\"ee-post__metas__list display--\"><li class=\"ee-post__meta ee-post__meta--date ee-post__metas__date\"> 27\/07\/2021<span class=\"ee-post__meta__separator\">\u00b7<\/span><\/li><\/ul><\/div><div class=\"ee-post__excerpt\">YouTube<\/div><div class=\"ee-post__read-more\">\n\t\t\t<a class=\"ee-post__button\" href=\"https:\/\/schoueri.com.br\/en\/sistema-tributario-brasileiro-grandes-pensadores-do-direito-part-luis-eduardo-schoueri\/\">\n\t\t\t\tMore\t\t\t<\/a>\n\t\t<\/div><\/div><!-- .ee-post__body --><\/article><!-- .ee-post --><\/div><!-- .ee-loop__item --><div class=\"ee-grid__item ee-loop__item ee-filter-48\"><article class=\"ee-post post-6703 post type-post status-publish format-standard hentry category-articles-book-chapters tag-direito-tributario\"><div class=\"ee-post__body ee-post__area\"><a href=\"https:\/\/schoueri.com.br\/en\/por-um-imposto-sobre-consumo\/\" class=\"ee-post__title\">\n\t\t\t<h2 class=\"ee-post__title__heading\">Por um imposto sobre consumo<\/h2>\n\t\t<\/a><div class=\"ee-post__metas ee-post__metas--has-metas\"><ul class=\"ee-post__metas__list display--\"><li class=\"ee-post__meta ee-post__meta--date ee-post__metas__date\"> 23\/07\/2021<span class=\"ee-post__meta__separator\">\u00b7<\/span><\/li><\/ul><\/div><div class=\"ee-post__excerpt\">Valor Econ\u00f4mico &#8220;N\u00e3o se teve a coragem de criar um efetivo imposto sobre o consumo,&hellip;<\/div><div class=\"ee-post__read-more\">\n\t\t\t<a class=\"ee-post__button\" href=\"https:\/\/schoueri.com.br\/en\/por-um-imposto-sobre-consumo\/\">\n\t\t\t\tMore\t\t\t<\/a>\n\t\t<\/div><\/div><!-- .ee-post__body --><\/article><!-- .ee-post --><\/div><!-- .ee-loop__item --><div class=\"ee-grid__item ee-loop__item ee-filter-48\"><article class=\"ee-post post-6833 post type-post status-publish format-standard hentry category-articles-book-chapters\"><div class=\"ee-post__body ee-post__area\"><a href=\"https:\/\/schoueri.com.br\/en\/brazilian-perspective-on-international-tax-governance\/\" class=\"ee-post__title\">\n\t\t\t<h2 class=\"ee-post__title__heading\">Brazilian Perspective on International Tax Governance<\/h2>\n\t\t<\/a><div class=\"ee-post__metas ee-post__metas--has-metas\"><ul class=\"ee-post__metas__list display--\"><li class=\"ee-post__meta ee-post__meta--date ee-post__metas__date\"> 21\/07\/2021<span class=\"ee-post__meta__separator\">\u00b7<\/span><\/li><\/ul><\/div><div class=\"ee-post__excerpt\">PDF SCHOUERI, L. E.; PIGNATARI, L. T. . Brazilian Perspective on International Tax Governance. REVUE&hellip;<\/div><div class=\"ee-post__read-more\">\n\t\t\t<a class=\"ee-post__button\" href=\"https:\/\/schoueri.com.br\/en\/brazilian-perspective-on-international-tax-governance\/\">\n\t\t\t\tMore\t\t\t<\/a>\n\t\t<\/div><\/div><!-- .ee-post__body --><\/article><!-- .ee-post --><\/div><!-- .ee-loop__item --><div class=\"ee-grid__item ee-loop__item ee-filter-48\"><article class=\"ee-post post-6691 post type-post status-publish format-standard hentry category-articles-book-chapters tag-direito-tributario-internacional-international-tax-law-royalties\"><div class=\"ee-post__body ee-post__area\"><a href=\"https:\/\/schoueri.com.br\/en\/brazil-royalties-mixed-issues\/\" class=\"ee-post__title\">\n\t\t\t<h2 class=\"ee-post__title__heading\">Brazil: Royalties \u2013 Mixed Issues<\/h2>\n\t\t<\/a><div class=\"ee-post__metas ee-post__metas--has-metas\"><ul class=\"ee-post__metas__list display--\"><li class=\"ee-post__meta ee-post__meta--date ee-post__metas__date\"> 19\/07\/2021<span class=\"ee-post__meta__separator\">\u00b7<\/span><\/li><\/ul><\/div><div class=\"ee-post__excerpt\">IBFD<\/div><div class=\"ee-post__read-more\">\n\t\t\t<a class=\"ee-post__button\" href=\"https:\/\/schoueri.com.br\/en\/brazil-royalties-mixed-issues\/\">\n\t\t\t\tMore\t\t\t<\/a>\n\t\t<\/div><\/div><!-- .ee-post__body --><\/article><!-- .ee-post --><\/div><!-- .ee-loop__item --><div class=\"ee-grid__item ee-loop__item ee-filter-48\"><article class=\"ee-post post-6678 post type-post status-publish format-standard hentry category-articles-book-chapters tag-imposto-de-renda-income-tax\"><div class=\"ee-post__body ee-post__area\"><a href=\"https:\/\/schoueri.com.br\/en\/a-reforma-tributaria-e-a-tributacao-dos-dividendos\/\" class=\"ee-post__title\">\n\t\t\t<h2 class=\"ee-post__title__heading\">A Reforma Tribut\u00e1ria e a tributa\u00e7\u00e3o dos dividendos<\/h2>\n\t\t<\/a><div class=\"ee-post__metas ee-post__metas--has-metas\"><ul class=\"ee-post__metas__list display--\"><li class=\"ee-post__meta ee-post__meta--date ee-post__metas__date\"> 12\/07\/2021<span class=\"ee-post__meta__separator\">\u00b7<\/span><\/li><\/ul><\/div><div class=\"ee-post__excerpt\">Access<\/div><div class=\"ee-post__read-more\">\n\t\t\t<a class=\"ee-post__button\" href=\"https:\/\/schoueri.com.br\/en\/a-reforma-tributaria-e-a-tributacao-dos-dividendos\/\">\n\t\t\t\tMore\t\t\t<\/a>\n\t\t<\/div><\/div><!-- .ee-post__body --><\/article><!-- .ee-post --><\/div><!-- .ee-loop__item --><div class=\"ee-grid__item ee-loop__item ee-filter-48\"><article class=\"ee-post post-6680 post type-post status-publish format-standard hentry category-articles-book-chapters tag-imposto-de-renda-income-tax-juros-sobre-capital-proprio\"><div class=\"ee-post__body ee-post__area\"><a href=\"https:\/\/schoueri.com.br\/en\/empresa-nao-deve-pagar-mais-imposto-por-abrir-mao-do-mercado-financeiro\/\" class=\"ee-post__title\">\n\t\t\t<h2 class=\"ee-post__title__heading\">Empresa n\u00e3o deve pagar mais imposto por abrir m\u00e3o do mercado financeiro<\/h2>\n\t\t<\/a><div class=\"ee-post__metas ee-post__metas--has-metas\"><ul class=\"ee-post__metas__list display--\"><li class=\"ee-post__meta ee-post__meta--date ee-post__metas__date\"> 07\/07\/2021<span class=\"ee-post__meta__separator\">\u00b7<\/span><\/li><\/ul><\/div><div class=\"ee-post__excerpt\">Access<\/div><div class=\"ee-post__read-more\">\n\t\t\t<a class=\"ee-post__button\" href=\"https:\/\/schoueri.com.br\/en\/empresa-nao-deve-pagar-mais-imposto-por-abrir-mao-do-mercado-financeiro\/\">\n\t\t\t\tMore\t\t\t<\/a>\n\t\t<\/div><\/div><!-- .ee-post__body --><\/article><!-- .ee-post --><\/div><!-- .ee-loop__item --><div class=\"ee-grid__item ee-loop__item ee-filter-50\"><article class=\"ee-post post-6595 post type-post status-publish format-standard has-post-thumbnail hentry category-books tag-limitacoes-constitucionais-ao-poder-de-tributar-legalidade\"><div class=\"ee-post__body ee-post__area\"><a href=\"https:\/\/schoueri.com.br\/en\/legalidade-tributaria-e-o-supremo-tribunal-federal\/\" class=\"ee-post__title\">\n\t\t\t<h2 class=\"ee-post__title__heading\">Legalidade Tribut\u00e1ria e o Supremo Tribunal Federal<\/h2>\n\t\t<\/a><div class=\"ee-post__metas ee-post__metas--has-metas\"><ul class=\"ee-post__metas__list display--\"><li class=\"ee-post__meta ee-post__meta--date ee-post__metas__date\"> 04\/03\/2021<span class=\"ee-post__meta__separator\">\u00b7<\/span><\/li><\/ul><\/div><div class=\"ee-post__excerpt\">O presente livro foi motivado por duas decis\u00f5es proferidas pelo Supremo Tribunal Federal que entendemos&hellip;<\/div><div class=\"ee-post__read-more\">\n\t\t\t<a class=\"ee-post__button\" href=\"https:\/\/schoueri.com.br\/en\/legalidade-tributaria-e-o-supremo-tribunal-federal\/\">\n\t\t\t\tMore\t\t\t<\/a>\n\t\t<\/div><\/div><!-- .ee-post__body --><\/article><!-- .ee-post --><\/div><!-- .ee-loop__item --><div class=\"ee-grid__item ee-loop__item ee-filter-48\"><article class=\"ee-post post-6834 post type-post status-publish format-standard hentry category-articles-book-chapters\"><div class=\"ee-post__body ee-post__area\"><a href=\"https:\/\/schoueri.com.br\/en\/clausulas-gerais-antiabuso-e-analogia-gravosa-no-direito-tributario\/\" class=\"ee-post__title\">\n\t\t\t<h2 class=\"ee-post__title__heading\">Cl\u00e1usulas Gerais Antiabuso e Analogia Gravosa no Direito Tribut\u00e1rio<\/h2>\n\t\t<\/a><div class=\"ee-post__metas ee-post__metas--has-metas\"><ul class=\"ee-post__metas__list display--\"><li class=\"ee-post__meta ee-post__meta--date ee-post__metas__date\"> 01\/02\/2021<span class=\"ee-post__meta__separator\">\u00b7<\/span><\/li><\/ul><\/div><div class=\"ee-post__excerpt\">PDF SCHOUERI, Lu\u00eds Eduardo; GALENDI Jr., Ricardo Andr\u00e9. Cl\u00e1usulas Gerais Antiabuso e Analogia Gravosa no&hellip;<\/div><div class=\"ee-post__read-more\">\n\t\t\t<a class=\"ee-post__button\" href=\"https:\/\/schoueri.com.br\/en\/clausulas-gerais-antiabuso-e-analogia-gravosa-no-direito-tributario\/\">\n\t\t\t\tMore\t\t\t<\/a>\n\t\t<\/div><\/div><!-- .ee-post__body --><\/article><!-- .ee-post --><\/div><!-- .ee-loop__item --><div class=\"ee-grid__item ee-loop__item ee-filter-48\"><article class=\"ee-post post-6578 post type-post status-publish format-standard hentry category-articles-book-chapters tag-direito-tributario-internacional-international-tax-law tag-instrumento-multilateral tag-multilateral-instrument\"><div class=\"ee-post__body ee-post__area\"><a href=\"https:\/\/schoueri.com.br\/en\/obligations-to-mli-non-signatories-within-the-inclusive-framework\/\" class=\"ee-post__title\">\n\t\t\t<h2 class=\"ee-post__title__heading\">Obligations to MLI Non-Signatories within the Inclusive Framework<\/h2>\n\t\t<\/a><div class=\"ee-post__metas ee-post__metas--has-metas\"><ul class=\"ee-post__metas__list display--\"><li class=\"ee-post__meta ee-post__meta--date ee-post__metas__date\"> 30\/12\/2020<span class=\"ee-post__meta__separator\">\u00b7<\/span><\/li><\/ul><\/div><div class=\"ee-post__excerpt\">IBFD<\/div><div class=\"ee-post__read-more\">\n\t\t\t<a class=\"ee-post__button\" href=\"https:\/\/schoueri.com.br\/en\/obligations-to-mli-non-signatories-within-the-inclusive-framework\/\">\n\t\t\t\tMore\t\t\t<\/a>\n\t\t<\/div><\/div><!-- .ee-post__body --><\/article><!-- .ee-post --><\/div><!-- .ee-loop__item --><div class=\"ee-grid__item ee-loop__item ee-filter-48\"><article class=\"ee-post post-6600 post type-post status-publish format-standard hentry category-articles-book-chapters tag-imposto-de-renda\"><div class=\"ee-post__body ee-post__area\"><a href=\"https:\/\/schoueri.com.br\/en\/dedutibilidade-de-doacoes-ao-terceiro-setor\/\" class=\"ee-post__title\">\n\t\t\t<h2 class=\"ee-post__title__heading\">Dedutibilidade de Doa\u00e7\u00f5es ao Terceiro Setor<\/h2>\n\t\t<\/a><div class=\"ee-post__metas ee-post__metas--has-metas\"><ul class=\"ee-post__metas__list display--\"><li class=\"ee-post__meta ee-post__meta--date ee-post__metas__date\"> 28\/12\/2020<span class=\"ee-post__meta__separator\">\u00b7<\/span><\/li><\/ul><\/div><div class=\"ee-post__excerpt\">PDF<\/div><div class=\"ee-post__read-more\">\n\t\t\t<a class=\"ee-post__button\" href=\"https:\/\/schoueri.com.br\/en\/dedutibilidade-de-doacoes-ao-terceiro-setor\/\">\n\t\t\t\tMore\t\t\t<\/a>\n\t\t<\/div><\/div><!-- .ee-post__body --><\/article><!-- .ee-post --><\/div><!-- .ee-loop__item --><div class=\"ee-grid__item ee-loop__item ee-filter-48\"><article class=\"ee-post post-6442 post type-post status-publish format-standard hentry category-articles-book-chapters tag-direito-tributario-internacional-lucros-no-exterior-regras-cfc-international-tax-law-worldwide-taxation-cfc-rules\"><div class=\"ee-post__body ee-post__area\"><a href=\"https:\/\/schoueri.com.br\/en\/controlled-foreign-company-legislation-in-brazil-in-controlled-foreign-company-legislation\/\" class=\"ee-post__title\">\n\t\t\t<h2 class=\"ee-post__title__heading\">Controlled Foreign Company Legislation in Brazil<\/h2>\n\t\t<\/a><div class=\"ee-post__metas ee-post__metas--has-metas\"><ul class=\"ee-post__metas__list display--\"><li class=\"ee-post__meta ee-post__meta--date ee-post__metas__date\"> 05\/11\/2020<span class=\"ee-post__meta__separator\">\u00b7<\/span><\/li><\/ul><\/div><div class=\"ee-post__excerpt\">IBFD<\/div><div class=\"ee-post__read-more\">\n\t\t\t<a class=\"ee-post__button\" href=\"https:\/\/schoueri.com.br\/en\/controlled-foreign-company-legislation-in-brazil-in-controlled-foreign-company-legislation\/\">\n\t\t\t\tMore\t\t\t<\/a>\n\t\t<\/div><\/div><!-- .ee-post__body --><\/article><!-- .ee-post --><\/div><!-- .ee-loop__item --><div class=\"ee-grid__item ee-loop__item ee-filter-51\"><article class=\"ee-post post-5876 post type-post status-publish format-standard has-post-thumbnail hentry category-presentations\"><div class=\"ee-post__body ee-post__area\"><a href=\"https:\/\/schoueri.com.br\/en\/direitocarreiras-entrevista-com-luis-eduardo-schoueri\/\" class=\"ee-post__title\">\n\t\t\t<h2 class=\"ee-post__title__heading\">Direito&#038;Carreiras &#8211; Entrevista com Lu\u00eds Eduardo Schoueri<\/h2>\n\t\t<\/a><div class=\"ee-post__metas ee-post__metas--has-metas\"><ul class=\"ee-post__metas__list display--\"><li class=\"ee-post__meta ee-post__meta--date ee-post__metas__date\"> 29\/10\/2020<span class=\"ee-post__meta__separator\">\u00b7<\/span><\/li><\/ul><\/div><div class=\"ee-post__excerpt\">No epis\u00f3dio de estreia, conversamos com o Prof. Lu\u00eds Eduardo Schoueri sobre a sua brilhante&hellip;<\/div><div class=\"ee-post__read-more\">\n\t\t\t<a class=\"ee-post__button\" href=\"https:\/\/schoueri.com.br\/en\/direitocarreiras-entrevista-com-luis-eduardo-schoueri\/\">\n\t\t\t\tMore\t\t\t<\/a>\n\t\t<\/div><\/div><!-- .ee-post__body --><\/article><!-- .ee-post --><\/div><!-- .ee-loop__item --><div class=\"ee-grid__item ee-loop__item ee-filter-51\"><article class=\"ee-post post-5977 post type-post status-publish format-standard has-post-thumbnail hentry category-presentations\"><div class=\"ee-post__body ee-post__area\"><a href=\"https:\/\/schoueri.com.br\/en\/natureza-dos-acordos-de-leniencia-para-fins-tributarios-parte-ii\/\" class=\"ee-post__title\">\n\t\t\t<h2 class=\"ee-post__title__heading\">Natureza dos acordos de leni\u00eancia para fins tribut\u00e1rios &#8211; Parte II<\/h2>\n\t\t<\/a><div class=\"ee-post__metas ee-post__metas--has-metas\"><ul class=\"ee-post__metas__list display--\"><li class=\"ee-post__meta ee-post__meta--date ee-post__metas__date\"> 29\/10\/2020<span class=\"ee-post__meta__separator\">\u00b7<\/span><\/li><\/ul><\/div><div class=\"ee-post__excerpt\">O N\u00facleo de Estudos Fiscais (NEF) da FGV Direito SP, no \u00e2mbito do projeto Nossa&hellip;<\/div><div class=\"ee-post__read-more\">\n\t\t\t<a class=\"ee-post__button\" href=\"https:\/\/schoueri.com.br\/en\/natureza-dos-acordos-de-leniencia-para-fins-tributarios-parte-ii\/\">\n\t\t\t\tMore\t\t\t<\/a>\n\t\t<\/div><\/div><!-- .ee-post__body --><\/article><!-- .ee-post --><\/div><!-- .ee-loop__item --><div class=\"ee-grid__item ee-loop__item ee-filter-51\"><article class=\"ee-post post-5925 post type-post status-publish format-standard has-post-thumbnail hentry category-presentations\"><div class=\"ee-post__body ee-post__area\"><a href=\"https:\/\/schoueri.com.br\/en\/a-falta-de-seguranca-juridica-e-as-dificuldades-para-atrair-investidores\/\" class=\"ee-post__title\">\n\t\t\t<h2 class=\"ee-post__title__heading\">A (falta de) seguran\u00e7a jur\u00eddica e as dificuldades para atrair investidores<\/h2>\n\t\t<\/a><div class=\"ee-post__metas ee-post__metas--has-metas\"><ul class=\"ee-post__metas__list display--\"><li class=\"ee-post__meta ee-post__meta--date ee-post__metas__date\"> 29\/10\/2020<span class=\"ee-post__meta__separator\">\u00b7<\/span><\/li><\/ul><\/div><div class=\"ee-post__excerpt\">Centro Acad\u00eamico Sobral Pinto -PUCPR&nbsp; Confer\u00eancia da Semana dos Acad\u00eamicos on-line com o t\u00edtulo &#8220;A&hellip;<\/div><div class=\"ee-post__read-more\">\n\t\t\t<a class=\"ee-post__button\" href=\"https:\/\/schoueri.com.br\/en\/a-falta-de-seguranca-juridica-e-as-dificuldades-para-atrair-investidores\/\">\n\t\t\t\tMore\t\t\t<\/a>\n\t\t<\/div><\/div><!-- .ee-post__body --><\/article><!-- .ee-post --><\/div><!-- .ee-loop__item --><div class=\"ee-grid__item ee-loop__item ee-filter-51\"><article class=\"ee-post post-5922 post type-post status-publish format-standard has-post-thumbnail hentry category-presentations tag-planejamento-tributario-tax-planning\"><div class=\"ee-post__body ee-post__area\"><a href=\"https:\/\/schoueri.com.br\/en\/adi-2446-paragrafo-unico-do-art-116-ctn\/\" class=\"ee-post__title\">\n\t\t\t<h2 class=\"ee-post__title__heading\">ADI 2446. Par\u00e1grafo \u00danico do art. 116, CTN<\/h2>\n\t\t<\/a><div class=\"ee-post__metas ee-post__metas--has-metas\"><ul class=\"ee-post__metas__list display--\"><li class=\"ee-post__meta ee-post__meta--date ee-post__metas__date\"> 29\/10\/2020<span class=\"ee-post__meta__separator\">\u00b7<\/span><\/li><\/ul><\/div><div class=\"ee-post__excerpt\">ABRADT Nesta sexta (24\/7), \u00e0s 10h, a Abradt exibe a 12\u00aa edi\u00e7\u00e3o do Observat\u00f3rio da&hellip;<\/div><div class=\"ee-post__read-more\">\n\t\t\t<a class=\"ee-post__button\" href=\"https:\/\/schoueri.com.br\/en\/adi-2446-paragrafo-unico-do-art-116-ctn\/\">\n\t\t\t\tMore\t\t\t<\/a>\n\t\t<\/div><\/div><!-- .ee-post__body --><\/article><!-- .ee-post --><\/div><!-- .ee-loop__item --><div class=\"ee-grid__item ee-loop__item ee-filter-51\"><article class=\"ee-post post-5919 post type-post status-publish format-standard has-post-thumbnail hentry category-presentations tag-reforma-tributaria\"><div class=\"ee-post__body ee-post__area\"><a href=\"https:\/\/schoueri.com.br\/en\/a-reforma-tributaria-do-governo-federal\/\" class=\"ee-post__title\">\n\t\t\t<h2 class=\"ee-post__title__heading\">A Reforma Tribut\u00e1ria do Governo Federal<\/h2>\n\t\t<\/a><div class=\"ee-post__metas ee-post__metas--has-metas\"><ul class=\"ee-post__metas__list display--\"><li class=\"ee-post__meta ee-post__meta--date ee-post__metas__date\"> 29\/10\/2020<span class=\"ee-post__meta__separator\">\u00b7<\/span><\/li><\/ul><\/div><div class=\"ee-post__excerpt\">Confira na \u00edntegra o bate-papo virtual sobre A Reforma Tribut\u00e1ria do Governo Federal, que ocorreu&hellip;<\/div><div class=\"ee-post__read-more\">\n\t\t\t<a class=\"ee-post__button\" href=\"https:\/\/schoueri.com.br\/en\/a-reforma-tributaria-do-governo-federal\/\">\n\t\t\t\tMore\t\t\t<\/a>\n\t\t<\/div><\/div><!-- .ee-post__body --><\/article><!-- .ee-post --><\/div><!-- .ee-loop__item --><div class=\"ee-grid__item ee-loop__item ee-filter-51\"><article class=\"ee-post post-5916 post type-post status-publish format-standard has-post-thumbnail hentry category-presentations tag-imposto-de-renda-irpf\"><div class=\"ee-post__body ee-post__area\"><a href=\"https:\/\/schoueri.com.br\/en\/os-impostos-da-pessoa-fisica\/\" class=\"ee-post__title\">\n\t\t\t<h2 class=\"ee-post__title__heading\">Os Impostos da Pessoa F\u00edsica<\/h2>\n\t\t<\/a><div class=\"ee-post__metas ee-post__metas--has-metas\"><ul class=\"ee-post__metas__list display--\"><li class=\"ee-post__meta ee-post__meta--date ee-post__metas__date\"> 29\/10\/2020<span class=\"ee-post__meta__separator\">\u00b7<\/span><\/li><\/ul><\/div><div class=\"ee-post__excerpt\">CCBL &#8211; C\u00e2mara de Com\u00e9rcio Brasil-L\u00edbano&nbsp; O tributarista Lu\u00eds Eduardo Schoueri retorna, desta vez para&hellip;<\/div><div class=\"ee-post__read-more\">\n\t\t\t<a class=\"ee-post__button\" href=\"https:\/\/schoueri.com.br\/en\/os-impostos-da-pessoa-fisica\/\">\n\t\t\t\tMore\t\t\t<\/a>\n\t\t<\/div><\/div><!-- .ee-post__body --><\/article><!-- .ee-post --><\/div><!-- .ee-loop__item --><div class=\"ee-grid__item ee-loop__item ee-filter-51\"><article class=\"ee-post post-5912 post type-post status-publish format-standard has-post-thumbnail hentry category-presentations\"><div class=\"ee-post__body ee-post__area\"><a href=\"https:\/\/schoueri.com.br\/en\/dialogo-tributario-com-dr-luis-eduardo-schoueri\/\" class=\"ee-post__title\">\n\t\t\t<h2 class=\"ee-post__title__heading\">Di\u00e1logo Tribut\u00e1rio com Dr. Lu\u00eds Eduardo Schoueri<\/h2>\n\t\t<\/a><div class=\"ee-post__metas ee-post__metas--has-metas\"><ul class=\"ee-post__metas__list display--\"><li class=\"ee-post__meta ee-post__meta--date ee-post__metas__date\"> 29\/10\/2020<span class=\"ee-post__meta__separator\">\u00b7<\/span><\/li><\/ul><\/div><div class=\"ee-post__excerpt\">A Comiss\u00e3o de Direito Tribut\u00e1rio OAB\/CE tem a honra de convid\u00e1-los para participarem de mais&hellip;<\/div><div class=\"ee-post__read-more\">\n\t\t\t<a class=\"ee-post__button\" href=\"https:\/\/schoueri.com.br\/en\/dialogo-tributario-com-dr-luis-eduardo-schoueri\/\">\n\t\t\t\tMore\t\t\t<\/a>\n\t\t<\/div><\/div><!-- .ee-post__body --><\/article><!-- .ee-post --><\/div><!-- .ee-loop__item --><div class=\"ee-grid__item ee-loop__item ee-filter-51\"><article class=\"ee-post post-5882 post type-post status-publish format-standard has-post-thumbnail hentry category-presentations tag-imposto-de-renda\"><div class=\"ee-post__body ee-post__area\"><a href=\"https:\/\/schoueri.com.br\/en\/imposto-de-renda\/\" class=\"ee-post__title\">\n\t\t\t<h2 class=\"ee-post__title__heading\">Imposto de Renda<\/h2>\n\t\t<\/a><div class=\"ee-post__metas ee-post__metas--has-metas\"><ul class=\"ee-post__metas__list display--\"><li class=\"ee-post__meta ee-post__meta--date ee-post__metas__date\"> 29\/10\/2020<span class=\"ee-post__meta__separator\">\u00b7<\/span><\/li><\/ul><\/div><div class=\"ee-post__excerpt\">Direito Tribut\u00e1rio &#8211; PPGD UFMG https:\/\/www.youtube.com\/watch?v=pnwiDf9tfF0<\/div><div class=\"ee-post__read-more\">\n\t\t\t<a class=\"ee-post__button\" href=\"https:\/\/schoueri.com.br\/en\/imposto-de-renda\/\">\n\t\t\t\tMore\t\t\t<\/a>\n\t\t<\/div><\/div><!-- .ee-post__body --><\/article><!-- .ee-post --><\/div><!-- .ee-loop__item --><div class=\"ee-grid__item ee-loop__item ee-filter-51\"><article class=\"ee-post post-5866 post type-post status-publish format-standard has-post-thumbnail hentry category-presentations tag-direito-tributario-internacional-international-tax-law\"><div class=\"ee-post__body ee-post__area\"><a href=\"https:\/\/schoueri.com.br\/en\/tributacao-em-tempos-de-pandemia-iii-edicao-internacional\/\" class=\"ee-post__title\">\n\t\t\t<h2 class=\"ee-post__title__heading\">Tributa\u00e7\u00e3o em tempos de Pandemia III &#8211; Edi\u00e7\u00e3o Internacional<\/h2>\n\t\t<\/a><div class=\"ee-post__metas ee-post__metas--has-metas\"><ul class=\"ee-post__metas__list display--\"><li class=\"ee-post__meta ee-post__meta--date ee-post__metas__date\"> 29\/10\/2020<span class=\"ee-post__meta__separator\">\u00b7<\/span><\/li><\/ul><\/div><div class=\"ee-post__excerpt\">III Debate Extraordin\u00e1rio sobre o direito tribut\u00e1rio em tempos de coronav\u00edrus \u2013 Edi\u00e7\u00e3o Internacional P\u00f3s-Gradua\u00e7\u00e3o&hellip;<\/div><div class=\"ee-post__read-more\">\n\t\t\t<a class=\"ee-post__button\" href=\"https:\/\/schoueri.com.br\/en\/tributacao-em-tempos-de-pandemia-iii-edicao-internacional\/\">\n\t\t\t\tMore\t\t\t<\/a>\n\t\t<\/div><\/div><!-- .ee-post__body --><\/article><!-- .ee-post --><\/div><!-- .ee-loop__item --><div class=\"ee-grid__item ee-loop__item ee-filter-51\"><article class=\"ee-post post-5823 post type-post status-publish format-standard has-post-thumbnail hentry category-presentations tag-planejamento-tributario\"><div class=\"ee-post__body ee-post__area\"><a href=\"https:\/\/schoueri.com.br\/en\/novas-perspectivas-teoricas-do-planejamento-tributario-2\/\" class=\"ee-post__title\">\n\t\t\t<h2 class=\"ee-post__title__heading\">Novas Perspectivas Te\u00f3ricas do Planejamento Tribut\u00e1rio<\/h2>\n\t\t<\/a><div class=\"ee-post__metas ee-post__metas--has-metas\"><ul class=\"ee-post__metas__list display--\"><li class=\"ee-post__meta ee-post__meta--date ee-post__metas__date\"> 28\/10\/2020<span class=\"ee-post__meta__separator\">\u00b7<\/span><\/li><\/ul><\/div><div class=\"ee-post__excerpt\">APET &#8211; Direito Tribut\u00e1rio https:\/\/www.youtube.com\/watch?v=K9p3vyFPkUM&#038;t=105s<\/div><div class=\"ee-post__read-more\">\n\t\t\t<a class=\"ee-post__button\" href=\"https:\/\/schoueri.com.br\/en\/novas-perspectivas-teoricas-do-planejamento-tributario-2\/\">\n\t\t\t\tMore\t\t\t<\/a>\n\t\t<\/div><\/div><!-- .ee-post__body --><\/article><!-- .ee-post --><\/div><!-- .ee-loop__item --><div class=\"ee-grid__item ee-loop__item ee-filter-51\"><article class=\"ee-post post-5808 post type-post status-publish format-standard has-post-thumbnail hentry category-presentations tag-normas-tributarias-indutoras\"><div class=\"ee-post__body ee-post__area\"><a href=\"https:\/\/schoueri.com.br\/en\/sancoes-politicas-e-infracoes-a-ordem-economica-revisitando-o-caso-american-virginia\/\" class=\"ee-post__title\">\n\t\t\t<h2 class=\"ee-post__title__heading\">&#8220;San\u00e7\u00f5es Pol\u00edticas e Infra\u00e7\u00f5es \u00e0 Ordem Econ\u00f4mica: Revisitando o caso American Virginia&#8221;<\/h2>\n\t\t<\/a><div class=\"ee-post__metas ee-post__metas--has-metas\"><ul class=\"ee-post__metas__list display--\"><li class=\"ee-post__meta ee-post__meta--date ee-post__metas__date\"> 28\/10\/2020<span class=\"ee-post__meta__separator\">\u00b7<\/span><\/li><\/ul><\/div><div class=\"ee-post__excerpt\">ABRADT Webinar &#8220;San\u00e7\u00f5es Pol\u00edticas e Infra\u00e7\u00f5es \u00e0 Ordem Econ\u00f4mica: Revisitando o caso American Virginia&#8221; com&hellip;<\/div><div class=\"ee-post__read-more\">\n\t\t\t<a class=\"ee-post__button\" href=\"https:\/\/schoueri.com.br\/en\/sancoes-politicas-e-infracoes-a-ordem-economica-revisitando-o-caso-american-virginia\/\">\n\t\t\t\tMore\t\t\t<\/a>\n\t\t<\/div><\/div><!-- .ee-post__body --><\/article><!-- .ee-post --><\/div><!-- .ee-loop__item --><div class=\"ee-grid__item ee-loop__item ee-filter-51\"><article class=\"ee-post post-5805 post type-post status-publish format-standard has-post-thumbnail hentry category-presentations\"><div class=\"ee-post__body ee-post__area\"><a href=\"https:\/\/schoueri.com.br\/en\/impactos-tributarios-do-novo-coronavirus\/\" class=\"ee-post__title\">\n\t\t\t<h2 class=\"ee-post__title__heading\">Impactos Tribut\u00e1rios do novo coronav\u00edrus<\/h2>\n\t\t<\/a><div class=\"ee-post__metas ee-post__metas--has-metas\"><ul class=\"ee-post__metas__list display--\"><li class=\"ee-post__meta ee-post__meta--date ee-post__metas__date\"> 28\/10\/2020<span class=\"ee-post__meta__separator\">\u00b7<\/span><\/li><\/ul><\/div><div class=\"ee-post__excerpt\">Conversa com Lu\u00eds Eduardo Schoueri \u2013 Vice-presidente e coordenador-geral do Conselho de Altos Estudos de&hellip;<\/div><div class=\"ee-post__read-more\">\n\t\t\t<a class=\"ee-post__button\" href=\"https:\/\/schoueri.com.br\/en\/impactos-tributarios-do-novo-coronavirus\/\">\n\t\t\t\tMore\t\t\t<\/a>\n\t\t<\/div><\/div><!-- .ee-post__body --><\/article><!-- .ee-post --><\/div><!-- .ee-loop__item --><div class=\"ee-grid__item ee-loop__item ee-filter-51\"><article class=\"ee-post post-5799 post type-post status-publish format-standard has-post-thumbnail hentry category-presentations\"><div class=\"ee-post__body ee-post__area\"><a href=\"https:\/\/schoueri.com.br\/en\/macrolitigancia-fiscal-pos-covid-19-igualdade-tributaria-e-desequilibrio\/\" class=\"ee-post__title\">\n\t\t\t<h2 class=\"ee-post__title__heading\">Macrolitig\u00e2ncia Fiscal p\u00f3s COVID-19: igualdade tribut\u00e1ria e (des)equil\u00edbrio<\/h2>\n\t\t<\/a><div class=\"ee-post__metas ee-post__metas--has-metas\"><ul class=\"ee-post__metas__list display--\"><li class=\"ee-post__meta ee-post__meta--date ee-post__metas__date\"> 28\/10\/2020<span class=\"ee-post__meta__separator\">\u00b7<\/span><\/li><\/ul><\/div><div class=\"ee-post__excerpt\">IDP Tema do encontro: Macrolitig\u00e2ncia Fiscal p\u00f3s COVID-19: igualdade tribut\u00e1ria e (des)equil\u00edbrio fiscal. Respons\u00e1veis: Lucas&hellip;<\/div><div class=\"ee-post__read-more\">\n\t\t\t<a class=\"ee-post__button\" href=\"https:\/\/schoueri.com.br\/en\/macrolitigancia-fiscal-pos-covid-19-igualdade-tributaria-e-desequilibrio\/\">\n\t\t\t\tMore\t\t\t<\/a>\n\t\t<\/div><\/div><!-- .ee-post__body --><\/article><!-- .ee-post --><\/div><!-- .ee-loop__item --><div class=\"ee-grid__item ee-loop__item ee-filter-51\"><article class=\"ee-post post-5797 post type-post status-publish format-standard has-post-thumbnail hentry category-presentations tag-direito-tributario-internacional-international-tax-law\"><div class=\"ee-post__body ee-post__area\"><a href=\"https:\/\/schoueri.com.br\/en\/brazilian-taxation-hot-topics-in-the-covid-19-period\/\" class=\"ee-post__title\">\n\t\t\t<h2 class=\"ee-post__title__heading\">Brazilian Taxation &#8211; Hot Topics in the COVID-19 Period<\/h2>\n\t\t<\/a><div class=\"ee-post__metas ee-post__metas--has-metas\"><ul class=\"ee-post__metas__list display--\"><li class=\"ee-post__meta ee-post__meta--date ee-post__metas__date\"> 28\/10\/2020<span class=\"ee-post__meta__separator\">\u00b7<\/span><\/li><\/ul><\/div><div class=\"ee-post__excerpt\">Puri Bracco Lenzi Studio legale e tributario\u00a0&#8211; PBL TALKS https:\/\/www.youtube.com\/watch?v=hupGo8DVXYY&#038;feature=youtu.be<\/div><div class=\"ee-post__read-more\">\n\t\t\t<a class=\"ee-post__button\" href=\"https:\/\/schoueri.com.br\/en\/brazilian-taxation-hot-topics-in-the-covid-19-period\/\">\n\t\t\t\tMore\t\t\t<\/a>\n\t\t<\/div><\/div><!-- .ee-post__body --><\/article><!-- .ee-post --><\/div><!-- .ee-loop__item --><div class=\"ee-grid__item ee-loop__item ee-filter-48\"><article class=\"ee-post post-5787 post type-post status-publish format-standard hentry category-articles-book-chapters tag-arbitration tag-direito-tributario-internacional-arbitragem tag-international-tax-law\"><div class=\"ee-post__body ee-post__area\"><a href=\"https:\/\/schoueri.com.br\/en\/brazil-in-tax-treaty-arbitration\/\" class=\"ee-post__title\">\n\t\t\t<h2 class=\"ee-post__title__heading\">Brazil in Tax Treaty Arbitration<\/h2>\n\t\t<\/a><div class=\"ee-post__metas ee-post__metas--has-metas\"><ul class=\"ee-post__metas__list display--\"><li class=\"ee-post__meta ee-post__meta--date ee-post__metas__date\"> 27\/10\/2020<span class=\"ee-post__meta__separator\">\u00b7<\/span><\/li><\/ul><\/div><div class=\"ee-post__excerpt\">IBFD<\/div><div class=\"ee-post__read-more\">\n\t\t\t<a class=\"ee-post__button\" href=\"https:\/\/schoueri.com.br\/en\/brazil-in-tax-treaty-arbitration\/\">\n\t\t\t\tMore\t\t\t<\/a>\n\t\t<\/div><\/div><!-- .ee-post__body --><\/article><!-- .ee-post --><\/div><!-- .ee-loop__item --><div class=\"ee-grid__item ee-loop__item ee-filter-48\"><article class=\"ee-post post-5785 post type-post status-publish format-standard hentry category-articles-book-chapters tag-direito-tributario-internacional-international-tax-law tag-holding\"><div class=\"ee-post__body ee-post__area\"><a href=\"https:\/\/schoueri.com.br\/en\/brazil-holding-companies\/\" class=\"ee-post__title\">\n\t\t\t<h2 class=\"ee-post__title__heading\">Brazil &#8211; Holding Companies<\/h2>\n\t\t<\/a><div class=\"ee-post__metas ee-post__metas--has-metas\"><ul class=\"ee-post__metas__list display--\"><li class=\"ee-post__meta ee-post__meta--date ee-post__metas__date\"> 27\/10\/2020<span class=\"ee-post__meta__separator\">\u00b7<\/span><\/li><\/ul><\/div><div class=\"ee-post__excerpt\">IBFD<\/div><div class=\"ee-post__read-more\">\n\t\t\t<a class=\"ee-post__button\" href=\"https:\/\/schoueri.com.br\/en\/brazil-holding-companies\/\">\n\t\t\t\tMore\t\t\t<\/a>\n\t\t<\/div><\/div><!-- .ee-post__body --><\/article><!-- .ee-post --><\/div><!-- .ee-loop__item --><div class=\"ee-grid__item ee-loop__item ee-filter-50\"><article class=\"ee-post post-4673 post type-post status-publish format-standard has-post-thumbnail hentry category-books\"><div class=\"ee-post__body ee-post__area\"><a href=\"https:\/\/schoueri.com.br\/en\/manual-da-tributacao-direta-da-renda\/\" class=\"ee-post__title\">\n\t\t\t<h2 class=\"ee-post__title__heading\">Manual da Tributa\u00e7\u00e3o Direta da Renda<\/h2>\n\t\t<\/a><div class=\"ee-post__metas ee-post__metas--has-metas\"><ul class=\"ee-post__metas__list display--\"><li class=\"ee-post__meta ee-post__meta--date ee-post__metas__date\"> 02\/10\/2020<span class=\"ee-post__meta__separator\">\u00b7<\/span><\/li><\/ul><\/div><div class=\"ee-post__excerpt\">O Manual da Tributa\u00e7\u00e3o Direta da Renda \u00e9 fruto das aulas ministradas na Faculdade de&hellip;<\/div><div class=\"ee-post__read-more\">\n\t\t\t<a class=\"ee-post__button\" href=\"https:\/\/schoueri.com.br\/en\/manual-da-tributacao-direta-da-renda\/\">\n\t\t\t\tMore\t\t\t<\/a>\n\t\t<\/div><\/div><!-- .ee-post__body --><\/article><!-- .ee-post --><\/div><!-- .ee-loop__item --><div class=\"ee-grid__item ee-loop__item ee-filter-50\"><article class=\"ee-post post-4333 post type-post status-publish format-standard has-post-thumbnail hentry category-books\"><div class=\"ee-post__body ee-post__area\"><a href=\"https:\/\/schoueri.com.br\/en\/direito-tributario-9a-ed-2019\/\" class=\"ee-post__title\">\n\t\t\t<h2 class=\"ee-post__title__heading\">Direito Tribut\u00e1rio &#8211; 9\u00aa Ed. 2019<\/h2>\n\t\t<\/a><div class=\"ee-post__metas ee-post__metas--has-metas\"><ul class=\"ee-post__metas__list display--\"><li class=\"ee-post__meta ee-post__meta--date ee-post__metas__date\"> 10\/09\/2020<span class=\"ee-post__meta__separator\">\u00b7<\/span><\/li><\/ul><\/div><div class=\"ee-post__excerpt\">Uma nova proposta de estudo do Direito Tribut\u00e1rio: \u00e9 assim que o autor descreve este&hellip;<\/div><div class=\"ee-post__read-more\">\n\t\t\t<a class=\"ee-post__button\" href=\"https:\/\/schoueri.com.br\/en\/direito-tributario-9a-ed-2019\/\">\n\t\t\t\tMore\t\t\t<\/a>\n\t\t<\/div><\/div><!-- .ee-post__body --><\/article><!-- .ee-post --><\/div><!-- .ee-loop__item --><div class=\"ee-grid__item ee-loop__item ee-filter-51\"><article class=\"ee-post post-5905 post type-post status-publish format-standard has-post-thumbnail hentry category-presentations tag-reforma-tributaria\"><div class=\"ee-post__body ee-post__area\"><a href=\"https:\/\/schoueri.com.br\/en\/reforma-tributaria\/\" class=\"ee-post__title\">\n\t\t\t<h2 class=\"ee-post__title__heading\">Reforma Tribut\u00e1ria<\/h2>\n\t\t<\/a><div class=\"ee-post__metas ee-post__metas--has-metas\"><ul class=\"ee-post__metas__list display--\"><li class=\"ee-post__meta ee-post__meta--date ee-post__metas__date\"> 09\/09\/2020<span class=\"ee-post__meta__separator\">\u00b7<\/span><\/li><\/ul><\/div><div class=\"ee-post__excerpt\">F\u00f3rum Reforma Tribut\u00e1ria de 08.09.2020 com Prof\u00ba Lu\u00eds Eduardo Schoueri no Rotary Club de S\u00e3o&hellip;<\/div><div class=\"ee-post__read-more\">\n\t\t\t<a class=\"ee-post__button\" href=\"https:\/\/schoueri.com.br\/en\/reforma-tributaria\/\">\n\t\t\t\tMore\t\t\t<\/a>\n\t\t<\/div><\/div><!-- .ee-post__body --><\/article><!-- .ee-post --><\/div><!-- .ee-loop__item --><div class=\"ee-grid__item ee-loop__item ee-filter-48\"><article class=\"ee-post post-6837 post type-post status-publish format-standard hentry category-articles-book-chapters\"><div class=\"ee-post__body ee-post__area\"><a href=\"https:\/\/schoueri.com.br\/en\/prefacio-em-a-consideracao-economica-no-direito-tributario\/\" class=\"ee-post__title\">\n\t\t\t<h2 class=\"ee-post__title__heading\">Pref\u00e1cio em \u201cA Considera\u00e7\u00e3o Econ\u00f4mica no Direito Tribut\u00e1rio\u201d<\/h2>\n\t\t<\/a><div class=\"ee-post__metas ee-post__metas--has-metas\"><ul class=\"ee-post__metas__list display--\"><li class=\"ee-post__meta ee-post__meta--date ee-post__metas__date\"> 06\/09\/2020<span class=\"ee-post__meta__separator\">\u00b7<\/span><\/li><\/ul><\/div><div class=\"ee-post__excerpt\">PDF SCHOUERI, L. E.. A considera\u00e7\u00e3o econ\u00f4mica no direito tribut\u00e1rio. S\u00e3o Paulo, 2020. (Pref\u00e1cio)<\/div><div class=\"ee-post__read-more\">\n\t\t\t<a class=\"ee-post__button\" href=\"https:\/\/schoueri.com.br\/en\/prefacio-em-a-consideracao-economica-no-direito-tributario\/\">\n\t\t\t\tMore\t\t\t<\/a>\n\t\t<\/div><\/div><!-- .ee-post__body --><\/article><!-- .ee-post --><\/div><!-- .ee-loop__item --><div class=\"ee-grid__item ee-loop__item ee-filter-48\"><article class=\"ee-post post-6835 post type-post status-publish format-standard hentry category-articles-book-chapters\"><div class=\"ee-post__body ee-post__area\"><a href=\"https:\/\/schoueri.com.br\/en\/prefacio-em-o-escopo-pessoal-dos-acordos-internacionais-contra-a-bitributacao\/\" class=\"ee-post__title\">\n\t\t\t<h2 class=\"ee-post__title__heading\">Pref\u00e1cio em \u201cO Escopo Pessoal dos Acordos Internacionais contra a Bitributa\u00e7\u00e3o\u201d<\/h2>\n\t\t<\/a><div class=\"ee-post__metas ee-post__metas--has-metas\"><ul class=\"ee-post__metas__list display--\"><li class=\"ee-post__meta ee-post__meta--date ee-post__metas__date\"> 06\/09\/2020<span class=\"ee-post__meta__separator\">\u00b7<\/span><\/li><\/ul><\/div><div class=\"ee-post__excerpt\">PDF SILVEIRA, R. M. DA ;\u00a0SCHOUERI, L. E.\u00a0. O Escopo Pessoal dos Acordos Internacionais contra&hellip;<\/div><div class=\"ee-post__read-more\">\n\t\t\t<a class=\"ee-post__button\" href=\"https:\/\/schoueri.com.br\/en\/prefacio-em-o-escopo-pessoal-dos-acordos-internacionais-contra-a-bitributacao\/\">\n\t\t\t\tMore\t\t\t<\/a>\n\t\t<\/div><\/div><!-- .ee-post__body --><\/article><!-- .ee-post --><\/div><!-- .ee-loop__item --><div class=\"ee-grid__item ee-loop__item ee-filter-48\"><article class=\"ee-post post-6836 post type-post status-publish format-standard hentry category-articles-book-chapters\"><div class=\"ee-post__body ee-post__area\"><a href=\"https:\/\/schoueri.com.br\/en\/novas-fundacoes-do-direito-tributario-internacional-a-ocde-seus-pilares-i-e-ii-e-a-covid-19\/\" class=\"ee-post__title\">\n\t\t\t<h2 class=\"ee-post__title__heading\">Novas Funda\u00e7\u00f5es do Direito Tribut\u00e1rio Internacional? A OCDE, Seus Pilares I e II e a Covid-19<\/h2>\n\t\t<\/a><div class=\"ee-post__metas ee-post__metas--has-metas\"><ul class=\"ee-post__metas__list display--\"><li class=\"ee-post__meta ee-post__meta--date ee-post__metas__date\"> 02\/09\/2020<span class=\"ee-post__meta__separator\">\u00b7<\/span><\/li><\/ul><\/div><div class=\"ee-post__excerpt\">PDF SCHOUERI, L. E.; SCHOUERI, P. G. L. . Novas Funda\u00e7\u00f5es do Direito Tribut\u00e1rio Internacional?&hellip;<\/div><div class=\"ee-post__read-more\">\n\t\t\t<a class=\"ee-post__button\" href=\"https:\/\/schoueri.com.br\/en\/novas-fundacoes-do-direito-tributario-internacional-a-ocde-seus-pilares-i-e-ii-e-a-covid-19\/\">\n\t\t\t\tMore\t\t\t<\/a>\n\t\t<\/div><\/div><!-- .ee-post__body --><\/article><!-- .ee-post --><\/div><!-- .ee-loop__item --><div class=\"ee-grid__item ee-loop__item ee-filter-51\"><article class=\"ee-post post-5825 post type-post status-publish format-standard has-post-thumbnail hentry category-presentations tag-reforma-tributaria\"><div class=\"ee-post__body ee-post__area\"><a href=\"https:\/\/schoueri.com.br\/en\/mais-por-dentro-da-reforma-fiscal-a-proposta-do-governo\/\" class=\"ee-post__title\">\n\t\t\t<h2 class=\"ee-post__title__heading\">Mais por dentro da Reforma Fiscal &#8211; A Proposta do Governo<\/h2>\n\t\t<\/a><div class=\"ee-post__metas ee-post__metas--has-metas\"><ul class=\"ee-post__metas__list display--\"><li class=\"ee-post__meta ee-post__meta--date ee-post__metas__date\"> 29\/07\/2020<span class=\"ee-post__meta__separator\">\u00b7<\/span><\/li><\/ul><\/div><div class=\"ee-post__excerpt\">CCBL &#8211; C\u00e2mara de com\u00e9rcio Brasil-L\u00edbano Na primeira parte da &#8220;live&#8221; Mais por dentro da&hellip;<\/div><div class=\"ee-post__read-more\">\n\t\t\t<a class=\"ee-post__button\" href=\"https:\/\/schoueri.com.br\/en\/mais-por-dentro-da-reforma-fiscal-a-proposta-do-governo\/\">\n\t\t\t\tMore\t\t\t<\/a>\n\t\t<\/div><\/div><!-- .ee-post__body --><\/article><!-- .ee-post --><\/div><!-- .ee-loop__item --><div class=\"ee-grid__item ee-loop__item ee-filter-48\"><article class=\"ee-post post-6838 post type-post status-publish format-standard hentry category-articles-book-chapters\"><div class=\"ee-post__body ee-post__area\"><a href=\"https:\/\/schoueri.com.br\/en\/the-arms-length-standard-justification-content-and-alternative-proposals\/\" class=\"ee-post__title\">\n\t\t\t<h2 class=\"ee-post__title__heading\">The Arm\u2019s Length Standard: Justification, Content and Alternative Proposals<\/h2>\n\t\t<\/a><div class=\"ee-post__metas ee-post__metas--has-metas\"><ul class=\"ee-post__metas__list display--\"><li class=\"ee-post__meta ee-post__meta--date ee-post__metas__date\"> 26\/07\/2020<span class=\"ee-post__meta__separator\">\u00b7<\/span><\/li><\/ul><\/div><div class=\"ee-post__excerpt\">PDF SCHOUERI, L. E.; GALENDI JUNIOR, R. A. . The Arm&#8217;s Length Standard: Justification, Content,&hellip;<\/div><div class=\"ee-post__read-more\">\n\t\t\t<a class=\"ee-post__button\" href=\"https:\/\/schoueri.com.br\/en\/the-arms-length-standard-justification-content-and-alternative-proposals\/\">\n\t\t\t\tMore\t\t\t<\/a>\n\t\t<\/div><\/div><!-- .ee-post__body --><\/article><!-- .ee-post --><\/div><!-- .ee-loop__item --><div class=\"ee-grid__item ee-loop__item ee-filter-48\"><article class=\"ee-post post-6849 post type-post status-publish format-standard hentry category-articles-book-chapters\"><div class=\"ee-post__body ee-post__area\"><a href=\"https:\/\/schoueri.com.br\/en\/icms-e-lancamento-de-oficio-controversias-acerca-do-inicio-de-seu-prazo\/\" class=\"ee-post__title\">\n\t\t\t<h2 class=\"ee-post__title__heading\">ICMS e Lan\u00e7amento de Of\u00edcio: Controv\u00e9rsias acerca do In\u00edcio de seu Prazo<\/h2>\n\t\t<\/a><div class=\"ee-post__metas ee-post__metas--has-metas\"><ul class=\"ee-post__metas__list display--\"><li class=\"ee-post__meta ee-post__meta--date ee-post__metas__date\"> 20\/07\/2020<span class=\"ee-post__meta__separator\">\u00b7<\/span><\/li><\/ul><\/div><div class=\"ee-post__excerpt\">PDF SCHOUERI, L. E.; GALDINO, G. . ICMS e Lan\u00e7amento de Of\u00edcio: Controv\u00e9rsias acerca do&hellip;<\/div><div class=\"ee-post__read-more\">\n\t\t\t<a class=\"ee-post__button\" href=\"https:\/\/schoueri.com.br\/en\/icms-e-lancamento-de-oficio-controversias-acerca-do-inicio-de-seu-prazo\/\">\n\t\t\t\tMore\t\t\t<\/a>\n\t\t<\/div><\/div><!-- .ee-post__body --><\/article><!-- .ee-post --><\/div><!-- .ee-loop__item --><div class=\"ee-grid__item ee-loop__item ee-filter-48\"><article class=\"ee-post post-6842 post type-post status-publish format-standard hentry category-articles-book-chapters\"><div class=\"ee-post__body ee-post__area\"><a href=\"https:\/\/schoueri.com.br\/en\/consideracoes-sobre-o-caso-american-virginia-entre-sancao-politica-e-infracao-a-ordem-economica\/\" class=\"ee-post__title\">\n\t\t\t<h2 class=\"ee-post__title__heading\">Considera\u00e7\u00f5es sobre o Caso American Virginia: entre San\u00e7\u00e3o Pol\u00edtica e Infra\u00e7\u00e3o \u00e0 Ordem Econ\u00f4mica<\/h2>\n\t\t<\/a><div class=\"ee-post__metas ee-post__metas--has-metas\"><ul class=\"ee-post__metas__list display--\"><li class=\"ee-post__meta ee-post__meta--date ee-post__metas__date\"> 20\/07\/2020<span class=\"ee-post__meta__separator\">\u00b7<\/span><\/li><\/ul><\/div><div class=\"ee-post__excerpt\">PDF SCHOUERI, L. E.; GALDINO, G. . Considera\u00e7\u00f5es sobre o Caso American Virginia: entre San\u00e7\u00e3o&hellip;<\/div><div class=\"ee-post__read-more\">\n\t\t\t<a class=\"ee-post__button\" href=\"https:\/\/schoueri.com.br\/en\/consideracoes-sobre-o-caso-american-virginia-entre-sancao-politica-e-infracao-a-ordem-economica\/\">\n\t\t\t\tMore\t\t\t<\/a>\n\t\t<\/div><\/div><!-- .ee-post__body --><\/article><!-- .ee-post --><\/div><!-- .ee-loop__item --><div class=\"ee-grid__item ee-loop__item ee-filter-48\"><article class=\"ee-post post-6841 post type-post status-publish format-standard hentry category-articles-book-chapters\"><div class=\"ee-post__body ee-post__area\"><a href=\"https:\/\/schoueri.com.br\/en\/brazilian-tp-reform-can-we-have-the-full-first-world-package\/\" class=\"ee-post__title\">\n\t\t\t<h2 class=\"ee-post__title__heading\">Brazilian TP Reform: Can We Have the Full First World Package?<\/h2>\n\t\t<\/a><div class=\"ee-post__metas ee-post__metas--has-metas\"><ul class=\"ee-post__metas__list display--\"><li class=\"ee-post__meta ee-post__meta--date ee-post__metas__date\"> 20\/07\/2020<span class=\"ee-post__meta__separator\">\u00b7<\/span><\/li><\/ul><\/div><div class=\"ee-post__excerpt\">Kluwer International Tax Blog SCHOUERI, L. E.; GALENDI JUNIOR, R. A. . Brazilian TP Reform:&hellip;<\/div><div class=\"ee-post__read-more\">\n\t\t\t<a class=\"ee-post__button\" href=\"https:\/\/schoueri.com.br\/en\/brazilian-tp-reform-can-we-have-the-full-first-world-package\/\">\n\t\t\t\tMore\t\t\t<\/a>\n\t\t<\/div><\/div><!-- .ee-post__body --><\/article><!-- .ee-post --><\/div><!-- .ee-loop__item --><div class=\"ee-grid__item ee-loop__item ee-filter-48\"><article class=\"ee-post post-6840 post type-post status-publish format-standard hentry category-articles-book-chapters\"><div class=\"ee-post__body ee-post__area\"><a href=\"https:\/\/schoueri.com.br\/en\/digital-levy-proposed-in-brazil-amid-pressing-budget-introducing-or-increasing-digital-taxation\/\" class=\"ee-post__title\">\n\t\t\t<h2 class=\"ee-post__title__heading\">Digital Levy Proposed in Brazil Amid Pressing Budget: Introducing or Increasing Digital Taxation?<\/h2>\n\t\t<\/a><div class=\"ee-post__metas ee-post__metas--has-metas\"><ul class=\"ee-post__metas__list display--\"><li class=\"ee-post__meta ee-post__meta--date ee-post__metas__date\"> 20\/07\/2020<span class=\"ee-post__meta__separator\">\u00b7<\/span><\/li><\/ul><\/div><div class=\"ee-post__excerpt\">TP news SCHOUERI, L. E.; BARBOSA, M. C. . Digital Levy Proposed in Brazil Amid&hellip;<\/div><div class=\"ee-post__read-more\">\n\t\t\t<a class=\"ee-post__button\" href=\"https:\/\/schoueri.com.br\/en\/digital-levy-proposed-in-brazil-amid-pressing-budget-introducing-or-increasing-digital-taxation\/\">\n\t\t\t\tMore\t\t\t<\/a>\n\t\t<\/div><\/div><!-- .ee-post__body --><\/article><!-- .ee-post --><\/div><!-- .ee-loop__item --><div class=\"ee-grid__item ee-loop__item ee-filter-48\"><article class=\"ee-post post-6839 post type-post status-publish format-standard hentry category-articles-book-chapters\"><div class=\"ee-post__body ee-post__area\"><a href=\"https:\/\/schoueri.com.br\/en\/voto-de-qualidade-e-chibatadas\/\" class=\"ee-post__title\">\n\t\t\t<h2 class=\"ee-post__title__heading\">Voto de Qualidade e &#8220;Chibatadas&#8221;<\/h2>\n\t\t<\/a><div class=\"ee-post__metas ee-post__metas--has-metas\"><ul class=\"ee-post__metas__list display--\"><li class=\"ee-post__meta ee-post__meta--date ee-post__metas__date\"> 20\/07\/2020<span class=\"ee-post__meta__separator\">\u00b7<\/span><\/li><\/ul><\/div><div class=\"ee-post__excerpt\">JOTA SCHOUERI, L. E.. Voto de Qualidade e &#8220;Chibatadas&#8221;. JOTA, 16 abr. 2020.<\/div><div class=\"ee-post__read-more\">\n\t\t\t<a class=\"ee-post__button\" href=\"https:\/\/schoueri.com.br\/en\/voto-de-qualidade-e-chibatadas\/\">\n\t\t\t\tMore\t\t\t<\/a>\n\t\t<\/div><\/div><!-- .ee-post__body --><\/article><!-- .ee-post --><\/div><!-- .ee-loop__item --><div class=\"ee-grid__item ee-loop__item ee-filter-48\"><article class=\"ee-post post-6858 post type-post status-publish format-standard hentry category-articles-book-chapters\"><div class=\"ee-post__body ee-post__area\"><a href=\"https:\/\/schoueri.com.br\/en\/compliance-tributario-como-politica-publica-a-funcao-protetiva-do-lancamento-e-a-culpabilidade-no-sistema-de-multas\/\" class=\"ee-post__title\">\n\t\t\t<h2 class=\"ee-post__title__heading\">Compliance tribut\u00e1rio como pol\u00edtica p\u00fablica: a fun\u00e7\u00e3o protetiva do lan\u00e7amento e a culpabilidade no sistema de multas<\/h2>\n\t\t<\/a><div class=\"ee-post__metas ee-post__metas--has-metas\"><ul class=\"ee-post__metas__list display--\"><li class=\"ee-post__meta ee-post__meta--date ee-post__metas__date\"> 05\/07\/2020<span class=\"ee-post__meta__separator\">\u00b7<\/span><\/li><\/ul><\/div><div class=\"ee-post__excerpt\">PDF SCHOUERI, L. E.; GALENDI JUNIOR, R. A. . Compliance tribut\u00e1rio como pol\u00edtica p\u00fablica: a&hellip;<\/div><div class=\"ee-post__read-more\">\n\t\t\t<a class=\"ee-post__button\" href=\"https:\/\/schoueri.com.br\/en\/compliance-tributario-como-politica-publica-a-funcao-protetiva-do-lancamento-e-a-culpabilidade-no-sistema-de-multas\/\">\n\t\t\t\tMore\t\t\t<\/a>\n\t\t<\/div><\/div><!-- .ee-post__body --><\/article><!-- .ee-post --><\/div><!-- .ee-loop__item --><div class=\"ee-grid__item ee-loop__item ee-filter-51\"><article class=\"ee-post post-5950 post type-post status-publish format-standard has-post-thumbnail hentry category-presentations tag-reforma-tributaria\"><div class=\"ee-post__body ee-post__area\"><a href=\"https:\/\/schoueri.com.br\/en\/mais-por-dentro-da-reforma-fiscal-a-transicao-para-o-novo-sistema\/\" class=\"ee-post__title\">\n\t\t\t<h2 class=\"ee-post__title__heading\">Mais por dentro da Reforma Fiscal &#8211; A Transi\u00e7\u00e3o para o Novo Sistema<\/h2>\n\t\t<\/a><div class=\"ee-post__metas ee-post__metas--has-metas\"><ul class=\"ee-post__metas__list display--\"><li class=\"ee-post__meta ee-post__meta--date ee-post__metas__date\"> 29\/04\/2020<span class=\"ee-post__meta__separator\">\u00b7<\/span><\/li><\/ul><\/div><div class=\"ee-post__excerpt\">CCBL &#8211; C\u00e2mara de Com\u00e9rcio Brasil-L\u00edbano Lu\u00eds Eduardo Schoueri antecipa a transi\u00e7\u00e3o para o novo&hellip;<\/div><div class=\"ee-post__read-more\">\n\t\t\t<a class=\"ee-post__button\" href=\"https:\/\/schoueri.com.br\/en\/mais-por-dentro-da-reforma-fiscal-a-transicao-para-o-novo-sistema\/\">\n\t\t\t\tMore\t\t\t<\/a>\n\t\t<\/div><\/div><!-- .ee-post__body --><\/article><!-- .ee-post --><\/div><!-- .ee-loop__item --><div class=\"ee-grid__item ee-loop__item ee-filter-51\"><article class=\"ee-post post-5941 post type-post status-publish format-standard has-post-thumbnail hentry category-presentations tag-reforma-tributaria\"><div class=\"ee-post__body ee-post__area\"><a href=\"https:\/\/schoueri.com.br\/en\/mais-por-dentro-da-reforma-fiscal-cbs-creditos-fiscais-e-importacao\/\" class=\"ee-post__title\">\n\t\t\t<h2 class=\"ee-post__title__heading\">Mais por dentro da Reforma Fiscal &#8211; CBS, cr\u00e9ditos fiscais e importa\u00e7\u00e3o<\/h2>\n\t\t<\/a><div class=\"ee-post__metas ee-post__metas--has-metas\"><ul class=\"ee-post__metas__list display--\"><li class=\"ee-post__meta ee-post__meta--date ee-post__metas__date\"> 29\/04\/2020<span class=\"ee-post__meta__separator\">\u00b7<\/span><\/li><\/ul><\/div><div class=\"ee-post__excerpt\">CCBL &#8211; C\u00e2mara de Com\u00e9rcio Brasil-L\u00edbano Lu\u00eds Eduardo Schoueri ensina como se dar\u00e1 o sistema&hellip;<\/div><div class=\"ee-post__read-more\">\n\t\t\t<a class=\"ee-post__button\" href=\"https:\/\/schoueri.com.br\/en\/mais-por-dentro-da-reforma-fiscal-cbs-creditos-fiscais-e-importacao\/\">\n\t\t\t\tMore\t\t\t<\/a>\n\t\t<\/div><\/div><!-- .ee-post__body --><\/article><!-- .ee-post --><\/div><!-- .ee-loop__item --><div class=\"ee-grid__item ee-loop__item ee-filter-51\"><article class=\"ee-post post-5931 post type-post status-publish format-standard has-post-thumbnail hentry category-presentations tag-reforma-tributaria\"><div class=\"ee-post__body ee-post__area\"><a href=\"https:\/\/schoueri.com.br\/en\/mais-por-dentro-da-reforma-fiscal-empresas-a-serem-afetadas-pela-reforma\/\" class=\"ee-post__title\">\n\t\t\t<h2 class=\"ee-post__title__heading\">Mais por dentro da Reforma Fiscal &#8211; Empresas a serem afetadas pela Reforma<\/h2>\n\t\t<\/a><div class=\"ee-post__metas ee-post__metas--has-metas\"><ul class=\"ee-post__metas__list display--\"><li class=\"ee-post__meta ee-post__meta--date ee-post__metas__date\"> 29\/04\/2020<span class=\"ee-post__meta__separator\">\u00b7<\/span><\/li><\/ul><\/div><div class=\"ee-post__excerpt\">CCBL &#8211; C\u00e2mara de Com\u00e9rcio Brasil-L\u00edbano Professor Lu\u00eds Eduardo Schoueri verifica quais as prov\u00e1veis consequ\u00eancias&hellip;<\/div><div class=\"ee-post__read-more\">\n\t\t\t<a class=\"ee-post__button\" href=\"https:\/\/schoueri.com.br\/en\/mais-por-dentro-da-reforma-fiscal-empresas-a-serem-afetadas-pela-reforma\/\">\n\t\t\t\tMore\t\t\t<\/a>\n\t\t<\/div><\/div><!-- .ee-post__body --><\/article><!-- .ee-post --><\/div><!-- .ee-loop__item --><div class=\"ee-grid__item ee-loop__item ee-filter-51\"><article class=\"ee-post post-5853 post type-post status-publish format-standard has-post-thumbnail hentry category-presentations tag-reforma-tributaria\"><div class=\"ee-post__body ee-post__area\"><a href=\"https:\/\/schoueri.com.br\/en\/mais-por-dentro-da-reforma-fiscal-nova-cpmf\/\" class=\"ee-post__title\">\n\t\t\t<h2 class=\"ee-post__title__heading\">Mais por dentro da Reforma Fiscal &#8211; Nova CPMF<\/h2>\n\t\t<\/a><div class=\"ee-post__metas ee-post__metas--has-metas\"><ul class=\"ee-post__metas__list display--\"><li class=\"ee-post__meta ee-post__meta--date ee-post__metas__date\"> 29\/04\/2020<span class=\"ee-post__meta__separator\">\u00b7<\/span><\/li><\/ul><\/div><div class=\"ee-post__excerpt\">CCBL &#8211; C\u00e2mara de Com\u00e9rcio Brasil-L\u00edbano O professor e tributarista Lu\u00eds Eduardo Schoueri fala sobre&hellip;<\/div><div class=\"ee-post__read-more\">\n\t\t\t<a class=\"ee-post__button\" href=\"https:\/\/schoueri.com.br\/en\/mais-por-dentro-da-reforma-fiscal-nova-cpmf\/\">\n\t\t\t\tMore\t\t\t<\/a>\n\t\t<\/div><\/div><!-- .ee-post__body --><\/article><!-- .ee-post --><\/div><!-- .ee-loop__item --><div class=\"ee-grid__item ee-loop__item ee-filter-51\"><article class=\"ee-post post-5850 post type-post status-publish format-standard has-post-thumbnail hentry category-presentations tag-reforma-tributaria\"><div class=\"ee-post__body ee-post__area\"><a href=\"https:\/\/schoueri.com.br\/en\/mais-por-dentro-da-reforma-fiscal-ganhos-e-perdas\/\" class=\"ee-post__title\">\n\t\t\t<h2 class=\"ee-post__title__heading\">Mais por dentro da Reforma Fiscal &#8211; Ganhos e Perdas<\/h2>\n\t\t<\/a><div class=\"ee-post__metas ee-post__metas--has-metas\"><ul class=\"ee-post__metas__list display--\"><li class=\"ee-post__meta ee-post__meta--date ee-post__metas__date\"> 29\/04\/2020<span class=\"ee-post__meta__separator\">\u00b7<\/span><\/li><\/ul><\/div><div class=\"ee-post__excerpt\">CCBL &#8211; C\u00e2mara de Com\u00e9rcio Brasil-L\u00edbano Lu\u00eds Eduardo Schoueri prev\u00ea quem ganha e quem perde&hellip;<\/div><div class=\"ee-post__read-more\">\n\t\t\t<a class=\"ee-post__button\" href=\"https:\/\/schoueri.com.br\/en\/mais-por-dentro-da-reforma-fiscal-ganhos-e-perdas\/\">\n\t\t\t\tMore\t\t\t<\/a>\n\t\t<\/div><\/div><!-- .ee-post__body --><\/article><!-- .ee-post --><\/div><!-- .ee-loop__item --><div class=\"ee-grid__item ee-loop__item ee-filter-51\"><article class=\"ee-post post-5845 post type-post status-publish format-standard has-post-thumbnail hentry category-presentations tag-reforma-tributaria\"><div class=\"ee-post__body ee-post__area\"><a href=\"https:\/\/schoueri.com.br\/en\/mais-por-dentro-da-reforma-fiscal-base-de-calculo-da-cbs-e-efeitos-sobre-a-exportacao-2\/\" class=\"ee-post__title\">\n\t\t\t<h2 class=\"ee-post__title__heading\">Mais por dentro da Reforma Fiscal &#8211; Base de C\u00e1lculo da CBS e efeitos sobre a Exporta\u00e7\u00e3o<\/h2>\n\t\t<\/a><div class=\"ee-post__metas ee-post__metas--has-metas\"><ul class=\"ee-post__metas__list display--\"><li class=\"ee-post__meta ee-post__meta--date ee-post__metas__date\"> 29\/04\/2020<span class=\"ee-post__meta__separator\">\u00b7<\/span><\/li><\/ul><\/div><div class=\"ee-post__excerpt\">CCBL &#8211; C\u00e2mara de Com\u00e9rcio Brasil-L\u00edbano Na conclus\u00e3o da live de 29 de julho, Lu\u00eds&hellip;<\/div><div class=\"ee-post__read-more\">\n\t\t\t<a class=\"ee-post__button\" href=\"https:\/\/schoueri.com.br\/en\/mais-por-dentro-da-reforma-fiscal-base-de-calculo-da-cbs-e-efeitos-sobre-a-exportacao-2\/\">\n\t\t\t\tMore\t\t\t<\/a>\n\t\t<\/div><\/div><!-- .ee-post__body --><\/article><!-- .ee-post --><\/div><!-- .ee-loop__item --><div class=\"ee-grid__item ee-loop__item ee-filter-51\"><article class=\"ee-post post-5843 post type-post status-publish format-standard has-post-thumbnail hentry category-presentations tag-reforma-tributaria\"><div class=\"ee-post__body ee-post__area\"><a href=\"https:\/\/schoueri.com.br\/en\/mais-por-dentro-da-reforma-fiscal-base-de-calculo-da-cbs-e-efeitos-sobre-a-exportacao\/\" class=\"ee-post__title\">\n\t\t\t<h2 class=\"ee-post__title__heading\">Mais por dentro da Reforma Fiscal &#8211; Base de C\u00e1lculo da CBS e efeitos sobre a Exporta\u00e7\u00e3o<\/h2>\n\t\t<\/a><div class=\"ee-post__metas ee-post__metas--has-metas\"><ul class=\"ee-post__metas__list display--\"><li class=\"ee-post__meta ee-post__meta--date ee-post__metas__date\"> 29\/04\/2020<span class=\"ee-post__meta__separator\">\u00b7<\/span><\/li><\/ul><\/div><div class=\"ee-post__excerpt\">CCBL &#8211; C\u00e2mara de Com\u00e9rcio Brasil-L\u00edbano Lu\u00eds Eduardo Schoueri explica as mudan\u00e7as na forma de&hellip;<\/div><div class=\"ee-post__read-more\">\n\t\t\t<a class=\"ee-post__button\" href=\"https:\/\/schoueri.com.br\/en\/mais-por-dentro-da-reforma-fiscal-base-de-calculo-da-cbs-e-efeitos-sobre-a-exportacao\/\">\n\t\t\t\tMore\t\t\t<\/a>\n\t\t<\/div><\/div><!-- .ee-post__body --><\/article><!-- .ee-post --><\/div><!-- .ee-loop__item --><div class=\"ee-grid__item ee-loop__item ee-filter-51\"><article class=\"ee-post post-5837 post type-post status-publish format-standard has-post-thumbnail hentry category-presentations tag-reforma-tributaria\"><div class=\"ee-post__body ee-post__area\"><a href=\"https:\/\/schoueri.com.br\/en\/mais-por-dentro-da-reforma-fiscal-bases-para-uma-reforma-fiscal\/\" class=\"ee-post__title\">\n\t\t\t<h2 class=\"ee-post__title__heading\">Mais por dentro da Reforma Fiscal &#8211; Bases para uma Reforma Fiscal<\/h2>\n\t\t<\/a><div class=\"ee-post__metas ee-post__metas--has-metas\"><ul class=\"ee-post__metas__list display--\"><li class=\"ee-post__meta ee-post__meta--date ee-post__metas__date\"> 29\/04\/2020<span class=\"ee-post__meta__separator\">\u00b7<\/span><\/li><\/ul><\/div><div class=\"ee-post__excerpt\">CCBL &#8211; C\u00e2mara de Com\u00e9rcio Brasil-L\u00edbano Na conclus\u00e3o da live de 29 de julho, Lu\u00eds&hellip;<\/div><div class=\"ee-post__read-more\">\n\t\t\t<a class=\"ee-post__button\" href=\"https:\/\/schoueri.com.br\/en\/mais-por-dentro-da-reforma-fiscal-bases-para-uma-reforma-fiscal\/\">\n\t\t\t\tMore\t\t\t<\/a>\n\t\t<\/div><\/div><!-- .ee-post__body --><\/article><!-- .ee-post --><\/div><!-- .ee-loop__item --><div class=\"ee-grid__item ee-loop__item ee-filter-51\"><article class=\"ee-post post-5827 post type-post status-publish format-standard has-post-thumbnail hentry category-presentations tag-reforma-tributaria\"><div class=\"ee-post__body ee-post__area\"><a href=\"https:\/\/schoueri.com.br\/en\/mais-por-dentro-da-reforma-fiscal-a-proposta-do-governo-2\/\" class=\"ee-post__title\">\n\t\t\t<h2 class=\"ee-post__title__heading\">Mais por dentro da Reforma Fiscal &#8211; A Proposta do Governo<\/h2>\n\t\t<\/a><div class=\"ee-post__metas ee-post__metas--has-metas\"><ul class=\"ee-post__metas__list display--\"><li class=\"ee-post__meta ee-post__meta--date ee-post__metas__date\"> 29\/04\/2020<span class=\"ee-post__meta__separator\">\u00b7<\/span><\/li><\/ul><\/div><div class=\"ee-post__excerpt\">CCBL &#8211; C\u00e2mara de Com\u00e9rcio Brasil-L\u00edbano Na primeira parte da &#8220;live&#8221; Mais por dentro da&hellip;<\/div><div class=\"ee-post__read-more\">\n\t\t\t<a class=\"ee-post__button\" href=\"https:\/\/schoueri.com.br\/en\/mais-por-dentro-da-reforma-fiscal-a-proposta-do-governo-2\/\">\n\t\t\t\tMore\t\t\t<\/a>\n\t\t<\/div><\/div><!-- .ee-post__body --><\/article><!-- .ee-post --><\/div><!-- .ee-loop__item --><div class=\"ee-grid__item ee-loop__item ee-filter-51\"><article class=\"ee-post post-5802 post type-post status-publish format-standard has-post-thumbnail hentry category-presentations\"><div class=\"ee-post__body ee-post__area\"><a href=\"https:\/\/schoueri.com.br\/en\/live-abdconst-e-o-fim-do-voto-de-qualidade-no-carf\/\" class=\"ee-post__title\">\n\t\t\t<h2 class=\"ee-post__title__heading\">\u00c9 O FIM DO VOTO DE QUALIDADE NO CARF?<\/h2>\n\t\t<\/a><div class=\"ee-post__metas ee-post__metas--has-metas\"><ul class=\"ee-post__metas__list display--\"><li class=\"ee-post__meta ee-post__meta--date ee-post__metas__date\"> 21\/04\/2020<span class=\"ee-post__meta__separator\">\u00b7<\/span><\/li><\/ul><\/div><div class=\"ee-post__excerpt\">Live &#8211; ABDCONST Mediadores: Luciano Bernart e La\u00e9rcio Cruz Uliana Junior Debatedores: Valter Lobato, Lu\u00eds&hellip;<\/div><div class=\"ee-post__read-more\">\n\t\t\t<a class=\"ee-post__button\" href=\"https:\/\/schoueri.com.br\/en\/live-abdconst-e-o-fim-do-voto-de-qualidade-no-carf\/\">\n\t\t\t\tMore\t\t\t<\/a>\n\t\t<\/div><\/div><!-- .ee-post__body --><\/article><!-- .ee-post --><\/div><!-- .ee-loop__item --><div class=\"ee-grid__item ee-loop__item ee-filter-51\"><article class=\"ee-post post-5869 post type-post status-publish format-standard has-post-thumbnail hentry category-presentations tag-voto-de-qualidade\"><div class=\"ee-post__body ee-post__area\"><a href=\"https:\/\/schoueri.com.br\/en\/fim-do-voto-de-qualidade-do-carf-privatizacao-ou-justo-equilibrio\/\" class=\"ee-post__title\">\n\t\t\t<h2 class=\"ee-post__title__heading\">Fim do voto de qualidade do Carf: privatiza\u00e7\u00e3o ou justo equil\u00edbrio?<\/h2>\n\t\t<\/a><div class=\"ee-post__metas ee-post__metas--has-metas\"><ul class=\"ee-post__metas__list display--\"><li class=\"ee-post__meta ee-post__meta--date ee-post__metas__date\"> 15\/04\/2020<span class=\"ee-post__meta__separator\">\u00b7<\/span><\/li><\/ul><\/div><div class=\"ee-post__excerpt\">O Conselho Administrativo de Recursos Fiscais (CARF) \u00e9 o tribunal administrativo tribut\u00e1rio, no \u00e2mbito federal,&hellip;<\/div><div class=\"ee-post__read-more\">\n\t\t\t<a class=\"ee-post__button\" href=\"https:\/\/schoueri.com.br\/en\/fim-do-voto-de-qualidade-do-carf-privatizacao-ou-justo-equilibrio\/\">\n\t\t\t\tMore\t\t\t<\/a>\n\t\t<\/div><\/div><!-- .ee-post__body --><\/article><!-- .ee-post --><\/div><!-- .ee-loop__item --><div class=\"ee-grid__item ee-loop__item ee-filter-48\"><article class=\"ee-post post-6589 post type-post status-publish format-standard hentry category-articles-book-chapters tag-direito-tributario-internacional-international-tax-law tag-governanca-fiscal-internacional\"><div class=\"ee-post__body ee-post__area\"><a href=\"https:\/\/schoueri.com.br\/en\/governanca-fiscal-internacional-entre-a-fragmentacao-e-o-deficit-de-legitimidade\/\" class=\"ee-post__title\">\n\t\t\t<h2 class=\"ee-post__title__heading\">Governan\u00e7a Fiscal Internacional: entre a fragmenta\u00e7\u00e3o e o d\u00e9ficit de legitimidade<\/h2>\n\t\t<\/a><div class=\"ee-post__metas ee-post__metas--has-metas\"><ul class=\"ee-post__metas__list display--\"><li class=\"ee-post__meta ee-post__meta--date ee-post__metas__date\"> 19\/02\/2020<span class=\"ee-post__meta__separator\">\u00b7<\/span><\/li><\/ul><\/div><div class=\"ee-post__excerpt\">PDF<\/div><div class=\"ee-post__read-more\">\n\t\t\t<a class=\"ee-post__button\" href=\"https:\/\/schoueri.com.br\/en\/governanca-fiscal-internacional-entre-a-fragmentacao-e-o-deficit-de-legitimidade\/\">\n\t\t\t\tMore\t\t\t<\/a>\n\t\t<\/div><\/div><!-- .ee-post__body --><\/article><!-- .ee-post --><\/div><!-- .ee-loop__item --><div class=\"ee-grid__item ee-loop__item ee-filter-50\"><article class=\"ee-post post-4267 post type-post status-publish format-standard has-post-thumbnail hentry category-books\"><div class=\"ee-post__body ee-post__area\"><a href=\"https:\/\/schoueri.com.br\/en\/precos-de-transferencia-no-direito-tributario-brasileiro-3a-edicao\/\" class=\"ee-post__title\">\n\t\t\t<h2 class=\"ee-post__title__heading\">Pre\u00e7os de Transfer\u00eancia no Direito Tribut\u00e1rio Brasileiro  &#8211; 3\u00aa Edi\u00e7\u00e3o<\/h2>\n\t\t<\/a><div class=\"ee-post__metas ee-post__metas--has-metas\"><ul class=\"ee-post__metas__list display--\"><li class=\"ee-post__meta ee-post__meta--date ee-post__metas__date\"> 06\/02\/2020<span class=\"ee-post__meta__separator\">\u00b7<\/span><\/li><\/ul><\/div><div class=\"ee-post__excerpt\">Esta obra aborda a legisla\u00e7\u00e3o brasileira de pre\u00e7os de transfer\u00eancia, sem perder de vista o&hellip;<\/div><div class=\"ee-post__read-more\">\n\t\t\t<a class=\"ee-post__button\" href=\"https:\/\/schoueri.com.br\/en\/precos-de-transferencia-no-direito-tributario-brasileiro-3a-edicao\/\">\n\t\t\t\tMore\t\t\t<\/a>\n\t\t<\/div><\/div><!-- .ee-post__body --><\/article><!-- .ee-post --><\/div><!-- .ee-loop__item --><div class=\"ee-grid__item ee-loop__item ee-filter-50\"><article class=\"ee-post post-4266 post type-post status-publish format-standard has-post-thumbnail hentry category-books\"><div class=\"ee-post__body ee-post__area\"><a href=\"https:\/\/schoueri.com.br\/en\/normas-tributarias-indutoras-e-intervencao-economica\/\" class=\"ee-post__title\">\n\t\t\t<h2 class=\"ee-post__title__heading\">Normas Tribut\u00e1rias Indutoras e Interven\u00e7\u00e3o Econ\u00f4mica<\/h2>\n\t\t<\/a><div class=\"ee-post__metas ee-post__metas--has-metas\"><ul class=\"ee-post__metas__list display--\"><li class=\"ee-post__meta ee-post__meta--date ee-post__metas__date\"> 06\/02\/2020<span class=\"ee-post__meta__separator\">\u00b7<\/span><\/li><\/ul><\/div><div class=\"ee-post__excerpt\">A obra enfrenta com coragem um dos temas mais espinhosos do Direito Tribut\u00e1rio: a fun\u00e7\u00e3o&hellip;<\/div><div class=\"ee-post__read-more\">\n\t\t\t<a class=\"ee-post__button\" href=\"https:\/\/schoueri.com.br\/en\/normas-tributarias-indutoras-e-intervencao-economica\/\">\n\t\t\t\tMore\t\t\t<\/a>\n\t\t<\/div><\/div><!-- .ee-post__body --><\/article><!-- .ee-post --><\/div><!-- .ee-loop__item --><div class=\"ee-grid__item ee-loop__item ee-filter-50\"><article class=\"ee-post post-4265 post type-post status-publish format-standard has-post-thumbnail hentry category-books\"><div class=\"ee-post__body ee-post__area\"><a href=\"https:\/\/schoueri.com.br\/en\/distribuicao-disfarcada-de-lucros\/\" class=\"ee-post__title\">\n\t\t\t<h2 class=\"ee-post__title__heading\">Distribui\u00e7\u00e3o Disfar\u00e7ada de Lucros<\/h2>\n\t\t<\/a><div class=\"ee-post__metas ee-post__metas--has-metas\"><ul class=\"ee-post__metas__list display--\"><li class=\"ee-post__meta ee-post__meta--date ee-post__metas__date\"> 06\/02\/2020<span class=\"ee-post__meta__separator\">\u00b7<\/span><\/li><\/ul><\/div><div class=\"ee-post__excerpt\">Esta obra \u00e9 o resultado da Livre-Doc\u00eancia de Lu\u00eds Eduardo Schoueri na Faculdade de Direito&hellip;<\/div><div class=\"ee-post__read-more\">\n\t\t\t<a class=\"ee-post__button\" href=\"https:\/\/schoueri.com.br\/en\/distribuicao-disfarcada-de-lucros\/\">\n\t\t\t\tMore\t\t\t<\/a>\n\t\t<\/div><\/div><!-- .ee-post__body --><\/article><!-- .ee-post --><\/div><!-- .ee-loop__item --><div class=\"ee-grid__item ee-loop__item ee-filter-50\"><article class=\"ee-post post-4264 post type-post status-publish format-standard has-post-thumbnail hentry category-books\"><div class=\"ee-post__body ee-post__area\"><a href=\"https:\/\/schoueri.com.br\/en\/agio-em-reorganizacoes-societarias-aspectos-tributarios\/\" class=\"ee-post__title\">\n\t\t\t<h2 class=\"ee-post__title__heading\">\u00c1gio Em Reorganiza\u00e7\u00f5es Societ\u00e1rias &#8211; Aspectos Tribut\u00e1rios<\/h2>\n\t\t<\/a><div class=\"ee-post__metas ee-post__metas--has-metas\"><ul class=\"ee-post__metas__list display--\"><li class=\"ee-post__meta ee-post__meta--date ee-post__metas__date\"> 06\/02\/2020<span class=\"ee-post__meta__separator\">\u00b7<\/span><\/li><\/ul><\/div><div class=\"ee-post__excerpt\">A presente obra versa sobre a quest\u00e3o do \u00e1gio, que em tempos recentes ganhou destaque&hellip;<\/div><div class=\"ee-post__read-more\">\n\t\t\t<a class=\"ee-post__button\" href=\"https:\/\/schoueri.com.br\/en\/agio-em-reorganizacoes-societarias-aspectos-tributarios\/\">\n\t\t\t\tMore\t\t\t<\/a>\n\t\t<\/div><\/div><!-- .ee-post__body --><\/article><!-- .ee-post --><\/div><!-- .ee-loop__item --><div class=\"ee-grid__item ee-loop__item ee-filter-50\"><article class=\"ee-post post-4268 post type-post status-publish format-standard has-post-thumbnail hentry category-books\"><div class=\"ee-post__body ee-post__area\"><a href=\"https:\/\/schoueri.com.br\/en\/planejamento-fiscal-atraves-de-acordos-de-bitributacao\/\" class=\"ee-post__title\">\n\t\t\t<h2 class=\"ee-post__title__heading\">Planejamento fiscal atrav\u00e9s de Acordos de Bitributa\u00e7\u00e3o<\/h2>\n\t\t<\/a><div class=\"ee-post__metas ee-post__metas--has-metas\"><ul class=\"ee-post__metas__list display--\"><li class=\"ee-post__meta ee-post__meta--date ee-post__metas__date\"> 05\/02\/2020<span class=\"ee-post__meta__separator\">\u00b7<\/span><\/li><\/ul><\/div><div class=\"ee-post__excerpt\">Este livro \u00e9 resultado da tese com a qual Lu\u00eds Eduardo Schoueri obteve o t\u00edtulo&hellip;<\/div><div class=\"ee-post__read-more\">\n\t\t\t<a class=\"ee-post__button\" href=\"https:\/\/schoueri.com.br\/en\/planejamento-fiscal-atraves-de-acordos-de-bitributacao\/\">\n\t\t\t\tMore\t\t\t<\/a>\n\t\t<\/div><\/div><!-- .ee-post__body --><\/article><!-- .ee-post --><\/div><!-- .ee-loop__item --><div class=\"ee-grid__item ee-loop__item ee-filter-48\"><article class=\"ee-post post-6563 post type-post status-publish format-standard hentry category-articles-book-chapters tag-direito-tributario-internacional-international-tax-law\"><div class=\"ee-post__body ee-post__area\"><a href=\"https:\/\/schoueri.com.br\/en\/time-for-a-u-s-brazil-tax-treaty\/\" class=\"ee-post__title\">\n\t\t\t<h2 class=\"ee-post__title__heading\">Time for a U.S.-Brazil Tax Treaty<\/h2>\n\t\t<\/a><div class=\"ee-post__metas ee-post__metas--has-metas\"><ul class=\"ee-post__metas__list display--\"><li class=\"ee-post__meta ee-post__meta--date ee-post__metas__date\"> 28\/12\/2019<span class=\"ee-post__meta__separator\">\u00b7<\/span><\/li><\/ul><\/div><div class=\"ee-post__excerpt\">PDF<\/div><div class=\"ee-post__read-more\">\n\t\t\t<a class=\"ee-post__button\" href=\"https:\/\/schoueri.com.br\/en\/time-for-a-u-s-brazil-tax-treaty\/\">\n\t\t\t\tMore\t\t\t<\/a>\n\t\t<\/div><\/div><!-- .ee-post__body --><\/article><!-- .ee-post --><\/div><!-- .ee-loop__item --><div class=\"ee-grid__item ee-loop__item ee-filter-48\"><article class=\"ee-post post-6567 post type-post status-publish format-standard hentry category-articles-book-chapters tag-direito-tributario-internacional-precos-de-transferencia-international-tax-law-transfer-pricing\"><div class=\"ee-post__body ee-post__area\"><a href=\"https:\/\/schoueri.com.br\/en\/ajustes-correlatos-de-precos-de-transferencia-por-meio-de-procedimento-amigavel\/\" class=\"ee-post__title\">\n\t\t\t<h2 class=\"ee-post__title__heading\">Ajustes correlatos de pre\u00e7os de transfer\u00eancia por meio de procedimento amig\u00e1vel<\/h2>\n\t\t<\/a><div class=\"ee-post__metas ee-post__metas--has-metas\"><ul class=\"ee-post__metas__list display--\"><li class=\"ee-post__meta ee-post__meta--date ee-post__metas__date\"> 28\/11\/2019<span class=\"ee-post__meta__separator\">\u00b7<\/span><\/li><\/ul><\/div><div class=\"ee-post__excerpt\">PDF<\/div><div class=\"ee-post__read-more\">\n\t\t\t<a class=\"ee-post__button\" href=\"https:\/\/schoueri.com.br\/en\/ajustes-correlatos-de-precos-de-transferencia-por-meio-de-procedimento-amigavel\/\">\n\t\t\t\tMore\t\t\t<\/a>\n\t\t<\/div><\/div><!-- .ee-post__body --><\/article><!-- .ee-post --><\/div><!-- .ee-loop__item --><div class=\"ee-grid__item ee-loop__item ee-filter-51\"><article class=\"ee-post post-5897 post type-post status-publish format-standard has-post-thumbnail hentry category-presentations\"><div class=\"ee-post__body ee-post__area\"><a href=\"https:\/\/schoueri.com.br\/en\/brasil-e-ocde-seguranca-juridica\/\" class=\"ee-post__title\">\n\t\t\t<h2 class=\"ee-post__title__heading\">Brasil e OCDE: Seguran\u00e7a Jur\u00eddica<\/h2>\n\t\t<\/a><div class=\"ee-post__metas ee-post__metas--has-metas\"><ul class=\"ee-post__metas__list display--\"><li class=\"ee-post__meta ee-post__meta--date ee-post__metas__date\"> 29\/10\/2019<span class=\"ee-post__meta__separator\">\u00b7<\/span><\/li><\/ul><\/div><div class=\"ee-post__excerpt\">ABRADT Painel 01 &#8211; Brasil e OCDE: Seguran\u00e7a Jur\u00eddica &#8211; Professor Lu\u00eds Eduardo Schoueri https:\/\/www.youtube.com\/watch?v=2byz1wPnmH0<\/div><div class=\"ee-post__read-more\">\n\t\t\t<a class=\"ee-post__button\" href=\"https:\/\/schoueri.com.br\/en\/brasil-e-ocde-seguranca-juridica\/\">\n\t\t\t\tMore\t\t\t<\/a>\n\t\t<\/div><\/div><!-- .ee-post__body --><\/article><!-- .ee-post --><\/div><!-- .ee-loop__item --><div class=\"ee-grid__item ee-loop__item ee-filter-51\"><article class=\"ee-post post-5891 post type-post status-publish format-standard has-post-thumbnail hentry category-presentations\"><div class=\"ee-post__body ee-post__area\"><a href=\"https:\/\/schoueri.com.br\/en\/importacao\/\" class=\"ee-post__title\">\n\t\t\t<h2 class=\"ee-post__title__heading\">Importa\u00e7\u00e3o<\/h2>\n\t\t<\/a><div class=\"ee-post__metas ee-post__metas--has-metas\"><ul class=\"ee-post__metas__list display--\"><li class=\"ee-post__meta ee-post__meta--date ee-post__metas__date\"> 29\/10\/2019<span class=\"ee-post__meta__separator\">\u00b7<\/span><\/li><\/ul><\/div><div class=\"ee-post__excerpt\">CECIEx https:\/\/www.youtube.com\/watch?v=Sijed3rj1uE<\/div><div class=\"ee-post__read-more\">\n\t\t\t<a class=\"ee-post__button\" href=\"https:\/\/schoueri.com.br\/en\/importacao\/\">\n\t\t\t\tMore\t\t\t<\/a>\n\t\t<\/div><\/div><!-- .ee-post__body --><\/article><!-- .ee-post --><\/div><!-- .ee-loop__item --><div class=\"ee-grid__item ee-loop__item ee-filter-48\"><article class=\"ee-post post-5781 post type-post status-publish format-standard hentry category-articles-book-chapters tag-direito-tributario-internacional-tributos-visados tag-international-tax-law tag-taxes-covered\"><div class=\"ee-post__body ee-post__area\"><a href=\"https:\/\/schoueri.com.br\/en\/brazil-taxes-covered-substantially-similar-taxes\/\" class=\"ee-post__title\">\n\t\t\t<h2 class=\"ee-post__title__heading\">Brazil: Taxes Covered: Substantially Similar Taxes<\/h2>\n\t\t<\/a><div class=\"ee-post__metas ee-post__metas--has-metas\"><ul class=\"ee-post__metas__list display--\"><li class=\"ee-post__meta ee-post__meta--date ee-post__metas__date\"> 27\/10\/2019<span class=\"ee-post__meta__separator\">\u00b7<\/span><\/li><\/ul><\/div><div class=\"ee-post__excerpt\">IBFD<\/div><div class=\"ee-post__read-more\">\n\t\t\t<a class=\"ee-post__button\" href=\"https:\/\/schoueri.com.br\/en\/brazil-taxes-covered-substantially-similar-taxes\/\">\n\t\t\t\tMore\t\t\t<\/a>\n\t\t<\/div><\/div><!-- .ee-post__body --><\/article><!-- .ee-post --><\/div><!-- .ee-loop__item --><div class=\"ee-grid__item ee-loop__item ee-filter-48\"><article class=\"ee-post post-5777 post type-post status-publish format-standard hentry category-articles-book-chapters tag-arrendamento-mercantil tag-direito-tributario-e-contabilidade\"><div class=\"ee-post__body ee-post__area\"><a href=\"https:\/\/schoueri.com.br\/en\/arrendamento-mercantil-nova-modificacao-de-criterios-contabeis-e-seus-impactos-fiscais-no-rtt-2-0\/\" class=\"ee-post__title\">\n\t\t\t<h2 class=\"ee-post__title__heading\">Arrendamento Mercantil: (nova) modifica\u00e7\u00e3o de crit\u00e9rios cont\u00e1beis e seus impactos fiscais no RTT 2.0.<\/h2>\n\t\t<\/a><div class=\"ee-post__metas ee-post__metas--has-metas\"><ul class=\"ee-post__metas__list display--\"><li class=\"ee-post__meta ee-post__meta--date ee-post__metas__date\"> 27\/10\/2019<span class=\"ee-post__meta__separator\">\u00b7<\/span><\/li><\/ul><\/div><div class=\"ee-post__excerpt\">Download PDF<\/div><div class=\"ee-post__read-more\">\n\t\t\t<a class=\"ee-post__button\" href=\"https:\/\/schoueri.com.br\/en\/arrendamento-mercantil-nova-modificacao-de-criterios-contabeis-e-seus-impactos-fiscais-no-rtt-2-0\/\">\n\t\t\t\tMore\t\t\t<\/a>\n\t\t<\/div><\/div><!-- .ee-post__body --><\/article><!-- .ee-post --><\/div><!-- .ee-loop__item --><div class=\"ee-grid__item ee-loop__item ee-filter-48\"><article class=\"ee-post post-5773 post type-post status-publish format-standard hentry category-articles-book-chapters tag-stock-option-legalidade\"><div class=\"ee-post__body ee-post__area\"><a href=\"https:\/\/schoueri.com.br\/en\/planos-de-opcoes-de-acoes-stock-option-plans-na-jurisprudencia-do-carf-uma-tipica-questao-de-legalidade-em-materia-tributaria\/\" class=\"ee-post__title\">\n\t\t\t<h2 class=\"ee-post__title__heading\">Planos de Op\u00e7\u00f5es de A\u00e7\u00f5es (Stock Option Plans) na Jurisprud\u00eancia do CARF: uma T\u00edpica Quest\u00e3o de Legalidade em Mat\u00e9ria Tribut\u00e1ria<\/h2>\n\t\t<\/a><div class=\"ee-post__metas ee-post__metas--has-metas\"><ul class=\"ee-post__metas__list display--\"><li class=\"ee-post__meta ee-post__meta--date ee-post__metas__date\"> 27\/10\/2019<span class=\"ee-post__meta__separator\">\u00b7<\/span><\/li><\/ul><\/div><div class=\"ee-post__excerpt\">Download PDF<\/div><div class=\"ee-post__read-more\">\n\t\t\t<a class=\"ee-post__button\" href=\"https:\/\/schoueri.com.br\/en\/planos-de-opcoes-de-acoes-stock-option-plans-na-jurisprudencia-do-carf-uma-tipica-questao-de-legalidade-em-materia-tributaria\/\">\n\t\t\t\tMore\t\t\t<\/a>\n\t\t<\/div><\/div><!-- .ee-post__body --><\/article><!-- .ee-post --><\/div><!-- .ee-loop__item --><div class=\"ee-grid__item ee-loop__item ee-filter-48\"><article class=\"ee-post post-5769 post type-post status-publish format-standard hentry category-articles-book-chapters tag-direito-tributario-internacional-precos-de-transferencia-international-tax-law-transfer-pricing\"><div class=\"ee-post__body ee-post__area\"><a href=\"https:\/\/schoueri.com.br\/en\/brazil-challenges-to-brazilian-transfer-pricing-rules-upon-accession-to-the-oecd\/\" class=\"ee-post__title\">\n\t\t\t<h2 class=\"ee-post__title__heading\">Brazil &#8211; Challenges to Brazilian Transfer Pricing Rules upon Accession to the OECD<\/h2>\n\t\t<\/a><div class=\"ee-post__metas ee-post__metas--has-metas\"><ul class=\"ee-post__metas__list display--\"><li class=\"ee-post__meta ee-post__meta--date ee-post__metas__date\"> 27\/10\/2019<span class=\"ee-post__meta__separator\">\u00b7<\/span><\/li><\/ul><\/div><div class=\"ee-post__excerpt\">IBFD<\/div><div class=\"ee-post__read-more\">\n\t\t\t<a class=\"ee-post__button\" href=\"https:\/\/schoueri.com.br\/en\/brazil-challenges-to-brazilian-transfer-pricing-rules-upon-accession-to-the-oecd\/\">\n\t\t\t\tMore\t\t\t<\/a>\n\t\t<\/div><\/div><!-- .ee-post__body --><\/article><!-- .ee-post --><\/div><!-- .ee-loop__item --><div class=\"ee-grid__item ee-loop__item ee-filter-48\"><article class=\"ee-post post-5765 post type-post status-publish format-standard hentry category-articles-book-chapters tag-cfc-rules tag-direito-tributario-internacional-lucros-no-exterior-international-tax-law-worldwide-income\"><div class=\"ee-post__body ee-post__area\"><a href=\"https:\/\/schoueri.com.br\/en\/territorial-and-worldwide-taxation-in-brazil\/\" class=\"ee-post__title\">\n\t\t\t<h2 class=\"ee-post__title__heading\">Territorial and Worldwide Taxation in Brazil<\/h2>\n\t\t<\/a><div class=\"ee-post__metas ee-post__metas--has-metas\"><ul class=\"ee-post__metas__list display--\"><li class=\"ee-post__meta ee-post__meta--date ee-post__metas__date\"> 27\/10\/2019<span class=\"ee-post__meta__separator\">\u00b7<\/span><\/li><\/ul><\/div><div class=\"ee-post__excerpt\">Download PDF<\/div><div class=\"ee-post__read-more\">\n\t\t\t<a class=\"ee-post__button\" href=\"https:\/\/schoueri.com.br\/en\/territorial-and-worldwide-taxation-in-brazil\/\">\n\t\t\t\tMore\t\t\t<\/a>\n\t\t<\/div><\/div><!-- .ee-post__body --><\/article><!-- .ee-post --><\/div><!-- .ee-loop__item --><div class=\"ee-grid__item ee-loop__item ee-filter-48\"><article class=\"ee-post post-5761 post type-post status-publish format-standard hentry category-articles-book-chapters tag-direito-tributario-internacional-precos-de-transferencia-international-tax-law-transfer-pricing\"><div class=\"ee-post__body ee-post__area\"><a href=\"https:\/\/schoueri.com.br\/en\/o-sexto-metodo-na-america-latina\/\" class=\"ee-post__title\">\n\t\t\t<h2 class=\"ee-post__title__heading\">O Sexto M\u00e9todo na Am\u00e9rica Latina<\/h2>\n\t\t<\/a><div class=\"ee-post__metas ee-post__metas--has-metas\"><ul class=\"ee-post__metas__list display--\"><li class=\"ee-post__meta ee-post__meta--date ee-post__metas__date\"> 27\/10\/2019<span class=\"ee-post__meta__separator\">\u00b7<\/span><\/li><\/ul><\/div><div class=\"ee-post__excerpt\">Download PDF<\/div><div class=\"ee-post__read-more\">\n\t\t\t<a class=\"ee-post__button\" href=\"https:\/\/schoueri.com.br\/en\/o-sexto-metodo-na-america-latina\/\">\n\t\t\t\tMore\t\t\t<\/a>\n\t\t<\/div><\/div><!-- .ee-post__body --><\/article><!-- .ee-post --><\/div><!-- .ee-loop__item --><div class=\"ee-grid__item ee-loop__item ee-filter-48\"><article class=\"ee-post post-5757 post type-post status-publish format-standard hentry category-articles-book-chapters tag-normas-tributarias-indutoras tag-pequenas-empresas tag-simples-nacional\"><div class=\"ee-post__body ee-post__area\"><a href=\"https:\/\/schoueri.com.br\/en\/tratamento-favorecido-a-pequenas-empresas-entre-nacionalidade-livre-concorrencia-e-uniformidade\/\" class=\"ee-post__title\">\n\t\t\t<h2 class=\"ee-post__title__heading\">Tratamento favorecido a pequenas empresas: entre nacionalidade, livre concorr\u00eancia e uniformidade<\/h2>\n\t\t<\/a><div class=\"ee-post__metas ee-post__metas--has-metas\"><ul class=\"ee-post__metas__list display--\"><li class=\"ee-post__meta ee-post__meta--date ee-post__metas__date\"> 27\/10\/2019<span class=\"ee-post__meta__separator\">\u00b7<\/span><\/li><\/ul><\/div><div class=\"ee-post__excerpt\">Download PDF<\/div><div class=\"ee-post__read-more\">\n\t\t\t<a class=\"ee-post__button\" href=\"https:\/\/schoueri.com.br\/en\/tratamento-favorecido-a-pequenas-empresas-entre-nacionalidade-livre-concorrencia-e-uniformidade\/\">\n\t\t\t\tMore\t\t\t<\/a>\n\t\t<\/div><\/div><!-- .ee-post__body --><\/article><!-- .ee-post --><\/div><!-- .ee-loop__item --><div class=\"ee-grid__item ee-loop__item ee-filter-48\"><article class=\"ee-post post-5753 post type-post status-publish format-standard hentry category-articles-book-chapters tag-direito-tributario-internacional-planejamento-tributario-tax-planning-international-tax-law\"><div class=\"ee-post__body ee-post__area\"><a href=\"https:\/\/schoueri.com.br\/en\/abuso-dos-acordos-de-bitributacao-e-teste-do-objetivo-principal\/\" class=\"ee-post__title\">\n\t\t\t<h2 class=\"ee-post__title__heading\">Abuso dos Acordos de Bitributa\u00e7\u00e3o e Teste do Objetivo Principal<\/h2>\n\t\t<\/a><div class=\"ee-post__metas ee-post__metas--has-metas\"><ul class=\"ee-post__metas__list display--\"><li class=\"ee-post__meta ee-post__meta--date ee-post__metas__date\"> 27\/10\/2019<span class=\"ee-post__meta__separator\">\u00b7<\/span><\/li><\/ul><\/div><div class=\"ee-post__excerpt\">Download PDF<\/div><div class=\"ee-post__read-more\">\n\t\t\t<a class=\"ee-post__button\" href=\"https:\/\/schoueri.com.br\/en\/abuso-dos-acordos-de-bitributacao-e-teste-do-objetivo-principal\/\">\n\t\t\t\tMore\t\t\t<\/a>\n\t\t<\/div><\/div><!-- .ee-post__body --><\/article><!-- .ee-post --><\/div><!-- .ee-loop__item --><div class=\"ee-grid__item ee-loop__item ee-filter-48\"><article class=\"ee-post post-5750 post type-post status-publish format-standard hentry category-articles-book-chapters tag-direito-tributario-internacional-escopo-pessoal tag-international-tax-law tag-personal-scope tag-treaty-shopping\"><div class=\"ee-post__body ee-post__area\"><a href=\"https:\/\/schoueri.com.br\/en\/chapter-3-brazil-personal-scope-in-brazilian-tax-treaties-treaty-shopping\/\" class=\"ee-post__title\">\n\t\t\t<h2 class=\"ee-post__title__heading\">Chapter 3: Brazil: Personal Scope in Brazilian Tax Treaties: Treaty Shopping<\/h2>\n\t\t<\/a><div class=\"ee-post__metas ee-post__metas--has-metas\"><ul class=\"ee-post__metas__list display--\"><li class=\"ee-post__meta ee-post__meta--date ee-post__metas__date\"> 27\/10\/2019<span class=\"ee-post__meta__separator\">\u00b7<\/span><\/li><\/ul><\/div><div class=\"ee-post__excerpt\">IBFD<\/div><div class=\"ee-post__read-more\">\n\t\t\t<a class=\"ee-post__button\" href=\"https:\/\/schoueri.com.br\/en\/chapter-3-brazil-personal-scope-in-brazilian-tax-treaties-treaty-shopping\/\">\n\t\t\t\tMore\t\t\t<\/a>\n\t\t<\/div><\/div><!-- .ee-post__body --><\/article><!-- .ee-post --><\/div><!-- .ee-loop__item --><div class=\"ee-grid__item ee-loop__item ee-filter-48\"><article class=\"ee-post post-5748 post type-post status-publish format-standard hentry category-articles-book-chapters tag-disponibilidade tag-imposto-de-renda tag-principio-da-renda-liquida\"><div class=\"ee-post__body ee-post__area\"><a href=\"https:\/\/schoueri.com.br\/en\/consideracoes-acerca-da-disponibilidade-da-renda-renda-disponivel-e-renda-liquida\/\" class=\"ee-post__title\">\n\t\t\t<h2 class=\"ee-post__title__heading\">Considera\u00e7\u00f5es acerca da Disponibilidade da Renda: Renda Dispon\u00edvel \u00e9 Renda L\u00edquida<\/h2>\n\t\t<\/a><div class=\"ee-post__metas ee-post__metas--has-metas\"><ul class=\"ee-post__metas__list display--\"><li class=\"ee-post__meta ee-post__meta--date ee-post__metas__date\"> 27\/10\/2019<span class=\"ee-post__meta__separator\">\u00b7<\/span><\/li><\/ul><\/div><div class=\"ee-post__excerpt\">Download PDF<\/div><div class=\"ee-post__read-more\">\n\t\t\t<a class=\"ee-post__button\" href=\"https:\/\/schoueri.com.br\/en\/consideracoes-acerca-da-disponibilidade-da-renda-renda-disponivel-e-renda-liquida\/\">\n\t\t\t\tMore\t\t\t<\/a>\n\t\t<\/div><\/div><!-- .ee-post__body --><\/article><!-- .ee-post --><\/div><!-- .ee-loop__item --><div class=\"ee-grid__item ee-loop__item ee-filter-51\"><article class=\"ee-post post-4440 post type-post status-publish format-standard has-post-thumbnail hentry category-presentations tag-direito-tributario-internacional-international-tax-law\"><div class=\"ee-post__body ee-post__area\"><a href=\"https:\/\/schoueri.com.br\/en\/luis-eduardo-schoueri-a-insercao-do-brasil-no-cenario-tributario-internacional-e-admissao-na-ocde\/\" class=\"ee-post__title\">\n\t\t\t<h2 class=\"ee-post__title__heading\">A Inser\u00e7\u00e3o do Brasil no Cen\u00e1rio Tribut\u00e1rio Internacional e Admiss\u00e3o na OCDE<\/h2>\n\t\t<\/a><div class=\"ee-post__metas ee-post__metas--has-metas\"><ul class=\"ee-post__metas__list display--\"><li class=\"ee-post__meta ee-post__meta--date ee-post__metas__date\"> 26\/04\/2019<span class=\"ee-post__meta__separator\">\u00b7<\/span><\/li><\/ul><\/div><div class=\"ee-post__excerpt\">IV Congresso de Direito Tribut\u00e1rio do Rio de Janeiro &#8211; Dia 1 &#8211; Sess\u00e3o Plen\u00e1ria&hellip;<\/div><div class=\"ee-post__read-more\">\n\t\t\t<a class=\"ee-post__button\" href=\"https:\/\/schoueri.com.br\/en\/luis-eduardo-schoueri-a-insercao-do-brasil-no-cenario-tributario-internacional-e-admissao-na-ocde\/\">\n\t\t\t\tMore\t\t\t<\/a>\n\t\t<\/div><\/div><!-- .ee-post__body --><\/article><!-- .ee-post --><\/div><!-- .ee-loop__item --><div class=\"ee-grid__item ee-loop__item ee-filter-51\"><article class=\"ee-post post-5954 post type-post status-publish format-standard has-post-thumbnail hentry category-presentations tag-reforma-tributaria\"><div class=\"ee-post__body ee-post__area\"><a href=\"https:\/\/schoueri.com.br\/en\/economia-digital-exige-uma-tributacao-do-seculo-21\/\" class=\"ee-post__title\">\n\t\t\t<h2 class=\"ee-post__title__heading\">Economia digital exige uma tributa\u00e7\u00e3o do s\u00e9culo 21<\/h2>\n\t\t<\/a><div class=\"ee-post__metas ee-post__metas--has-metas\"><ul class=\"ee-post__metas__list display--\"><li class=\"ee-post__meta ee-post__meta--date ee-post__metas__date\"> 29\/10\/2018<span class=\"ee-post__meta__separator\">\u00b7<\/span><\/li><\/ul><\/div><div class=\"ee-post__excerpt\">Telebrasil Para o professor de Direito Tribut\u00e1rio da USP Lu\u00eds Eduardo Schoueri, o caminho para&hellip;<\/div><div class=\"ee-post__read-more\">\n\t\t\t<a class=\"ee-post__button\" href=\"https:\/\/schoueri.com.br\/en\/economia-digital-exige-uma-tributacao-do-seculo-21\/\">\n\t\t\t\tMore\t\t\t<\/a>\n\t\t<\/div><\/div><!-- .ee-post__body --><\/article><!-- .ee-post --><\/div><!-- .ee-loop__item --><div class=\"ee-grid__item ee-loop__item ee-filter-51\"><article class=\"ee-post post-5936 post type-post status-publish format-standard has-post-thumbnail hentry category-presentations\"><div class=\"ee-post__body ee-post__area\"><a href=\"https:\/\/schoueri.com.br\/en\/luis-eduardo-schoueri-brazil-on-economic-double-taxation-post-beps-taxes\/\" class=\"ee-post__title\">\n\t\t\t<h2 class=\"ee-post__title__heading\">Lu\u00eds Eduardo Schoueri (Brazil) on Economic Double taxation post BEPS-taxes<\/h2>\n\t\t<\/a><div class=\"ee-post__metas ee-post__metas--has-metas\"><ul class=\"ee-post__metas__list display--\"><li class=\"ee-post__meta ee-post__meta--date ee-post__metas__date\"> 29\/10\/2018<span class=\"ee-post__meta__separator\">\u00b7<\/span><\/li><\/ul><\/div><div class=\"ee-post__excerpt\">https:\/\/www.youtube.com\/watch?v=3EES7BuQnFE<\/div><div class=\"ee-post__read-more\">\n\t\t\t<a class=\"ee-post__button\" href=\"https:\/\/schoueri.com.br\/en\/luis-eduardo-schoueri-brazil-on-economic-double-taxation-post-beps-taxes\/\">\n\t\t\t\tMore\t\t\t<\/a>\n\t\t<\/div><\/div><!-- .ee-post__body --><\/article><!-- .ee-post --><\/div><!-- .ee-loop__item --><div class=\"ee-grid__item ee-loop__item ee-filter-51\"><article class=\"ee-post post-5812 post type-post status-publish format-standard has-post-thumbnail hentry category-presentations tag-tributacao-e-livre-concorrencia\"><div class=\"ee-post__body ee-post__area\"><a href=\"https:\/\/schoueri.com.br\/en\/tributacao-e-livre-concorrencia\/\" class=\"ee-post__title\">\n\t\t\t<h2 class=\"ee-post__title__heading\">Tributa\u00e7\u00e3o e Livre Concorr\u00eancia<\/h2>\n\t\t<\/a><div class=\"ee-post__metas ee-post__metas--has-metas\"><ul class=\"ee-post__metas__list display--\"><li class=\"ee-post__meta ee-post__meta--date ee-post__metas__date\"> 28\/10\/2018<span class=\"ee-post__meta__separator\">\u00b7<\/span><\/li><\/ul><\/div><div class=\"ee-post__excerpt\">Aula Inaugural do Segundo Semestre Letivo do Programa de Resid\u00eancia Jur\u00eddica e P\u00f3s-Gradua\u00e7\u00e3o da PGE-RJ.&hellip;<\/div><div class=\"ee-post__read-more\">\n\t\t\t<a class=\"ee-post__button\" href=\"https:\/\/schoueri.com.br\/en\/tributacao-e-livre-concorrencia\/\">\n\t\t\t\tMore\t\t\t<\/a>\n\t\t<\/div><\/div><!-- .ee-post__body --><\/article><!-- .ee-post --><\/div><!-- .ee-loop__item --><div class=\"ee-grid__item ee-loop__item ee-filter-48\"><article class=\"ee-post post-5743 post type-post status-publish format-standard hentry category-articles-book-chapters tag-direito-tributario-internacional-international-tax-law-tax-compliance\"><div class=\"ee-post__body ee-post__area\"><a href=\"https:\/\/schoueri.com.br\/en\/brazil-improving-tax-compliance-in-a-globalized-world\/\" class=\"ee-post__title\">\n\t\t\t<h2 class=\"ee-post__title__heading\">Brazil &#8211; Improving Tax Compliance in a Globalized World<\/h2>\n\t\t<\/a><div class=\"ee-post__metas ee-post__metas--has-metas\"><ul class=\"ee-post__metas__list display--\"><li class=\"ee-post__meta ee-post__meta--date ee-post__metas__date\"> 27\/10\/2018<span class=\"ee-post__meta__separator\">\u00b7<\/span><\/li><\/ul><\/div><div class=\"ee-post__excerpt\">IBFD<\/div><div class=\"ee-post__read-more\">\n\t\t\t<a class=\"ee-post__button\" href=\"https:\/\/schoueri.com.br\/en\/brazil-improving-tax-compliance-in-a-globalized-world\/\">\n\t\t\t\tMore\t\t\t<\/a>\n\t\t<\/div><\/div><!-- .ee-post__body --><\/article><!-- .ee-post --><\/div><!-- .ee-loop__item --><div class=\"ee-grid__item ee-loop__item ee-filter-48\"><article class=\"ee-post post-5739 post type-post status-publish format-standard hentry category-articles-book-chapters tag-direito-tributario-internacional-precos-de-transferencia-international-tax-law-transfer-pricing\"><div class=\"ee-post__body ee-post__area\"><a href=\"https:\/\/schoueri.com.br\/en\/pci-e-pecex-o-sexto-metodo-brasileiro-a-luz-da-pratica-internacional\/\" class=\"ee-post__title\">\n\t\t\t<h2 class=\"ee-post__title__heading\">PCI e PECEX: O Sexto M\u00e9todo Brasileiro \u00e0 Luz da Pr\u00e1tica Internacional<\/h2>\n\t\t<\/a><div class=\"ee-post__metas ee-post__metas--has-metas\"><ul class=\"ee-post__metas__list display--\"><li class=\"ee-post__meta ee-post__meta--date ee-post__metas__date\"> 27\/10\/2018<span class=\"ee-post__meta__separator\">\u00b7<\/span><\/li><\/ul><\/div><div class=\"ee-post__excerpt\">Download PDF<\/div><div class=\"ee-post__read-more\">\n\t\t\t<a class=\"ee-post__button\" href=\"https:\/\/schoueri.com.br\/en\/pci-e-pecex-o-sexto-metodo-brasileiro-a-luz-da-pratica-internacional\/\">\n\t\t\t\tMore\t\t\t<\/a>\n\t\t<\/div><\/div><!-- .ee-post__body --><\/article><!-- .ee-post --><\/div><!-- .ee-loop__item --><div class=\"ee-grid__item ee-loop__item ee-filter-48\"><article class=\"ee-post post-5736 post type-post status-publish format-standard hentry category-articles-book-chapters tag-direito-tributario-internacional-precos-de-transferencia-international-tax-law-transfer-pricing\"><div class=\"ee-post__body ee-post__area\"><a href=\"https:\/\/schoueri.com.br\/en\/brazil-recent-case-law-on-transfer-pricing-still-in-need-of-an-autonomous-concept-of-production\/\" class=\"ee-post__title\">\n\t\t\t<h2 class=\"ee-post__title__heading\">Brazil &#8211; Recent Case Law on Transfer Pricing: Still in Need of an Autonomous Concept of \u201cProduction\u201d<\/h2>\n\t\t<\/a><div class=\"ee-post__metas ee-post__metas--has-metas\"><ul class=\"ee-post__metas__list display--\"><li class=\"ee-post__meta ee-post__meta--date ee-post__metas__date\"> 27\/10\/2018<span class=\"ee-post__meta__separator\">\u00b7<\/span><\/li><\/ul><\/div><div class=\"ee-post__excerpt\">IBFD<\/div><div class=\"ee-post__read-more\">\n\t\t\t<a class=\"ee-post__button\" href=\"https:\/\/schoueri.com.br\/en\/brazil-recent-case-law-on-transfer-pricing-still-in-need-of-an-autonomous-concept-of-production\/\">\n\t\t\t\tMore\t\t\t<\/a>\n\t\t<\/div><\/div><!-- .ee-post__body --><\/article><!-- .ee-post --><\/div><!-- .ee-loop__item --><div class=\"ee-grid__item ee-loop__item ee-filter-48\"><article class=\"ee-post post-5731 post type-post status-publish format-standard hentry category-articles-book-chapters tag-agio-proposito-negocial-planejamento-tributario\"><div class=\"ee-post__body ee-post__area\"><a href=\"https:\/\/schoueri.com.br\/en\/as-vicissitudes-do-tratamento-do-agio-na-jurisprudencia-administrativa\/\" class=\"ee-post__title\">\n\t\t\t<h2 class=\"ee-post__title__heading\">As Vicissitudes do Tratamento do \u00c1gio na Jurisprud\u00eancia Administrativa<\/h2>\n\t\t<\/a><div class=\"ee-post__metas ee-post__metas--has-metas\"><ul class=\"ee-post__metas__list display--\"><li class=\"ee-post__meta ee-post__meta--date ee-post__metas__date\"> 27\/10\/2018<span class=\"ee-post__meta__separator\">\u00b7<\/span><\/li><\/ul><\/div><div class=\"ee-post__excerpt\">Download PDF<\/div><div class=\"ee-post__read-more\">\n\t\t\t<a class=\"ee-post__button\" href=\"https:\/\/schoueri.com.br\/en\/as-vicissitudes-do-tratamento-do-agio-na-jurisprudencia-administrativa\/\">\n\t\t\t\tMore\t\t\t<\/a>\n\t\t<\/div><\/div><!-- .ee-post__body --><\/article><!-- .ee-post --><\/div><!-- .ee-loop__item --><div class=\"ee-grid__item ee-loop__item ee-filter-48\"><article class=\"ee-post post-5726 post type-post status-publish format-standard hentry category-articles-book-chapters tag-competencia-tributaria tag-icms\"><div class=\"ee-post__body ee-post__area\"><a href=\"https:\/\/schoueri.com.br\/en\/a-relacao-entre-o-direito-tributario-e-o-direito-privado-analise-do-recurso-extraordinario-540-829-incidencia-de-icms-importacao-sobre-operacoes-de-leasing-internacional\/\" class=\"ee-post__title\">\n\t\t\t<h2 class=\"ee-post__title__heading\">A Rela\u00e7\u00e3o entre o Direito Tribut\u00e1rio e o Direito Privado &#8211; An\u00e1lise do Recurso Extraordin\u00e1rio 540.829 (Incid\u00eancia de ICMS-importa\u00e7\u00e3o sobre opera\u00e7\u00f5es de leasing internacional)<\/h2>\n\t\t<\/a><div class=\"ee-post__metas ee-post__metas--has-metas\"><ul class=\"ee-post__metas__list display--\"><li class=\"ee-post__meta ee-post__meta--date ee-post__metas__date\"> 27\/10\/2018<span class=\"ee-post__meta__separator\">\u00b7<\/span><\/li><\/ul><\/div><div class=\"ee-post__excerpt\">Download PDF<\/div><div class=\"ee-post__read-more\">\n\t\t\t<a class=\"ee-post__button\" href=\"https:\/\/schoueri.com.br\/en\/a-relacao-entre-o-direito-tributario-e-o-direito-privado-analise-do-recurso-extraordinario-540-829-incidencia-de-icms-importacao-sobre-operacoes-de-leasing-internacional\/\">\n\t\t\t\tMore\t\t\t<\/a>\n\t\t<\/div><\/div><!-- .ee-post__body --><\/article><!-- .ee-post --><\/div><!-- .ee-loop__item --><div class=\"ee-grid__item ee-loop__item ee-filter-48\"><article class=\"ee-post post-5721 post type-post status-publish format-standard hentry category-articles-book-chapters tag-direito-tributario-internacional-planejamento-tributario-tax-planning-international-tax-law\"><div class=\"ee-post__body ee-post__area\"><a href=\"https:\/\/schoueri.com.br\/en\/tools-used-by-countries-to-counteract-aggressive-tax-planning-in-light-of-transparency\/\" class=\"ee-post__title\">\n\t\t\t<h2 class=\"ee-post__title__heading\">Tools Used by Countries to Counteract Aggressive Tax Planning in Light of Transparency<\/h2>\n\t\t<\/a><div class=\"ee-post__metas ee-post__metas--has-metas\"><ul class=\"ee-post__metas__list display--\"><li class=\"ee-post__meta ee-post__meta--date ee-post__metas__date\"> 27\/10\/2018<span class=\"ee-post__meta__separator\">\u00b7<\/span><\/li><\/ul><\/div><div class=\"ee-post__excerpt\">Download PDF<\/div><div class=\"ee-post__read-more\">\n\t\t\t<a class=\"ee-post__button\" href=\"https:\/\/schoueri.com.br\/en\/tools-used-by-countries-to-counteract-aggressive-tax-planning-in-light-of-transparency\/\">\n\t\t\t\tMore\t\t\t<\/a>\n\t\t<\/div><\/div><!-- .ee-post__body --><\/article><!-- .ee-post --><\/div><!-- .ee-loop__item --><div class=\"ee-grid__item ee-loop__item ee-filter-48\"><article class=\"ee-post post-5719 post type-post status-publish format-standard hentry category-articles-book-chapters tag-direito-tributario-internacional-international-tax-law tag-single-taxation\"><div class=\"ee-post__body ee-post__area\"><a href=\"https:\/\/schoueri.com.br\/en\/single-taxation-como-politica-fiscal-o-caso-dos-hibridos\/\" class=\"ee-post__title\">\n\t\t\t<h2 class=\"ee-post__title__heading\">Single Taxation como Pol\u00edtica Fiscal: o Caso dos H\u00edbridos<\/h2>\n\t\t<\/a><div class=\"ee-post__metas ee-post__metas--has-metas\"><ul class=\"ee-post__metas__list display--\"><li class=\"ee-post__meta ee-post__meta--date ee-post__metas__date\"> 27\/10\/2018<span class=\"ee-post__meta__separator\">\u00b7<\/span><\/li><\/ul><\/div><div class=\"ee-post__excerpt\">Download PDF<\/div><div class=\"ee-post__read-more\">\n\t\t\t<a class=\"ee-post__button\" href=\"https:\/\/schoueri.com.br\/en\/single-taxation-como-politica-fiscal-o-caso-dos-hibridos\/\">\n\t\t\t\tMore\t\t\t<\/a>\n\t\t<\/div><\/div><!-- .ee-post__body --><\/article><!-- .ee-post --><\/div><!-- .ee-loop__item --><div class=\"ee-grid__item ee-loop__item ee-filter-48\"><article class=\"ee-post post-5714 post type-post status-publish format-standard hentry category-articles-book-chapters tag-competencia-tributaria tag-icms tag-internet-das-coisas tag-iss\"><div class=\"ee-post__body ee-post__area\"><a href=\"https:\/\/schoueri.com.br\/en\/internet-das-coisas-a-luz-do-icms-e-do-iss-entre-mercadoria-prestacao-de-servico-de-comunicacao-e-servico-de-valor-adicionado\/\" class=\"ee-post__title\">\n\t\t\t<h2 class=\"ee-post__title__heading\">Internet das Coisas \u00e0 luz do ICMS e do ISS: entre mercadoria, presta\u00e7\u00e3o de servi\u00e7o de comunica\u00e7\u00e3o e servi\u00e7o de valor adicionado<\/h2>\n\t\t<\/a><div class=\"ee-post__metas ee-post__metas--has-metas\"><ul class=\"ee-post__metas__list display--\"><li class=\"ee-post__meta ee-post__meta--date ee-post__metas__date\"> 27\/10\/2018<span class=\"ee-post__meta__separator\">\u00b7<\/span><\/li><\/ul><\/div><div class=\"ee-post__excerpt\">Download PDF<\/div><div class=\"ee-post__read-more\">\n\t\t\t<a class=\"ee-post__button\" href=\"https:\/\/schoueri.com.br\/en\/internet-das-coisas-a-luz-do-icms-e-do-iss-entre-mercadoria-prestacao-de-servico-de-comunicacao-e-servico-de-valor-adicionado\/\">\n\t\t\t\tMore\t\t\t<\/a>\n\t\t<\/div><\/div><!-- .ee-post__body --><\/article><!-- .ee-post --><\/div><!-- .ee-loop__item --><div class=\"ee-grid__item ee-loop__item ee-filter-48\"><article class=\"ee-post post-5711 post type-post status-publish format-standard hentry category-articles-book-chapters tag-direito-tributario-internacional-international-tax-law\"><div class=\"ee-post__body ee-post__area\"><a href=\"https:\/\/schoueri.com.br\/en\/tributacao-internacional-e-o-direito-interno\/\" class=\"ee-post__title\">\n\t\t\t<h2 class=\"ee-post__title__heading\">Tributa\u00e7\u00e3o Internacional e o Direito Interno<\/h2>\n\t\t<\/a><div class=\"ee-post__metas ee-post__metas--has-metas\"><ul class=\"ee-post__metas__list display--\"><li class=\"ee-post__meta ee-post__meta--date ee-post__metas__date\"> 27\/10\/2018<span class=\"ee-post__meta__separator\">\u00b7<\/span><\/li><\/ul><\/div><div class=\"ee-post__excerpt\">Download PDF<\/div><div class=\"ee-post__read-more\">\n\t\t\t<a class=\"ee-post__button\" href=\"https:\/\/schoueri.com.br\/en\/tributacao-internacional-e-o-direito-interno\/\">\n\t\t\t\tMore\t\t\t<\/a>\n\t\t<\/div><\/div><!-- .ee-post__body --><\/article><!-- .ee-post --><\/div><!-- .ee-loop__item --><div class=\"ee-grid__item ee-loop__item ee-filter-48\"><article class=\"ee-post post-5707 post type-post status-publish format-standard hentry category-articles-book-chapters tag-dedutibilidade tag-imposto-de-renda tag-irpj\"><div class=\"ee-post__body ee-post__area\"><a href=\"https:\/\/schoueri.com.br\/en\/dedutibilidade-de-despesas-com-atividades-ilicitas\/\" class=\"ee-post__title\">\n\t\t\t<h2 class=\"ee-post__title__heading\">Dedutibilidade de despesas com atividades il\u00edcitas<\/h2>\n\t\t<\/a><div class=\"ee-post__metas ee-post__metas--has-metas\"><ul class=\"ee-post__metas__list display--\"><li class=\"ee-post__meta ee-post__meta--date ee-post__metas__date\"> 27\/10\/2018<span class=\"ee-post__meta__separator\">\u00b7<\/span><\/li><\/ul><\/div><div class=\"ee-post__excerpt\">Download PDF<\/div><div class=\"ee-post__read-more\">\n\t\t\t<a class=\"ee-post__button\" href=\"https:\/\/schoueri.com.br\/en\/dedutibilidade-de-despesas-com-atividades-ilicitas\/\">\n\t\t\t\tMore\t\t\t<\/a>\n\t\t<\/div><\/div><!-- .ee-post__body --><\/article><!-- .ee-post --><\/div><!-- .ee-loop__item --><div class=\"ee-grid__item ee-loop__item ee-filter-48\"><article class=\"ee-post post-5705 post type-post status-publish format-standard hentry category-articles-book-chapters tag-direito-tributario-internacional-projeto-beps-international-tax-law-beps-project\"><div class=\"ee-post__body ee-post__area\"><a href=\"https:\/\/schoueri.com.br\/en\/the-beps-project-still-a-military-approach\/\" class=\"ee-post__title\">\n\t\t\t<h2 class=\"ee-post__title__heading\">The BEPS Project: still a military approach<\/h2>\n\t\t<\/a><div class=\"ee-post__metas ee-post__metas--has-metas\"><ul class=\"ee-post__metas__list display--\"><li class=\"ee-post__meta ee-post__meta--date ee-post__metas__date\"> 27\/10\/2018<span class=\"ee-post__meta__separator\">\u00b7<\/span><\/li><\/ul><\/div><div class=\"ee-post__excerpt\">IBFD<\/div><div class=\"ee-post__read-more\">\n\t\t\t<a class=\"ee-post__button\" href=\"https:\/\/schoueri.com.br\/en\/the-beps-project-still-a-military-approach\/\">\n\t\t\t\tMore\t\t\t<\/a>\n\t\t<\/div><\/div><!-- .ee-post__body --><\/article><!-- .ee-post --><\/div><!-- .ee-loop__item --><div class=\"ee-grid__item ee-loop__item ee-filter-48\"><article class=\"ee-post post-5699 post type-post status-publish format-standard hentry category-articles-book-chapters tag-iof\"><div class=\"ee-post__body ee-post__area\"><a href=\"https:\/\/schoueri.com.br\/en\/iof-credito-sobre-as-cessoes-de-credito-desconto-de-titulos-factoring-e-solucao-de-divergencia-cosit-no-9-2016\/\" class=\"ee-post__title\">\n\t\t\t<h2 class=\"ee-post__title__heading\">IOF-cr\u00e9dito sobre as cess\u00f5es de cr\u00e9dito: desconto de t\u00edtulos, factoring e solu\u00e7\u00e3o de diverg\u00eancia COSIT n\u00ba 9\/2016<\/h2>\n\t\t<\/a><div class=\"ee-post__metas ee-post__metas--has-metas\"><ul class=\"ee-post__metas__list display--\"><li class=\"ee-post__meta ee-post__meta--date ee-post__metas__date\"> 27\/10\/2018<span class=\"ee-post__meta__separator\">\u00b7<\/span><\/li><\/ul><\/div><div class=\"ee-post__excerpt\">Download PDF<\/div><div class=\"ee-post__read-more\">\n\t\t\t<a class=\"ee-post__button\" href=\"https:\/\/schoueri.com.br\/en\/iof-credito-sobre-as-cessoes-de-credito-desconto-de-titulos-factoring-e-solucao-de-divergencia-cosit-no-9-2016\/\">\n\t\t\t\tMore\t\t\t<\/a>\n\t\t<\/div><\/div><!-- .ee-post__body --><\/article><!-- .ee-post --><\/div><!-- .ee-loop__item --><div class=\"ee-grid__item ee-loop__item ee-filter-48\"><article class=\"ee-post post-5695 post type-post status-publish format-standard hentry category-articles-book-chapters tag-imposto-de-renda-irpf\"><div class=\"ee-post__body ee-post__area\"><a href=\"https:\/\/schoueri.com.br\/en\/imposto-de-renda-sobre-variacao-cambial-de-recursos-repatriados-no-ambito-do-rerct\/\" class=\"ee-post__title\">\n\t\t\t<h2 class=\"ee-post__title__heading\">Imposto de Renda sobre Varia\u00e7\u00e3o Cambial de Recursos Repatriados no \u00e2mbito do RERCT<\/h2>\n\t\t<\/a><div class=\"ee-post__metas ee-post__metas--has-metas\"><ul class=\"ee-post__metas__list display--\"><li class=\"ee-post__meta ee-post__meta--date ee-post__metas__date\"> 27\/10\/2018<span class=\"ee-post__meta__separator\">\u00b7<\/span><\/li><\/ul><\/div><div class=\"ee-post__excerpt\">Download PDF<\/div><div class=\"ee-post__read-more\">\n\t\t\t<a class=\"ee-post__button\" href=\"https:\/\/schoueri.com.br\/en\/imposto-de-renda-sobre-variacao-cambial-de-recursos-repatriados-no-ambito-do-rerct\/\">\n\t\t\t\tMore\t\t\t<\/a>\n\t\t<\/div><\/div><!-- .ee-post__body --><\/article><!-- .ee-post --><\/div><!-- .ee-loop__item --><div class=\"ee-grid__item ee-loop__item ee-filter-48\"><article class=\"ee-post post-5691 post type-post status-publish format-standard hentry category-articles-book-chapters tag-competencia-tributaria tag-leasing\"><div class=\"ee-post__body ee-post__area\"><a href=\"https:\/\/schoueri.com.br\/en\/leasing-e-discriminacao-de-competencias-na-jurisprudencia-do-stf\/\" class=\"ee-post__title\">\n\t\t\t<h2 class=\"ee-post__title__heading\">Leasing e discrimina\u00e7\u00e3o de compet\u00eancias na jurisprud\u00eancia do STF<\/h2>\n\t\t<\/a><div class=\"ee-post__metas ee-post__metas--has-metas\"><ul class=\"ee-post__metas__list display--\"><li class=\"ee-post__meta ee-post__meta--date ee-post__metas__date\"> 27\/10\/2018<span class=\"ee-post__meta__separator\">\u00b7<\/span><\/li><\/ul><\/div><div class=\"ee-post__excerpt\">Download PDF<\/div><div class=\"ee-post__read-more\">\n\t\t\t<a class=\"ee-post__button\" href=\"https:\/\/schoueri.com.br\/en\/leasing-e-discriminacao-de-competencias-na-jurisprudencia-do-stf\/\">\n\t\t\t\tMore\t\t\t<\/a>\n\t\t<\/div><\/div><!-- .ee-post__body --><\/article><!-- .ee-post --><\/div><!-- .ee-loop__item --><div class=\"ee-grid__item ee-loop__item ee-filter-48\"><article class=\"ee-post post-5688 post type-post status-publish format-standard hentry category-articles-book-chapters tag-direito-tributario-internacional-international-tax-law tag-single-taxation\"><div class=\"ee-post__body ee-post__area\"><a href=\"https:\/\/schoueri.com.br\/en\/single-taxation-as-a-policy-goal-controversial-meaning-lack-of-justification-and-unfeasibility\/\" class=\"ee-post__title\">\n\t\t\t<h2 class=\"ee-post__title__heading\">Single Taxation as a Policy Goal: Controversial Meaning, Lack of Justification and Unfeasibility<\/h2>\n\t\t<\/a><div class=\"ee-post__metas ee-post__metas--has-metas\"><ul class=\"ee-post__metas__list display--\"><li class=\"ee-post__meta ee-post__meta--date ee-post__metas__date\"> 27\/10\/2018<span class=\"ee-post__meta__separator\">\u00b7<\/span><\/li><\/ul><\/div><div class=\"ee-post__excerpt\">IBFD<\/div><div class=\"ee-post__read-more\">\n\t\t\t<a class=\"ee-post__button\" href=\"https:\/\/schoueri.com.br\/en\/single-taxation-as-a-policy-goal-controversial-meaning-lack-of-justification-and-unfeasibility\/\">\n\t\t\t\tMore\t\t\t<\/a>\n\t\t<\/div><\/div><!-- .ee-post__body --><\/article><!-- .ee-post --><\/div><!-- .ee-loop__item --><div class=\"ee-grid__item ee-loop__item ee-filter-48\"><article class=\"ee-post post-5685 post type-post status-publish format-standard hentry category-articles-book-chapters tag-transparencia-e-sigilo-fiscal-tax-transparency-and-secrecy-troca-de-informacoes-exchange-of-information\"><div class=\"ee-post__body ee-post__area\"><a href=\"https:\/\/schoueri.com.br\/en\/comprehensive-tax-treaties-and-tax-information-exchange-agreements-assessing-exchange-of-information-mechanisms-to-ensure-transparency-in-a-globalized-world-from-the-perspective-of-developing-countri\/\" class=\"ee-post__title\">\n\t\t\t<h2 class=\"ee-post__title__heading\">Comprehensive Tax Treaties and Tax Information Exchange Agreements: Assessing Exchange of Information Mechanisms to Ensure Transparency in a Globalized World from the Perspective of Developing Countries<\/h2>\n\t\t<\/a><div class=\"ee-post__metas ee-post__metas--has-metas\"><ul class=\"ee-post__metas__list display--\"><li class=\"ee-post__meta ee-post__meta--date ee-post__metas__date\"> 27\/10\/2018<span class=\"ee-post__meta__separator\">\u00b7<\/span><\/li><\/ul><\/div><div class=\"ee-post__excerpt\">IBFD<\/div><div class=\"ee-post__read-more\">\n\t\t\t<a class=\"ee-post__button\" href=\"https:\/\/schoueri.com.br\/en\/comprehensive-tax-treaties-and-tax-information-exchange-agreements-assessing-exchange-of-information-mechanisms-to-ensure-transparency-in-a-globalized-world-from-the-perspective-of-developing-countri\/\">\n\t\t\t\tMore\t\t\t<\/a>\n\t\t<\/div><\/div><!-- .ee-post__body --><\/article><!-- .ee-post --><\/div><!-- .ee-loop__item --><div class=\"ee-grid__item ee-loop__item ee-filter-48\"><article class=\"ee-post post-5680 post type-post status-publish format-standard hentry category-articles-book-chapters tag-transparencia-e-sigilo-fiscal-tax-transparency-and-secrecy\"><div class=\"ee-post__body ee-post__area\"><a href=\"https:\/\/schoueri.com.br\/en\/o-habeas-data-e-a-tutela-de-direitos-do-contribuinte\/\" class=\"ee-post__title\">\n\t\t\t<h2 class=\"ee-post__title__heading\">O habeas data e a tutela de direitos do contribuinte<\/h2>\n\t\t<\/a><div class=\"ee-post__metas ee-post__metas--has-metas\"><ul class=\"ee-post__metas__list display--\"><li class=\"ee-post__meta ee-post__meta--date ee-post__metas__date\"> 27\/10\/2018<span class=\"ee-post__meta__separator\">\u00b7<\/span><\/li><\/ul><\/div><div class=\"ee-post__excerpt\">Download PDF<\/div><div class=\"ee-post__read-more\">\n\t\t\t<a class=\"ee-post__button\" href=\"https:\/\/schoueri.com.br\/en\/o-habeas-data-e-a-tutela-de-direitos-do-contribuinte\/\">\n\t\t\t\tMore\t\t\t<\/a>\n\t\t<\/div><\/div><!-- .ee-post__body --><\/article><!-- .ee-post --><\/div><!-- .ee-loop__item --><div class=\"ee-grid__item ee-loop__item ee-filter-48\"><article class=\"ee-post post-5677 post type-post status-publish format-standard hentry category-articles-book-chapters tag-direito-tributario-internacional-instrumento-multilateral tag-international-tax-law tag-multilateral-instrument\"><div class=\"ee-post__body ee-post__area\"><a href=\"https:\/\/schoueri.com.br\/en\/action-2-and-the-multilateral-instrument-is-the-reservation-power-putting-coordination-at-stake\/\" class=\"ee-post__title\">\n\t\t\t<h2 class=\"ee-post__title__heading\">Action 2 and the Multilateral Instrument: Is the Reservation Power Putting Coordination at Stake?<\/h2>\n\t\t<\/a><div class=\"ee-post__metas ee-post__metas--has-metas\"><ul class=\"ee-post__metas__list display--\"><li class=\"ee-post__meta ee-post__meta--date ee-post__metas__date\"> 27\/10\/2018<span class=\"ee-post__meta__separator\">\u00b7<\/span><\/li><\/ul><\/div><div class=\"ee-post__excerpt\">Download PDF<\/div><div class=\"ee-post__read-more\">\n\t\t\t<a class=\"ee-post__button\" href=\"https:\/\/schoueri.com.br\/en\/action-2-and-the-multilateral-instrument-is-the-reservation-power-putting-coordination-at-stake\/\">\n\t\t\t\tMore\t\t\t<\/a>\n\t\t<\/div><\/div><!-- .ee-post__body --><\/article><!-- .ee-post --><\/div><!-- .ee-loop__item --><div class=\"ee-grid__item ee-loop__item ee-filter-48\"><article class=\"ee-post post-5674 post type-post status-publish format-standard hentry category-articles-book-chapters tag-direito-tributario-da-uniao-europeia-european-tax-law\"><div class=\"ee-post__body ee-post__area\"><a href=\"https:\/\/schoueri.com.br\/en\/commentary-on-chapter-15-the-right-to-be-heard-in-european-international-and-comparative-contexts\/\" class=\"ee-post__title\">\n\t\t\t<h2 class=\"ee-post__title__heading\">Commentary on Chapter 15: The Right to Be Heard in European, International and Comparative Contexts<\/h2>\n\t\t<\/a><div class=\"ee-post__metas ee-post__metas--has-metas\"><ul class=\"ee-post__metas__list display--\"><li class=\"ee-post__meta ee-post__meta--date ee-post__metas__date\"> 27\/10\/2018<span class=\"ee-post__meta__separator\">\u00b7<\/span><\/li><\/ul><\/div><div class=\"ee-post__excerpt\">IBFD<\/div><div class=\"ee-post__read-more\">\n\t\t\t<a class=\"ee-post__button\" href=\"https:\/\/schoueri.com.br\/en\/commentary-on-chapter-15-the-right-to-be-heard-in-european-international-and-comparative-contexts\/\">\n\t\t\t\tMore\t\t\t<\/a>\n\t\t<\/div><\/div><!-- .ee-post__body --><\/article><!-- .ee-post --><\/div><!-- .ee-loop__item --><div class=\"ee-grid__item ee-loop__item ee-filter-48\"><article class=\"ee-post post-5671 post type-post status-publish format-standard hentry category-articles-book-chapters tag-direito-tributario-da-uniao-europeia-european-tax-law\"><div class=\"ee-post__body ee-post__area\"><a href=\"https:\/\/schoueri.com.br\/en\/commentary-on-chapter-3-on-democratic-legitimacy-of-european-tax-law-and-the-role-of-the-european-parliament\/\" class=\"ee-post__title\">\n\t\t\t<h2 class=\"ee-post__title__heading\">Commentary on Chapter 3: On Democratic Legitimacy of European Tax Law and the Role of the European Parliament<\/h2>\n\t\t<\/a><div class=\"ee-post__metas ee-post__metas--has-metas\"><ul class=\"ee-post__metas__list display--\"><li class=\"ee-post__meta ee-post__meta--date ee-post__metas__date\"> 27\/10\/2018<span class=\"ee-post__meta__separator\">\u00b7<\/span><\/li><\/ul><\/div><div class=\"ee-post__excerpt\">IBFD<\/div><div class=\"ee-post__read-more\">\n\t\t\t<a class=\"ee-post__button\" href=\"https:\/\/schoueri.com.br\/en\/commentary-on-chapter-3-on-democratic-legitimacy-of-european-tax-law-and-the-role-of-the-european-parliament\/\">\n\t\t\t\tMore\t\t\t<\/a>\n\t\t<\/div><\/div><!-- .ee-post__body --><\/article><!-- .ee-post --><\/div><!-- .ee-loop__item --><div class=\"ee-grid__item ee-loop__item ee-filter-48\"><article class=\"ee-post post-5667 post type-post status-publish format-standard hentry category-articles-book-chapters tag-direito-tributario-internacional-international-tax-law\"><div class=\"ee-post__body ee-post__area\"><a href=\"https:\/\/schoueri.com.br\/en\/recensao-a-global-analysis-of-tax-treaty-disputes-por-eduardo-baistrocchi-ed\/\" class=\"ee-post__title\">\n\t\t\t<h2 class=\"ee-post__title__heading\">RECENS\u00c3O: A GLOBAL ANALYSIS OF TAX TREATY DISPUTES, POR EDUARDO BAISTROCCHI (ED.)<\/h2>\n\t\t<\/a><div class=\"ee-post__metas ee-post__metas--has-metas\"><ul class=\"ee-post__metas__list display--\"><li class=\"ee-post__meta ee-post__meta--date ee-post__metas__date\"> 27\/10\/2018<span class=\"ee-post__meta__separator\">\u00b7<\/span><\/li><\/ul><\/div><div class=\"ee-post__excerpt\">Download PDF<\/div><div class=\"ee-post__read-more\">\n\t\t\t<a class=\"ee-post__button\" href=\"https:\/\/schoueri.com.br\/en\/recensao-a-global-analysis-of-tax-treaty-disputes-por-eduardo-baistrocchi-ed\/\">\n\t\t\t\tMore\t\t\t<\/a>\n\t\t<\/div><\/div><!-- .ee-post__body --><\/article><!-- .ee-post --><\/div><!-- .ee-loop__item --><div class=\"ee-grid__item ee-loop__item ee-filter-51\"><article class=\"ee-post post-4447 post type-post status-publish format-standard has-post-thumbnail hentry category-presentations\"><div class=\"ee-post__body ee-post__area\"><a href=\"https:\/\/schoueri.com.br\/en\/abradt-xxii-congresso-luis-eduardo-schoueri\/\" class=\"ee-post__title\">\n\t\t\t<h2 class=\"ee-post__title__heading\">Novos Rumos da Legalidade Tribut\u00e1ria Segundo o Supremo Tribunal Federal<\/h2>\n\t\t<\/a><div class=\"ee-post__metas ee-post__metas--has-metas\"><ul class=\"ee-post__metas__list display--\"><li class=\"ee-post__meta ee-post__meta--date ee-post__metas__date\"> 11\/09\/2018<span class=\"ee-post__meta__separator\">\u00b7<\/span><\/li><\/ul><\/div><div class=\"ee-post__excerpt\">ABRADT &#8211; Associa\u00e7\u00e3o Brasileira de Direito Tribut\u00e1rio.XXII Congresso Internacional de Direito Tribut\u00e1rio.Novos Rumos da Legalidade&hellip;<\/div><div class=\"ee-post__read-more\">\n\t\t\t<a class=\"ee-post__button\" href=\"https:\/\/schoueri.com.br\/en\/abradt-xxii-congresso-luis-eduardo-schoueri\/\">\n\t\t\t\tMore\t\t\t<\/a>\n\t\t<\/div><\/div><!-- .ee-post__body --><\/article><!-- .ee-post --><\/div><!-- .ee-loop__item --><div class=\"ee-grid__item ee-loop__item ee-filter-51\"><article class=\"ee-post post-5894 post type-post status-publish format-standard has-post-thumbnail hentry category-presentations\"><div class=\"ee-post__body ee-post__area\"><a href=\"https:\/\/schoueri.com.br\/en\/atos-ilicitos-e-tributacao\/\" class=\"ee-post__title\">\n\t\t\t<h2 class=\"ee-post__title__heading\">Atos il\u00edcitos e tributa\u00e7\u00e3o<\/h2>\n\t\t<\/a><div class=\"ee-post__metas ee-post__metas--has-metas\"><ul class=\"ee-post__metas__list display--\"><li class=\"ee-post__meta ee-post__meta--date ee-post__metas__date\"> 29\/10\/2017<span class=\"ee-post__meta__separator\">\u00b7<\/span><\/li><\/ul><\/div><div class=\"ee-post__excerpt\">ABRADT XXI Congresso Internacional de Direito tribut\u00e1rioAtos il\u00edcitos e tributa\u00e7\u00e3o.Lu\u00eds Eduardo Schoueri https:\/\/www.youtube.com\/watch?v=cwUtrGuFvbg<\/div><div class=\"ee-post__read-more\">\n\t\t\t<a class=\"ee-post__button\" href=\"https:\/\/schoueri.com.br\/en\/atos-ilicitos-e-tributacao\/\">\n\t\t\t\tMore\t\t\t<\/a>\n\t\t<\/div><\/div><!-- .ee-post__body --><\/article><!-- .ee-post --><\/div><!-- .ee-loop__item --><div class=\"ee-grid__item ee-loop__item ee-filter-48\"><article class=\"ee-post post-5664 post type-post status-publish format-standard hentry category-articles-book-chapters tag-direito-tributario-internacional-procedimento-amigavel-international-tax-law tag-mutual-agreement-procedure\"><div class=\"ee-post__body ee-post__area\"><a href=\"https:\/\/schoueri.com.br\/en\/brazil-map-guidance-released-by-the-revenue-service\/\" class=\"ee-post__title\">\n\t\t\t<h2 class=\"ee-post__title__heading\">Brazil &#8211; MAP Guidance Released by the Revenue Service<\/h2>\n\t\t<\/a><div class=\"ee-post__metas ee-post__metas--has-metas\"><ul class=\"ee-post__metas__list display--\"><li class=\"ee-post__meta ee-post__meta--date ee-post__metas__date\"> 27\/10\/2017<span class=\"ee-post__meta__separator\">\u00b7<\/span><\/li><\/ul><\/div><div class=\"ee-post__excerpt\">IBFD<\/div><div class=\"ee-post__read-more\">\n\t\t\t<a class=\"ee-post__button\" href=\"https:\/\/schoueri.com.br\/en\/brazil-map-guidance-released-by-the-revenue-service\/\">\n\t\t\t\tMore\t\t\t<\/a>\n\t\t<\/div><\/div><!-- .ee-post__body --><\/article><!-- .ee-post --><\/div><!-- .ee-loop__item --><div class=\"ee-grid__item ee-loop__item ee-filter-48\"><article class=\"ee-post post-5660 post type-post status-publish format-standard hentry category-articles-book-chapters tag-direitos-humanos-e-tributacao-human-rights-and-taxation\"><div class=\"ee-post__body ee-post__area\"><a href=\"https:\/\/schoueri.com.br\/en\/the-rule-of-law-and-the-effective-protection-of-taxpayers-rights-in-developing-countries\/\" class=\"ee-post__title\">\n\t\t\t<h2 class=\"ee-post__title__heading\">The Rule of Law and the Effective Protection of Taxpayers\u2019 Rights in Developing Countries<\/h2>\n\t\t<\/a><div class=\"ee-post__metas ee-post__metas--has-metas\"><ul class=\"ee-post__metas__list display--\"><li class=\"ee-post__meta ee-post__meta--date ee-post__metas__date\"> 27\/10\/2017<span class=\"ee-post__meta__separator\">\u00b7<\/span><\/li><\/ul><\/div><div class=\"ee-post__excerpt\">Download PDF<\/div><div class=\"ee-post__read-more\">\n\t\t\t<a class=\"ee-post__button\" href=\"https:\/\/schoueri.com.br\/en\/the-rule-of-law-and-the-effective-protection-of-taxpayers-rights-in-developing-countries\/\">\n\t\t\t\tMore\t\t\t<\/a>\n\t\t<\/div><\/div><!-- .ee-post__body --><\/article><!-- .ee-post --><\/div><!-- .ee-loop__item --><div class=\"ee-grid__item ee-loop__item ee-filter-48\"><article class=\"ee-post post-5656 post type-post status-publish format-standard hentry category-articles-book-chapters tag-disponibilidade tag-imposto-de-renda\"><div class=\"ee-post__body ee-post__area\"><a href=\"https:\/\/schoueri.com.br\/en\/comentarios-imposto-sobre-a-renda-a-aquisicao-da-disponibilidade-juridica-ou-economica-como-seu-fato-gerador\/\" class=\"ee-post__title\">\n\t\t\t<h2 class=\"ee-post__title__heading\">Coment\u00e1rios &#8211; Imposto sobre a Renda: A Aquisi\u00e7\u00e3o da Disponibilidade Jur\u00eddica ou Econ\u00f4mica como seu Fato Gerador<\/h2>\n\t\t<\/a><div class=\"ee-post__metas ee-post__metas--has-metas\"><ul class=\"ee-post__metas__list display--\"><li class=\"ee-post__meta ee-post__meta--date ee-post__metas__date\"> 27\/10\/2017<span class=\"ee-post__meta__separator\">\u00b7<\/span><\/li><\/ul><\/div><div class=\"ee-post__excerpt\">Download PDF<\/div><div class=\"ee-post__read-more\">\n\t\t\t<a class=\"ee-post__button\" href=\"https:\/\/schoueri.com.br\/en\/comentarios-imposto-sobre-a-renda-a-aquisicao-da-disponibilidade-juridica-ou-economica-como-seu-fato-gerador\/\">\n\t\t\t\tMore\t\t\t<\/a>\n\t\t<\/div><\/div><!-- .ee-post__body --><\/article><!-- .ee-post --><\/div><!-- .ee-loop__item --><div class=\"ee-grid__item ee-loop__item ee-filter-48\"><article class=\"ee-post post-5654 post type-post status-publish format-standard hentry category-articles-book-chapters tag-direito-tributario-internacional-international-tax-law\"><div class=\"ee-post__body ee-post__area\"><a href=\"https:\/\/schoueri.com.br\/en\/brazil-the-impact-of-bilateral-investment-treaties-on-taxation\/\" class=\"ee-post__title\">\n\t\t\t<h2 class=\"ee-post__title__heading\">Brazil &#8211; The Impact of Bilateral Investment Treaties on Taxation<\/h2>\n\t\t<\/a><div class=\"ee-post__metas ee-post__metas--has-metas\"><ul class=\"ee-post__metas__list display--\"><li class=\"ee-post__meta ee-post__meta--date ee-post__metas__date\"> 27\/10\/2017<span class=\"ee-post__meta__separator\">\u00b7<\/span><\/li><\/ul><\/div><div class=\"ee-post__excerpt\">IBFD<\/div><div class=\"ee-post__read-more\">\n\t\t\t<a class=\"ee-post__button\" href=\"https:\/\/schoueri.com.br\/en\/brazil-the-impact-of-bilateral-investment-treaties-on-taxation\/\">\n\t\t\t\tMore\t\t\t<\/a>\n\t\t<\/div><\/div><!-- .ee-post__body --><\/article><!-- .ee-post --><\/div><!-- .ee-loop__item --><div class=\"ee-grid__item ee-loop__item ee-filter-48\"><article class=\"ee-post post-5649 post type-post status-publish format-standard hentry category-articles-book-chapters tag-direito-tributario-da-uniao-europeia-european-tax-law tag-direito-tributario-internacional-international-tax-law\"><div class=\"ee-post__body ee-post__area\"><a href=\"https:\/\/schoueri.com.br\/en\/brazil-tax-avoidance-revisited-in-the-eu-beps-context-2\/\" class=\"ee-post__title\">\n\t\t\t<h2 class=\"ee-post__title__heading\">Brazil &#8211; Tax Avoidance Revisited in the EU BEPS Context<\/h2>\n\t\t<\/a><div class=\"ee-post__metas ee-post__metas--has-metas\"><ul class=\"ee-post__metas__list display--\"><li class=\"ee-post__meta ee-post__meta--date ee-post__metas__date\"> 27\/10\/2017<span class=\"ee-post__meta__separator\">\u00b7<\/span><\/li><\/ul><\/div><div class=\"ee-post__excerpt\">Download PDF<\/div><div class=\"ee-post__read-more\">\n\t\t\t<a class=\"ee-post__button\" href=\"https:\/\/schoueri.com.br\/en\/brazil-tax-avoidance-revisited-in-the-eu-beps-context-2\/\">\n\t\t\t\tMore\t\t\t<\/a>\n\t\t<\/div><\/div><!-- .ee-post__body --><\/article><!-- .ee-post --><\/div><!-- .ee-loop__item --><div class=\"ee-grid__item ee-loop__item ee-filter-48\"><article class=\"ee-post post-5646 post type-post status-publish format-standard hentry category-articles-book-chapters tag-direito-tributario-internacional-international-tax-law\"><div class=\"ee-post__body ee-post__area\"><a href=\"https:\/\/schoueri.com.br\/en\/justification-and-implementation-of-the-internacional-allocation-of-taxing-rights-can-we-take-one-thing-at-a-time\/\" class=\"ee-post__title\">\n\t\t\t<h2 class=\"ee-post__title__heading\">Justification and Implementation of the Internacional Allocation of Taxing Rights: Can We Take One Thing at a Time?<\/h2>\n\t\t<\/a><div class=\"ee-post__metas ee-post__metas--has-metas\"><ul class=\"ee-post__metas__list display--\"><li class=\"ee-post__meta ee-post__meta--date ee-post__metas__date\"> 27\/10\/2017<span class=\"ee-post__meta__separator\">\u00b7<\/span><\/li><\/ul><\/div><div class=\"ee-post__excerpt\">Wolters Kluwer<\/div><div class=\"ee-post__read-more\">\n\t\t\t<a class=\"ee-post__button\" href=\"https:\/\/schoueri.com.br\/en\/justification-and-implementation-of-the-internacional-allocation-of-taxing-rights-can-we-take-one-thing-at-a-time\/\">\n\t\t\t\tMore\t\t\t<\/a>\n\t\t<\/div><\/div><!-- .ee-post__body --><\/article><!-- .ee-post --><\/div><!-- .ee-loop__item --><div class=\"ee-grid__item ee-loop__item ee-filter-48\"><article class=\"ee-post post-5643 post type-post status-publish format-standard hentry category-articles-book-chapters tag-direito-tributario-internacional-precos-de-transferencia-international-tax-law-transfer-pricing\"><div class=\"ee-post__body ee-post__area\"><a href=\"https:\/\/schoueri.com.br\/en\/brazil-the-future-of-transfer-pricing\/\" class=\"ee-post__title\">\n\t\t\t<h2 class=\"ee-post__title__heading\">Brazil &#8211; The Future of Transfer Pricing<\/h2>\n\t\t<\/a><div class=\"ee-post__metas ee-post__metas--has-metas\"><ul class=\"ee-post__metas__list display--\"><li class=\"ee-post__meta ee-post__meta--date ee-post__metas__date\"> 27\/10\/2017<span class=\"ee-post__meta__separator\">\u00b7<\/span><\/li><\/ul><\/div><div class=\"ee-post__excerpt\">IBFD<\/div><div class=\"ee-post__read-more\">\n\t\t\t<a class=\"ee-post__button\" href=\"https:\/\/schoueri.com.br\/en\/brazil-the-future-of-transfer-pricing\/\">\n\t\t\t\tMore\t\t\t<\/a>\n\t\t<\/div><\/div><!-- .ee-post__body --><\/article><!-- .ee-post --><\/div><!-- .ee-loop__item --><div class=\"ee-grid__item ee-loop__item ee-filter-48\"><article class=\"ee-post post-5640 post type-post status-publish format-standard hentry category-articles-book-chapters tag-interpretacao-do-direito-tributario-legal-interpretation-of-tax-law\"><div class=\"ee-post__body ee-post__area\"><a href=\"https:\/\/schoueri.com.br\/en\/legal-interpretation-of-tax-law-brazil\/\" class=\"ee-post__title\">\n\t\t\t<h2 class=\"ee-post__title__heading\">Legal Interpretation of Tax Law: Brazil<\/h2>\n\t\t<\/a><div class=\"ee-post__metas ee-post__metas--has-metas\"><ul class=\"ee-post__metas__list display--\"><li class=\"ee-post__meta ee-post__meta--date ee-post__metas__date\"> 27\/10\/2017<span class=\"ee-post__meta__separator\">\u00b7<\/span><\/li><\/ul><\/div><div class=\"ee-post__excerpt\">Wolters Kluwer<\/div><div class=\"ee-post__read-more\">\n\t\t\t<a class=\"ee-post__button\" href=\"https:\/\/schoueri.com.br\/en\/legal-interpretation-of-tax-law-brazil\/\">\n\t\t\t\tMore\t\t\t<\/a>\n\t\t<\/div><\/div><!-- .ee-post__body --><\/article><!-- .ee-post --><\/div><!-- .ee-loop__item --><div class=\"ee-grid__item ee-loop__item ee-filter-48\"><article class=\"ee-post post-5636 post type-post status-publish format-standard hentry category-articles-book-chapters tag-limitacoes-constitucionais-ao-poder-de-tributar-irretroatividade tag-normas-tributarias-indutoras\"><div class=\"ee-post__body ee-post__area\"><a href=\"https:\/\/schoueri.com.br\/en\/irretroatividade-e-funcao-extrafiscal-do-tributo-elementos-para-a-superacao-definitiva-da-sumula-no-584-do-stf\/\" class=\"ee-post__title\">\n\t\t\t<h2 class=\"ee-post__title__heading\">Irretroatividade e Fun\u00e7\u00e3o Extrafiscal do Tributo: Elementos para a Supera\u00e7\u00e3o Definitiva da S\u00famula N\u00ba 584 do STF<\/h2>\n\t\t<\/a><div class=\"ee-post__metas ee-post__metas--has-metas\"><ul class=\"ee-post__metas__list display--\"><li class=\"ee-post__meta ee-post__meta--date ee-post__metas__date\"> 27\/10\/2017<span class=\"ee-post__meta__separator\">\u00b7<\/span><\/li><\/ul><\/div><div class=\"ee-post__excerpt\">Download PDF<\/div><div class=\"ee-post__read-more\">\n\t\t\t<a class=\"ee-post__button\" href=\"https:\/\/schoueri.com.br\/en\/irretroatividade-e-funcao-extrafiscal-do-tributo-elementos-para-a-superacao-definitiva-da-sumula-no-584-do-stf\/\">\n\t\t\t\tMore\t\t\t<\/a>\n\t\t<\/div><\/div><!-- .ee-post__body --><\/article><!-- .ee-post --><\/div><!-- .ee-loop__item --><div class=\"ee-grid__item ee-loop__item ee-filter-48\"><article class=\"ee-post post-5634 post type-post status-publish format-standard hentry category-articles-book-chapters tag-direito-tributario-internacional-instrumento-multilateral tag-international-tax-law tag-multilateral-instrument\"><div class=\"ee-post__body ee-post__area\"><a href=\"https:\/\/schoueri.com.br\/en\/interpretative-and-policy-challenges-following-the-oecd-multilateral-instrument-2016-from-a-brazilian-perspective-mismatches-beps-action-2-and-developing-countries\/\" class=\"ee-post__title\">\n\t\t\t<h2 class=\"ee-post__title__heading\">Interpretative and Policy Challenges Following the OECD Multilateral Instrument (2016) from a Brazilian Perspective Mismatches: BEPS Action 2 and Developing Countries<\/h2>\n\t\t<\/a><div class=\"ee-post__metas ee-post__metas--has-metas\"><ul class=\"ee-post__metas__list display--\"><li class=\"ee-post__meta ee-post__meta--date ee-post__metas__date\"> 27\/10\/2017<span class=\"ee-post__meta__separator\">\u00b7<\/span><\/li><\/ul><\/div><div class=\"ee-post__excerpt\">IBFD<\/div><div class=\"ee-post__read-more\">\n\t\t\t<a class=\"ee-post__button\" href=\"https:\/\/schoueri.com.br\/en\/interpretative-and-policy-challenges-following-the-oecd-multilateral-instrument-2016-from-a-brazilian-perspective-mismatches-beps-action-2-and-developing-countries\/\">\n\t\t\t\tMore\t\t\t<\/a>\n\t\t<\/div><\/div><!-- .ee-post__body --><\/article><!-- .ee-post --><\/div><!-- .ee-loop__item --><div class=\"ee-grid__item ee-loop__item ee-filter-48\"><article class=\"ee-post post-5627 post type-post status-publish format-standard hentry category-articles-book-chapters tag-direito-tributario-internacional-international-tax-law\"><div class=\"ee-post__body ee-post__area\"><a href=\"https:\/\/schoueri.com.br\/en\/preventing-tax-arbitrage-via-hybrid-mismatches-beps-action-2-and-developing-countries\/\" class=\"ee-post__title\">\n\t\t\t<h2 class=\"ee-post__title__heading\">Preventing Tax arbitrage via Hybrid Mismatches: BEPS Action 2 and Developing Countries<\/h2>\n\t\t<\/a><div class=\"ee-post__metas ee-post__metas--has-metas\"><ul class=\"ee-post__metas__list display--\"><li class=\"ee-post__meta ee-post__meta--date ee-post__metas__date\"> 27\/10\/2017<span class=\"ee-post__meta__separator\">\u00b7<\/span><\/li><\/ul><\/div><div class=\"ee-post__excerpt\">Download PDF<\/div><div class=\"ee-post__read-more\">\n\t\t\t<a class=\"ee-post__button\" href=\"https:\/\/schoueri.com.br\/en\/preventing-tax-arbitrage-via-hybrid-mismatches-beps-action-2-and-developing-countries\/\">\n\t\t\t\tMore\t\t\t<\/a>\n\t\t<\/div><\/div><!-- .ee-post__body --><\/article><!-- .ee-post --><\/div><!-- .ee-loop__item --><div class=\"ee-grid__item ee-loop__item ee-filter-51\"><article class=\"ee-post post-5902 post type-post status-publish format-standard has-post-thumbnail hentry category-presentations tag-beps tag-direito-tributario-internacional-international-tax-law\"><div class=\"ee-post__body ee-post__area\"><a href=\"https:\/\/schoueri.com.br\/en\/beps\/\" class=\"ee-post__title\">\n\t\t\t<h2 class=\"ee-post__title__heading\">BEPS<\/h2>\n\t\t<\/a><div class=\"ee-post__metas ee-post__metas--has-metas\"><ul class=\"ee-post__metas__list display--\"><li class=\"ee-post__meta ee-post__meta--date ee-post__metas__date\"> 29\/10\/2016<span class=\"ee-post__meta__separator\">\u00b7<\/span><\/li><\/ul><\/div><div class=\"ee-post__excerpt\">OAB\/MG II Semin\u00e1rio de Direito Tribut\u00e1rio Palestra: BEPS Palestrante: Dr. Lu\u00eds Eduardo Schoueri https:\/\/www.youtube.com\/watch?v=6nn2lRTA8YY<\/div><div class=\"ee-post__read-more\">\n\t\t\t<a class=\"ee-post__button\" href=\"https:\/\/schoueri.com.br\/en\/beps\/\">\n\t\t\t\tMore\t\t\t<\/a>\n\t\t<\/div><\/div><!-- .ee-post__body --><\/article><!-- .ee-post --><\/div><!-- .ee-loop__item --><div class=\"ee-grid__item ee-loop__item ee-filter-48\"><article class=\"ee-post post-5791 post type-post status-publish format-standard hentry category-articles-book-chapters tag-arbitration tag-direito-tributario-internacional-arbitragem tag-international-tax-law\"><div class=\"ee-post__body ee-post__area\"><a href=\"https:\/\/schoueri.com.br\/en\/arbitration-and-constitutional-issues\/\" class=\"ee-post__title\">\n\t\t\t<h2 class=\"ee-post__title__heading\">Arbitration and Constitutional Issues<\/h2>\n\t\t<\/a><div class=\"ee-post__metas ee-post__metas--has-metas\"><ul class=\"ee-post__metas__list display--\"><li class=\"ee-post__meta ee-post__meta--date ee-post__metas__date\"> 27\/10\/2016<span class=\"ee-post__meta__separator\">\u00b7<\/span><\/li><\/ul><\/div><div class=\"ee-post__excerpt\">IBFD<\/div><div class=\"ee-post__read-more\">\n\t\t\t<a class=\"ee-post__button\" href=\"https:\/\/schoueri.com.br\/en\/arbitration-and-constitutional-issues\/\">\n\t\t\t\tMore\t\t\t<\/a>\n\t\t<\/div><\/div><!-- .ee-post__body --><\/article><!-- .ee-post --><\/div><!-- .ee-loop__item --><div class=\"ee-grid__item ee-loop__item ee-filter-48\"><article class=\"ee-post post-5622 post type-post status-publish format-standard hentry category-articles-book-chapters tag-direito-tributario-internacional-international-tax-law\"><div class=\"ee-post__body ee-post__area\"><a href=\"https:\/\/schoueri.com.br\/en\/brics-and-beps-project-a-review-of-brazilian-policy\/\" class=\"ee-post__title\">\n\t\t\t<h2 class=\"ee-post__title__heading\">(BRICS and BEPS Project &#8211; A Review of Brazilian Policy)<\/h2>\n\t\t<\/a><div class=\"ee-post__metas ee-post__metas--has-metas\"><ul class=\"ee-post__metas__list display--\"><li class=\"ee-post__meta ee-post__meta--date ee-post__metas__date\"> 27\/10\/2016<span class=\"ee-post__meta__separator\">\u00b7<\/span><\/li><\/ul><\/div><div class=\"ee-post__excerpt\">Download PDF<\/div><div class=\"ee-post__read-more\">\n\t\t\t<a class=\"ee-post__button\" href=\"https:\/\/schoueri.com.br\/en\/brics-and-beps-project-a-review-of-brazilian-policy\/\">\n\t\t\t\tMore\t\t\t<\/a>\n\t\t<\/div><\/div><!-- .ee-post__body --><\/article><!-- .ee-post --><\/div><!-- .ee-loop__item --><div class=\"ee-grid__item ee-loop__item ee-filter-48\"><article class=\"ee-post post-5620 post type-post status-publish format-standard hentry category-articles-book-chapters tag-direito-tributario-internacional-precos-de-transferencia-international-tax-law-transfer-pricing\"><div class=\"ee-post__body ee-post__area\"><a href=\"https:\/\/schoueri.com.br\/en\/o-arms-length-como-principio-ou-como-standard-juridico\/\" class=\"ee-post__title\">\n\t\t\t<h2 class=\"ee-post__title__heading\">O Arm&#8217;s Length como Princ\u00edpio ou como Standard Jur\u00eddico<\/h2>\n\t\t<\/a><div class=\"ee-post__metas ee-post__metas--has-metas\"><ul class=\"ee-post__metas__list display--\"><li class=\"ee-post__meta ee-post__meta--date ee-post__metas__date\"> 27\/10\/2016<span class=\"ee-post__meta__separator\">\u00b7<\/span><\/li><\/ul><\/div><div class=\"ee-post__excerpt\">Download PDF<\/div><div class=\"ee-post__read-more\">\n\t\t\t<a class=\"ee-post__button\" href=\"https:\/\/schoueri.com.br\/en\/o-arms-length-como-principio-ou-como-standard-juridico\/\">\n\t\t\t\tMore\t\t\t<\/a>\n\t\t<\/div><\/div><!-- .ee-post__body --><\/article><!-- .ee-post --><\/div><!-- .ee-loop__item --><div class=\"ee-grid__item ee-loop__item ee-filter-48\"><article class=\"ee-post post-5615 post type-post status-publish format-standard hentry category-articles-book-chapters tag-direito-tributario-internacional-planejamento-tributario tag-international-tax-law tag-tax-planning\"><div class=\"ee-post__body ee-post__area\"><a href=\"https:\/\/schoueri.com.br\/en\/brazil-gaars-a-key-element-of-tax-systems-in-the-post-beps-world\/\" class=\"ee-post__title\">\n\t\t\t<h2 class=\"ee-post__title__heading\">Brazil &#8211; GAARs &#8211; A Key Element of Tax Systems in the Post-BEPS World<\/h2>\n\t\t<\/a><div class=\"ee-post__metas ee-post__metas--has-metas\"><ul class=\"ee-post__metas__list display--\"><li class=\"ee-post__meta ee-post__meta--date ee-post__metas__date\"> 27\/10\/2016<span class=\"ee-post__meta__separator\">\u00b7<\/span><\/li><\/ul><\/div><div class=\"ee-post__excerpt\">IBFD<\/div><div class=\"ee-post__read-more\">\n\t\t\t<a class=\"ee-post__button\" href=\"https:\/\/schoueri.com.br\/en\/brazil-gaars-a-key-element-of-tax-systems-in-the-post-beps-world\/\">\n\t\t\t\tMore\t\t\t<\/a>\n\t\t<\/div><\/div><!-- .ee-post__body --><\/article><!-- .ee-post --><\/div><!-- .ee-loop__item --><div class=\"ee-grid__item ee-loop__item ee-filter-48\"><article class=\"ee-post post-5612 post type-post status-publish format-standard hentry category-articles-book-chapters tag-direito-tributario-internacional-international-tax-law\"><div class=\"ee-post__body ee-post__area\"><a href=\"https:\/\/schoueri.com.br\/en\/article-21-other-income-global-tax-treaty-commentaries\/\" class=\"ee-post__title\">\n\t\t\t<h2 class=\"ee-post__title__heading\">Article 21 -Other Income -Global Tax Treaty Commentaries<\/h2>\n\t\t<\/a><div class=\"ee-post__metas ee-post__metas--has-metas\"><ul class=\"ee-post__metas__list display--\"><li class=\"ee-post__meta ee-post__meta--date ee-post__metas__date\"> 27\/10\/2016<span class=\"ee-post__meta__separator\">\u00b7<\/span><\/li><\/ul><\/div><div class=\"ee-post__excerpt\">IBFD<\/div><div class=\"ee-post__read-more\">\n\t\t\t<a class=\"ee-post__button\" href=\"https:\/\/schoueri.com.br\/en\/article-21-other-income-global-tax-treaty-commentaries\/\">\n\t\t\t\tMore\t\t\t<\/a>\n\t\t<\/div><\/div><!-- .ee-post__body --><\/article><!-- .ee-post --><\/div><!-- .ee-loop__item --><div class=\"ee-grid__item ee-loop__item ee-filter-48\"><article class=\"ee-post post-5608 post type-post status-publish format-standard hentry category-articles-book-chapters tag-direito-tributario-internacional-international-tax-law\"><div class=\"ee-post__body ee-post__area\"><a href=\"https:\/\/schoueri.com.br\/en\/brazil-trends-and-players-in-tax-policy\/\" class=\"ee-post__title\">\n\t\t\t<h2 class=\"ee-post__title__heading\">Brazil &#8211; Trends and Players in Tax Policy<\/h2>\n\t\t<\/a><div class=\"ee-post__metas ee-post__metas--has-metas\"><ul class=\"ee-post__metas__list display--\"><li class=\"ee-post__meta ee-post__meta--date ee-post__metas__date\"> 27\/10\/2016<span class=\"ee-post__meta__separator\">\u00b7<\/span><\/li><\/ul><\/div><div class=\"ee-post__excerpt\">IBFD<\/div><div class=\"ee-post__read-more\">\n\t\t\t<a class=\"ee-post__button\" href=\"https:\/\/schoueri.com.br\/en\/brazil-trends-and-players-in-tax-policy\/\">\n\t\t\t\tMore\t\t\t<\/a>\n\t\t<\/div><\/div><!-- .ee-post__body --><\/article><!-- .ee-post --><\/div><!-- .ee-loop__item --><div class=\"ee-grid__item ee-loop__item ee-filter-48\"><article class=\"ee-post post-5606 post type-post status-publish format-standard hentry category-articles-book-chapters tag-direitos-humanos-e-tributacao-human-rights-and-taxation tag-transparencia-e-sigilo-fiscal-tax-transparency-and-secrecy\"><div class=\"ee-post__body ee-post__area\"><a href=\"https:\/\/schoueri.com.br\/en\/human-rights-and-taxation-due-process-of-law-and-transparency-under-the-brazilian-constitution\/\" class=\"ee-post__title\">\n\t\t\t<h2 class=\"ee-post__title__heading\">Human Rights and Taxation: due process of law and transparency under the Brazilian Constitution<\/h2>\n\t\t<\/a><div class=\"ee-post__metas ee-post__metas--has-metas\"><ul class=\"ee-post__metas__list display--\"><li class=\"ee-post__meta ee-post__meta--date ee-post__metas__date\"> 27\/10\/2016<span class=\"ee-post__meta__separator\">\u00b7<\/span><\/li><\/ul><\/div><div class=\"ee-post__excerpt\">Download PDF<\/div><div class=\"ee-post__read-more\">\n\t\t\t<a class=\"ee-post__button\" href=\"https:\/\/schoueri.com.br\/en\/human-rights-and-taxation-due-process-of-law-and-transparency-under-the-brazilian-constitution\/\">\n\t\t\t\tMore\t\t\t<\/a>\n\t\t<\/div><\/div><!-- .ee-post__body --><\/article><!-- .ee-post --><\/div><!-- .ee-loop__item --><div class=\"ee-grid__item ee-loop__item ee-filter-48\"><article class=\"ee-post post-5599 post type-post status-publish format-standard hentry category-articles-book-chapters tag-direito-tributario-internacional-lucros-no-exterior-regras-cfc-international-tax-law-worldwide-taxation-cfc-rules\"><div class=\"ee-post__body ee-post__area\"><a href=\"https:\/\/schoueri.com.br\/en\/brazil-cfc-rules-and-tax-treaties-in-brazil-a-case-for-article-7\/\" class=\"ee-post__title\">\n\t\t\t<h2 class=\"ee-post__title__heading\">Brazil: CFC Rules and Tax Treaties in Brazil: A Case for Article 7<\/h2>\n\t\t<\/a><div class=\"ee-post__metas ee-post__metas--has-metas\"><ul class=\"ee-post__metas__list display--\"><li class=\"ee-post__meta ee-post__meta--date ee-post__metas__date\"> 22\/10\/2016<span class=\"ee-post__meta__separator\">\u00b7<\/span><\/li><\/ul><\/div><div class=\"ee-post__excerpt\">IBFD<\/div><div class=\"ee-post__read-more\">\n\t\t\t<a class=\"ee-post__button\" href=\"https:\/\/schoueri.com.br\/en\/brazil-cfc-rules-and-tax-treaties-in-brazil-a-case-for-article-7\/\">\n\t\t\t\tMore\t\t\t<\/a>\n\t\t<\/div><\/div><!-- .ee-post__body --><\/article><!-- .ee-post --><\/div><!-- .ee-loop__item --><div class=\"ee-grid__item ee-loop__item ee-filter-48\"><article class=\"ee-post post-5596 post type-post status-publish format-standard hentry category-articles-book-chapters tag-direito-tributario-internacional-international-tax-law\"><div class=\"ee-post__body ee-post__area\"><a href=\"https:\/\/schoueri.com.br\/en\/revisiting-territoriality-as-a-fundamental-principle-of-international-tax-law\/\" class=\"ee-post__title\">\n\t\t\t<h2 class=\"ee-post__title__heading\">Revisiting Territoriality as a Fundamental Principle of International Tax Law<\/h2>\n\t\t<\/a><div class=\"ee-post__metas ee-post__metas--has-metas\"><ul class=\"ee-post__metas__list display--\"><li class=\"ee-post__meta ee-post__meta--date ee-post__metas__date\"> 22\/10\/2016<span class=\"ee-post__meta__separator\">\u00b7<\/span><\/li><\/ul><\/div><div class=\"ee-post__excerpt\">Download PDF<\/div><div class=\"ee-post__read-more\">\n\t\t\t<a class=\"ee-post__button\" href=\"https:\/\/schoueri.com.br\/en\/revisiting-territoriality-as-a-fundamental-principle-of-international-tax-law\/\">\n\t\t\t\tMore\t\t\t<\/a>\n\t\t<\/div><\/div><!-- .ee-post__body --><\/article><!-- .ee-post --><\/div><!-- .ee-loop__item --><div class=\"ee-grid__item ee-loop__item ee-filter-48\"><article class=\"ee-post post-5593 post type-post status-publish format-standard hentry category-articles-book-chapters tag-codigo-tributario-nacional-lei-complementar\"><div class=\"ee-post__body ee-post__area\"><a href=\"https:\/\/schoueri.com.br\/en\/codigo-tributario-nacional-e-a-unificacao-do-direito-tributario-brasileiro\/\" class=\"ee-post__title\">\n\t\t\t<h2 class=\"ee-post__title__heading\">C\u00f3digo Tribut\u00e1rio Nacional e a Unifica\u00e7\u00e3o do Direito Tribut\u00e1rio Brasileiro<\/h2>\n\t\t<\/a><div class=\"ee-post__metas ee-post__metas--has-metas\"><ul class=\"ee-post__metas__list display--\"><li class=\"ee-post__meta ee-post__meta--date ee-post__metas__date\"> 22\/10\/2016<span class=\"ee-post__meta__separator\">\u00b7<\/span><\/li><\/ul><\/div><div class=\"ee-post__excerpt\">Download PDF<\/div><div class=\"ee-post__read-more\">\n\t\t\t<a class=\"ee-post__button\" href=\"https:\/\/schoueri.com.br\/en\/codigo-tributario-nacional-e-a-unificacao-do-direito-tributario-brasileiro\/\">\n\t\t\t\tMore\t\t\t<\/a>\n\t\t<\/div><\/div><!-- .ee-post__body --><\/article><!-- .ee-post --><\/div><!-- .ee-loop__item --><div class=\"ee-grid__item ee-loop__item ee-filter-48\"><article class=\"ee-post post-5590 post type-post status-publish format-standard hentry category-articles-book-chapters tag-beps tag-direito-tributario-internacional-international-tax-law\"><div class=\"ee-post__body ee-post__area\"><a href=\"https:\/\/schoueri.com.br\/en\/o-projeto-beps-ainda-uma-estrategia-militar\/\" class=\"ee-post__title\">\n\t\t\t<h2 class=\"ee-post__title__heading\">O Projeto BEPS: Ainda uma Estrat\u00e9gia Militar<\/h2>\n\t\t<\/a><div class=\"ee-post__metas ee-post__metas--has-metas\"><ul class=\"ee-post__metas__list display--\"><li class=\"ee-post__meta ee-post__meta--date ee-post__metas__date\"> 22\/10\/2016<span class=\"ee-post__meta__separator\">\u00b7<\/span><\/li><\/ul><\/div><div class=\"ee-post__excerpt\">Download PDF<\/div><div class=\"ee-post__read-more\">\n\t\t\t<a class=\"ee-post__button\" href=\"https:\/\/schoueri.com.br\/en\/o-projeto-beps-ainda-uma-estrategia-militar\/\">\n\t\t\t\tMore\t\t\t<\/a>\n\t\t<\/div><\/div><!-- .ee-post__body --><\/article><!-- .ee-post --><\/div><!-- .ee-loop__item --><div class=\"ee-grid__item ee-loop__item ee-filter-51\"><article class=\"ee-post post-5908 post type-post status-publish format-standard has-post-thumbnail hentry category-presentations tag-progressividade-ganho-de-capital\"><div class=\"ee-post__body ee-post__area\"><a href=\"https:\/\/schoueri.com.br\/en\/progressividade-na-tributacao-dos-ganhos-de-capital\/\" class=\"ee-post__title\">\n\t\t\t<h2 class=\"ee-post__title__heading\">Progressividade na Tributa\u00e7\u00e3o dos Ganhos de Capital<\/h2>\n\t\t<\/a><div class=\"ee-post__metas ee-post__metas--has-metas\"><ul class=\"ee-post__metas__list display--\"><li class=\"ee-post__meta ee-post__meta--date ee-post__metas__date\"> 29\/10\/2015<span class=\"ee-post__meta__separator\">\u00b7<\/span><\/li><\/ul><\/div><div class=\"ee-post__excerpt\">APET &#8211; Direito Tribut\u00e1rio XIII Simp\u00f3sio de Direito Tribut\u00e1rio da APET https:\/\/www.youtube.com\/watch?v=bb1AXGCZG9Q&#038;t=12s<\/div><div class=\"ee-post__read-more\">\n\t\t\t<a class=\"ee-post__button\" href=\"https:\/\/schoueri.com.br\/en\/progressividade-na-tributacao-dos-ganhos-de-capital\/\">\n\t\t\t\tMore\t\t\t<\/a>\n\t\t<\/div><\/div><!-- .ee-post__body --><\/article><!-- .ee-post --><\/div><!-- .ee-loop__item --><div class=\"ee-grid__item ee-loop__item ee-filter-48\"><article class=\"ee-post post-5587 post type-post status-publish format-standard hentry category-articles-book-chapters tag-transparencia-e-sigilo-fiscal-tax-transparency-and-secrecy\"><div class=\"ee-post__body ee-post__area\"><a href=\"https:\/\/schoueri.com.br\/en\/transparencia-fiscal-e-reciprocidade-nas-perspectivas-interna-e-internacional\/\" class=\"ee-post__title\">\n\t\t\t<h2 class=\"ee-post__title__heading\">Transpar\u00eancia Fiscal e Reciprocidade nas Perspectivas Interna e Internacional<\/h2>\n\t\t<\/a><div class=\"ee-post__metas ee-post__metas--has-metas\"><ul class=\"ee-post__metas__list display--\"><li class=\"ee-post__meta ee-post__meta--date ee-post__metas__date\"> 22\/10\/2015<span class=\"ee-post__meta__separator\">\u00b7<\/span><\/li><\/ul><\/div><div class=\"ee-post__excerpt\">Download PDF<\/div><div class=\"ee-post__read-more\">\n\t\t\t<a class=\"ee-post__button\" href=\"https:\/\/schoueri.com.br\/en\/transparencia-fiscal-e-reciprocidade-nas-perspectivas-interna-e-internacional\/\">\n\t\t\t\tMore\t\t\t<\/a>\n\t\t<\/div><\/div><!-- .ee-post__body --><\/article><!-- .ee-post --><\/div><!-- .ee-loop__item --><div class=\"ee-grid__item ee-loop__item ee-filter-48\"><article class=\"ee-post post-5583 post type-post status-publish format-standard hentry category-articles-book-chapters tag-direito-tributario-internacional-international-tax-law\"><div class=\"ee-post__body ee-post__area\"><a href=\"https:\/\/schoueri.com.br\/en\/reforms-and-recent-developments-in-brazilian-tax-law\/\" class=\"ee-post__title\">\n\t\t\t<h2 class=\"ee-post__title__heading\">(Reforms and recent developments in Brazilian Tax Law)<\/h2>\n\t\t<\/a><div class=\"ee-post__metas ee-post__metas--has-metas\"><ul class=\"ee-post__metas__list display--\"><li class=\"ee-post__meta ee-post__meta--date ee-post__metas__date\"> 22\/10\/2015<span class=\"ee-post__meta__separator\">\u00b7<\/span><\/li><\/ul><\/div><div class=\"ee-post__excerpt\">Download PDF<\/div><div class=\"ee-post__read-more\">\n\t\t\t<a class=\"ee-post__button\" href=\"https:\/\/schoueri.com.br\/en\/reforms-and-recent-developments-in-brazilian-tax-law\/\">\n\t\t\t\tMore\t\t\t<\/a>\n\t\t<\/div><\/div><!-- .ee-post__body --><\/article><!-- .ee-post --><\/div><!-- .ee-loop__item --><div class=\"ee-grid__item ee-loop__item ee-filter-48\"><article class=\"ee-post post-5579 post type-post status-publish format-standard hentry category-articles-book-chapters tag-direito-tributario-internacional-international-tax-law\"><div class=\"ee-post__body ee-post__area\"><a href=\"https:\/\/schoueri.com.br\/en\/brasil-la-crisis-de-los-impuestos-locales\/\" class=\"ee-post__title\">\n\t\t\t<h2 class=\"ee-post__title__heading\">Brasil &#8211; La Crisis de los Impuestos Locales<\/h2>\n\t\t<\/a><div class=\"ee-post__metas ee-post__metas--has-metas\"><ul class=\"ee-post__metas__list display--\"><li class=\"ee-post__meta ee-post__meta--date ee-post__metas__date\"> 22\/10\/2015<span class=\"ee-post__meta__separator\">\u00b7<\/span><\/li><\/ul><\/div><div class=\"ee-post__excerpt\">Download PDF<\/div><div class=\"ee-post__read-more\">\n\t\t\t<a class=\"ee-post__button\" href=\"https:\/\/schoueri.com.br\/en\/brasil-la-crisis-de-los-impuestos-locales\/\">\n\t\t\t\tMore\t\t\t<\/a>\n\t\t<\/div><\/div><!-- .ee-post__body --><\/article><!-- .ee-post --><\/div><!-- .ee-loop__item --><div class=\"ee-grid__item ee-loop__item ee-filter-48\"><article class=\"ee-post post-5576 post type-post status-publish format-standard hentry category-articles-book-chapters tag-direito-tributario-internacional-precos-de-transferencia-international-tax-law-transfer-pricing\"><div class=\"ee-post__body ee-post__area\"><a href=\"https:\/\/schoueri.com.br\/en\/arm-s-length-beyond-the-guidelines-of-the-oecd\/\" class=\"ee-post__title\">\n\t\t\t<h2 class=\"ee-post__title__heading\">Arm&#8217; s Length: Beyond the Guidelines of the OECD<\/h2>\n\t\t<\/a><div class=\"ee-post__metas ee-post__metas--has-metas\"><ul class=\"ee-post__metas__list display--\"><li class=\"ee-post__meta ee-post__meta--date ee-post__metas__date\"> 22\/10\/2015<span class=\"ee-post__meta__separator\">\u00b7<\/span><\/li><\/ul><\/div><div class=\"ee-post__excerpt\">IBFD<\/div><div class=\"ee-post__read-more\">\n\t\t\t<a class=\"ee-post__button\" href=\"https:\/\/schoueri.com.br\/en\/arm-s-length-beyond-the-guidelines-of-the-oecd\/\">\n\t\t\t\tMore\t\t\t<\/a>\n\t\t<\/div><\/div><!-- .ee-post__body --><\/article><!-- .ee-post --><\/div><!-- .ee-loop__item --><div class=\"ee-grid__item ee-loop__item ee-filter-48\"><article class=\"ee-post post-5573 post type-post status-publish format-standard hentry category-articles-book-chapters tag-planejamento-tributario-refis-parcelamento-tributario-tax-planning\"><div class=\"ee-post__body ee-post__area\"><a href=\"https:\/\/schoueri.com.br\/en\/o-refis-e-a-desjudicializacao-do-planejamento-tributario\/\" class=\"ee-post__title\">\n\t\t\t<h2 class=\"ee-post__title__heading\">O Refis e a Desjudicializa\u00e7\u00e3o do Planejamento Tribut\u00e1rio<\/h2>\n\t\t<\/a><div class=\"ee-post__metas ee-post__metas--has-metas\"><ul class=\"ee-post__metas__list display--\"><li class=\"ee-post__meta ee-post__meta--date ee-post__metas__date\"> 22\/10\/2015<span class=\"ee-post__meta__separator\">\u00b7<\/span><\/li><\/ul><\/div><div class=\"ee-post__excerpt\">Download PDF<\/div><div class=\"ee-post__read-more\">\n\t\t\t<a class=\"ee-post__button\" href=\"https:\/\/schoueri.com.br\/en\/o-refis-e-a-desjudicializacao-do-planejamento-tributario\/\">\n\t\t\t\tMore\t\t\t<\/a>\n\t\t<\/div><\/div><!-- .ee-post__body --><\/article><!-- .ee-post --><\/div><!-- .ee-loop__item --><div class=\"ee-grid__item ee-loop__item ee-filter-48\"><article class=\"ee-post post-5570 post type-post status-publish format-standard hentry category-articles-book-chapters tag-agio\"><div class=\"ee-post__body ee-post__area\"><a href=\"https:\/\/schoueri.com.br\/en\/o-agio-interno-na-jurisprudencia-do-carf-e-a-desproporcionalidade-do-artigo-22-da-lei-n-12-973-2014\/\" class=\"ee-post__title\">\n\t\t\t<h2 class=\"ee-post__title__heading\">O \u00e1gio interno na jurisprud\u00eancia do CARF e a (des)proporcionalidade do artigo 22 da Lei n. 12.973\/2014<\/h2>\n\t\t<\/a><div class=\"ee-post__metas ee-post__metas--has-metas\"><ul class=\"ee-post__metas__list display--\"><li class=\"ee-post__meta ee-post__meta--date ee-post__metas__date\"> 22\/10\/2015<span class=\"ee-post__meta__separator\">\u00b7<\/span><\/li><\/ul><\/div><div class=\"ee-post__excerpt\">Download PDF<\/div><div class=\"ee-post__read-more\">\n\t\t\t<a class=\"ee-post__button\" href=\"https:\/\/schoueri.com.br\/en\/o-agio-interno-na-jurisprudencia-do-carf-e-a-desproporcionalidade-do-artigo-22-da-lei-n-12-973-2014\/\">\n\t\t\t\tMore\t\t\t<\/a>\n\t\t<\/div><\/div><!-- .ee-post__body --><\/article><!-- .ee-post --><\/div><!-- .ee-loop__item --><div class=\"ee-grid__item ee-loop__item ee-filter-48\"><article class=\"ee-post post-5567 post type-post status-publish format-standard hentry category-articles-book-chapters tag-direito-tributario-internacional-international-tax-law\"><div class=\"ee-post__body ee-post__area\"><a href=\"https:\/\/schoueri.com.br\/en\/brazil-brics-and-the-emergence-of-international-tax-coordination\/\" class=\"ee-post__title\">\n\t\t\t<h2 class=\"ee-post__title__heading\">Brazil &#8211; BRICS and the Emergence of International Tax Coordination<\/h2>\n\t\t<\/a><div class=\"ee-post__metas ee-post__metas--has-metas\"><ul class=\"ee-post__metas__list display--\"><li class=\"ee-post__meta ee-post__meta--date ee-post__metas__date\"> 22\/10\/2015<span class=\"ee-post__meta__separator\">\u00b7<\/span><\/li><\/ul><\/div><div class=\"ee-post__excerpt\">Download PDF<\/div><div class=\"ee-post__read-more\">\n\t\t\t<a class=\"ee-post__button\" href=\"https:\/\/schoueri.com.br\/en\/brazil-brics-and-the-emergence-of-international-tax-coordination\/\">\n\t\t\t\tMore\t\t\t<\/a>\n\t\t<\/div><\/div><!-- .ee-post__body --><\/article><!-- .ee-post --><\/div><!-- .ee-loop__item --><div class=\"ee-grid__item ee-loop__item ee-filter-48\"><article class=\"ee-post post-5564 post type-post status-publish format-standard hentry category-articles-book-chapters tag-obrigacao-tributaria\"><div class=\"ee-post__body ee-post__area\"><a href=\"https:\/\/schoueri.com.br\/en\/contribuicao-ao-estudo-da-obrigacao-tributaria-um-posfacio\/\" class=\"ee-post__title\">\n\t\t\t<h2 class=\"ee-post__title__heading\">Contribui\u00e7\u00e3o ao Estudo da Obriga\u00e7\u00e3o Tribut\u00e1ria: Um Posf\u00e1cio<\/h2>\n\t\t<\/a><div class=\"ee-post__metas ee-post__metas--has-metas\"><ul class=\"ee-post__metas__list display--\"><li class=\"ee-post__meta ee-post__meta--date ee-post__metas__date\"> 22\/10\/2015<span class=\"ee-post__meta__separator\">\u00b7<\/span><\/li><\/ul><\/div><div class=\"ee-post__excerpt\">Download PDF<\/div><div class=\"ee-post__read-more\">\n\t\t\t<a class=\"ee-post__button\" href=\"https:\/\/schoueri.com.br\/en\/contribuicao-ao-estudo-da-obrigacao-tributaria-um-posfacio\/\">\n\t\t\t\tMore\t\t\t<\/a>\n\t\t<\/div><\/div><!-- .ee-post__body --><\/article><!-- .ee-post --><\/div><!-- .ee-loop__item --><div class=\"ee-grid__item ee-loop__item ee-filter-48\"><article class=\"ee-post post-5561 post type-post status-publish format-standard hentry category-articles-book-chapters tag-agio\"><div class=\"ee-post__body ee-post__area\"><a href=\"https:\/\/schoueri.com.br\/en\/a-figura-do-laudo-nas-operacoes-societarias-com-agio-do-retrato-da-expectativa-de-rentabilidade-futura-para-o-retrato-do-valor-justo\/\" class=\"ee-post__title\">\n\t\t\t<h2 class=\"ee-post__title__heading\">A Figura do &#8220;Laudo&#8221; nas Opera\u00e7\u00f5es Societ\u00e1rias com \u00c1gio: do Retrato da Expectativa de Rentabilidade Futura para o Retrato do Valor Justo<\/h2>\n\t\t<\/a><div class=\"ee-post__metas ee-post__metas--has-metas\"><ul class=\"ee-post__metas__list display--\"><li class=\"ee-post__meta ee-post__meta--date ee-post__metas__date\"> 22\/10\/2015<span class=\"ee-post__meta__separator\">\u00b7<\/span><\/li><\/ul><\/div><div class=\"ee-post__excerpt\">Download PDF<\/div><div class=\"ee-post__read-more\">\n\t\t\t<a class=\"ee-post__button\" href=\"https:\/\/schoueri.com.br\/en\/a-figura-do-laudo-nas-operacoes-societarias-com-agio-do-retrato-da-expectativa-de-rentabilidade-futura-para-o-retrato-do-valor-justo\/\">\n\t\t\t\tMore\t\t\t<\/a>\n\t\t<\/div><\/div><!-- .ee-post__body --><\/article><!-- .ee-post --><\/div><!-- .ee-loop__item --><div class=\"ee-grid__item ee-loop__item ee-filter-51\"><article class=\"ee-post post-4462 post type-post status-publish format-standard has-post-thumbnail hentry category-presentations\"><div class=\"ee-post__body ee-post__area\"><a href=\"https:\/\/schoueri.com.br\/en\/so-uma-coisa-doi-mais-que-pagar-imposto-e-pagar-para-pagar-imposto-luis-eduardo-schoueri\/\" class=\"ee-post__title\">\n\t\t\t<h2 class=\"ee-post__title__heading\">&#8220;S\u00f3 uma coisa d\u00f3i mais que pagar imposto. \u00c9 pagar para pagar imposto&#8221; &#8211; Lu\u00eds Eduardo Schoueri<\/h2>\n\t\t<\/a><div class=\"ee-post__metas ee-post__metas--has-metas\"><ul class=\"ee-post__metas__list display--\"><li class=\"ee-post__meta ee-post__meta--date ee-post__metas__date\"> 11\/09\/2015<span class=\"ee-post__meta__separator\">\u00b7<\/span><\/li><\/ul><\/div><div class=\"ee-post__excerpt\">Em evento do Instituto Millenium, professor de direito tribut\u00e1rio da Universidade de S\u00e3o Paulo e&hellip;<\/div><div class=\"ee-post__read-more\">\n\t\t\t<a class=\"ee-post__button\" href=\"https:\/\/schoueri.com.br\/en\/so-uma-coisa-doi-mais-que-pagar-imposto-e-pagar-para-pagar-imposto-luis-eduardo-schoueri\/\">\n\t\t\t\tMore\t\t\t<\/a>\n\t\t<\/div><\/div><!-- .ee-post__body --><\/article><!-- .ee-post --><\/div><!-- .ee-loop__item --><div class=\"ee-grid__item ee-loop__item ee-filter-48\"><article class=\"ee-post post-6415 post type-post status-publish format-standard hentry category-articles-book-chapters\"><div class=\"ee-post__body ee-post__area\"><a href=\"https:\/\/schoueri.com.br\/en\/prefacio-tributacao-internacional-da-renda-a-competitividade-brasileira-a-luz-das-ordens-tributaria-e-economica\/\" class=\"ee-post__title\">\n\t\t\t<h2 class=\"ee-post__title__heading\">Pref\u00e1cio &#8211; Tributa\u00e7\u00e3o Internacional da Renda: a competitividade brasileira \u00e0 luz das ordens tribut\u00e1ria e econ\u00f4mica<\/h2>\n\t\t<\/a><div class=\"ee-post__metas ee-post__metas--has-metas\"><ul class=\"ee-post__metas__list display--\"><li class=\"ee-post__meta ee-post__meta--date ee-post__metas__date\"> 04\/11\/2014<span class=\"ee-post__meta__separator\">\u00b7<\/span><\/li><\/ul><\/div><div class=\"ee-post__excerpt\">Download PDF<\/div><div class=\"ee-post__read-more\">\n\t\t\t<a class=\"ee-post__button\" href=\"https:\/\/schoueri.com.br\/en\/prefacio-tributacao-internacional-da-renda-a-competitividade-brasileira-a-luz-das-ordens-tributaria-e-economica\/\">\n\t\t\t\tMore\t\t\t<\/a>\n\t\t<\/div><\/div><!-- .ee-post__body --><\/article><!-- .ee-post --><\/div><!-- .ee-loop__item --><div class=\"ee-grid__item ee-loop__item ee-filter-51\"><article class=\"ee-post post-5879 post type-post status-publish format-standard has-post-thumbnail hentry category-presentations tag-refis-planejamento-tributario\"><div class=\"ee-post__body ee-post__area\"><a href=\"https:\/\/schoueri.com.br\/en\/refis-e-a-desjudicializacao-do-planejamento-tributario\/\" class=\"ee-post__title\">\n\t\t\t<h2 class=\"ee-post__title__heading\">Refis e a desjudicializa\u00e7\u00e3o do planejamento tribut\u00e1rio<\/h2>\n\t\t<\/a><div class=\"ee-post__metas ee-post__metas--has-metas\"><ul class=\"ee-post__metas__list display--\"><li class=\"ee-post__meta ee-post__meta--date ee-post__metas__date\"> 29\/10\/2014<span class=\"ee-post__meta__separator\">\u00b7<\/span><\/li><\/ul><\/div><div class=\"ee-post__excerpt\">ABRADT &#8211; XVIII Congresso Internacional de Direito Tribut\u00e1rio.Refis e a desjudicializa\u00e7\u00e3o do planejamento tribut\u00e1rio.Lu\u00eds Eduardo&hellip;<\/div><div class=\"ee-post__read-more\">\n\t\t\t<a class=\"ee-post__button\" href=\"https:\/\/schoueri.com.br\/en\/refis-e-a-desjudicializacao-do-planejamento-tributario\/\">\n\t\t\t\tMore\t\t\t<\/a>\n\t\t<\/div><\/div><!-- .ee-post__body --><\/article><!-- .ee-post --><\/div><!-- .ee-loop__item --><div class=\"ee-grid__item ee-loop__item ee-filter-48\"><article class=\"ee-post post-5554 post type-post status-publish format-standard hentry category-articles-book-chapters tag-limites-constitucionais-ao-poder-de-tributar-legalidade\"><div class=\"ee-post__body ee-post__area\"><a href=\"https:\/\/schoueri.com.br\/en\/a-legalidade-e-o-poder-regulamentar-do-estado-atos-da-administracao-como-condicao-para-aplicacao-da-lei-tributaria\/\" class=\"ee-post__title\">\n\t\t\t<h2 class=\"ee-post__title__heading\">A legalidade e o poder regulamentar do Estado: atos da administra\u00e7\u00e3o como condi\u00e7\u00e3o para aplica\u00e7\u00e3o da lei tribut\u00e1ria<\/h2>\n\t\t<\/a><div class=\"ee-post__metas ee-post__metas--has-metas\"><ul class=\"ee-post__metas__list display--\"><li class=\"ee-post__meta ee-post__meta--date ee-post__metas__date\"> 22\/10\/2014<span class=\"ee-post__meta__separator\">\u00b7<\/span><\/li><\/ul><\/div><div class=\"ee-post__excerpt\">Download PDF<\/div><div class=\"ee-post__read-more\">\n\t\t\t<a class=\"ee-post__button\" href=\"https:\/\/schoueri.com.br\/en\/a-legalidade-e-o-poder-regulamentar-do-estado-atos-da-administracao-como-condicao-para-aplicacao-da-lei-tributaria\/\">\n\t\t\t\tMore\t\t\t<\/a>\n\t\t<\/div><\/div><!-- .ee-post__body --><\/article><!-- .ee-post --><\/div><!-- .ee-loop__item --><div class=\"ee-grid__item ee-loop__item ee-filter-48\"><article class=\"ee-post post-5547 post type-post status-publish format-standard hentry category-articles-book-chapters tag-natureza-da-pessoa-juridica\"><div class=\"ee-post__body ee-post__area\"><a href=\"https:\/\/schoueri.com.br\/en\/a-persona-e-o-direito-entre-a-realidade-e-a-ficcao-das-pessoas-juridicas\/\" class=\"ee-post__title\">\n\t\t\t<h2 class=\"ee-post__title__heading\">A persona e o direito: entre a realidade e a fic\u00e7\u00e3o das pessoas jur\u00eddicas<\/h2>\n\t\t<\/a><div class=\"ee-post__metas ee-post__metas--has-metas\"><ul class=\"ee-post__metas__list display--\"><li class=\"ee-post__meta ee-post__meta--date ee-post__metas__date\"> 22\/10\/2014<span class=\"ee-post__meta__separator\">\u00b7<\/span><\/li><\/ul><\/div><div class=\"ee-post__excerpt\">Download PDF<\/div><div class=\"ee-post__read-more\">\n\t\t\t<a class=\"ee-post__button\" href=\"https:\/\/schoueri.com.br\/en\/a-persona-e-o-direito-entre-a-realidade-e-a-ficcao-das-pessoas-juridicas\/\">\n\t\t\t\tMore\t\t\t<\/a>\n\t\t<\/div><\/div><!-- .ee-post__body --><\/article><!-- .ee-post --><\/div><!-- .ee-loop__item --><div class=\"ee-grid__item ee-loop__item ee-filter-48\"><article class=\"ee-post post-5541 post type-post status-publish format-standard hentry category-articles-book-chapters tag-direito-tributario-internacional-international-tax-law\"><div class=\"ee-post__body ee-post__area\"><a href=\"https:\/\/schoueri.com.br\/en\/tax-treaty-override-a-jurisdictional-approach\/\" class=\"ee-post__title\">\n\t\t\t<h2 class=\"ee-post__title__heading\">Tax Treaty Override: A Jurisdictional Approach<\/h2>\n\t\t<\/a><div class=\"ee-post__metas ee-post__metas--has-metas\"><ul class=\"ee-post__metas__list display--\"><li class=\"ee-post__meta ee-post__meta--date ee-post__metas__date\"> 22\/10\/2014<span class=\"ee-post__meta__separator\">\u00b7<\/span><\/li><\/ul><\/div><div class=\"ee-post__excerpt\">Download PDF<\/div><div class=\"ee-post__read-more\">\n\t\t\t<a class=\"ee-post__button\" href=\"https:\/\/schoueri.com.br\/en\/tax-treaty-override-a-jurisdictional-approach\/\">\n\t\t\t\tMore\t\t\t<\/a>\n\t\t<\/div><\/div><!-- .ee-post__body --><\/article><!-- .ee-post --><\/div><!-- .ee-loop__item --><div class=\"ee-grid__item ee-loop__item ee-filter-48\"><article class=\"ee-post post-5536 post type-post status-publish format-standard hentry category-articles-book-chapters tag-direito-tributario-internacional-precos-de-transferencia-international-tax-law-transfer-pricing\"><div class=\"ee-post__body ee-post__area\"><a href=\"https:\/\/schoueri.com.br\/en\/presuncoes-juridicas-arms-length-e-o-conceito-de-custo-para-fins-de-precos-de-transferencia\/\" class=\"ee-post__title\">\n\t\t\t<h2 class=\"ee-post__title__heading\">Presun\u00e7\u00f5es jur\u00eddicas, arm&#8217;s length e o conceito de custo para fins de pre\u00e7os de transfer\u00eancia<\/h2>\n\t\t<\/a><div class=\"ee-post__metas ee-post__metas--has-metas\"><ul class=\"ee-post__metas__list display--\"><li class=\"ee-post__meta ee-post__meta--date ee-post__metas__date\"> 22\/10\/2014<span class=\"ee-post__meta__separator\">\u00b7<\/span><\/li><\/ul><\/div><div class=\"ee-post__excerpt\">Download PDF<\/div><div class=\"ee-post__read-more\">\n\t\t\t<a class=\"ee-post__button\" href=\"https:\/\/schoueri.com.br\/en\/presuncoes-juridicas-arms-length-e-o-conceito-de-custo-para-fins-de-precos-de-transferencia\/\">\n\t\t\t\tMore\t\t\t<\/a>\n\t\t<\/div><\/div><!-- .ee-post__body --><\/article><!-- .ee-post --><\/div><!-- .ee-loop__item --><div class=\"ee-grid__item ee-loop__item ee-filter-48\"><article class=\"ee-post post-5533 post type-post status-publish format-standard hentry category-articles-book-chapters tag-direito-tributario-e-contabilidade-beneficial-ownership\"><div class=\"ee-post__body ee-post__area\"><a href=\"https:\/\/schoueri.com.br\/en\/nova-contabilidade-e-tributacao-da-propriedade-a-beneficial-ownership\/\" class=\"ee-post__title\">\n\t\t\t<h2 class=\"ee-post__title__heading\">Nova contabilidade e tributa\u00e7\u00e3o: da propriedade \u00e0 beneficial ownership<\/h2>\n\t\t<\/a><div class=\"ee-post__metas ee-post__metas--has-metas\"><ul class=\"ee-post__metas__list display--\"><li class=\"ee-post__meta ee-post__meta--date ee-post__metas__date\"> 22\/10\/2014<span class=\"ee-post__meta__separator\">\u00b7<\/span><\/li><\/ul><\/div><div class=\"ee-post__excerpt\">Download PDF<\/div><div class=\"ee-post__read-more\">\n\t\t\t<a class=\"ee-post__button\" href=\"https:\/\/schoueri.com.br\/en\/nova-contabilidade-e-tributacao-da-propriedade-a-beneficial-ownership\/\">\n\t\t\t\tMore\t\t\t<\/a>\n\t\t<\/div><\/div><!-- .ee-post__body --><\/article><!-- .ee-post --><\/div><!-- .ee-loop__item --><div class=\"ee-grid__item ee-loop__item ee-filter-48\"><article class=\"ee-post post-5530 post type-post status-publish format-standard hentry category-articles-book-chapters tag-domicilio-fiscal\"><div class=\"ee-post__body ee-post__area\"><a href=\"https:\/\/schoueri.com.br\/en\/domicilio-fiscal-notificacao-eletronica-e-devido-processo-legal\/\" class=\"ee-post__title\">\n\t\t\t<h2 class=\"ee-post__title__heading\">Domic\u00edlio Fiscal, Notifica\u00e7\u00e3o Eletr\u00f4nica e Devido Processo Legal<\/h2>\n\t\t<\/a><div class=\"ee-post__metas ee-post__metas--has-metas\"><ul class=\"ee-post__metas__list display--\"><li class=\"ee-post__meta ee-post__meta--date ee-post__metas__date\"> 22\/10\/2014<span class=\"ee-post__meta__separator\">\u00b7<\/span><\/li><\/ul><\/div><div class=\"ee-post__excerpt\">Download PDF<\/div><div class=\"ee-post__read-more\">\n\t\t\t<a class=\"ee-post__button\" href=\"https:\/\/schoueri.com.br\/en\/domicilio-fiscal-notificacao-eletronica-e-devido-processo-legal\/\">\n\t\t\t\tMore\t\t\t<\/a>\n\t\t<\/div><\/div><!-- .ee-post__body --><\/article><!-- .ee-post --><\/div><!-- .ee-loop__item --><div class=\"ee-grid__item ee-loop__item ee-filter-51\"><article class=\"ee-post post-5945 post type-post status-publish format-standard has-post-thumbnail hentry category-presentations tag-reforma-tributaria\"><div class=\"ee-post__body ee-post__area\"><a href=\"https:\/\/schoueri.com.br\/en\/juncao-da-tributacao-do-consumo\/\" class=\"ee-post__title\">\n\t\t\t<h2 class=\"ee-post__title__heading\">Jun\u00e7\u00e3o da Tributa\u00e7\u00e3o do Consumo<\/h2>\n\t\t<\/a><div class=\"ee-post__metas ee-post__metas--has-metas\"><ul class=\"ee-post__metas__list display--\"><li class=\"ee-post__meta ee-post__meta--date ee-post__metas__date\"> 29\/10\/2013<span class=\"ee-post__meta__separator\">\u00b7<\/span><\/li><\/ul><\/div><div class=\"ee-post__excerpt\">https:\/\/www.youtube.com\/watch?v=-GRRu15d0NM<\/div><div class=\"ee-post__read-more\">\n\t\t\t<a class=\"ee-post__button\" href=\"https:\/\/schoueri.com.br\/en\/juncao-da-tributacao-do-consumo\/\">\n\t\t\t\tMore\t\t\t<\/a>\n\t\t<\/div><\/div><!-- .ee-post__body --><\/article><!-- .ee-post --><\/div><!-- .ee-loop__item --><div class=\"ee-grid__item ee-loop__item ee-filter-51\"><article class=\"ee-post post-5860 post type-post status-publish format-standard has-post-thumbnail hentry category-presentations\"><div class=\"ee-post__body ee-post__area\"><a href=\"https:\/\/schoueri.com.br\/en\/custo-brasil\/\" class=\"ee-post__title\">\n\t\t\t<h2 class=\"ee-post__title__heading\">Custo Brasil<\/h2>\n\t\t<\/a><div class=\"ee-post__metas ee-post__metas--has-metas\"><ul class=\"ee-post__metas__list display--\"><li class=\"ee-post__meta ee-post__meta--date ee-post__metas__date\"> 29\/10\/2013<span class=\"ee-post__meta__separator\">\u00b7<\/span><\/li><\/ul><\/div><div class=\"ee-post__excerpt\">https:\/\/www.youtube.com\/watch?v=kZhFu8rWeOc&#038;t=6s<\/div><div class=\"ee-post__read-more\">\n\t\t\t<a class=\"ee-post__button\" href=\"https:\/\/schoueri.com.br\/en\/custo-brasil\/\">\n\t\t\t\tMore\t\t\t<\/a>\n\t\t<\/div><\/div><!-- .ee-post__body --><\/article><!-- .ee-post --><\/div><!-- .ee-loop__item --><div class=\"ee-grid__item ee-loop__item ee-filter-51\"><article class=\"ee-post post-5859 post type-post status-publish format-standard has-post-thumbnail hentry category-presentations tag-imposto-de-renda\"><div class=\"ee-post__body ee-post__area\"><a href=\"https:\/\/schoueri.com.br\/en\/racionalizar-o-imposto-de-renda-2\/\" class=\"ee-post__title\">\n\t\t\t<h2 class=\"ee-post__title__heading\">Racionalizar o imposto de renda<\/h2>\n\t\t<\/a><div class=\"ee-post__metas ee-post__metas--has-metas\"><ul class=\"ee-post__metas__list display--\"><li class=\"ee-post__meta ee-post__meta--date ee-post__metas__date\"> 29\/10\/2013<span class=\"ee-post__meta__separator\">\u00b7<\/span><\/li><\/ul><\/div><div class=\"ee-post__excerpt\">https:\/\/www.youtube.com\/watch?v=8iiLBf3bjG0 \u00a0 \u00a0<\/div><div class=\"ee-post__read-more\">\n\t\t\t<a class=\"ee-post__button\" href=\"https:\/\/schoueri.com.br\/en\/racionalizar-o-imposto-de-renda-2\/\">\n\t\t\t\tMore\t\t\t<\/a>\n\t\t<\/div><\/div><!-- .ee-post__body --><\/article><!-- .ee-post --><\/div><!-- .ee-loop__item --><div class=\"ee-grid__item ee-loop__item ee-filter-48\"><article class=\"ee-post post-5526 post type-post status-publish format-standard hentry category-articles-book-chapters tag-direito-tributario-internacional-international-tax-law-tax-sparing\"><div class=\"ee-post__body ee-post__area\"><a href=\"https:\/\/schoueri.com.br\/en\/tax-sparing-a-reconsideration-of-the-reconsideration\/\" class=\"ee-post__title\">\n\t\t\t<h2 class=\"ee-post__title__heading\">Tax sparing: a reconsideration of the reconsideration<\/h2>\n\t\t<\/a><div class=\"ee-post__metas ee-post__metas--has-metas\"><ul class=\"ee-post__metas__list display--\"><li class=\"ee-post__meta ee-post__meta--date ee-post__metas__date\"> 22\/10\/2013<span class=\"ee-post__meta__separator\">\u00b7<\/span><\/li><\/ul><\/div><div class=\"ee-post__excerpt\">Download PDF<\/div><div class=\"ee-post__read-more\">\n\t\t\t<a class=\"ee-post__button\" href=\"https:\/\/schoueri.com.br\/en\/tax-sparing-a-reconsideration-of-the-reconsideration\/\">\n\t\t\t\tMore\t\t\t<\/a>\n\t\t<\/div><\/div><!-- .ee-post__body --><\/article><!-- .ee-post --><\/div><!-- .ee-loop__item --><div class=\"ee-grid__item ee-loop__item ee-filter-48\"><article class=\"ee-post post-5523 post type-post status-publish format-standard hentry category-articles-book-chapters tag-direito-tributario-internacional-servicos-tecnicos-international-tax-law-technical-services\"><div class=\"ee-post__body ee-post__area\"><a href=\"https:\/\/schoueri.com.br\/en\/technical-services-and-the-application-of-article-7-under-brazilian-treaty-practice-a-case-study\/\" class=\"ee-post__title\">\n\t\t\t<h2 class=\"ee-post__title__heading\">Technical services and the application of article 7 under Brazilian treaty practice: a case study<\/h2>\n\t\t<\/a><div class=\"ee-post__metas ee-post__metas--has-metas\"><ul class=\"ee-post__metas__list display--\"><li class=\"ee-post__meta ee-post__meta--date ee-post__metas__date\"> 22\/10\/2013<span class=\"ee-post__meta__separator\">\u00b7<\/span><\/li><\/ul><\/div><div class=\"ee-post__excerpt\">Download PDF<\/div><div class=\"ee-post__read-more\">\n\t\t\t<a class=\"ee-post__button\" href=\"https:\/\/schoueri.com.br\/en\/technical-services-and-the-application-of-article-7-under-brazilian-treaty-practice-a-case-study\/\">\n\t\t\t\tMore\t\t\t<\/a>\n\t\t<\/div><\/div><!-- .ee-post__body --><\/article><!-- .ee-post --><\/div><!-- .ee-loop__item --><div class=\"ee-grid__item ee-loop__item ee-filter-48\"><article class=\"ee-post post-5520 post type-post status-publish format-standard hentry category-articles-book-chapters tag-transparencia-e-sigilo-fiscal-tax-transparency-and-secrecy\"><div class=\"ee-post__body ee-post__area\"><a href=\"https:\/\/schoueri.com.br\/en\/da-antitese-do-sigilo-a-simplicidade-do-sistema-tributario-desafios-da-transparencia-fiscal-internacional\/\" class=\"ee-post__title\">\n\t\t\t<h2 class=\"ee-post__title__heading\">Da ant\u00edtese do sigilo \u00e0 simplicidade do sistema tribut\u00e1rio: desafios da transpar\u00eancia fiscal internacional<\/h2>\n\t\t<\/a><div class=\"ee-post__metas ee-post__metas--has-metas\"><ul class=\"ee-post__metas__list display--\"><li class=\"ee-post__meta ee-post__meta--date ee-post__metas__date\"> 22\/10\/2013<span class=\"ee-post__meta__separator\">\u00b7<\/span><\/li><\/ul><\/div><div class=\"ee-post__excerpt\">Download PDF<\/div><div class=\"ee-post__read-more\">\n\t\t\t<a class=\"ee-post__button\" href=\"https:\/\/schoueri.com.br\/en\/da-antitese-do-sigilo-a-simplicidade-do-sistema-tributario-desafios-da-transparencia-fiscal-internacional\/\">\n\t\t\t\tMore\t\t\t<\/a>\n\t\t<\/div><\/div><!-- .ee-post__body --><\/article><!-- .ee-post --><\/div><!-- .ee-loop__item --><div class=\"ee-grid__item ee-loop__item ee-filter-48\"><article class=\"ee-post post-5517 post type-post status-publish format-standard hentry category-articles-book-chapters tag-transparencia-e-sigilo-fiscal-tax-transparency-and-secrecy\"><div class=\"ee-post__body ee-post__area\"><a href=\"https:\/\/schoueri.com.br\/en\/brazil-tax-secrecy-and-tax-transparency-the-relevance-of-confidentiality-in-tax-law\/\" class=\"ee-post__title\">\n\t\t\t<h2 class=\"ee-post__title__heading\">Brazil &#8211; Tax secrecy and tax transparency: the relevance of confidentiality in tax law<\/h2>\n\t\t<\/a><div class=\"ee-post__metas ee-post__metas--has-metas\"><ul class=\"ee-post__metas__list display--\"><li class=\"ee-post__meta ee-post__meta--date ee-post__metas__date\"> 22\/10\/2013<span class=\"ee-post__meta__separator\">\u00b7<\/span><\/li><\/ul><\/div><div class=\"ee-post__excerpt\">Download PDF<\/div><div class=\"ee-post__read-more\">\n\t\t\t<a class=\"ee-post__button\" href=\"https:\/\/schoueri.com.br\/en\/brazil-tax-secrecy-and-tax-transparency-the-relevance-of-confidentiality-in-tax-law\/\">\n\t\t\t\tMore\t\t\t<\/a>\n\t\t<\/div><\/div><!-- .ee-post__body --><\/article><!-- .ee-post --><\/div><!-- .ee-loop__item --><div class=\"ee-grid__item ee-loop__item ee-filter-48\"><article class=\"ee-post post-5514 post type-post status-publish format-standard hentry category-articles-book-chapters tag-direito-tributario-internacional-international-tax-law\"><div class=\"ee-post__body ee-post__area\"><a href=\"https:\/\/schoueri.com.br\/en\/relatorio-do-v-congresso-brasileiro-de-direito-tributario-internacional-do-ibdt\/\" class=\"ee-post__title\">\n\t\t\t<h2 class=\"ee-post__title__heading\">Relat\u00f3rio do V Congresso Brasileiro de Direito Tribut\u00e1rio Internacional do IBDT<\/h2>\n\t\t<\/a><div class=\"ee-post__metas ee-post__metas--has-metas\"><ul class=\"ee-post__metas__list display--\"><li class=\"ee-post__meta ee-post__meta--date ee-post__metas__date\"> 22\/10\/2013<span class=\"ee-post__meta__separator\">\u00b7<\/span><\/li><\/ul><\/div><div class=\"ee-post__excerpt\">Download PDF<\/div><div class=\"ee-post__read-more\">\n\t\t\t<a class=\"ee-post__button\" href=\"https:\/\/schoueri.com.br\/en\/relatorio-do-v-congresso-brasileiro-de-direito-tributario-internacional-do-ibdt\/\">\n\t\t\t\tMore\t\t\t<\/a>\n\t\t<\/div><\/div><!-- .ee-post__body --><\/article><!-- .ee-post --><\/div><!-- .ee-loop__item --><div class=\"ee-grid__item ee-loop__item ee-filter-48\"><article class=\"ee-post post-5511 post type-post status-publish format-standard hentry category-articles-book-chapters tag-imposto-de-renda-direito-tributario-e-contabilidade\"><div class=\"ee-post__body ee-post__area\"><a href=\"https:\/\/schoueri.com.br\/en\/a-limitacao-a-isencao-dos-dividendos-pelo-parecer-pgfn-cat-202-2013\/\" class=\"ee-post__title\">\n\t\t\t<h2 class=\"ee-post__title__heading\">A limita\u00e7\u00e3o \u00e0 isen\u00e7\u00e3o dos dividendos pelo Parecer PGFN\/CAT 202\/2013<\/h2>\n\t\t<\/a><div class=\"ee-post__metas ee-post__metas--has-metas\"><ul class=\"ee-post__metas__list display--\"><li class=\"ee-post__meta ee-post__meta--date ee-post__metas__date\"> 22\/10\/2013<span class=\"ee-post__meta__separator\">\u00b7<\/span><\/li><\/ul><\/div><div class=\"ee-post__excerpt\">Download PDF<\/div><div class=\"ee-post__read-more\">\n\t\t\t<a class=\"ee-post__button\" href=\"https:\/\/schoueri.com.br\/en\/a-limitacao-a-isencao-dos-dividendos-pelo-parecer-pgfn-cat-202-2013\/\">\n\t\t\t\tMore\t\t\t<\/a>\n\t\t<\/div><\/div><!-- .ee-post__body --><\/article><!-- .ee-post --><\/div><!-- .ee-loop__item --><div class=\"ee-grid__item ee-loop__item ee-filter-48\"><article class=\"ee-post post-5508 post type-post status-publish format-standard hentry category-articles-book-chapters tag-transparencia-e-sigilo-fiscal-tax-transparency-and-secrecy\"><div class=\"ee-post__body ee-post__area\"><a href=\"https:\/\/schoueri.com.br\/en\/transparency-from-tax-secrecy-to-the-simplicity-and-reliability-of-the-tax-system\/\" class=\"ee-post__title\">\n\t\t\t<h2 class=\"ee-post__title__heading\">Transparency: from tax secrecy to the simplicity and reliability of the tax system<\/h2>\n\t\t<\/a><div class=\"ee-post__metas ee-post__metas--has-metas\"><ul class=\"ee-post__metas__list display--\"><li class=\"ee-post__meta ee-post__meta--date ee-post__metas__date\"> 22\/10\/2013<span class=\"ee-post__meta__separator\">\u00b7<\/span><\/li><\/ul><\/div><div class=\"ee-post__excerpt\">Download PDF<\/div><div class=\"ee-post__read-more\">\n\t\t\t<a class=\"ee-post__button\" href=\"https:\/\/schoueri.com.br\/en\/transparency-from-tax-secrecy-to-the-simplicity-and-reliability-of-the-tax-system\/\">\n\t\t\t\tMore\t\t\t<\/a>\n\t\t<\/div><\/div><!-- .ee-post__body --><\/article><!-- .ee-post --><\/div><!-- .ee-loop__item --><div class=\"ee-grid__item ee-loop__item ee-filter-48\"><article class=\"ee-post post-5506 post type-post status-publish format-standard hentry category-articles-book-chapters tag-seguranca-juridica-modulacao-de-efeitos\"><div class=\"ee-post__body ee-post__area\"><a href=\"https:\/\/schoueri.com.br\/en\/reflexoes-sobre-a-modulacao-dos-efeitos-das-decisoes-judiciais-a-partir-da-jurisprudencia-recente-do-stf\/\" class=\"ee-post__title\">\n\t\t\t<h2 class=\"ee-post__title__heading\">Reflex\u00f5es sobre a modula\u00e7\u00e3o dos efeitos das decis\u00f5es judiciais a partir da jurisprud\u00eancia recente do STF<\/h2>\n\t\t<\/a><div class=\"ee-post__metas ee-post__metas--has-metas\"><ul class=\"ee-post__metas__list display--\"><li class=\"ee-post__meta ee-post__meta--date ee-post__metas__date\"> 22\/10\/2013<span class=\"ee-post__meta__separator\">\u00b7<\/span><\/li><\/ul><\/div><div class=\"ee-post__excerpt\">Download PDF<\/div><div class=\"ee-post__read-more\">\n\t\t\t<a class=\"ee-post__button\" href=\"https:\/\/schoueri.com.br\/en\/reflexoes-sobre-a-modulacao-dos-efeitos-das-decisoes-judiciais-a-partir-da-jurisprudencia-recente-do-stf\/\">\n\t\t\t\tMore\t\t\t<\/a>\n\t\t<\/div><\/div><!-- .ee-post__body --><\/article><!-- .ee-post --><\/div><!-- .ee-loop__item --><div class=\"ee-grid__item ee-loop__item ee-filter-48\"><article class=\"ee-post post-5500 post type-post status-publish format-standard hentry category-articles-book-chapters tag-imunidades\"><div class=\"ee-post__body ee-post__area\"><a href=\"https:\/\/schoueri.com.br\/en\/o-supremo-tribunal-federal-e-a-imunidade-tributaria-dos-cemiterios-templos-de-qualquer-culto\/\" class=\"ee-post__title\">\n\t\t\t<h2 class=\"ee-post__title__heading\">O Supremo Tribunal Federal e a imunidade tribut\u00e1ria dos cemit\u00e9rios: templos de qualquer culto<\/h2>\n\t\t<\/a><div class=\"ee-post__metas ee-post__metas--has-metas\"><ul class=\"ee-post__metas__list display--\"><li class=\"ee-post__meta ee-post__meta--date ee-post__metas__date\"> 21\/10\/2013<span class=\"ee-post__meta__separator\">\u00b7<\/span><\/li><\/ul><\/div><div class=\"ee-post__excerpt\">Download PDF<\/div><div class=\"ee-post__read-more\">\n\t\t\t<a class=\"ee-post__button\" href=\"https:\/\/schoueri.com.br\/en\/o-supremo-tribunal-federal-e-a-imunidade-tributaria-dos-cemiterios-templos-de-qualquer-culto\/\">\n\t\t\t\tMore\t\t\t<\/a>\n\t\t<\/div><\/div><!-- .ee-post__body --><\/article><!-- .ee-post --><\/div><!-- .ee-loop__item --><div class=\"ee-grid__item ee-loop__item ee-filter-48\"><article class=\"ee-post post-5482 post type-post status-publish format-standard hentry category-articles-book-chapters tag-direito-tributario-internacional-precos-de-transferencia-international-tax-law-transfer-pricing\"><div class=\"ee-post__body ee-post__area\"><a href=\"https:\/\/schoueri.com.br\/en\/o-principio-arms-length-em-um-panorama-internacional-nova-perspectiva-a-denuncia-de-acordos-de-bitributacao\/\" class=\"ee-post__title\">\n\t\t\t<h2 class=\"ee-post__title__heading\">O princ\u00edpio arm&#8217;s length em um panorama internacional nova perspectiva \u00e0 den\u00fancia de acordos de bitributa\u00e7\u00e3o<\/h2>\n\t\t<\/a><div class=\"ee-post__metas ee-post__metas--has-metas\"><ul class=\"ee-post__metas__list display--\"><li class=\"ee-post__meta ee-post__meta--date ee-post__metas__date\"> 21\/10\/2013<span class=\"ee-post__meta__separator\">\u00b7<\/span><\/li><\/ul><\/div><div class=\"ee-post__excerpt\">Download PDF<\/div><div class=\"ee-post__read-more\">\n\t\t\t<a class=\"ee-post__button\" href=\"https:\/\/schoueri.com.br\/en\/o-principio-arms-length-em-um-panorama-internacional-nova-perspectiva-a-denuncia-de-acordos-de-bitributacao\/\">\n\t\t\t\tMore\t\t\t<\/a>\n\t\t<\/div><\/div><!-- .ee-post__body --><\/article><!-- .ee-post --><\/div><!-- .ee-loop__item --><div class=\"ee-grid__item ee-loop__item ee-filter-48\"><article class=\"ee-post post-5479 post type-post status-publish format-standard hentry category-articles-book-chapters tag-direito-tributario-internacional-international-tax-law tag-direitos-humanos tag-human-rights\"><div class=\"ee-post__body ee-post__area\"><a href=\"https:\/\/schoueri.com.br\/en\/o-principio-do-nao-retrocesso-como-nova-perspectiva-a-denuncia-de-acordos-de-bitributacao\/\" class=\"ee-post__title\">\n\t\t\t<h2 class=\"ee-post__title__heading\">O princ\u00edpio do n\u00e3o retrocesso como nova perspectiva \u00e0 den\u00fancia de acordos de bitributa\u00e7\u00e3o<\/h2>\n\t\t<\/a><div class=\"ee-post__metas ee-post__metas--has-metas\"><ul class=\"ee-post__metas__list display--\"><li class=\"ee-post__meta ee-post__meta--date ee-post__metas__date\"> 21\/10\/2013<span class=\"ee-post__meta__separator\">\u00b7<\/span><\/li><\/ul><\/div><div class=\"ee-post__excerpt\">Download PDF<\/div><div class=\"ee-post__read-more\">\n\t\t\t<a class=\"ee-post__button\" href=\"https:\/\/schoueri.com.br\/en\/o-principio-do-nao-retrocesso-como-nova-perspectiva-a-denuncia-de-acordos-de-bitributacao\/\">\n\t\t\t\tMore\t\t\t<\/a>\n\t\t<\/div><\/div><!-- .ee-post__body --><\/article><!-- .ee-post --><\/div><!-- .ee-loop__item --><div class=\"ee-grid__item ee-loop__item ee-filter-48\"><article class=\"ee-post post-5476 post type-post status-publish format-standard hentry category-articles-book-chapters tag-disponibilidade tag-imposto-de-renda\"><div class=\"ee-post__body ee-post__area\"><a href=\"https:\/\/schoueri.com.br\/en\/o-conceito-de-renda-e-o-artigo-43-do-codigo-tributario-nacional-entre-a-disponibilidade-economica-e-a-disponibilidade-juridica\/\" class=\"ee-post__title\">\n\t\t\t<h2 class=\"ee-post__title__heading\">O conceito de renda e o artigo 43 do C\u00f3digo Tribut\u00e1rio Nacional: entre a disponibilidade econ\u00f4mica e a disponibilidade jur\u00eddica<\/h2>\n\t\t<\/a><div class=\"ee-post__metas ee-post__metas--has-metas\"><ul class=\"ee-post__metas__list display--\"><li class=\"ee-post__meta ee-post__meta--date ee-post__metas__date\"> 21\/10\/2013<span class=\"ee-post__meta__separator\">\u00b7<\/span><\/li><\/ul><\/div><div class=\"ee-post__excerpt\">Download PDF<\/div><div class=\"ee-post__read-more\">\n\t\t\t<a class=\"ee-post__button\" href=\"https:\/\/schoueri.com.br\/en\/o-conceito-de-renda-e-o-artigo-43-do-codigo-tributario-nacional-entre-a-disponibilidade-economica-e-a-disponibilidade-juridica\/\">\n\t\t\t\tMore\t\t\t<\/a>\n\t\t<\/div><\/div><!-- .ee-post__body --><\/article><!-- .ee-post --><\/div><!-- .ee-loop__item --><div class=\"ee-grid__item ee-loop__item ee-filter-48\"><article class=\"ee-post post-5472 post type-post status-publish format-standard hentry category-articles-book-chapters tag-direito-tributario-internacional-lucros-no-exterior-international-tax-law-worldwide-income\"><div class=\"ee-post__body ee-post__area\"><a href=\"https:\/\/schoueri.com.br\/en\/lucros-no-exterior-e-acordos-de-bitributacao-reflexoes-sobre-a-solucao-de-consulta-interna-n-18-2013\/\" class=\"ee-post__title\">\n\t\t\t<h2 class=\"ee-post__title__heading\">Lucros no exterior e acordos de bitributa\u00e7\u00e3o: reflex\u00f5es sobre a Solu\u00e7\u00e3o de Consulta Interna n. 18\/2013<\/h2>\n\t\t<\/a><div class=\"ee-post__metas ee-post__metas--has-metas\"><ul class=\"ee-post__metas__list display--\"><li class=\"ee-post__meta ee-post__meta--date ee-post__metas__date\"> 21\/10\/2013<span class=\"ee-post__meta__separator\">\u00b7<\/span><\/li><\/ul><\/div><div class=\"ee-post__excerpt\">Download PDF<\/div><div class=\"ee-post__read-more\">\n\t\t\t<a class=\"ee-post__button\" href=\"https:\/\/schoueri.com.br\/en\/lucros-no-exterior-e-acordos-de-bitributacao-reflexoes-sobre-a-solucao-de-consulta-interna-n-18-2013\/\">\n\t\t\t\tMore\t\t\t<\/a>\n\t\t<\/div><\/div><!-- .ee-post__body --><\/article><!-- .ee-post --><\/div><!-- .ee-loop__item --><div class=\"ee-grid__item ee-loop__item ee-filter-48\"><article class=\"ee-post post-6414 post type-post status-publish format-standard hentry category-articles-book-chapters\"><div class=\"ee-post__body ee-post__area\"><a href=\"https:\/\/schoueri.com.br\/en\/prefacio-o-principio-da-realizacao-da-renda-2\/\" class=\"ee-post__title\">\n\t\t\t<h2 class=\"ee-post__title__heading\">Pref\u00e1cio &#8211; O Princ\u00edpio da Realiza\u00e7\u00e3o da Renda<\/h2>\n\t\t<\/a><div class=\"ee-post__metas ee-post__metas--has-metas\"><ul class=\"ee-post__metas__list display--\"><li class=\"ee-post__meta ee-post__meta--date ee-post__metas__date\"> 04\/11\/2012<span class=\"ee-post__meta__separator\">\u00b7<\/span><\/li><\/ul><\/div><div class=\"ee-post__excerpt\">IBFD<\/div><div class=\"ee-post__read-more\">\n\t\t\t<a class=\"ee-post__button\" href=\"https:\/\/schoueri.com.br\/en\/prefacio-o-principio-da-realizacao-da-renda-2\/\">\n\t\t\t\tMore\t\t\t<\/a>\n\t\t<\/div><\/div><!-- .ee-post__body --><\/article><!-- .ee-post --><\/div><!-- .ee-loop__item --><div class=\"ee-grid__item ee-loop__item ee-filter-48\"><article class=\"ee-post post-6412 post type-post status-publish format-standard hentry category-articles-book-chapters\"><div class=\"ee-post__body ee-post__area\"><a href=\"https:\/\/schoueri.com.br\/en\/prefacio-o-principio-da-realizacao-da-renda\/\" class=\"ee-post__title\">\n\t\t\t<h2 class=\"ee-post__title__heading\">Pref\u00e1cio &#8211; O Princ\u00edpio da Realiza\u00e7\u00e3o da Renda<\/h2>\n\t\t<\/a><div class=\"ee-post__metas ee-post__metas--has-metas\"><ul class=\"ee-post__metas__list display--\"><li class=\"ee-post__meta ee-post__meta--date ee-post__metas__date\"> 04\/11\/2012<span class=\"ee-post__meta__separator\">\u00b7<\/span><\/li><\/ul><\/div><div class=\"ee-post__excerpt\">Download PDF<\/div><div class=\"ee-post__read-more\">\n\t\t\t<a class=\"ee-post__button\" href=\"https:\/\/schoueri.com.br\/en\/prefacio-o-principio-da-realizacao-da-renda\/\">\n\t\t\t\tMore\t\t\t<\/a>\n\t\t<\/div><\/div><!-- .ee-post__body --><\/article><!-- .ee-post --><\/div><!-- .ee-loop__item --><div class=\"ee-grid__item ee-loop__item ee-filter-48\"><article class=\"ee-post post-6410 post type-post status-publish format-standard hentry category-articles-book-chapters\"><div class=\"ee-post__body ee-post__area\"><a href=\"https:\/\/schoueri.com.br\/en\/prefacio-substituicao-tributaria-e-proporcionalidade-entre-capacidade-contributiva-e-praticabilidade\/\" class=\"ee-post__title\">\n\t\t\t<h2 class=\"ee-post__title__heading\">Pref\u00e1cio &#8211; Substitui\u00e7\u00e3o tribut\u00e1ria e proporcionalidade: entre capacidade contributiva e praticabilidade<\/h2>\n\t\t<\/a><div class=\"ee-post__metas ee-post__metas--has-metas\"><ul class=\"ee-post__metas__list display--\"><li class=\"ee-post__meta ee-post__meta--date ee-post__metas__date\"> 04\/11\/2012<span class=\"ee-post__meta__separator\">\u00b7<\/span><\/li><\/ul><\/div><div class=\"ee-post__excerpt\">Download PDF<\/div><div class=\"ee-post__read-more\">\n\t\t\t<a class=\"ee-post__button\" href=\"https:\/\/schoueri.com.br\/en\/prefacio-substituicao-tributaria-e-proporcionalidade-entre-capacidade-contributiva-e-praticabilidade\/\">\n\t\t\t\tMore\t\t\t<\/a>\n\t\t<\/div><\/div><!-- .ee-post__body --><\/article><!-- .ee-post --><\/div><!-- .ee-loop__item --><div class=\"ee-grid__item ee-loop__item ee-filter-48\"><article class=\"ee-post post-6408 post type-post status-publish format-standard hentry category-articles-book-chapters\"><div class=\"ee-post__body ee-post__area\"><a href=\"https:\/\/schoueri.com.br\/en\/foreword-international-trade-subsidy-rules-and-tax-and-financial-export-incentives\/\" class=\"ee-post__title\">\n\t\t\t<h2 class=\"ee-post__title__heading\">Foreword &#8211; International trade subsidy rules and tax and financial export incentives<\/h2>\n\t\t<\/a><div class=\"ee-post__metas ee-post__metas--has-metas\"><ul class=\"ee-post__metas__list display--\"><li class=\"ee-post__meta ee-post__meta--date ee-post__metas__date\"> 04\/11\/2012<span class=\"ee-post__meta__separator\">\u00b7<\/span><\/li><\/ul><\/div><div class=\"ee-post__excerpt\">Download PDF<\/div><div class=\"ee-post__read-more\">\n\t\t\t<a class=\"ee-post__button\" href=\"https:\/\/schoueri.com.br\/en\/foreword-international-trade-subsidy-rules-and-tax-and-financial-export-incentives\/\">\n\t\t\t\tMore\t\t\t<\/a>\n\t\t<\/div><\/div><!-- .ee-post__body --><\/article><!-- .ee-post --><\/div><!-- .ee-loop__item --><div class=\"ee-grid__item ee-loop__item ee-filter-51\"><article class=\"ee-post post-5871 post type-post status-publish format-standard has-post-thumbnail hentry category-presentations tag-direito-tributario-internacional-international-tax-law-tax-sparing\"><div class=\"ee-post__body ee-post__area\"><a href=\"https:\/\/schoueri.com.br\/en\/tax-sparing-in-tax-treaties\/\" class=\"ee-post__title\">\n\t\t\t<h2 class=\"ee-post__title__heading\">Tax Sparing in Tax Treaties<\/h2>\n\t\t<\/a><div class=\"ee-post__metas ee-post__metas--has-metas\"><ul class=\"ee-post__metas__list display--\"><li class=\"ee-post__meta ee-post__meta--date ee-post__metas__date\"> 29\/10\/2012<span class=\"ee-post__meta__separator\">\u00b7<\/span><\/li><\/ul><\/div><div class=\"ee-post__excerpt\">Lu\u00eds Eduardo Schoueri (University of S\u00e3o Paulo) at The Academy of Global Governance (EUI) https:\/\/www.youtube.com\/watch?v=Q18iOUkg4qM<\/div><div class=\"ee-post__read-more\">\n\t\t\t<a class=\"ee-post__button\" href=\"https:\/\/schoueri.com.br\/en\/tax-sparing-in-tax-treaties\/\">\n\t\t\t\tMore\t\t\t<\/a>\n\t\t<\/div><\/div><!-- .ee-post__body --><\/article><!-- .ee-post --><\/div><!-- .ee-loop__item --><div class=\"ee-grid__item ee-loop__item ee-filter-51\"><article class=\"ee-post post-5846 post type-post status-publish format-standard has-post-thumbnail hentry category-presentations tag-precos-de-transferencia\"><div class=\"ee-post__body ee-post__area\"><a href=\"https:\/\/schoueri.com.br\/en\/atualidades-sobre-os-precos-de-transferencia\/\" class=\"ee-post__title\">\n\t\t\t<h2 class=\"ee-post__title__heading\">Atualidades sobre os Pre\u00e7os de Transfer\u00eancia<\/h2>\n\t\t<\/a><div class=\"ee-post__metas ee-post__metas--has-metas\"><ul class=\"ee-post__metas__list display--\"><li class=\"ee-post__meta ee-post__meta--date ee-post__metas__date\"> 29\/10\/2012<span class=\"ee-post__meta__separator\">\u00b7<\/span><\/li><\/ul><\/div><div class=\"ee-post__excerpt\">ABRADT &#8211; XVI Congresso Internacional de Direito Tribut\u00e1rio \u00a0 https:\/\/www.youtube.com\/watch?v=6UTTRBwcY4A&#038;t=3s<\/div><div class=\"ee-post__read-more\">\n\t\t\t<a class=\"ee-post__button\" href=\"https:\/\/schoueri.com.br\/en\/atualidades-sobre-os-precos-de-transferencia\/\">\n\t\t\t\tMore\t\t\t<\/a>\n\t\t<\/div><\/div><!-- .ee-post__body --><\/article><!-- .ee-post --><\/div><!-- .ee-loop__item --><div class=\"ee-grid__item ee-loop__item ee-filter-51\"><article class=\"ee-post post-5835 post type-post status-publish format-standard has-post-thumbnail hentry category-presentations tag-imunidades\"><div class=\"ee-post__body ee-post__area\"><a href=\"https:\/\/schoueri.com.br\/en\/sustentacao-no-supremo-tribunal-federal-imunidade-dos-templos-de-qualquer-culto-cemiterios-re-544815\/\" class=\"ee-post__title\">\n\t\t\t<h2 class=\"ee-post__title__heading\">Sustenta\u00e7\u00e3o no Supremo Tribunal Federal &#8211; Imunidade dos Templos de Qualquer Culto &#8211; Cemit\u00e9rios &#8211; RE 544815<\/h2>\n\t\t<\/a><div class=\"ee-post__metas ee-post__metas--has-metas\"><ul class=\"ee-post__metas__list display--\"><li class=\"ee-post__meta ee-post__meta--date ee-post__metas__date\"> 29\/10\/2012<span class=\"ee-post__meta__separator\">\u00b7<\/span><\/li><\/ul><\/div><div class=\"ee-post__excerpt\">Sustenta\u00e7\u00e3o Oral no Supremo Tribunal Federal, no RE 544.815\/SP \u00a0 https:\/\/www.youtube.com\/watch?v=kIhG3lJgPWQ<\/div><div class=\"ee-post__read-more\">\n\t\t\t<a class=\"ee-post__button\" href=\"https:\/\/schoueri.com.br\/en\/sustentacao-no-supremo-tribunal-federal-imunidade-dos-templos-de-qualquer-culto-cemiterios-re-544815\/\">\n\t\t\t\tMore\t\t\t<\/a>\n\t\t<\/div><\/div><!-- .ee-post__body --><\/article><!-- .ee-post --><\/div><!-- .ee-loop__item --><div class=\"ee-grid__item ee-loop__item ee-filter-48\"><article class=\"ee-post post-5469 post type-post status-publish format-standard hentry category-articles-book-chapters tag-competencia-tributaria\"><div class=\"ee-post__body ee-post__area\"><a href=\"https:\/\/schoueri.com.br\/en\/a-lei-complementar-e-a-reparticao-de-competencias-tributarias\/\" class=\"ee-post__title\">\n\t\t\t<h2 class=\"ee-post__title__heading\">A lei complementar e a reparti\u00e7\u00e3o de compet\u00eancias tribut\u00e1rias<\/h2>\n\t\t<\/a><div class=\"ee-post__metas ee-post__metas--has-metas\"><ul class=\"ee-post__metas__list display--\"><li class=\"ee-post__meta ee-post__meta--date ee-post__metas__date\"> 21\/10\/2012<span class=\"ee-post__meta__separator\">\u00b7<\/span><\/li><\/ul><\/div><div class=\"ee-post__excerpt\">Download PDF<\/div><div class=\"ee-post__read-more\">\n\t\t\t<a class=\"ee-post__button\" href=\"https:\/\/schoueri.com.br\/en\/a-lei-complementar-e-a-reparticao-de-competencias-tributarias\/\">\n\t\t\t\tMore\t\t\t<\/a>\n\t\t<\/div><\/div><!-- .ee-post__body --><\/article><!-- .ee-post --><\/div><!-- .ee-loop__item --><div class=\"ee-grid__item ee-loop__item ee-filter-48\"><article class=\"ee-post post-5466 post type-post status-publish format-standard hentry category-articles-book-chapters tag-direito-tributario-internacional-precos-de-transferencia-international-tax-law-transfer-pricing\"><div class=\"ee-post__body ee-post__area\"><a href=\"https:\/\/schoueri.com.br\/en\/aspectos-gerais-das-regras-de-precos-de-transferencia-para-as-industrias\/\" class=\"ee-post__title\">\n\t\t\t<h2 class=\"ee-post__title__heading\">Aspectos gerais das regras de pre\u00e7os de transfer\u00eancia para as ind\u00fastrias<\/h2>\n\t\t<\/a><div class=\"ee-post__metas ee-post__metas--has-metas\"><ul class=\"ee-post__metas__list display--\"><li class=\"ee-post__meta ee-post__meta--date ee-post__metas__date\"> 21\/10\/2012<span class=\"ee-post__meta__separator\">\u00b7<\/span><\/li><\/ul><\/div><div class=\"ee-post__excerpt\">Download PDF<\/div><div class=\"ee-post__read-more\">\n\t\t\t<a class=\"ee-post__button\" href=\"https:\/\/schoueri.com.br\/en\/aspectos-gerais-das-regras-de-precos-de-transferencia-para-as-industrias\/\">\n\t\t\t\tMore\t\t\t<\/a>\n\t\t<\/div><\/div><!-- .ee-post__body --><\/article><!-- .ee-post --><\/div><!-- .ee-loop__item --><div class=\"ee-grid__item ee-loop__item ee-filter-48\"><article class=\"ee-post post-5463 post type-post status-publish format-standard hentry category-articles-book-chapters tag-direito-tributario-internacional-international-tax-law\"><div class=\"ee-post__body ee-post__area\"><a href=\"https:\/\/schoueri.com.br\/en\/brazil-the-impact-of-the-oecd-and-un-model-conventions-on-bilateral-tax-treaties\/\" class=\"ee-post__title\">\n\t\t\t<h2 class=\"ee-post__title__heading\">Brazil &#8211; The impact of the OECD and UN Model Conventions on bilateral tax treaties<\/h2>\n\t\t<\/a><div class=\"ee-post__metas ee-post__metas--has-metas\"><ul class=\"ee-post__metas__list display--\"><li class=\"ee-post__meta ee-post__meta--date ee-post__metas__date\"> 21\/10\/2012<span class=\"ee-post__meta__separator\">\u00b7<\/span><\/li><\/ul><\/div><div class=\"ee-post__excerpt\">Download PDF<\/div><div class=\"ee-post__read-more\">\n\t\t\t<a class=\"ee-post__button\" href=\"https:\/\/schoueri.com.br\/en\/brazil-the-impact-of-the-oecd-and-un-model-conventions-on-bilateral-tax-treaties\/\">\n\t\t\t\tMore\t\t\t<\/a>\n\t\t<\/div><\/div><!-- .ee-post__body --><\/article><!-- .ee-post --><\/div><!-- .ee-loop__item --><div class=\"ee-grid__item ee-loop__item ee-filter-48\"><article class=\"ee-post post-5460 post type-post status-publish format-standard hentry category-articles-book-chapters tag-direito-tributario-internacional-international-tax-law\"><div class=\"ee-post__body ee-post__area\"><a href=\"https:\/\/schoueri.com.br\/en\/globalization-challenges-from-a-brazilian-perspective\/\" class=\"ee-post__title\">\n\t\t\t<h2 class=\"ee-post__title__heading\">Globalization challenges from a Brazilian perspective<\/h2>\n\t\t<\/a><div class=\"ee-post__metas ee-post__metas--has-metas\"><ul class=\"ee-post__metas__list display--\"><li class=\"ee-post__meta ee-post__meta--date ee-post__metas__date\"> 21\/10\/2012<span class=\"ee-post__meta__separator\">\u00b7<\/span><\/li><\/ul><\/div><div class=\"ee-post__excerpt\">Download PDF<\/div><div class=\"ee-post__read-more\">\n\t\t\t<a class=\"ee-post__button\" href=\"https:\/\/schoueri.com.br\/en\/globalization-challenges-from-a-brazilian-perspective\/\">\n\t\t\t\tMore\t\t\t<\/a>\n\t\t<\/div><\/div><!-- .ee-post__body --><\/article><!-- .ee-post --><\/div><!-- .ee-loop__item --><div class=\"ee-grid__item ee-loop__item ee-filter-48\"><article class=\"ee-post post-5457 post type-post status-publish format-standard hentry category-articles-book-chapters tag-direito-tributario-e-contabilidade-juros-sobre-capital-proprio\"><div class=\"ee-post__body ee-post__area\"><a href=\"https:\/\/schoueri.com.br\/en\/juros-sobre-capital-proprio-natureza-juridica-e-forma-de-apuracao-diante-da-nova-contabilidade\/\" class=\"ee-post__title\">\n\t\t\t<h2 class=\"ee-post__title__heading\">Juros sobre capital pr\u00f3prio: natureza jur\u00eddica e forma de apura\u00e7\u00e3o diante da &#8216;Nova Contabilidade&#8217;<\/h2>\n\t\t<\/a><div class=\"ee-post__metas ee-post__metas--has-metas\"><ul class=\"ee-post__metas__list display--\"><li class=\"ee-post__meta ee-post__meta--date ee-post__metas__date\"> 21\/10\/2012<span class=\"ee-post__meta__separator\">\u00b7<\/span><\/li><\/ul><\/div><div class=\"ee-post__excerpt\">Download PDF<\/div><div class=\"ee-post__read-more\">\n\t\t\t<a class=\"ee-post__button\" href=\"https:\/\/schoueri.com.br\/en\/juros-sobre-capital-proprio-natureza-juridica-e-forma-de-apuracao-diante-da-nova-contabilidade\/\">\n\t\t\t\tMore\t\t\t<\/a>\n\t\t<\/div><\/div><!-- .ee-post__body --><\/article><!-- .ee-post --><\/div><!-- .ee-loop__item --><div class=\"ee-grid__item ee-loop__item ee-filter-48\"><article class=\"ee-post post-5455 post type-post status-publish format-standard hentry category-articles-book-chapters tag-direito-tributario-internacional-international-tax-law\"><div class=\"ee-post__body ee-post__area\"><a href=\"https:\/\/schoueri.com.br\/en\/the-use-of-tax-loss-carry-forwards-in-brazil-look-but-dont-touch\/\" class=\"ee-post__title\">\n\t\t\t<h2 class=\"ee-post__title__heading\">The use of tax loss carry-forwards in Brazil: look, but don&#8217;t touch<\/h2>\n\t\t<\/a><div class=\"ee-post__metas ee-post__metas--has-metas\"><ul class=\"ee-post__metas__list display--\"><li class=\"ee-post__meta ee-post__meta--date ee-post__metas__date\"> 21\/10\/2012<span class=\"ee-post__meta__separator\">\u00b7<\/span><\/li><\/ul><\/div><div class=\"ee-post__excerpt\">IBFD<\/div><div class=\"ee-post__read-more\">\n\t\t\t<a class=\"ee-post__button\" href=\"https:\/\/schoueri.com.br\/en\/the-use-of-tax-loss-carry-forwards-in-brazil-look-but-dont-touch\/\">\n\t\t\t\tMore\t\t\t<\/a>\n\t\t<\/div><\/div><!-- .ee-post__body --><\/article><!-- .ee-post --><\/div><!-- .ee-loop__item --><div class=\"ee-grid__item ee-loop__item ee-filter-48\"><article class=\"ee-post post-5450 post type-post status-publish format-standard hentry category-articles-book-chapters tag-direito-tributario-internacional-international-tax-law\"><div class=\"ee-post__body ee-post__area\"><a href=\"https:\/\/schoueri.com.br\/en\/regras-de-residencia-fiscal-da-pessoa-fisica-no-direito-comparado-e-no-direito-brasileiro\/\" class=\"ee-post__title\">\n\t\t\t<h2 class=\"ee-post__title__heading\">Regras de Resid\u00eancia Fiscal da Pessoa F\u00edsica no Direito Comparado e no Direito Brasileiro<\/h2>\n\t\t<\/a><div class=\"ee-post__metas ee-post__metas--has-metas\"><ul class=\"ee-post__metas__list display--\"><li class=\"ee-post__meta ee-post__meta--date ee-post__metas__date\"> 21\/10\/2012<span class=\"ee-post__meta__separator\">\u00b7<\/span><\/li><\/ul><\/div><div class=\"ee-post__excerpt\">Download PDF<\/div><div class=\"ee-post__read-more\">\n\t\t\t<a class=\"ee-post__button\" href=\"https:\/\/schoueri.com.br\/en\/regras-de-residencia-fiscal-da-pessoa-fisica-no-direito-comparado-e-no-direito-brasileiro\/\">\n\t\t\t\tMore\t\t\t<\/a>\n\t\t<\/div><\/div><!-- .ee-post__body --><\/article><!-- .ee-post --><\/div><!-- .ee-loop__item --><div class=\"ee-grid__item ee-loop__item ee-filter-48\"><article class=\"ee-post post-5448 post type-post status-publish format-standard hentry category-articles-book-chapters tag-subvencoes\"><div class=\"ee-post__body ee-post__area\"><a href=\"https:\/\/schoueri.com.br\/en\/subvencoes-para-investimento-e-parceria-publico-privada\/\" class=\"ee-post__title\">\n\t\t\t<h2 class=\"ee-post__title__heading\">Subven\u00e7\u00f5es para investimento e parceria p\u00fablico-privada<\/h2>\n\t\t<\/a><div class=\"ee-post__metas ee-post__metas--has-metas\"><ul class=\"ee-post__metas__list display--\"><li class=\"ee-post__meta ee-post__meta--date ee-post__metas__date\"> 21\/10\/2012<span class=\"ee-post__meta__separator\">\u00b7<\/span><\/li><\/ul><\/div><div class=\"ee-post__excerpt\">Download PDF<\/div><div class=\"ee-post__read-more\">\n\t\t\t<a class=\"ee-post__button\" href=\"https:\/\/schoueri.com.br\/en\/subvencoes-para-investimento-e-parceria-publico-privada\/\">\n\t\t\t\tMore\t\t\t<\/a>\n\t\t<\/div><\/div><!-- .ee-post__body --><\/article><!-- .ee-post --><\/div><!-- .ee-loop__item --><div class=\"ee-grid__item ee-loop__item ee-filter-48\"><article class=\"ee-post post-5445 post type-post status-publish format-standard hentry category-articles-book-chapters tag-direito-tributario-internacional-international-tax-law\"><div class=\"ee-post__body ee-post__area\"><a href=\"https:\/\/schoueri.com.br\/en\/tax-coordination-between-regions-in-brazil-role-of-the-courts\/\" class=\"ee-post__title\">\n\t\t\t<h2 class=\"ee-post__title__heading\">Tax coordination between regions in Brazil &#8211; Role of the courts<\/h2>\n\t\t<\/a><div class=\"ee-post__metas ee-post__metas--has-metas\"><ul class=\"ee-post__metas__list display--\"><li class=\"ee-post__meta ee-post__meta--date ee-post__metas__date\"> 21\/10\/2012<span class=\"ee-post__meta__separator\">\u00b7<\/span><\/li><\/ul><\/div><div class=\"ee-post__excerpt\">IBFD<\/div><div class=\"ee-post__read-more\">\n\t\t\t<a class=\"ee-post__button\" href=\"https:\/\/schoueri.com.br\/en\/tax-coordination-between-regions-in-brazil-role-of-the-courts\/\">\n\t\t\t\tMore\t\t\t<\/a>\n\t\t<\/div><\/div><!-- .ee-post__body --><\/article><!-- .ee-post --><\/div><!-- .ee-loop__item --><div class=\"ee-grid__item ee-loop__item ee-filter-48\"><article class=\"ee-post post-5442 post type-post status-publish format-standard hentry category-articles-book-chapters tag-direito-tributario-internacional-precos-de-transferencia-international-tax-law-transfer-pricing\"><div class=\"ee-post__body ee-post__area\"><a href=\"https:\/\/schoueri.com.br\/en\/transfer-pricing-breves-consideracoes\/\" class=\"ee-post__title\">\n\t\t\t<h2 class=\"ee-post__title__heading\">Transfer pricing: breves considera\u00e7\u00f5es<\/h2>\n\t\t<\/a><div class=\"ee-post__metas ee-post__metas--has-metas\"><ul class=\"ee-post__metas__list display--\"><li class=\"ee-post__meta ee-post__meta--date ee-post__metas__date\"> 21\/10\/2012<span class=\"ee-post__meta__separator\">\u00b7<\/span><\/li><\/ul><\/div><div class=\"ee-post__excerpt\">Download PDF<\/div><div class=\"ee-post__read-more\">\n\t\t\t<a class=\"ee-post__button\" href=\"https:\/\/schoueri.com.br\/en\/transfer-pricing-breves-consideracoes\/\">\n\t\t\t\tMore\t\t\t<\/a>\n\t\t<\/div><\/div><!-- .ee-post__body --><\/article><!-- .ee-post --><\/div><!-- .ee-loop__item --><div class=\"ee-grid__item ee-loop__item ee-filter-48\"><article class=\"ee-post post-5439 post type-post status-publish format-standard hentry category-articles-book-chapters tag-direito-tributario-internacional-international-tax-law\"><div class=\"ee-post__body ee-post__area\"><a href=\"https:\/\/schoueri.com.br\/en\/brazil-tax-rules-in-non-tax-agreements\/\" class=\"ee-post__title\">\n\t\t\t<h2 class=\"ee-post__title__heading\">Brazil &#8211; Tax Rules in Non-Tax Agreements<\/h2>\n\t\t<\/a><div class=\"ee-post__metas ee-post__metas--has-metas\"><ul class=\"ee-post__metas__list display--\"><li class=\"ee-post__meta ee-post__meta--date ee-post__metas__date\"> 21\/10\/2012<span class=\"ee-post__meta__separator\">\u00b7<\/span><\/li><\/ul><\/div><div class=\"ee-post__excerpt\">IBFD<\/div><div class=\"ee-post__read-more\">\n\t\t\t<a class=\"ee-post__button\" href=\"https:\/\/schoueri.com.br\/en\/brazil-tax-rules-in-non-tax-agreements\/\">\n\t\t\t\tMore\t\t\t<\/a>\n\t\t<\/div><\/div><!-- .ee-post__body --><\/article><!-- .ee-post --><\/div><!-- .ee-loop__item --><div class=\"ee-grid__item ee-loop__item ee-filter-48\"><article class=\"ee-post post-5436 post type-post status-publish format-standard hentry category-articles-book-chapters tag-direito-tributario-internacional-international-tax-law-escopo-pessoal-personal-scope\"><div class=\"ee-post__body ee-post__area\"><a href=\"https:\/\/schoueri.com.br\/en\/residencia-fiscal-da-pessoa-fisica\/\" class=\"ee-post__title\">\n\t\t\t<h2 class=\"ee-post__title__heading\">Resid\u00eancia fiscal da pessoa f\u00edsica<\/h2>\n\t\t<\/a><div class=\"ee-post__metas ee-post__metas--has-metas\"><ul class=\"ee-post__metas__list display--\"><li class=\"ee-post__meta ee-post__meta--date ee-post__metas__date\"> 21\/10\/2012<span class=\"ee-post__meta__separator\">\u00b7<\/span><\/li><\/ul><\/div><div class=\"ee-post__excerpt\">Download PDF<\/div><div class=\"ee-post__read-more\">\n\t\t\t<a class=\"ee-post__button\" href=\"https:\/\/schoueri.com.br\/en\/residencia-fiscal-da-pessoa-fisica\/\">\n\t\t\t\tMore\t\t\t<\/a>\n\t\t<\/div><\/div><!-- .ee-post__body --><\/article><!-- .ee-post --><\/div><!-- .ee-loop__item --><div class=\"ee-grid__item ee-loop__item ee-filter-48\"><article class=\"ee-post post-5433 post type-post status-publish format-standard hentry category-articles-book-chapters tag-responsabilidade-tributaria\"><div class=\"ee-post__body ee-post__area\"><a href=\"https:\/\/schoueri.com.br\/en\/responsabilidade-tributaria\/\" class=\"ee-post__title\">\n\t\t\t<h2 class=\"ee-post__title__heading\">Responsabilidade tribut\u00e1ria<\/h2>\n\t\t<\/a><div class=\"ee-post__metas ee-post__metas--has-metas\"><ul class=\"ee-post__metas__list display--\"><li class=\"ee-post__meta ee-post__meta--date ee-post__metas__date\"> 21\/10\/2012<span class=\"ee-post__meta__separator\">\u00b7<\/span><\/li><\/ul><\/div><div class=\"ee-post__excerpt\">Download PDF<\/div><div class=\"ee-post__read-more\">\n\t\t\t<a class=\"ee-post__button\" href=\"https:\/\/schoueri.com.br\/en\/responsabilidade-tributaria\/\">\n\t\t\t\tMore\t\t\t<\/a>\n\t\t<\/div><\/div><!-- .ee-post__body --><\/article><!-- .ee-post --><\/div><!-- .ee-loop__item --><div class=\"ee-grid__item ee-loop__item ee-filter-48\"><article class=\"ee-post post-5430 post type-post status-publish format-standard hentry category-articles-book-chapters tag-direito-tributario-internacional-precos-de-transferencia-international-tax-law-transfer-pricing\"><div class=\"ee-post__body ee-post__area\"><a href=\"https:\/\/schoueri.com.br\/en\/reflexions-sur-le-tax-sparing-a-la-lumiere-de-la-convention-belgo-bresilienne\/\" class=\"ee-post__title\">\n\t\t\t<h2 class=\"ee-post__title__heading\">R\u00e9flexions sur le &#8216;tax sparing&#8217; \u00e0 la lumi\u00e8re de la convention belgo-br\u00e9silienne<\/h2>\n\t\t<\/a><div class=\"ee-post__metas ee-post__metas--has-metas\"><ul class=\"ee-post__metas__list display--\"><li class=\"ee-post__meta ee-post__meta--date ee-post__metas__date\"> 21\/10\/2012<span class=\"ee-post__meta__separator\">\u00b7<\/span><\/li><\/ul><\/div><div class=\"ee-post__excerpt\">Download PDF<\/div><div class=\"ee-post__read-more\">\n\t\t\t<a class=\"ee-post__button\" href=\"https:\/\/schoueri.com.br\/en\/reflexions-sur-le-tax-sparing-a-la-lumiere-de-la-convention-belgo-bresilienne\/\">\n\t\t\t\tMore\t\t\t<\/a>\n\t\t<\/div><\/div><!-- .ee-post__body --><\/article><!-- .ee-post --><\/div><!-- .ee-loop__item --><div class=\"ee-grid__item ee-loop__item ee-filter-48\"><article class=\"ee-post post-5425 post type-post status-publish format-standard hentry category-articles-book-chapters tag-planejamento-tributario-tax-planning\"><div class=\"ee-post__body ee-post__area\"><a href=\"https:\/\/schoueri.com.br\/en\/planejamento-tributario-e-garantias-dos-contribuintes-entre-a-norma-geral-antielisao-portuguesa-e-seus-paralelos-brasileiros\/\" class=\"ee-post__title\">\n\t\t\t<h2 class=\"ee-post__title__heading\">Planejamento tribut\u00e1rio e garantias dos contribuintes: entre a norma geral antielis\u00e3o portuguesa e seus paralelos brasileiros<\/h2>\n\t\t<\/a><div class=\"ee-post__metas ee-post__metas--has-metas\"><ul class=\"ee-post__metas__list display--\"><li class=\"ee-post__meta ee-post__meta--date ee-post__metas__date\"> 21\/10\/2012<span class=\"ee-post__meta__separator\">\u00b7<\/span><\/li><\/ul><\/div><div class=\"ee-post__excerpt\">Download PDF<\/div><div class=\"ee-post__read-more\">\n\t\t\t<a class=\"ee-post__button\" href=\"https:\/\/schoueri.com.br\/en\/planejamento-tributario-e-garantias-dos-contribuintes-entre-a-norma-geral-antielisao-portuguesa-e-seus-paralelos-brasileiros\/\">\n\t\t\t\tMore\t\t\t<\/a>\n\t\t<\/div><\/div><!-- .ee-post__body --><\/article><!-- .ee-post --><\/div><!-- .ee-loop__item --><div class=\"ee-grid__item ee-loop__item ee-filter-48\"><article class=\"ee-post post-5412 post type-post status-publish format-standard hentry category-articles-book-chapters tag-iss\"><div class=\"ee-post__body ee-post__area\"><a href=\"https:\/\/schoueri.com.br\/en\/o-contrato-de-rateio-de-despesas-cost-contribution-arrangements-e-o-iss\/\" class=\"ee-post__title\">\n\t\t\t<h2 class=\"ee-post__title__heading\">O contrato de rateio de despesas (cost contribution arrangements) e o ISS<\/h2>\n\t\t<\/a><div class=\"ee-post__metas ee-post__metas--has-metas\"><ul class=\"ee-post__metas__list display--\"><li class=\"ee-post__meta ee-post__meta--date ee-post__metas__date\"> 20\/10\/2012<span class=\"ee-post__meta__separator\">\u00b7<\/span><\/li><\/ul><\/div><div class=\"ee-post__excerpt\">Download PDF<\/div><div class=\"ee-post__read-more\">\n\t\t\t<a class=\"ee-post__button\" href=\"https:\/\/schoueri.com.br\/en\/o-contrato-de-rateio-de-despesas-cost-contribution-arrangements-e-o-iss\/\">\n\t\t\t\tMore\t\t\t<\/a>\n\t\t<\/div><\/div><!-- .ee-post__body --><\/article><!-- .ee-post --><\/div><!-- .ee-loop__item --><div class=\"ee-grid__item ee-loop__item ee-filter-48\"><article class=\"ee-post post-5409 post type-post status-publish format-standard hentry category-articles-book-chapters tag-tributacao-e-direito-societario-corporate-tax-law\"><div class=\"ee-post__body ee-post__area\"><a href=\"https:\/\/schoueri.com.br\/en\/incorporacao-de-acoes-natureza-societaria-e-efeitos-tributarios\/\" class=\"ee-post__title\">\n\t\t\t<h2 class=\"ee-post__title__heading\">Incorpora\u00e7\u00e3o de A\u00e7\u00f5es: Natureza Societ\u00e1ria e Efeitos Tribut\u00e1rios<\/h2>\n\t\t<\/a><div class=\"ee-post__metas ee-post__metas--has-metas\"><ul class=\"ee-post__metas__list display--\"><li class=\"ee-post__meta ee-post__meta--date ee-post__metas__date\"> 20\/10\/2012<span class=\"ee-post__meta__separator\">\u00b7<\/span><\/li><\/ul><\/div><div class=\"ee-post__excerpt\">Download PDF<\/div><div class=\"ee-post__read-more\">\n\t\t\t<a class=\"ee-post__button\" href=\"https:\/\/schoueri.com.br\/en\/incorporacao-de-acoes-natureza-societaria-e-efeitos-tributarios\/\">\n\t\t\t\tMore\t\t\t<\/a>\n\t\t<\/div><\/div><!-- .ee-post__body --><\/article><!-- .ee-post --><\/div><!-- .ee-loop__item --><div class=\"ee-grid__item ee-loop__item ee-filter-48\"><article class=\"ee-post post-5406 post type-post status-publish format-standard hentry category-articles-book-chapters tag-direito-tributario-internacional-international-tax-law\"><div class=\"ee-post__body ee-post__area\"><a href=\"https:\/\/schoueri.com.br\/en\/globalizacao-investimentos-e-tributacao-desafios-da-concorrencia-internacional-ao-sistema-tributario-brasileiro\/\" class=\"ee-post__title\">\n\t\t\t<h2 class=\"ee-post__title__heading\">Globaliza\u00e7\u00e3o, investimentos e tributa\u00e7\u00e3o: desafios da concorr\u00eancia internacional ao sistema tribut\u00e1rio brasileiro<\/h2>\n\t\t<\/a><div class=\"ee-post__metas ee-post__metas--has-metas\"><ul class=\"ee-post__metas__list display--\"><li class=\"ee-post__meta ee-post__meta--date ee-post__metas__date\"> 20\/10\/2012<span class=\"ee-post__meta__separator\">\u00b7<\/span><\/li><\/ul><\/div><div class=\"ee-post__excerpt\">Download PDF<\/div><div class=\"ee-post__read-more\">\n\t\t\t<a class=\"ee-post__button\" href=\"https:\/\/schoueri.com.br\/en\/globalizacao-investimentos-e-tributacao-desafios-da-concorrencia-internacional-ao-sistema-tributario-brasileiro\/\">\n\t\t\t\tMore\t\t\t<\/a>\n\t\t<\/div><\/div><!-- .ee-post__body --><\/article><!-- .ee-post --><\/div><!-- .ee-loop__item --><div class=\"ee-grid__item ee-loop__item ee-filter-48\"><article class=\"ee-post post-6406 post type-post status-publish format-standard hentry category-articles-book-chapters\"><div class=\"ee-post__body ee-post__area\"><a href=\"https:\/\/schoueri.com.br\/en\/prefacio-prec%cc%a7os-de-transfere%cc%82ncia-arms-length-e-praticabilidade\/\" class=\"ee-post__title\">\n\t\t\t<h2 class=\"ee-post__title__heading\">Pref\u00e1cio &#8211; Prec\u0327os de Transfere\u0302ncia: Arm&#8217;s Length e Praticabilidade<\/h2>\n\t\t<\/a><div class=\"ee-post__metas ee-post__metas--has-metas\"><ul class=\"ee-post__metas__list display--\"><li class=\"ee-post__meta ee-post__meta--date ee-post__metas__date\"> 04\/11\/2011<span class=\"ee-post__meta__separator\">\u00b7<\/span><\/li><\/ul><\/div><div class=\"ee-post__excerpt\">Download PDF<\/div><div class=\"ee-post__read-more\">\n\t\t\t<a class=\"ee-post__button\" href=\"https:\/\/schoueri.com.br\/en\/prefacio-prec%cc%a7os-de-transfere%cc%82ncia-arms-length-e-praticabilidade\/\">\n\t\t\t\tMore\t\t\t<\/a>\n\t\t<\/div><\/div><!-- .ee-post__body --><\/article><!-- .ee-post --><\/div><!-- .ee-loop__item --><div class=\"ee-grid__item ee-loop__item ee-filter-48\"><article class=\"ee-post post-5403 post type-post status-publish format-standard hentry category-articles-book-chapters tag-direito-tributario-internacional-precos-de-transferencia-international-tax-law-transfer-pricing\"><div class=\"ee-post__body ee-post__area\"><a href=\"https:\/\/schoueri.com.br\/en\/lower-court-decision-on-use-of-original-formula-for-resale-price-method\/\" class=\"ee-post__title\">\n\t\t\t<h2 class=\"ee-post__title__heading\">Lower Court Decision on Use of Original Formula for Resale Price Method<\/h2>\n\t\t<\/a><div class=\"ee-post__metas ee-post__metas--has-metas\"><ul class=\"ee-post__metas__list display--\"><li class=\"ee-post__meta ee-post__meta--date ee-post__metas__date\"> 20\/10\/2011<span class=\"ee-post__meta__separator\">\u00b7<\/span><\/li><\/ul><\/div><div class=\"ee-post__excerpt\">IBFD<\/div><div class=\"ee-post__read-more\">\n\t\t\t<a class=\"ee-post__button\" href=\"https:\/\/schoueri.com.br\/en\/lower-court-decision-on-use-of-original-formula-for-resale-price-method\/\">\n\t\t\t\tMore\t\t\t<\/a>\n\t\t<\/div><\/div><!-- .ee-post__body --><\/article><!-- .ee-post --><\/div><!-- .ee-loop__item --><div class=\"ee-grid__item ee-loop__item ee-filter-48\"><article class=\"ee-post post-5400 post type-post status-publish format-standard hentry category-articles-book-chapters tag-direito-tributario-internacional-international-tax-law\"><div class=\"ee-post__body ee-post__area\"><a href=\"https:\/\/schoueri.com.br\/en\/brazil-the-qualification-of-income-derived-from-technical-services\/\" class=\"ee-post__title\">\n\t\t\t<h2 class=\"ee-post__title__heading\">Brazil: The Qualification of Income Derived from Technical Services<\/h2>\n\t\t<\/a><div class=\"ee-post__metas ee-post__metas--has-metas\"><ul class=\"ee-post__metas__list display--\"><li class=\"ee-post__meta ee-post__meta--date ee-post__metas__date\"> 20\/10\/2011<span class=\"ee-post__meta__separator\">\u00b7<\/span><\/li><\/ul><\/div><div class=\"ee-post__excerpt\">Download PDF<\/div><div class=\"ee-post__read-more\">\n\t\t\t<a class=\"ee-post__button\" href=\"https:\/\/schoueri.com.br\/en\/brazil-the-qualification-of-income-derived-from-technical-services\/\">\n\t\t\t\tMore\t\t\t<\/a>\n\t\t<\/div><\/div><!-- .ee-post__body --><\/article><!-- .ee-post --><\/div><!-- .ee-loop__item --><div class=\"ee-grid__item ee-loop__item ee-filter-48\"><article class=\"ee-post post-5397 post type-post status-publish format-standard hentry category-articles-book-chapters tag-direito-tributario-internacional-international-tax-law\"><div class=\"ee-post__body ee-post__area\"><a href=\"https:\/\/schoueri.com.br\/en\/principio-da-fonte-no-direito-internacional-tributario\/\" class=\"ee-post__title\">\n\t\t\t<h2 class=\"ee-post__title__heading\">Princ\u00edpio da Fonte no Direito Internacional Tribut\u00e1rio<\/h2>\n\t\t<\/a><div class=\"ee-post__metas ee-post__metas--has-metas\"><ul class=\"ee-post__metas__list display--\"><li class=\"ee-post__meta ee-post__meta--date ee-post__metas__date\"> 20\/10\/2011<span class=\"ee-post__meta__separator\">\u00b7<\/span><\/li><\/ul><\/div><div class=\"ee-post__excerpt\">Download PDF<\/div><div class=\"ee-post__read-more\">\n\t\t\t<a class=\"ee-post__button\" href=\"https:\/\/schoueri.com.br\/en\/principio-da-fonte-no-direito-internacional-tributario\/\">\n\t\t\t\tMore\t\t\t<\/a>\n\t\t<\/div><\/div><!-- .ee-post__body --><\/article><!-- .ee-post --><\/div><!-- .ee-loop__item --><div class=\"ee-grid__item ee-loop__item ee-filter-48\"><article class=\"ee-post post-5394 post type-post status-publish format-standard hentry category-articles-book-chapters tag-direito-tributario-internacional-international-tax-law-tax-sparing\"><div class=\"ee-post__body ee-post__area\"><a href=\"https:\/\/schoueri.com.br\/en\/tax-sparing-uma-reconsideracao-da-reconsideracao\/\" class=\"ee-post__title\">\n\t\t\t<h2 class=\"ee-post__title__heading\">Tax Sparing: uma Reconsidera\u00e7\u00e3o da Reconsidera\u00e7\u00e3o<\/h2>\n\t\t<\/a><div class=\"ee-post__metas ee-post__metas--has-metas\"><ul class=\"ee-post__metas__list display--\"><li class=\"ee-post__meta ee-post__meta--date ee-post__metas__date\"> 20\/10\/2011<span class=\"ee-post__meta__separator\">\u00b7<\/span><\/li><\/ul><\/div><div class=\"ee-post__excerpt\">Download PDF<\/div><div class=\"ee-post__read-more\">\n\t\t\t<a class=\"ee-post__button\" href=\"https:\/\/schoueri.com.br\/en\/tax-sparing-uma-reconsideracao-da-reconsideracao\/\">\n\t\t\t\tMore\t\t\t<\/a>\n\t\t<\/div><\/div><!-- .ee-post__body --><\/article><!-- .ee-post --><\/div><!-- .ee-loop__item --><div class=\"ee-grid__item ee-loop__item ee-filter-48\"><article class=\"ee-post post-5391 post type-post status-publish format-standard hentry category-articles-book-chapters tag-direito-tributario-internacional-precos-de-transferencia-international-tax-law-transfer-pricing\"><div class=\"ee-post__body ee-post__area\"><a href=\"https:\/\/schoueri.com.br\/en\/os-riscos-do-preco-de-transferencia\/\" class=\"ee-post__title\">\n\t\t\t<h2 class=\"ee-post__title__heading\">Os riscos do pre\u00e7o de transfer\u00eancia<\/h2>\n\t\t<\/a><div class=\"ee-post__metas ee-post__metas--has-metas\"><ul class=\"ee-post__metas__list display--\"><li class=\"ee-post__meta ee-post__meta--date ee-post__metas__date\"> 20\/10\/2011<span class=\"ee-post__meta__separator\">\u00b7<\/span><\/li><\/ul><\/div><div class=\"ee-post__excerpt\">Download PDF<\/div><div class=\"ee-post__read-more\">\n\t\t\t<a class=\"ee-post__button\" href=\"https:\/\/schoueri.com.br\/en\/os-riscos-do-preco-de-transferencia\/\">\n\t\t\t\tMore\t\t\t<\/a>\n\t\t<\/div><\/div><!-- .ee-post__body --><\/article><!-- .ee-post --><\/div><!-- .ee-loop__item --><div class=\"ee-grid__item ee-loop__item ee-filter-48\"><article class=\"ee-post post-5388 post type-post status-publish format-standard hentry category-articles-book-chapters tag-direito-tributario-internacional-estabelecimento-permanente-international-tax-law-permanent-establishment\"><div class=\"ee-post__body ee-post__area\"><a href=\"https:\/\/schoueri.com.br\/en\/the-subsidiary-as-a-permanent-establishment\/\" class=\"ee-post__title\">\n\t\t\t<h2 class=\"ee-post__title__heading\">The subsidiary as a permanent establishment<\/h2>\n\t\t<\/a><div class=\"ee-post__metas ee-post__metas--has-metas\"><ul class=\"ee-post__metas__list display--\"><li class=\"ee-post__meta ee-post__meta--date ee-post__metas__date\"> 20\/10\/2011<span class=\"ee-post__meta__separator\">\u00b7<\/span><\/li><\/ul><\/div><div class=\"ee-post__excerpt\">IBFD<\/div><div class=\"ee-post__read-more\">\n\t\t\t<a class=\"ee-post__button\" href=\"https:\/\/schoueri.com.br\/en\/the-subsidiary-as-a-permanent-establishment\/\">\n\t\t\t\tMore\t\t\t<\/a>\n\t\t<\/div><\/div><!-- .ee-post__body --><\/article><!-- .ee-post --><\/div><!-- .ee-loop__item --><div class=\"ee-grid__item ee-loop__item ee-filter-48\"><article class=\"ee-post post-5383 post type-post status-publish format-standard hentry category-articles-book-chapters tag-direito-tributario-internacional-international-tax-law\"><div class=\"ee-post__body ee-post__area\"><a href=\"https:\/\/schoueri.com.br\/en\/tributacao-internacional-das-empresas-nacionais-e-desenvolvimento-novos-rumos\/\" class=\"ee-post__title\">\n\t\t\t<h2 class=\"ee-post__title__heading\">Tributa\u00e7\u00e3o Internacional das Empresas Nacionais e Desenvolvimento: Novos Rumos?<\/h2>\n\t\t<\/a><div class=\"ee-post__metas ee-post__metas--has-metas\"><ul class=\"ee-post__metas__list display--\"><li class=\"ee-post__meta ee-post__meta--date ee-post__metas__date\"> 20\/10\/2011<span class=\"ee-post__meta__separator\">\u00b7<\/span><\/li><\/ul><\/div><div class=\"ee-post__excerpt\">Download PDF<\/div><div class=\"ee-post__read-more\">\n\t\t\t<a class=\"ee-post__button\" href=\"https:\/\/schoueri.com.br\/en\/tributacao-internacional-das-empresas-nacionais-e-desenvolvimento-novos-rumos\/\">\n\t\t\t\tMore\t\t\t<\/a>\n\t\t<\/div><\/div><!-- .ee-post__body --><\/article><!-- .ee-post --><\/div><!-- .ee-loop__item --><div class=\"ee-grid__item ee-loop__item ee-filter-48\"><article class=\"ee-post post-5382 post type-post status-publish format-standard hentry category-articles-book-chapters tag-domicilio-capacidade-contributiva\"><div class=\"ee-post__body ee-post__area\"><a href=\"https:\/\/schoueri.com.br\/en\/solidariedade-domicilio-e-capacidade-contributiva\/\" class=\"ee-post__title\">\n\t\t\t<h2 class=\"ee-post__title__heading\">Solidariedade, Domic\u00edlio e Capacidade Contributiva<\/h2>\n\t\t<\/a><div class=\"ee-post__metas ee-post__metas--has-metas\"><ul class=\"ee-post__metas__list display--\"><li class=\"ee-post__meta ee-post__meta--date ee-post__metas__date\"> 20\/10\/2011<span class=\"ee-post__meta__separator\">\u00b7<\/span><\/li><\/ul><\/div><div class=\"ee-post__excerpt\">Download PDF<\/div><div class=\"ee-post__read-more\">\n\t\t\t<a class=\"ee-post__button\" href=\"https:\/\/schoueri.com.br\/en\/solidariedade-domicilio-e-capacidade-contributiva\/\">\n\t\t\t\tMore\t\t\t<\/a>\n\t\t<\/div><\/div><!-- .ee-post__body --><\/article><!-- .ee-post --><\/div><!-- .ee-loop__item --><div class=\"ee-grid__item ee-loop__item ee-filter-48\"><article class=\"ee-post post-5379 post type-post status-publish format-standard hentry category-articles-book-chapters tag-iss-icms\"><div class=\"ee-post__body ee-post__area\"><a href=\"https:\/\/schoueri.com.br\/en\/a-tributacao-de-prestacoes-decorrentes-de-contratos-de-engineering-procurement-and-construction\/\" class=\"ee-post__title\">\n\t\t\t<h2 class=\"ee-post__title__heading\">A tributa\u00e7\u00e3o de presta\u00e7\u00f5es decorrentes de contratos de Engineering, Procurement and Construction<\/h2>\n\t\t<\/a><div class=\"ee-post__metas ee-post__metas--has-metas\"><ul class=\"ee-post__metas__list display--\"><li class=\"ee-post__meta ee-post__meta--date ee-post__metas__date\"> 20\/10\/2011<span class=\"ee-post__meta__separator\">\u00b7<\/span><\/li><\/ul><\/div><div class=\"ee-post__excerpt\">Download PDF<\/div><div class=\"ee-post__read-more\">\n\t\t\t<a class=\"ee-post__button\" href=\"https:\/\/schoueri.com.br\/en\/a-tributacao-de-prestacoes-decorrentes-de-contratos-de-engineering-procurement-and-construction\/\">\n\t\t\t\tMore\t\t\t<\/a>\n\t\t<\/div><\/div><!-- .ee-post__body --><\/article><!-- .ee-post --><\/div><!-- .ee-loop__item --><div class=\"ee-grid__item ee-loop__item ee-filter-48\"><article class=\"ee-post post-5376 post type-post status-publish format-standard hentry category-articles-book-chapters tag-limitacoes-constitucionais-ao-poder-de-tributar\"><div class=\"ee-post__body ee-post__area\"><a href=\"https:\/\/schoueri.com.br\/en\/tributacao-e-liberdade\/\" class=\"ee-post__title\">\n\t\t\t<h2 class=\"ee-post__title__heading\">Tributa\u00e7\u00e3o e Liberdade<\/h2>\n\t\t<\/a><div class=\"ee-post__metas ee-post__metas--has-metas\"><ul class=\"ee-post__metas__list display--\"><li class=\"ee-post__meta ee-post__meta--date ee-post__metas__date\"> 20\/10\/2011<span class=\"ee-post__meta__separator\">\u00b7<\/span><\/li><\/ul><\/div><div class=\"ee-post__excerpt\">Download PDF<\/div><div class=\"ee-post__read-more\">\n\t\t\t<a class=\"ee-post__button\" href=\"https:\/\/schoueri.com.br\/en\/tributacao-e-liberdade\/\">\n\t\t\t\tMore\t\t\t<\/a>\n\t\t<\/div><\/div><!-- .ee-post__body --><\/article><!-- .ee-post --><\/div><!-- .ee-loop__item --><div class=\"ee-grid__item ee-loop__item ee-filter-48\"><article class=\"ee-post post-5373 post type-post status-publish format-standard hentry category-articles-book-chapters tag-imunidades\"><div class=\"ee-post__body ee-post__area\"><a href=\"https:\/\/schoueri.com.br\/en\/imunidade-tributaria-e-ordem-economica\/\" class=\"ee-post__title\">\n\t\t\t<h2 class=\"ee-post__title__heading\">Imunidade tribut\u00e1ria e ordem econ\u00f4mica<\/h2>\n\t\t<\/a><div class=\"ee-post__metas ee-post__metas--has-metas\"><ul class=\"ee-post__metas__list display--\"><li class=\"ee-post__meta ee-post__meta--date ee-post__metas__date\"> 20\/10\/2011<span class=\"ee-post__meta__separator\">\u00b7<\/span><\/li><\/ul><\/div><div class=\"ee-post__excerpt\">Download PDF<\/div><div class=\"ee-post__read-more\">\n\t\t\t<a class=\"ee-post__button\" href=\"https:\/\/schoueri.com.br\/en\/imunidade-tributaria-e-ordem-economica\/\">\n\t\t\t\tMore\t\t\t<\/a>\n\t\t<\/div><\/div><!-- .ee-post__body --><\/article><!-- .ee-post --><\/div><!-- .ee-loop__item --><div class=\"ee-grid__item ee-loop__item ee-filter-48\"><article class=\"ee-post post-5370 post type-post status-publish format-standard hentry category-articles-book-chapters tag-direito-tributario-internacional-international-tax-law\"><div class=\"ee-post__body ee-post__area\"><a href=\"https:\/\/schoueri.com.br\/en\/taxation-of-high-net-worth-sports-persons-in-brazil\/\" class=\"ee-post__title\">\n\t\t\t<h2 class=\"ee-post__title__heading\">Taxation of high net worth sports persons in Brazil<\/h2>\n\t\t<\/a><div class=\"ee-post__metas ee-post__metas--has-metas\"><ul class=\"ee-post__metas__list display--\"><li class=\"ee-post__meta ee-post__meta--date ee-post__metas__date\"> 20\/10\/2011<span class=\"ee-post__meta__separator\">\u00b7<\/span><\/li><\/ul><\/div><div class=\"ee-post__excerpt\">Download PDF<\/div><div class=\"ee-post__read-more\">\n\t\t\t<a class=\"ee-post__button\" href=\"https:\/\/schoueri.com.br\/en\/taxation-of-high-net-worth-sports-persons-in-brazil\/\">\n\t\t\t\tMore\t\t\t<\/a>\n\t\t<\/div><\/div><!-- .ee-post__body --><\/article><!-- .ee-post --><\/div><!-- .ee-loop__item --><div class=\"ee-grid__item ee-loop__item ee-filter-48\"><article class=\"ee-post post-5366 post type-post status-publish format-standard hentry category-articles-book-chapters\"><div class=\"ee-post__body ee-post__area\"><a href=\"https:\/\/schoueri.com.br\/en\/direito-tributario-e-reacao-a-crise-global\/\" class=\"ee-post__title\">\n\t\t\t<h2 class=\"ee-post__title__heading\">Direito tribut\u00e1rio e rea\u00e7\u00e3o \u00e0 crise global<\/h2>\n\t\t<\/a><div class=\"ee-post__metas ee-post__metas--has-metas\"><ul class=\"ee-post__metas__list display--\"><li class=\"ee-post__meta ee-post__meta--date ee-post__metas__date\"> 20\/10\/2011<span class=\"ee-post__meta__separator\">\u00b7<\/span><\/li><\/ul><\/div><div class=\"ee-post__excerpt\">Download PDF<\/div><div class=\"ee-post__read-more\">\n\t\t\t<a class=\"ee-post__button\" href=\"https:\/\/schoueri.com.br\/en\/direito-tributario-e-reacao-a-crise-global\/\">\n\t\t\t\tMore\t\t\t<\/a>\n\t\t<\/div><\/div><!-- .ee-post__body --><\/article><!-- .ee-post --><\/div><!-- .ee-loop__item --><div class=\"ee-grid__item ee-loop__item ee-filter-48\"><article class=\"ee-post post-5355 post type-post status-publish format-standard hentry category-articles-book-chapters tag-pis-cofins\"><div class=\"ee-post__body ee-post__area\"><a href=\"https:\/\/schoueri.com.br\/en\/o-termo-insumos-na-legislacao-das-contribuicoes-sociais-ao-pis-pasep-e-a-cofins\/\" class=\"ee-post__title\">\n\t\t\t<h2 class=\"ee-post__title__heading\">O termo &#8220;insumos&#8221; na legisla\u00e7\u00e3o das contribui\u00e7\u00f5es sociais ao PIS\/PASEP e \u00e0 COFINS<\/h2>\n\t\t<\/a><div class=\"ee-post__metas ee-post__metas--has-metas\"><ul class=\"ee-post__metas__list display--\"><li class=\"ee-post__meta ee-post__meta--date ee-post__metas__date\"> 20\/10\/2011<span class=\"ee-post__meta__separator\">\u00b7<\/span><\/li><\/ul><\/div><div class=\"ee-post__excerpt\">Download PDF<\/div><div class=\"ee-post__read-more\">\n\t\t\t<a class=\"ee-post__button\" href=\"https:\/\/schoueri.com.br\/en\/o-termo-insumos-na-legislacao-das-contribuicoes-sociais-ao-pis-pasep-e-a-cofins\/\">\n\t\t\t\tMore\t\t\t<\/a>\n\t\t<\/div><\/div><!-- .ee-post__body --><\/article><!-- .ee-post --><\/div><!-- .ee-loop__item --><div class=\"ee-grid__item ee-loop__item ee-filter-48\"><article class=\"ee-post post-5345 post type-post status-publish format-standard hentry category-articles-book-chapters tag-direito-tributario-internacional-international-tax-law\"><div class=\"ee-post__body ee-post__area\"><a href=\"https:\/\/schoueri.com.br\/en\/relatorio-do-iv-congresso-brasileiro-de-direito-tributario-internacional-do-ibdt\/\" class=\"ee-post__title\">\n\t\t\t<h2 class=\"ee-post__title__heading\">Relat\u00f3rio do IV Congresso Brasileiro de Direito Tribut\u00e1rio Internacional do IBDT<\/h2>\n\t\t<\/a><div class=\"ee-post__metas ee-post__metas--has-metas\"><ul class=\"ee-post__metas__list display--\"><li class=\"ee-post__meta ee-post__meta--date ee-post__metas__date\"> 20\/10\/2011<span class=\"ee-post__meta__separator\">\u00b7<\/span><\/li><\/ul><\/div><div class=\"ee-post__excerpt\">Download PDF<\/div><div class=\"ee-post__read-more\">\n\t\t\t<a class=\"ee-post__button\" href=\"https:\/\/schoueri.com.br\/en\/relatorio-do-iv-congresso-brasileiro-de-direito-tributario-internacional-do-ibdt\/\">\n\t\t\t\tMore\t\t\t<\/a>\n\t\t<\/div><\/div><!-- .ee-post__body --><\/article><!-- .ee-post --><\/div><!-- .ee-loop__item --><div class=\"ee-grid__item ee-loop__item ee-filter-48\"><article class=\"ee-post post-6404 post type-post status-publish format-standard hentry category-articles-book-chapters\"><div class=\"ee-post__body ee-post__area\"><a href=\"https:\/\/schoueri.com.br\/en\/prefacio-teses-tributarias\/\" class=\"ee-post__title\">\n\t\t\t<h2 class=\"ee-post__title__heading\">Pref\u00e1cio &#8211; Teses Tribut\u00e1rias<\/h2>\n\t\t<\/a><div class=\"ee-post__metas ee-post__metas--has-metas\"><ul class=\"ee-post__metas__list display--\"><li class=\"ee-post__meta ee-post__meta--date ee-post__metas__date\"> 04\/11\/2010<span class=\"ee-post__meta__separator\">\u00b7<\/span><\/li><\/ul><\/div><div class=\"ee-post__excerpt\">Download PDF<\/div><div class=\"ee-post__read-more\">\n\t\t\t<a class=\"ee-post__button\" href=\"https:\/\/schoueri.com.br\/en\/prefacio-teses-tributarias\/\">\n\t\t\t\tMore\t\t\t<\/a>\n\t\t<\/div><\/div><!-- .ee-post__body --><\/article><!-- .ee-post --><\/div><!-- .ee-loop__item --><div class=\"ee-grid__item ee-loop__item ee-filter-48\"><article class=\"ee-post post-5794 post type-post status-publish format-standard hentry category-articles-book-chapters tag-direito-tributario-internacional-precos-de-transferencia-international-tax-law-transfer-pricing\"><div class=\"ee-post__body ee-post__area\"><a href=\"https:\/\/schoueri.com.br\/en\/brazil-amended-transfer-pricing-rules-2\/\" class=\"ee-post__title\">\n\t\t\t<h2 class=\"ee-post__title__heading\">Brazil &#8211; Amended transfer pricing rules<\/h2>\n\t\t<\/a><div class=\"ee-post__metas ee-post__metas--has-metas\"><ul class=\"ee-post__metas__list display--\"><li class=\"ee-post__meta ee-post__meta--date ee-post__metas__date\"> 27\/10\/2010<span class=\"ee-post__meta__separator\">\u00b7<\/span><\/li><\/ul><\/div><div class=\"ee-post__excerpt\">IBFD<\/div><div class=\"ee-post__read-more\">\n\t\t\t<a class=\"ee-post__button\" href=\"https:\/\/schoueri.com.br\/en\/brazil-amended-transfer-pricing-rules-2\/\">\n\t\t\t\tMore\t\t\t<\/a>\n\t\t<\/div><\/div><!-- .ee-post__body --><\/article><!-- .ee-post --><\/div><!-- .ee-loop__item --><div class=\"ee-grid__item ee-loop__item ee-filter-48\"><article class=\"ee-post post-5340 post type-post status-publish format-standard hentry category-articles-book-chapters tag-direito-tributario-e-contabilidade\"><div class=\"ee-post__body ee-post__area\"><a href=\"https:\/\/schoueri.com.br\/en\/as-inter-relacoes-entre-a-contabilidade-e-o-direito-atender-ao-rtt-significa-obter-neutralidade-tributaria\/\" class=\"ee-post__title\">\n\t\t\t<h2 class=\"ee-post__title__heading\">As Inter-rela\u00e7\u00f5es entre a Contabilidade e o Direito: atender ao RTT significa obter neutralidade tribut\u00e1ria?<\/h2>\n\t\t<\/a><div class=\"ee-post__metas ee-post__metas--has-metas\"><ul class=\"ee-post__metas__list display--\"><li class=\"ee-post__meta ee-post__meta--date ee-post__metas__date\"> 20\/10\/2010<span class=\"ee-post__meta__separator\">\u00b7<\/span><\/li><\/ul><\/div><div class=\"ee-post__excerpt\">Download PDF<\/div><div class=\"ee-post__read-more\">\n\t\t\t<a class=\"ee-post__button\" href=\"https:\/\/schoueri.com.br\/en\/as-inter-relacoes-entre-a-contabilidade-e-o-direito-atender-ao-rtt-significa-obter-neutralidade-tributaria\/\">\n\t\t\t\tMore\t\t\t<\/a>\n\t\t<\/div><\/div><!-- .ee-post__body --><\/article><!-- .ee-post --><\/div><!-- .ee-loop__item --><div class=\"ee-grid__item ee-loop__item ee-filter-48\"><article class=\"ee-post post-5337 post type-post status-publish format-standard hentry category-articles-book-chapters tag-direito-tributario-internacional-international-tax-law\"><div class=\"ee-post__body ee-post__area\"><a href=\"https:\/\/schoueri.com.br\/en\/instrumentos-para-evitar-a-bitributacao-internacional-da-renda\/\" class=\"ee-post__title\">\n\t\t\t<h2 class=\"ee-post__title__heading\">Instrumentos para evitar a bitributa\u00e7\u00e3o internacional da renda<\/h2>\n\t\t<\/a><div class=\"ee-post__metas ee-post__metas--has-metas\"><ul class=\"ee-post__metas__list display--\"><li class=\"ee-post__meta ee-post__meta--date ee-post__metas__date\"> 20\/10\/2010<span class=\"ee-post__meta__separator\">\u00b7<\/span><\/li><\/ul><\/div><div class=\"ee-post__excerpt\">Download PDF<\/div><div class=\"ee-post__read-more\">\n\t\t\t<a class=\"ee-post__button\" href=\"https:\/\/schoueri.com.br\/en\/instrumentos-para-evitar-a-bitributacao-internacional-da-renda\/\">\n\t\t\t\tMore\t\t\t<\/a>\n\t\t<\/div><\/div><!-- .ee-post__body --><\/article><!-- .ee-post --><\/div><!-- .ee-loop__item --><div class=\"ee-grid__item ee-loop__item ee-filter-48\"><article class=\"ee-post post-5334 post type-post status-publish format-standard hentry category-articles-book-chapters tag-imposto-de-renda-direito-tributario-e-contabilidade\"><div class=\"ee-post__body ee-post__area\"><a href=\"https:\/\/schoueri.com.br\/en\/o-mito-do-lucro-real-na-passagem-da-disponibilidade-juridica-para-a-disponibilidade-economica\/\" class=\"ee-post__title\">\n\t\t\t<h2 class=\"ee-post__title__heading\">O mito do lucro real na passagem da disponibilidade jur\u00eddica para a disponibilidade econ\u00f4mica<\/h2>\n\t\t<\/a><div class=\"ee-post__metas ee-post__metas--has-metas\"><ul class=\"ee-post__metas__list display--\"><li class=\"ee-post__meta ee-post__meta--date ee-post__metas__date\"> 20\/10\/2010<span class=\"ee-post__meta__separator\">\u00b7<\/span><\/li><\/ul><\/div><div class=\"ee-post__excerpt\">Download PDF<\/div><div class=\"ee-post__read-more\">\n\t\t\t<a class=\"ee-post__button\" href=\"https:\/\/schoueri.com.br\/en\/o-mito-do-lucro-real-na-passagem-da-disponibilidade-juridica-para-a-disponibilidade-economica\/\">\n\t\t\t\tMore\t\t\t<\/a>\n\t\t<\/div><\/div><!-- .ee-post__body --><\/article><!-- .ee-post --><\/div><!-- .ee-loop__item --><div class=\"ee-grid__item ee-loop__item ee-filter-48\"><article class=\"ee-post post-5331 post type-post status-publish format-standard hentry category-articles-book-chapters tag-normas-tributarias-indutoras\"><div class=\"ee-post__body ee-post__area\"><a href=\"https:\/\/schoueri.com.br\/en\/tributos-e-instrumentos-economicos-ambientais-o-uso-de-normas-tributarias-indutoras-em-materia-ambiental\/\" class=\"ee-post__title\">\n\t\t\t<h2 class=\"ee-post__title__heading\">Tributos e instrumentos econ\u00f4micos ambientais: o uso de normas tribut\u00e1rias indutoras em mat\u00e9ria ambiental<\/h2>\n\t\t<\/a><div class=\"ee-post__metas ee-post__metas--has-metas\"><ul class=\"ee-post__metas__list display--\"><li class=\"ee-post__meta ee-post__meta--date ee-post__metas__date\"> 20\/10\/2010<span class=\"ee-post__meta__separator\">\u00b7<\/span><\/li><\/ul><\/div><div class=\"ee-post__excerpt\">Download PDF<\/div><div class=\"ee-post__read-more\">\n\t\t\t<a class=\"ee-post__button\" href=\"https:\/\/schoueri.com.br\/en\/tributos-e-instrumentos-economicos-ambientais-o-uso-de-normas-tributarias-indutoras-em-materia-ambiental\/\">\n\t\t\t\tMore\t\t\t<\/a>\n\t\t<\/div><\/div><!-- .ee-post__body --><\/article><!-- .ee-post --><\/div><!-- .ee-loop__item --><div class=\"ee-grid__item ee-loop__item ee-filter-48\"><article class=\"ee-post post-5328 post type-post status-publish format-standard hentry category-articles-book-chapters tag-direito-tributario-internacional-precos-de-transferencia-international-tax-law-transfer-pricing\"><div class=\"ee-post__body ee-post__area\"><a href=\"https:\/\/schoueri.com.br\/en\/brazil-amended-transfer-pricing-rules\/\" class=\"ee-post__title\">\n\t\t\t<h2 class=\"ee-post__title__heading\">Brazil &#8211; Amended transfer pricing rules<\/h2>\n\t\t<\/a><div class=\"ee-post__metas ee-post__metas--has-metas\"><ul class=\"ee-post__metas__list display--\"><li class=\"ee-post__meta ee-post__meta--date ee-post__metas__date\"> 20\/10\/2010<span class=\"ee-post__meta__separator\">\u00b7<\/span><\/li><\/ul><\/div><div class=\"ee-post__excerpt\">IBFD<\/div><div class=\"ee-post__read-more\">\n\t\t\t<a class=\"ee-post__button\" href=\"https:\/\/schoueri.com.br\/en\/brazil-amended-transfer-pricing-rules\/\">\n\t\t\t\tMore\t\t\t<\/a>\n\t\t<\/div><\/div><!-- .ee-post__body --><\/article><!-- .ee-post --><\/div><!-- .ee-loop__item --><div class=\"ee-grid__item ee-loop__item ee-filter-48\"><article class=\"ee-post post-5325 post type-post status-publish format-standard hentry category-articles-book-chapters tag-direito-tributario-internacional-international-tax-law\"><div class=\"ee-post__body ee-post__area\"><a href=\"https:\/\/schoueri.com.br\/en\/tributacao-internacional\/\" class=\"ee-post__title\">\n\t\t\t<h2 class=\"ee-post__title__heading\">Tributa\u00e7\u00e3o internacional<\/h2>\n\t\t<\/a><div class=\"ee-post__metas ee-post__metas--has-metas\"><ul class=\"ee-post__metas__list display--\"><li class=\"ee-post__meta ee-post__meta--date ee-post__metas__date\"> 20\/10\/2010<span class=\"ee-post__meta__separator\">\u00b7<\/span><\/li><\/ul><\/div><div class=\"ee-post__excerpt\">Download PDF<\/div><div class=\"ee-post__read-more\">\n\t\t\t<a class=\"ee-post__button\" href=\"https:\/\/schoueri.com.br\/en\/tributacao-internacional\/\">\n\t\t\t\tMore\t\t\t<\/a>\n\t\t<\/div><\/div><!-- .ee-post__body --><\/article><!-- .ee-post --><\/div><!-- .ee-loop__item --><div class=\"ee-grid__item ee-loop__item ee-filter-48\"><article class=\"ee-post post-5322 post type-post status-publish format-standard hentry category-articles-book-chapters tag-tributacao-e-livre-concorrencia-substituicao-tributaria\"><div class=\"ee-post__body ee-post__area\"><a href=\"https:\/\/schoueri.com.br\/en\/restricoes-a-atividade-economica-do-contribuinte-na-substituicao-tributaria-e-livre-concorrencia\/\" class=\"ee-post__title\">\n\t\t\t<h2 class=\"ee-post__title__heading\">Restri\u00e7\u00f5es \u00e0 atividade econ\u00f4mica do contribuinte na substitui\u00e7\u00e3o tribut\u00e1ria e livre concorr\u00eancia<\/h2>\n\t\t<\/a><div class=\"ee-post__metas ee-post__metas--has-metas\"><ul class=\"ee-post__metas__list display--\"><li class=\"ee-post__meta ee-post__meta--date ee-post__metas__date\"> 20\/10\/2010<span class=\"ee-post__meta__separator\">\u00b7<\/span><\/li><\/ul><\/div><div class=\"ee-post__excerpt\">Download PDF<\/div><div class=\"ee-post__read-more\">\n\t\t\t<a class=\"ee-post__button\" href=\"https:\/\/schoueri.com.br\/en\/restricoes-a-atividade-economica-do-contribuinte-na-substituicao-tributaria-e-livre-concorrencia\/\">\n\t\t\t\tMore\t\t\t<\/a>\n\t\t<\/div><\/div><!-- .ee-post__body --><\/article><!-- .ee-post --><\/div><!-- .ee-loop__item --><div class=\"ee-grid__item ee-loop__item ee-filter-48\"><article class=\"ee-post post-5319 post type-post status-publish format-standard hentry category-articles-book-chapters tag-direito-tributario-internacional-precos-de-transferencia-international-tax-law-transfer-pricing\"><div class=\"ee-post__body ee-post__area\"><a href=\"https:\/\/schoueri.com.br\/en\/precos-de-transferencia-medidas-provisorias-e-principio-da-anterioridade\/\" class=\"ee-post__title\">\n\t\t\t<h2 class=\"ee-post__title__heading\">Pre\u00e7os de transfer\u00eancia, medidas provis\u00f3rias e princ\u00edpio da anterioridade<\/h2>\n\t\t<\/a><div class=\"ee-post__metas ee-post__metas--has-metas\"><ul class=\"ee-post__metas__list display--\"><li class=\"ee-post__meta ee-post__meta--date ee-post__metas__date\"> 20\/10\/2010<span class=\"ee-post__meta__separator\">\u00b7<\/span><\/li><\/ul><\/div><div class=\"ee-post__excerpt\">Download PDF<\/div><div class=\"ee-post__read-more\">\n\t\t\t<a class=\"ee-post__button\" href=\"https:\/\/schoueri.com.br\/en\/precos-de-transferencia-medidas-provisorias-e-principio-da-anterioridade\/\">\n\t\t\t\tMore\t\t\t<\/a>\n\t\t<\/div><\/div><!-- .ee-post__body --><\/article><!-- .ee-post --><\/div><!-- .ee-loop__item --><div class=\"ee-grid__item ee-loop__item ee-filter-48\"><article class=\"ee-post post-5316 post type-post status-publish format-standard hentry category-articles-book-chapters tag-planejamento-tributario-tax-planning\"><div class=\"ee-post__body ee-post__area\"><a href=\"https:\/\/schoueri.com.br\/en\/planejamento-tributario-limites-a-norma-antiabuso\/\" class=\"ee-post__title\">\n\t\t\t<h2 class=\"ee-post__title__heading\">Planejamento tribut\u00e1rio: limites \u00e0 norma antiabuso<\/h2>\n\t\t<\/a><div class=\"ee-post__metas ee-post__metas--has-metas\"><ul class=\"ee-post__metas__list display--\"><li class=\"ee-post__meta ee-post__meta--date ee-post__metas__date\"> 20\/10\/2010<span class=\"ee-post__meta__separator\">\u00b7<\/span><\/li><\/ul><\/div><div class=\"ee-post__excerpt\">Download PDF<\/div><div class=\"ee-post__read-more\">\n\t\t\t<a class=\"ee-post__button\" href=\"https:\/\/schoueri.com.br\/en\/planejamento-tributario-limites-a-norma-antiabuso\/\">\n\t\t\t\tMore\t\t\t<\/a>\n\t\t<\/div><\/div><!-- .ee-post__body --><\/article><!-- .ee-post --><\/div><!-- .ee-loop__item --><div class=\"ee-grid__item ee-loop__item ee-filter-48\"><article class=\"ee-post post-5311 post type-post status-publish format-standard hentry category-articles-book-chapters tag-planejamento-tributario-tax-planning\"><div class=\"ee-post__body ee-post__area\"><a href=\"https:\/\/schoueri.com.br\/en\/o-desafio-do-planejamento-tributario\/\" class=\"ee-post__title\">\n\t\t\t<h2 class=\"ee-post__title__heading\">O desafio do planejamento tribut\u00e1rio<\/h2>\n\t\t<\/a><div class=\"ee-post__metas ee-post__metas--has-metas\"><ul class=\"ee-post__metas__list display--\"><li class=\"ee-post__meta ee-post__meta--date ee-post__metas__date\"> 20\/10\/2010<span class=\"ee-post__meta__separator\">\u00b7<\/span><\/li><\/ul><\/div><div class=\"ee-post__excerpt\">Download PDF<\/div><div class=\"ee-post__read-more\">\n\t\t\t<a class=\"ee-post__button\" href=\"https:\/\/schoueri.com.br\/en\/o-desafio-do-planejamento-tributario\/\">\n\t\t\t\tMore\t\t\t<\/a>\n\t\t<\/div><\/div><!-- .ee-post__body --><\/article><!-- .ee-post --><\/div><!-- .ee-loop__item --><div class=\"ee-grid__item ee-loop__item ee-filter-48\"><article class=\"ee-post post-5308 post type-post status-publish format-standard hentry category-articles-book-chapters\"><div class=\"ee-post__body ee-post__area\"><a href=\"https:\/\/schoueri.com.br\/en\/consideracoes-sobre-os-rumos-do-sistema-tributario\/\" class=\"ee-post__title\">\n\t\t\t<h2 class=\"ee-post__title__heading\">Considera\u00e7\u00f5es sobre os rumos do sistema tribut\u00e1rio<\/h2>\n\t\t<\/a><div class=\"ee-post__metas ee-post__metas--has-metas\"><ul class=\"ee-post__metas__list display--\"><li class=\"ee-post__meta ee-post__meta--date ee-post__metas__date\"> 20\/10\/2010<span class=\"ee-post__meta__separator\">\u00b7<\/span><\/li><\/ul><\/div><div class=\"ee-post__excerpt\">Download PDF<\/div><div class=\"ee-post__read-more\">\n\t\t\t<a class=\"ee-post__button\" href=\"https:\/\/schoueri.com.br\/en\/consideracoes-sobre-os-rumos-do-sistema-tributario\/\">\n\t\t\t\tMore\t\t\t<\/a>\n\t\t<\/div><\/div><!-- .ee-post__body --><\/article><!-- .ee-post --><\/div><!-- .ee-loop__item --><div class=\"ee-grid__item ee-loop__item ee-filter-48\"><article class=\"ee-post post-5305 post type-post status-publish format-standard hentry category-articles-book-chapters tag-direito-tributario-internacional-international-tax-law\"><div class=\"ee-post__body ee-post__area\"><a href=\"https:\/\/schoueri.com.br\/en\/verrechnungspreise-anderungen-in-der-brasilianischen-einfuhrwiederverkaufspreismethode\/\" class=\"ee-post__title\">\n\t\t\t<h2 class=\"ee-post__title__heading\">Verrechnungspreise &#8211; \u00c4nderungen in der brasilianischen Einfuhrwiederverkaufspreismethode<\/h2>\n\t\t<\/a><div class=\"ee-post__metas ee-post__metas--has-metas\"><ul class=\"ee-post__metas__list display--\"><li class=\"ee-post__meta ee-post__meta--date ee-post__metas__date\"> 20\/10\/2010<span class=\"ee-post__meta__separator\">\u00b7<\/span><\/li><\/ul><\/div><div class=\"ee-post__excerpt\">Download PDF<\/div><div class=\"ee-post__read-more\">\n\t\t\t<a class=\"ee-post__button\" href=\"https:\/\/schoueri.com.br\/en\/verrechnungspreise-anderungen-in-der-brasilianischen-einfuhrwiederverkaufspreismethode\/\">\n\t\t\t\tMore\t\t\t<\/a>\n\t\t<\/div><\/div><!-- .ee-post__body --><\/article><!-- .ee-post --><\/div><!-- .ee-loop__item --><div class=\"ee-grid__item ee-loop__item ee-filter-48\"><article class=\"ee-post post-5302 post type-post status-publish format-standard hentry category-articles-book-chapters tag-direito-tributario-e-contabilidade\"><div class=\"ee-post__body ee-post__area\"><a href=\"https:\/\/schoueri.com.br\/en\/algumas-ponderacoes-a-respeito-do-regime-tributario-de-transicao\/\" class=\"ee-post__title\">\n\t\t\t<h2 class=\"ee-post__title__heading\">Algumas pondera\u00e7\u00f5es a respeito do regime tribut\u00e1rio de transi\u00e7\u00e3o<\/h2>\n\t\t<\/a><div class=\"ee-post__metas ee-post__metas--has-metas\"><ul class=\"ee-post__metas__list display--\"><li class=\"ee-post__meta ee-post__meta--date ee-post__metas__date\"> 20\/10\/2010<span class=\"ee-post__meta__separator\">\u00b7<\/span><\/li><\/ul><\/div><div class=\"ee-post__excerpt\">Download PDF<\/div><div class=\"ee-post__read-more\">\n\t\t\t<a class=\"ee-post__button\" href=\"https:\/\/schoueri.com.br\/en\/algumas-ponderacoes-a-respeito-do-regime-tributario-de-transicao\/\">\n\t\t\t\tMore\t\t\t<\/a>\n\t\t<\/div><\/div><!-- .ee-post__body --><\/article><!-- .ee-post --><\/div><!-- .ee-loop__item --><div class=\"ee-grid__item ee-loop__item ee-filter-48\"><article class=\"ee-post post-5299 post type-post status-publish format-standard hentry category-articles-book-chapters tag-direito-tributario-internacional-international-tax-law\"><div class=\"ee-post__body ee-post__area\"><a href=\"https:\/\/schoueri.com.br\/en\/las-limitaciones-decurrentes-de-la-tributacion-mundial-de-la-renta-y-la-adopcion-de-la-territorialidad\/\" class=\"ee-post__title\">\n\t\t\t<h2 class=\"ee-post__title__heading\">Las limitaciones decurrentes de la tributaci\u00f3n mundial de la renta y la adopci\u00f3n de la territorialidad<\/h2>\n\t\t<\/a><div class=\"ee-post__metas ee-post__metas--has-metas\"><ul class=\"ee-post__metas__list display--\"><li class=\"ee-post__meta ee-post__meta--date ee-post__metas__date\"> 20\/10\/2010<span class=\"ee-post__meta__separator\">\u00b7<\/span><\/li><\/ul><\/div><div class=\"ee-post__excerpt\">Download PDF<\/div><div class=\"ee-post__read-more\">\n\t\t\t<a class=\"ee-post__button\" href=\"https:\/\/schoueri.com.br\/en\/las-limitaciones-decurrentes-de-la-tributacion-mundial-de-la-renta-y-la-adopcion-de-la-territorialidad\/\">\n\t\t\t\tMore\t\t\t<\/a>\n\t\t<\/div><\/div><!-- .ee-post__body --><\/article><!-- .ee-post --><\/div><!-- .ee-loop__item --><div class=\"ee-grid__item ee-loop__item ee-filter-48\"><article class=\"ee-post post-5296 post type-post status-publish format-standard hentry category-articles-book-chapters tag-imposto-de-renda-irpf\"><div class=\"ee-post__body ee-post__area\"><a href=\"https:\/\/schoueri.com.br\/en\/imposto-sobre-a-renda-das-pessoas-fisicas\/\" class=\"ee-post__title\">\n\t\t\t<h2 class=\"ee-post__title__heading\">Imposto sobre a renda das pessoas f\u00edsicas<\/h2>\n\t\t<\/a><div class=\"ee-post__metas ee-post__metas--has-metas\"><ul class=\"ee-post__metas__list display--\"><li class=\"ee-post__meta ee-post__meta--date ee-post__metas__date\"> 20\/10\/2010<span class=\"ee-post__meta__separator\">\u00b7<\/span><\/li><\/ul><\/div><div class=\"ee-post__excerpt\">Download PDF<\/div><div class=\"ee-post__read-more\">\n\t\t\t<a class=\"ee-post__button\" href=\"https:\/\/schoueri.com.br\/en\/imposto-sobre-a-renda-das-pessoas-fisicas\/\">\n\t\t\t\tMore\t\t\t<\/a>\n\t\t<\/div><\/div><!-- .ee-post__body --><\/article><!-- .ee-post --><\/div><!-- .ee-loop__item --><div class=\"ee-grid__item ee-loop__item ee-filter-51\"><article class=\"ee-post post-5970 post type-post status-publish format-standard has-post-thumbnail hentry category-presentations\"><div class=\"ee-post__body ee-post__area\"><a href=\"https:\/\/schoueri.com.br\/en\/desconsideracao-de-atos-ou-negocios-juridicos-com-a-finalidade-de-dissimular-o-fato-gerador-da-obrigacao-tributaria-na-visao-da-doutrina-brasileira-parte-4\/\" class=\"ee-post__title\">\n\t\t\t<h2 class=\"ee-post__title__heading\">Desconsidera\u00e7\u00e3o de atos ou neg\u00f3cios jur\u00eddicos com a finalidade de dissimular o fato gerador da obriga\u00e7\u00e3o tribut\u00e1ria na vis\u00e3o da doutrina brasileira &#8211; Parte 4<\/h2>\n\t\t<\/a><div class=\"ee-post__metas ee-post__metas--has-metas\"><ul class=\"ee-post__metas__list display--\"><li class=\"ee-post__meta ee-post__meta--date ee-post__metas__date\"> 04\/10\/2010<span class=\"ee-post__meta__separator\">\u00b7<\/span><\/li><\/ul><\/div><div class=\"ee-post__excerpt\">Evento: Semin\u00e1rio Sobre Regulamenta\u00e7\u00e3o da Norma Geral Antielisiva Painel: Desconsidera\u00e7\u00e3o de atos ou neg\u00f3cios jur\u00eddicos&hellip;<\/div><div class=\"ee-post__read-more\">\n\t\t\t<a class=\"ee-post__button\" href=\"https:\/\/schoueri.com.br\/en\/desconsideracao-de-atos-ou-negocios-juridicos-com-a-finalidade-de-dissimular-o-fato-gerador-da-obrigacao-tributaria-na-visao-da-doutrina-brasileira-parte-4\/\">\n\t\t\t\tMore\t\t\t<\/a>\n\t\t<\/div><\/div><!-- .ee-post__body --><\/article><!-- .ee-post --><\/div><!-- .ee-loop__item --><div class=\"ee-grid__item ee-loop__item ee-filter-51\"><article class=\"ee-post post-5967 post type-post status-publish format-standard has-post-thumbnail hentry category-presentations\"><div class=\"ee-post__body ee-post__area\"><a href=\"https:\/\/schoueri.com.br\/en\/desconsideracao-de-atos-ou-negocios-juridicos-com-a-finalidade-de-dissimular-o-fato-gerador-da-obrigacao-tributaria-na-visao-da-doutrina-brasileira-parte-3\/\" class=\"ee-post__title\">\n\t\t\t<h2 class=\"ee-post__title__heading\">Desconsidera\u00e7\u00e3o de atos ou neg\u00f3cios jur\u00eddicos com a finalidade de dissimular o fato gerador da obriga\u00e7\u00e3o tribut\u00e1ria na vis\u00e3o da doutrina brasileira &#8211; Parte 3<\/h2>\n\t\t<\/a><div class=\"ee-post__metas ee-post__metas--has-metas\"><ul class=\"ee-post__metas__list display--\"><li class=\"ee-post__meta ee-post__meta--date ee-post__metas__date\"> 04\/10\/2010<span class=\"ee-post__meta__separator\">\u00b7<\/span><\/li><\/ul><\/div><div class=\"ee-post__excerpt\">Evento: Semin\u00e1rio Sobre Regulamenta\u00e7\u00e3o da Norma Geral Antielisiva Painel: Desconsidera\u00e7\u00e3o de atos ou neg\u00f3cios jur\u00eddicos&hellip;<\/div><div class=\"ee-post__read-more\">\n\t\t\t<a class=\"ee-post__button\" href=\"https:\/\/schoueri.com.br\/en\/desconsideracao-de-atos-ou-negocios-juridicos-com-a-finalidade-de-dissimular-o-fato-gerador-da-obrigacao-tributaria-na-visao-da-doutrina-brasileira-parte-3\/\">\n\t\t\t\tMore\t\t\t<\/a>\n\t\t<\/div><\/div><!-- .ee-post__body --><\/article><!-- .ee-post --><\/div><!-- .ee-loop__item --><div class=\"ee-grid__item ee-loop__item ee-filter-51\"><article class=\"ee-post post-5965 post type-post status-publish format-standard has-post-thumbnail hentry category-presentations\"><div class=\"ee-post__body ee-post__area\"><a href=\"https:\/\/schoueri.com.br\/en\/desconsideracao-de-atos-ou-negocios-juridicos-com-a-finalidade-de-dissimular-o-fato-gerador-da-obrigacao-tributaria-na-visao-da-doutrina-brasileira-parte-2\/\" class=\"ee-post__title\">\n\t\t\t<h2 class=\"ee-post__title__heading\">Desconsidera\u00e7\u00e3o de atos ou neg\u00f3cios jur\u00eddicos com a finalidade de dissimular o fato gerador da obriga\u00e7\u00e3o tribut\u00e1ria na vis\u00e3o da doutrina brasileira &#8211; Parte 2<\/h2>\n\t\t<\/a><div class=\"ee-post__metas ee-post__metas--has-metas\"><ul class=\"ee-post__metas__list display--\"><li class=\"ee-post__meta ee-post__meta--date ee-post__metas__date\"> 04\/10\/2010<span class=\"ee-post__meta__separator\">\u00b7<\/span><\/li><\/ul><\/div><div class=\"ee-post__excerpt\">Evento: Semin\u00e1rio Sobre Regulamenta\u00e7\u00e3o da Norma Geral Antielisiva Painel: Desconsidera\u00e7\u00e3o de atos ou neg\u00f3cios jur\u00eddicos&hellip;<\/div><div class=\"ee-post__read-more\">\n\t\t\t<a class=\"ee-post__button\" href=\"https:\/\/schoueri.com.br\/en\/desconsideracao-de-atos-ou-negocios-juridicos-com-a-finalidade-de-dissimular-o-fato-gerador-da-obrigacao-tributaria-na-visao-da-doutrina-brasileira-parte-2\/\">\n\t\t\t\tMore\t\t\t<\/a>\n\t\t<\/div><\/div><!-- .ee-post__body --><\/article><!-- .ee-post --><\/div><!-- .ee-loop__item --><div class=\"ee-grid__item ee-loop__item ee-filter-51\"><article class=\"ee-post post-5960 post type-post status-publish format-standard has-post-thumbnail hentry category-presentations\"><div class=\"ee-post__body ee-post__area\"><a href=\"https:\/\/schoueri.com.br\/en\/desconsideracao-de-atos-ou-negocios-juridicos-com-a-finalidade-de-dissimular-o-fato-gerador-da-obrigacao-tributaria-na-visao-da-doutrina-brasileira-parte-1\/\" class=\"ee-post__title\">\n\t\t\t<h2 class=\"ee-post__title__heading\">Desconsidera\u00e7\u00e3o de atos ou neg\u00f3cios jur\u00eddicos com a finalidade de dissimular o fato gerador da obriga\u00e7\u00e3o tribut\u00e1ria na vis\u00e3o da doutrina brasileira &#8211; Parte 1<\/h2>\n\t\t<\/a><div class=\"ee-post__metas ee-post__metas--has-metas\"><ul class=\"ee-post__metas__list display--\"><li class=\"ee-post__meta ee-post__meta--date ee-post__metas__date\"> 04\/10\/2010<span class=\"ee-post__meta__separator\">\u00b7<\/span><\/li><\/ul><\/div><div class=\"ee-post__excerpt\">Evento: Semin\u00e1rio Sobre Regulamenta\u00e7\u00e3o da Norma Geral Antielisiva Painel: Desconsidera\u00e7\u00e3o de atos ou neg\u00f3cios jur\u00eddicos&hellip;<\/div><div class=\"ee-post__read-more\">\n\t\t\t<a class=\"ee-post__button\" href=\"https:\/\/schoueri.com.br\/en\/desconsideracao-de-atos-ou-negocios-juridicos-com-a-finalidade-de-dissimular-o-fato-gerador-da-obrigacao-tributaria-na-visao-da-doutrina-brasileira-parte-1\/\">\n\t\t\t\tMore\t\t\t<\/a>\n\t\t<\/div><\/div><!-- .ee-post__body --><\/article><!-- .ee-post --><\/div><!-- .ee-loop__item --><div class=\"ee-grid__item ee-loop__item ee-filter-51\"><article class=\"ee-post post-5973 post type-post status-publish format-standard has-post-thumbnail hentry category-presentations\"><div class=\"ee-post__body ee-post__area\"><a href=\"https:\/\/schoueri.com.br\/en\/desconsideracao-de-atos-ou-negocios-juridicos-com-a-finalidade-de-dissimular-o-fato-gerador-da-obrigacao-tributaria-na-visao-da-doutrina-brasileira-parte-5\/\" class=\"ee-post__title\">\n\t\t\t<h2 class=\"ee-post__title__heading\">Desconsidera\u00e7\u00e3o de atos ou neg\u00f3cios jur\u00eddicos com a finalidade de dissimular o fato gerador da obriga\u00e7\u00e3o tribut\u00e1ria na vis\u00e3o da doutrina brasileira &#8211; Parte 5<\/h2>\n\t\t<\/a><div class=\"ee-post__metas ee-post__metas--has-metas\"><ul class=\"ee-post__metas__list display--\"><li class=\"ee-post__meta ee-post__meta--date ee-post__metas__date\"> 04\/04\/2010<span class=\"ee-post__meta__separator\">\u00b7<\/span><\/li><\/ul><\/div><div class=\"ee-post__excerpt\">Evento: Semin\u00e1rio Sobre Regulamenta\u00e7\u00e3o da Norma Geral Antielisiva Painel: Desconsidera\u00e7\u00e3o de atos ou neg\u00f3cios jur\u00eddicos&hellip;<\/div><div class=\"ee-post__read-more\">\n\t\t\t<a class=\"ee-post__button\" href=\"https:\/\/schoueri.com.br\/en\/desconsideracao-de-atos-ou-negocios-juridicos-com-a-finalidade-de-dissimular-o-fato-gerador-da-obrigacao-tributaria-na-visao-da-doutrina-brasileira-parte-5\/\">\n\t\t\t\tMore\t\t\t<\/a>\n\t\t<\/div><\/div><!-- .ee-post__body --><\/article><!-- .ee-post --><\/div><!-- .ee-loop__item --><div class=\"ee-grid__item ee-loop__item ee-filter-48\"><article class=\"ee-post post-6402 post type-post status-publish format-standard hentry category-articles-book-chapters\"><div class=\"ee-post__body ee-post__area\"><a href=\"https:\/\/schoueri.com.br\/en\/prefacio-defesa-da-concorrencia-e-tributacao\/\" class=\"ee-post__title\">\n\t\t\t<h2 class=\"ee-post__title__heading\">Pref\u00e1cio &#8211; Defesa da Concorr\u00eancia e Tributa\u00e7\u00e3o<\/h2>\n\t\t<\/a><div class=\"ee-post__metas ee-post__metas--has-metas\"><ul class=\"ee-post__metas__list display--\"><li class=\"ee-post__meta ee-post__meta--date ee-post__metas__date\"> 04\/11\/2009<span class=\"ee-post__meta__separator\">\u00b7<\/span><\/li><\/ul><\/div><div class=\"ee-post__excerpt\">Download PDF<\/div><div class=\"ee-post__read-more\">\n\t\t\t<a class=\"ee-post__button\" href=\"https:\/\/schoueri.com.br\/en\/prefacio-defesa-da-concorrencia-e-tributacao\/\">\n\t\t\t\tMore\t\t\t<\/a>\n\t\t<\/div><\/div><!-- .ee-post__body --><\/article><!-- .ee-post --><\/div><!-- .ee-loop__item --><div class=\"ee-grid__item ee-loop__item ee-filter-48\"><article class=\"ee-post post-5291 post type-post status-publish format-standard hentry category-articles-book-chapters tag-direito-tributario-internacional-arbitragem-international-tax-law-arbitration\"><div class=\"ee-post__body ee-post__area\"><a href=\"https:\/\/schoueri.com.br\/en\/arbitragem-no-direito-tributario-internacional\/\" class=\"ee-post__title\">\n\t\t\t<h2 class=\"ee-post__title__heading\">Arbitragem no Direito Tribut\u00e1rio Internacional<\/h2>\n\t\t<\/a><div class=\"ee-post__metas ee-post__metas--has-metas\"><ul class=\"ee-post__metas__list display--\"><li class=\"ee-post__meta ee-post__meta--date ee-post__metas__date\"> 20\/10\/2009<span class=\"ee-post__meta__separator\">\u00b7<\/span><\/li><\/ul><\/div><div class=\"ee-post__excerpt\">Download PDF<\/div><div class=\"ee-post__read-more\">\n\t\t\t<a class=\"ee-post__button\" href=\"https:\/\/schoueri.com.br\/en\/arbitragem-no-direito-tributario-internacional\/\">\n\t\t\t\tMore\t\t\t<\/a>\n\t\t<\/div><\/div><!-- .ee-post__body --><\/article><!-- .ee-post --><\/div><!-- .ee-loop__item --><div class=\"ee-grid__item ee-loop__item ee-filter-48\"><article class=\"ee-post post-5288 post type-post status-publish format-standard hentry category-articles-book-chapters tag-direito-tributario-internacional-international-tax-law\"><div class=\"ee-post__body ee-post__area\"><a href=\"https:\/\/schoueri.com.br\/en\/bald-bestatigung-der-wiener-vertragskonvention-1969-neue-auslegung-der-dba-bei-brasilianischen-gerichten\/\" class=\"ee-post__title\">\n\t\t\t<h2 class=\"ee-post__title__heading\">Bald Best\u00e4tigung der Wiener Vertragskonvention 1969 &#8211; neue Auslegung der DBA bei brasilianischen Gerichten?<\/h2>\n\t\t<\/a><div class=\"ee-post__metas ee-post__metas--has-metas\"><ul class=\"ee-post__metas__list display--\"><li class=\"ee-post__meta ee-post__meta--date ee-post__metas__date\"> 20\/10\/2009<span class=\"ee-post__meta__separator\">\u00b7<\/span><\/li><\/ul><\/div><div class=\"ee-post__excerpt\">Download PDF<\/div><div class=\"ee-post__read-more\">\n\t\t\t<a class=\"ee-post__button\" href=\"https:\/\/schoueri.com.br\/en\/bald-bestatigung-der-wiener-vertragskonvention-1969-neue-auslegung-der-dba-bei-brasilianischen-gerichten\/\">\n\t\t\t\tMore\t\t\t<\/a>\n\t\t<\/div><\/div><!-- .ee-post__body --><\/article><!-- .ee-post --><\/div><!-- .ee-loop__item --><div class=\"ee-grid__item ee-loop__item ee-filter-48\"><article class=\"ee-post post-5285 post type-post status-publish format-standard hentry category-articles-book-chapters\"><div class=\"ee-post__body ee-post__area\"><a href=\"https:\/\/schoueri.com.br\/en\/barreiras-tributarias-aos-investimentos\/\" class=\"ee-post__title\">\n\t\t\t<h2 class=\"ee-post__title__heading\">Barreiras tribut\u00e1rias aos investimentos<\/h2>\n\t\t<\/a><div class=\"ee-post__metas ee-post__metas--has-metas\"><ul class=\"ee-post__metas__list display--\"><li class=\"ee-post__meta ee-post__meta--date ee-post__metas__date\"> 20\/10\/2009<span class=\"ee-post__meta__separator\">\u00b7<\/span><\/li><\/ul><\/div><div class=\"ee-post__excerpt\">Download PDF SCHOUERI, L. E. Barreiras tribut\u00e1rias aos investimentos. O Estado de S\u00e3o Paulo, S\u00e3o&hellip;<\/div><div class=\"ee-post__read-more\">\n\t\t\t<a class=\"ee-post__button\" href=\"https:\/\/schoueri.com.br\/en\/barreiras-tributarias-aos-investimentos\/\">\n\t\t\t\tMore\t\t\t<\/a>\n\t\t<\/div><\/div><!-- .ee-post__body --><\/article><!-- .ee-post --><\/div><!-- .ee-loop__item --><div class=\"ee-grid__item ee-loop__item ee-filter-48\"><article class=\"ee-post post-5282 post type-post status-publish format-standard hentry category-articles-book-chapters tag-direito-tributario-internacional-precos-de-transferencia-international-tax-law-transfer-pricing\"><div class=\"ee-post__body ee-post__area\"><a href=\"https:\/\/schoueri.com.br\/en\/margens-predeterminadas-praticabilidade-e-capacidade-contributiva\/\" class=\"ee-post__title\">\n\t\t\t<h2 class=\"ee-post__title__heading\">Margens predeterminadas, praticabilidade e capacidade contributiva<\/h2>\n\t\t<\/a><div class=\"ee-post__metas ee-post__metas--has-metas\"><ul class=\"ee-post__metas__list display--\"><li class=\"ee-post__meta ee-post__meta--date ee-post__metas__date\"> 20\/10\/2009<span class=\"ee-post__meta__separator\">\u00b7<\/span><\/li><\/ul><\/div><div class=\"ee-post__excerpt\">Download PDF<\/div><div class=\"ee-post__read-more\">\n\t\t\t<a class=\"ee-post__button\" href=\"https:\/\/schoueri.com.br\/en\/margens-predeterminadas-praticabilidade-e-capacidade-contributiva\/\">\n\t\t\t\tMore\t\t\t<\/a>\n\t\t<\/div><\/div><!-- .ee-post__body --><\/article><!-- .ee-post --><\/div><!-- .ee-loop__item --><div class=\"ee-grid__item ee-loop__item ee-filter-48\"><article class=\"ee-post post-5279 post type-post status-publish format-standard hentry category-articles-book-chapters tag-normas-tributarias-indutoras\"><div class=\"ee-post__body ee-post__area\"><a href=\"https:\/\/schoueri.com.br\/en\/tributacao-e-inducao-economica-os-efeitos-economicos-de-um-tributo-como-criterio-para-sua-constitucionalidade\/\" class=\"ee-post__title\">\n\t\t\t<h2 class=\"ee-post__title__heading\">Tributa\u00e7\u00e3o e indu\u00e7\u00e3o econ\u00f4mica: os efeitos econ\u00f4micos de um tributo como crit\u00e9rio para sua constitucionalidade<\/h2>\n\t\t<\/a><div class=\"ee-post__metas ee-post__metas--has-metas\"><ul class=\"ee-post__metas__list display--\"><li class=\"ee-post__meta ee-post__meta--date ee-post__metas__date\"> 20\/10\/2009<span class=\"ee-post__meta__separator\">\u00b7<\/span><\/li><\/ul><\/div><div class=\"ee-post__excerpt\">Download PDF \u00a0SCHOUERI, L. E. Tributa\u00e7\u00e3o e indu\u00e7\u00e3o econ\u00f4mica: os efeitos econ\u00f4micos de um tributo&hellip;<\/div><div class=\"ee-post__read-more\">\n\t\t\t<a class=\"ee-post__button\" href=\"https:\/\/schoueri.com.br\/en\/tributacao-e-inducao-economica-os-efeitos-economicos-de-um-tributo-como-criterio-para-sua-constitucionalidade\/\">\n\t\t\t\tMore\t\t\t<\/a>\n\t\t<\/div><\/div><!-- .ee-post__body --><\/article><!-- .ee-post --><\/div><!-- .ee-loop__item --><div class=\"ee-grid__item ee-loop__item ee-filter-48\"><article class=\"ee-post post-5276 post type-post status-publish format-standard hentry category-articles-book-chapters tag-direito-tributario-internacional-precos-de-transferencia-international-tax-law-transfer-pricing\"><div class=\"ee-post__body ee-post__area\"><a href=\"https:\/\/schoueri.com.br\/en\/transfer-pricing-practice-in-an-era-of-recession\/\" class=\"ee-post__title\">\n\t\t\t<h2 class=\"ee-post__title__heading\">Transfer Pricing Practice in an Era of Recession<\/h2>\n\t\t<\/a><div class=\"ee-post__metas ee-post__metas--has-metas\"><ul class=\"ee-post__metas__list display--\"><li class=\"ee-post__meta ee-post__meta--date ee-post__metas__date\"> 20\/10\/2009<span class=\"ee-post__meta__separator\">\u00b7<\/span><\/li><\/ul><\/div><div class=\"ee-post__excerpt\">IBFD<\/div><div class=\"ee-post__read-more\">\n\t\t\t<a class=\"ee-post__button\" href=\"https:\/\/schoueri.com.br\/en\/transfer-pricing-practice-in-an-era-of-recession\/\">\n\t\t\t\tMore\t\t\t<\/a>\n\t\t<\/div><\/div><!-- .ee-post__body --><\/article><!-- .ee-post --><\/div><!-- .ee-loop__item --><div class=\"ee-grid__item ee-loop__item ee-filter-48\"><article class=\"ee-post post-6400 post type-post status-publish format-standard hentry category-articles-book-chapters\"><div class=\"ee-post__body ee-post__area\"><a href=\"https:\/\/schoueri.com.br\/en\/prefacio-fundamentos-do-imposto-de-renda\/\" class=\"ee-post__title\">\n\t\t\t<h2 class=\"ee-post__title__heading\">Pref\u00e1cio &#8211; Fundamentos do Imposto de Renda<\/h2>\n\t\t<\/a><div class=\"ee-post__metas ee-post__metas--has-metas\"><ul class=\"ee-post__metas__list display--\"><li class=\"ee-post__meta ee-post__meta--date ee-post__metas__date\"> 04\/11\/2008<span class=\"ee-post__meta__separator\">\u00b7<\/span><\/li><\/ul><\/div><div class=\"ee-post__excerpt\">Download PDF<\/div><div class=\"ee-post__read-more\">\n\t\t\t<a class=\"ee-post__button\" href=\"https:\/\/schoueri.com.br\/en\/prefacio-fundamentos-do-imposto-de-renda\/\">\n\t\t\t\tMore\t\t\t<\/a>\n\t\t<\/div><\/div><!-- .ee-post__body --><\/article><!-- .ee-post --><\/div><!-- .ee-loop__item --><div class=\"ee-grid__item ee-loop__item ee-filter-48\"><article class=\"ee-post post-6398 post type-post status-publish format-standard hentry category-articles-book-chapters\"><div class=\"ee-post__body ee-post__area\"><a href=\"https:\/\/schoueri.com.br\/en\/homenagem-ao-prof-klaus-vogel-por-luis-eduardo-schoueri-klaus-vogel-uma-saudade\/\" class=\"ee-post__title\">\n\t\t\t<h2 class=\"ee-post__title__heading\">Homenagem ao Prof. Klaus Vogel por Lu\u00eds Eduardo Schoueri &#8211; Klaus Vogel: uma saudade<\/h2>\n\t\t<\/a><div class=\"ee-post__metas ee-post__metas--has-metas\"><ul class=\"ee-post__metas__list display--\"><li class=\"ee-post__meta ee-post__meta--date ee-post__metas__date\"> 04\/11\/2008<span class=\"ee-post__meta__separator\">\u00b7<\/span><\/li><\/ul><\/div><div class=\"ee-post__excerpt\">Download PDF<\/div><div class=\"ee-post__read-more\">\n\t\t\t<a class=\"ee-post__button\" href=\"https:\/\/schoueri.com.br\/en\/homenagem-ao-prof-klaus-vogel-por-luis-eduardo-schoueri-klaus-vogel-uma-saudade\/\">\n\t\t\t\tMore\t\t\t<\/a>\n\t\t<\/div><\/div><!-- .ee-post__body --><\/article><!-- .ee-post --><\/div><!-- .ee-loop__item --><div class=\"ee-grid__item ee-loop__item ee-filter-48\"><article class=\"ee-post post-6396 post type-post status-publish format-standard hentry category-articles-book-chapters\"><div class=\"ee-post__body ee-post__area\"><a href=\"https:\/\/schoueri.com.br\/en\/discurso-a-proposito-do-lancamento-deste-festschrift-por-ocasiao-do-congresso-de-direito-tributario-em-homenagem-ao-professor-paulo-de-barros-carvalho\/\" class=\"ee-post__title\">\n\t\t\t<h2 class=\"ee-post__title__heading\">Discurso a prop\u00f3sito do lan\u00e7amento deste Festschrift, por ocasi\u00e3o do Congresso de Direito Tribut\u00e1rio em Homenagem ao Professor Paulo de Barros Carvalho<\/h2>\n\t\t<\/a><div class=\"ee-post__metas ee-post__metas--has-metas\"><ul class=\"ee-post__metas__list display--\"><li class=\"ee-post__meta ee-post__meta--date ee-post__metas__date\"> 04\/11\/2008<span class=\"ee-post__meta__separator\">\u00b7<\/span><\/li><\/ul><\/div><div class=\"ee-post__excerpt\">Download PDF<\/div><div class=\"ee-post__read-more\">\n\t\t\t<a class=\"ee-post__button\" href=\"https:\/\/schoueri.com.br\/en\/discurso-a-proposito-do-lancamento-deste-festschrift-por-ocasiao-do-congresso-de-direito-tributario-em-homenagem-ao-professor-paulo-de-barros-carvalho\/\">\n\t\t\t\tMore\t\t\t<\/a>\n\t\t<\/div><\/div><!-- .ee-post__body --><\/article><!-- .ee-post --><\/div><!-- .ee-loop__item --><div class=\"ee-grid__item ee-loop__item ee-filter-48\"><article class=\"ee-post post-5252 post type-post status-publish format-standard hentry category-articles-book-chapters tag-normas-tributarias-indutoras-drawback\"><div class=\"ee-post__body ee-post__area\"><a href=\"https:\/\/schoueri.com.br\/en\/limites-da-competencia-da-receita-federal-do-brasil-quanto-a-revisao-de-incentivos-fiscais\/\" class=\"ee-post__title\">\n\t\t\t<h2 class=\"ee-post__title__heading\">Limites da compet\u00eancia da Receita Federal do Brasil quanto \u00e0 revis\u00e3o de incentivos fiscais<\/h2>\n\t\t<\/a><div class=\"ee-post__metas ee-post__metas--has-metas\"><ul class=\"ee-post__metas__list display--\"><li class=\"ee-post__meta ee-post__meta--date ee-post__metas__date\"> 20\/10\/2008<span class=\"ee-post__meta__separator\">\u00b7<\/span><\/li><\/ul><\/div><div class=\"ee-post__excerpt\">Download PDF \u00a0SCHOUERI, L. E.; D. V. Bellan ; L. C. de Andrade Jr.\u00a0 Limites&hellip;<\/div><div class=\"ee-post__read-more\">\n\t\t\t<a class=\"ee-post__button\" href=\"https:\/\/schoueri.com.br\/en\/limites-da-competencia-da-receita-federal-do-brasil-quanto-a-revisao-de-incentivos-fiscais\/\">\n\t\t\t\tMore\t\t\t<\/a>\n\t\t<\/div><\/div><!-- .ee-post__body --><\/article><!-- .ee-post --><\/div><!-- .ee-loop__item --><div class=\"ee-grid__item ee-loop__item ee-filter-48\"><article class=\"ee-post post-5249 post type-post status-publish format-standard hentry category-articles-book-chapters tag-normas-tributarias-indutoras-seguranca-juridica\"><div class=\"ee-post__body ee-post__area\"><a href=\"https:\/\/schoueri.com.br\/en\/seguranca-juridica-e-normas-tributarias-indutoras\/\" class=\"ee-post__title\">\n\t\t\t<h2 class=\"ee-post__title__heading\">Seguran\u00e7a Jur\u00eddica e Normas Tribut\u00e1rias Indutoras<\/h2>\n\t\t<\/a><div class=\"ee-post__metas ee-post__metas--has-metas\"><ul class=\"ee-post__metas__list display--\"><li class=\"ee-post__meta ee-post__meta--date ee-post__metas__date\"> 20\/10\/2008<span class=\"ee-post__meta__separator\">\u00b7<\/span><\/li><\/ul><\/div><div class=\"ee-post__excerpt\">Download PDF \u00a0SCHOUERI, L. E. Seguran\u00e7a Jur\u00eddica e Normas Tribut\u00e1rias Indutoras. In: Maria de F\u00e1tima&hellip;<\/div><div class=\"ee-post__read-more\">\n\t\t\t<a class=\"ee-post__button\" href=\"https:\/\/schoueri.com.br\/en\/seguranca-juridica-e-normas-tributarias-indutoras\/\">\n\t\t\t\tMore\t\t\t<\/a>\n\t\t<\/div><\/div><!-- .ee-post__body --><\/article><!-- .ee-post --><\/div><!-- .ee-loop__item --><div class=\"ee-grid__item ee-loop__item ee-filter-48\"><article class=\"ee-post post-5246 post type-post status-publish format-standard hentry category-articles-book-chapters tag-direito-tributario-internacional-precos-de-transferencia-international-tax-law-transfer-pricing\"><div class=\"ee-post__body ee-post__area\"><a href=\"https:\/\/schoueri.com.br\/en\/consideracoes-sobre-o-principio-arms-length-e-os-secret-comparables\/\" class=\"ee-post__title\">\n\t\t\t<h2 class=\"ee-post__title__heading\">Considera\u00e7\u00f5es sobre o princ\u00edpio arm&#8217;s length e os secret comparables<\/h2>\n\t\t<\/a><div class=\"ee-post__metas ee-post__metas--has-metas\"><ul class=\"ee-post__metas__list display--\"><li class=\"ee-post__meta ee-post__meta--date ee-post__metas__date\"> 20\/10\/2008<span class=\"ee-post__meta__separator\">\u00b7<\/span><\/li><\/ul><\/div><div class=\"ee-post__excerpt\">Download PDF<\/div><div class=\"ee-post__read-more\">\n\t\t\t<a class=\"ee-post__button\" href=\"https:\/\/schoueri.com.br\/en\/consideracoes-sobre-o-principio-arms-length-e-os-secret-comparables\/\">\n\t\t\t\tMore\t\t\t<\/a>\n\t\t<\/div><\/div><!-- .ee-post__body --><\/article><!-- .ee-post --><\/div><!-- .ee-loop__item --><div class=\"ee-grid__item ee-loop__item ee-filter-48\"><article class=\"ee-post post-5243 post type-post status-publish format-standard hentry category-articles-book-chapters tag-direito-tributario-internacional-international-tax-law\"><div class=\"ee-post__body ee-post__area\"><a href=\"https:\/\/schoueri.com.br\/en\/brasilien-jurisdiktion-mit-begunstigter-besteuerung-und-steuerprivilegierte-systeme\/\" class=\"ee-post__title\">\n\t\t\t<h2 class=\"ee-post__title__heading\">Brasilien Jurisdiktion mit beg\u00fcnstigter Besteuerung und Steuerprivilegierte Systeme<\/h2>\n\t\t<\/a><div class=\"ee-post__metas ee-post__metas--has-metas\"><ul class=\"ee-post__metas__list display--\"><li class=\"ee-post__meta ee-post__meta--date ee-post__metas__date\"> 20\/10\/2008<span class=\"ee-post__meta__separator\">\u00b7<\/span><\/li><\/ul><\/div><div class=\"ee-post__excerpt\">Download PDF<\/div><div class=\"ee-post__read-more\">\n\t\t\t<a class=\"ee-post__button\" href=\"https:\/\/schoueri.com.br\/en\/brasilien-jurisdiktion-mit-begunstigter-besteuerung-und-steuerprivilegierte-systeme\/\">\n\t\t\t\tMore\t\t\t<\/a>\n\t\t<\/div><\/div><!-- .ee-post__body --><\/article><!-- .ee-post --><\/div><!-- .ee-loop__item --><div class=\"ee-grid__item ee-loop__item ee-filter-48\"><article class=\"ee-post post-5240 post type-post status-publish format-standard hentry category-articles-book-chapters tag-direito-tributario-internacional-international-tax-law\"><div class=\"ee-post__body ee-post__area\"><a href=\"https:\/\/schoueri.com.br\/en\/contribuicao-a-historia-dos-acordos-de-bitributacao-a-experiencia-brasileira\/\" class=\"ee-post__title\">\n\t\t\t<h2 class=\"ee-post__title__heading\">Contribui\u00e7\u00e3o \u00e0 hist\u00f3ria dos acordos de bitributa\u00e7\u00e3o: a experi\u00eancia brasileira<\/h2>\n\t\t<\/a><div class=\"ee-post__metas ee-post__metas--has-metas\"><ul class=\"ee-post__metas__list display--\"><li class=\"ee-post__meta ee-post__meta--date ee-post__metas__date\"> 20\/10\/2008<span class=\"ee-post__meta__separator\">\u00b7<\/span><\/li><\/ul><\/div><div class=\"ee-post__excerpt\">Download PDF<\/div><div class=\"ee-post__read-more\">\n\t\t\t<a class=\"ee-post__button\" href=\"https:\/\/schoueri.com.br\/en\/contribuicao-a-historia-dos-acordos-de-bitributacao-a-experiencia-brasileira\/\">\n\t\t\t\tMore\t\t\t<\/a>\n\t\t<\/div><\/div><!-- .ee-post__body --><\/article><!-- .ee-post --><\/div><!-- .ee-loop__item --><div class=\"ee-grid__item ee-loop__item ee-filter-48\"><article class=\"ee-post post-5237 post type-post status-publish format-standard hentry category-articles-book-chapters tag-direito-tributario-internacional-international-tax-law\"><div class=\"ee-post__body ee-post__area\"><a href=\"https:\/\/schoueri.com.br\/en\/tributacao-subjetiva-na-fonte-de-artistas-e-esportistas-nao-residentes-e-o-conceito-de-nao-discriminacao\/\" class=\"ee-post__title\">\n\t\t\t<h2 class=\"ee-post__title__heading\">Tributa\u00e7\u00e3o subjetiva na fonte de artistas e esportistas n\u00e3o-residentes e o conceito de n\u00e3o-discrimina\u00e7\u00e3o<\/h2>\n\t\t<\/a><div class=\"ee-post__metas ee-post__metas--has-metas\"><ul class=\"ee-post__metas__list display--\"><li class=\"ee-post__meta ee-post__meta--date ee-post__metas__date\"> 20\/10\/2008<span class=\"ee-post__meta__separator\">\u00b7<\/span><\/li><\/ul><\/div><div class=\"ee-post__excerpt\">Download PDF<\/div><div class=\"ee-post__read-more\">\n\t\t\t<a class=\"ee-post__button\" href=\"https:\/\/schoueri.com.br\/en\/tributacao-subjetiva-na-fonte-de-artistas-e-esportistas-nao-residentes-e-o-conceito-de-nao-discriminacao\/\">\n\t\t\t\tMore\t\t\t<\/a>\n\t\t<\/div><\/div><!-- .ee-post__body --><\/article><!-- .ee-post --><\/div><!-- .ee-loop__item --><div class=\"ee-grid__item ee-loop__item ee-filter-48\"><article class=\"ee-post post-5234 post type-post status-publish format-standard hentry category-articles-book-chapters tag-agio\"><div class=\"ee-post__body ee-post__area\"><a href=\"https:\/\/schoueri.com.br\/en\/tratamento-tributario-do-agio-consideracoes-sobre-seu-fundamento\/\" class=\"ee-post__title\">\n\t\t\t<h2 class=\"ee-post__title__heading\">Tratamento tribut\u00e1rio do \u00e1gio: considera\u00e7\u00f5es sobre seu fundamento<\/h2>\n\t\t<\/a><div class=\"ee-post__metas ee-post__metas--has-metas\"><ul class=\"ee-post__metas__list display--\"><li class=\"ee-post__meta ee-post__meta--date ee-post__metas__date\"> 20\/10\/2008<span class=\"ee-post__meta__separator\">\u00b7<\/span><\/li><\/ul><\/div><div class=\"ee-post__excerpt\">Download PDF<\/div><div class=\"ee-post__read-more\">\n\t\t\t<a class=\"ee-post__button\" href=\"https:\/\/schoueri.com.br\/en\/tratamento-tributario-do-agio-consideracoes-sobre-seu-fundamento\/\">\n\t\t\t\tMore\t\t\t<\/a>\n\t\t<\/div><\/div><!-- .ee-post__body --><\/article><!-- .ee-post --><\/div><!-- .ee-loop__item --><div class=\"ee-grid__item ee-loop__item ee-filter-48\"><article class=\"ee-post post-5231 post type-post status-publish format-standard hentry category-articles-book-chapters tag-direito-tributario-internacional-international-tax-law\"><div class=\"ee-post__body ee-post__area\"><a href=\"https:\/\/schoueri.com.br\/en\/relacao-entre-tratados-internacionais-e-a-lei-tributaria-interna\/\" class=\"ee-post__title\">\n\t\t\t<h2 class=\"ee-post__title__heading\">Rela\u00e7\u00e3o entre tratados internacionais e a lei tribut\u00e1ria interna<\/h2>\n\t\t<\/a><div class=\"ee-post__metas ee-post__metas--has-metas\"><ul class=\"ee-post__metas__list display--\"><li class=\"ee-post__meta ee-post__meta--date ee-post__metas__date\"> 20\/10\/2008<span class=\"ee-post__meta__separator\">\u00b7<\/span><\/li><\/ul><\/div><div class=\"ee-post__excerpt\">Download PDF<\/div><div class=\"ee-post__read-more\">\n\t\t\t<a class=\"ee-post__button\" href=\"https:\/\/schoueri.com.br\/en\/relacao-entre-tratados-internacionais-e-a-lei-tributaria-interna\/\">\n\t\t\t\tMore\t\t\t<\/a>\n\t\t<\/div><\/div><!-- .ee-post__body --><\/article><!-- .ee-post --><\/div><!-- .ee-loop__item --><div class=\"ee-grid__item ee-loop__item ee-filter-48\"><article class=\"ee-post post-6420 post type-post status-publish format-standard hentry category-articles-book-chapters\"><div class=\"ee-post__body ee-post__area\"><a href=\"https:\/\/schoueri.com.br\/en\/prefacio-a-nao-discriminacao-tributaria-e-o-pis-importacao-e-a-cofins-importacao\/\" class=\"ee-post__title\">\n\t\t\t<h2 class=\"ee-post__title__heading\">Pref\u00e1cio &#8211; A n\u00e3o discrimina\u00e7\u00e3o tribut\u00e1ria e o PIS-Importa\u00e7\u00e3o e a COFINS-Importa\u00e7\u00e3o<\/h2>\n\t\t<\/a><div class=\"ee-post__metas ee-post__metas--has-metas\"><ul class=\"ee-post__metas__list display--\"><li class=\"ee-post__meta ee-post__meta--date ee-post__metas__date\"> 04\/11\/2007<span class=\"ee-post__meta__separator\">\u00b7<\/span><\/li><\/ul><\/div><div class=\"ee-post__excerpt\">Download PDF<\/div><div class=\"ee-post__read-more\">\n\t\t\t<a class=\"ee-post__button\" href=\"https:\/\/schoueri.com.br\/en\/prefacio-a-nao-discriminacao-tributaria-e-o-pis-importacao-e-a-cofins-importacao\/\">\n\t\t\t\tMore\t\t\t<\/a>\n\t\t<\/div><\/div><!-- .ee-post__body --><\/article><!-- .ee-post --><\/div><!-- .ee-loop__item --><div class=\"ee-grid__item ee-loop__item ee-filter-48\"><article class=\"ee-post post-6394 post type-post status-publish format-standard hentry category-articles-book-chapters\"><div class=\"ee-post__body ee-post__area\"><a href=\"https:\/\/schoueri.com.br\/en\/apresentacao-tributacao-e-regulacao-economica-um-exame-da-tributacao-como-instrumento-de-regulacao-economica-na-busca-da-reducao-das-desigualdades-regionais\/\" class=\"ee-post__title\">\n\t\t\t<h2 class=\"ee-post__title__heading\">Apresenta\u00e7\u00e3o &#8211; Tributa\u00e7\u00e3o e regula\u00e7\u00e3o econ\u00f4mica: um exame da tributa\u00e7\u00e3o como instrumento de regula\u00e7\u00e3o econ\u00f4mica na busca da redu\u00e7\u00e3o das desigualdades regionais<\/h2>\n\t\t<\/a><div class=\"ee-post__metas ee-post__metas--has-metas\"><ul class=\"ee-post__metas__list display--\"><li class=\"ee-post__meta ee-post__meta--date ee-post__metas__date\"> 04\/11\/2007<span class=\"ee-post__meta__separator\">\u00b7<\/span><\/li><\/ul><\/div><div class=\"ee-post__excerpt\">Download PDF<\/div><div class=\"ee-post__read-more\">\n\t\t\t<a class=\"ee-post__button\" href=\"https:\/\/schoueri.com.br\/en\/apresentacao-tributacao-e-regulacao-economica-um-exame-da-tributacao-como-instrumento-de-regulacao-economica-na-busca-da-reducao-das-desigualdades-regionais\/\">\n\t\t\t\tMore\t\t\t<\/a>\n\t\t<\/div><\/div><!-- .ee-post__body --><\/article><!-- .ee-post --><\/div><!-- .ee-loop__item --><div class=\"ee-grid__item ee-loop__item ee-filter-48\"><article class=\"ee-post post-5228 post type-post status-publish format-standard hentry category-articles-book-chapters tag-direito-comunitario-europeu-european-tax-law\"><div class=\"ee-post__body ee-post__area\"><a href=\"https:\/\/schoueri.com.br\/en\/national-report-brazil-the-eu-and-third-countries-direct-taxation\/\" class=\"ee-post__title\">\n\t\t\t<h2 class=\"ee-post__title__heading\">National Report Brazil &#8211; The EU and Third Countries: Direct Taxation<\/h2>\n\t\t<\/a><div class=\"ee-post__metas ee-post__metas--has-metas\"><ul class=\"ee-post__metas__list display--\"><li class=\"ee-post__meta ee-post__meta--date ee-post__metas__date\"> 20\/10\/2007<span class=\"ee-post__meta__separator\">\u00b7<\/span><\/li><\/ul><\/div><div class=\"ee-post__excerpt\">Wolters Kluwer<\/div><div class=\"ee-post__read-more\">\n\t\t\t<a class=\"ee-post__button\" href=\"https:\/\/schoueri.com.br\/en\/national-report-brazil-the-eu-and-third-countries-direct-taxation\/\">\n\t\t\t\tMore\t\t\t<\/a>\n\t\t<\/div><\/div><!-- .ee-post__body --><\/article><!-- .ee-post --><\/div><!-- .ee-loop__item --><div class=\"ee-grid__item ee-loop__item ee-filter-48\"><article class=\"ee-post post-5225 post type-post status-publish format-standard hentry category-articles-book-chapters tag-tributacao-e-livre-concorrencia\"><div class=\"ee-post__body ee-post__area\"><a href=\"https:\/\/schoueri.com.br\/en\/livre-concorrencia-e-tributacao\/\" class=\"ee-post__title\">\n\t\t\t<h2 class=\"ee-post__title__heading\">Livre concorr\u00eancia e tributa\u00e7\u00e3o<\/h2>\n\t\t<\/a><div class=\"ee-post__metas ee-post__metas--has-metas\"><ul class=\"ee-post__metas__list display--\"><li class=\"ee-post__meta ee-post__meta--date ee-post__metas__date\"> 20\/10\/2007<span class=\"ee-post__meta__separator\">\u00b7<\/span><\/li><\/ul><\/div><div class=\"ee-post__excerpt\">Download PDF<\/div><div class=\"ee-post__read-more\">\n\t\t\t<a class=\"ee-post__button\" href=\"https:\/\/schoueri.com.br\/en\/livre-concorrencia-e-tributacao\/\">\n\t\t\t\tMore\t\t\t<\/a>\n\t\t<\/div><\/div><!-- .ee-post__body --><\/article><!-- .ee-post --><\/div><!-- .ee-loop__item --><div class=\"ee-grid__item ee-loop__item ee-filter-48\"><article class=\"ee-post post-5222 post type-post status-publish format-standard hentry category-articles-book-chapters tag-limitacoes-constitucionais-ao-poder-de-tributar-imunidades\"><div class=\"ee-post__body ee-post__area\"><a href=\"https:\/\/schoueri.com.br\/en\/a-imunidade-tributaria-dos-cemiterios-templos-de-qualquer-culto\/\" class=\"ee-post__title\">\n\t\t\t<h2 class=\"ee-post__title__heading\">A imunidade tribut\u00e1ria dos cemit\u00e9rios: templos de qualquer culto<\/h2>\n\t\t<\/a><div class=\"ee-post__metas ee-post__metas--has-metas\"><ul class=\"ee-post__metas__list display--\"><li class=\"ee-post__meta ee-post__meta--date ee-post__metas__date\"> 20\/10\/2007<span class=\"ee-post__meta__separator\">\u00b7<\/span><\/li><\/ul><\/div><div class=\"ee-post__excerpt\">Download PDF<\/div><div class=\"ee-post__read-more\">\n\t\t\t<a class=\"ee-post__button\" href=\"https:\/\/schoueri.com.br\/en\/a-imunidade-tributaria-dos-cemiterios-templos-de-qualquer-culto\/\">\n\t\t\t\tMore\t\t\t<\/a>\n\t\t<\/div><\/div><!-- .ee-post__body --><\/article><!-- .ee-post --><\/div><!-- .ee-loop__item --><div class=\"ee-grid__item ee-loop__item ee-filter-48\"><article class=\"ee-post post-5219 post type-post status-publish format-standard hentry category-articles-book-chapters tag-direito-comunitario-europeu-european-tax-law\"><div class=\"ee-post__body ee-post__area\"><a href=\"https:\/\/schoueri.com.br\/en\/european-erga-omnes-liberalization-on-capital-and-payments-in-the-ec-treaty\/\" class=\"ee-post__title\">\n\t\t\t<h2 class=\"ee-post__title__heading\">European Erga Omnes Liberalization on Capital and Payments in the EC Treaty<\/h2>\n\t\t<\/a><div class=\"ee-post__metas ee-post__metas--has-metas\"><ul class=\"ee-post__metas__list display--\"><li class=\"ee-post__meta ee-post__meta--date ee-post__metas__date\"> 20\/10\/2007<span class=\"ee-post__meta__separator\">\u00b7<\/span><\/li><\/ul><\/div><div class=\"ee-post__excerpt\">Download PDF<\/div><div class=\"ee-post__read-more\">\n\t\t\t<a class=\"ee-post__button\" href=\"https:\/\/schoueri.com.br\/en\/european-erga-omnes-liberalization-on-capital-and-payments-in-the-ec-treaty\/\">\n\t\t\t\tMore\t\t\t<\/a>\n\t\t<\/div><\/div><!-- .ee-post__body --><\/article><!-- .ee-post --><\/div><!-- .ee-loop__item --><div class=\"ee-grid__item ee-loop__item ee-filter-48\"><article class=\"ee-post post-5216 post type-post status-publish format-standard hentry category-articles-book-chapters tag-direito-tributario-internacional-international-tax-law\"><div class=\"ee-post__body ee-post__area\"><a href=\"https:\/\/schoueri.com.br\/en\/as-tendencias-do-direito-tributario-internacional-relatorio-do-ii-congresso-de-direito-tributario-internacional-do-ibdt\/\" class=\"ee-post__title\">\n\t\t\t<h2 class=\"ee-post__title__heading\">As tend\u00eancias do Direito Tribut\u00e1rio Internacional (Relat\u00f3rio do II Congresso de Direito Tribut\u00e1rio Internacional do IBDT)<\/h2>\n\t\t<\/a><div class=\"ee-post__metas ee-post__metas--has-metas\"><ul class=\"ee-post__metas__list display--\"><li class=\"ee-post__meta ee-post__meta--date ee-post__metas__date\"> 20\/10\/2007<span class=\"ee-post__meta__separator\">\u00b7<\/span><\/li><\/ul><\/div><div class=\"ee-post__excerpt\">Download PDF<\/div><div class=\"ee-post__read-more\">\n\t\t\t<a class=\"ee-post__button\" href=\"https:\/\/schoueri.com.br\/en\/as-tendencias-do-direito-tributario-internacional-relatorio-do-ii-congresso-de-direito-tributario-internacional-do-ibdt\/\">\n\t\t\t\tMore\t\t\t<\/a>\n\t\t<\/div><\/div><!-- .ee-post__body --><\/article><!-- .ee-post --><\/div><!-- .ee-loop__item --><div class=\"ee-grid__item ee-loop__item ee-filter-48\"><article class=\"ee-post post-5213 post type-post status-publish format-standard hentry category-articles-book-chapters tag-cpmf\"><div class=\"ee-post__body ee-post__area\"><a href=\"https:\/\/schoueri.com.br\/en\/o-fato-gerador-da-cpmf-e-as-operacoes-alheias-ao-sistema-financeiro\/\" class=\"ee-post__title\">\n\t\t\t<h2 class=\"ee-post__title__heading\">O fato gerador da CPMF e as opera\u00e7\u00f5es alheias ao sistema financeiro<\/h2>\n\t\t<\/a><div class=\"ee-post__metas ee-post__metas--has-metas\"><ul class=\"ee-post__metas__list display--\"><li class=\"ee-post__meta ee-post__meta--date ee-post__metas__date\"> 20\/10\/2007<span class=\"ee-post__meta__separator\">\u00b7<\/span><\/li><\/ul><\/div><div class=\"ee-post__excerpt\">Download PDF<\/div><div class=\"ee-post__read-more\">\n\t\t\t<a class=\"ee-post__button\" href=\"https:\/\/schoueri.com.br\/en\/o-fato-gerador-da-cpmf-e-as-operacoes-alheias-ao-sistema-financeiro\/\">\n\t\t\t\tMore\t\t\t<\/a>\n\t\t<\/div><\/div><!-- .ee-post__body --><\/article><!-- .ee-post --><\/div><!-- .ee-loop__item --><div class=\"ee-grid__item ee-loop__item ee-filter-48\"><article class=\"ee-post post-5210 post type-post status-publish format-standard hentry category-articles-book-chapters tag-direito-tributario-internacional-international-tax-law-lucros-no-exterior-worldwide-taxation-cfc-rules\"><div class=\"ee-post__body ee-post__area\"><a href=\"https:\/\/schoueri.com.br\/en\/transparencia-fiscal-internacional-proporcionalidade-e-disponibilidade-consideracoes-acerca-do-art-74-da-medida-provisoria-no-2-158-35\/\" class=\"ee-post__title\">\n\t\t\t<h2 class=\"ee-post__title__heading\">Transpar\u00eancia fiscal internacional, proporcionalidade e disponibilidade: considera\u00e7\u00f5es acerca do art. 74 da Medida Provis\u00f3ria n\u00ba 2.158-35<\/h2>\n\t\t<\/a><div class=\"ee-post__metas ee-post__metas--has-metas\"><ul class=\"ee-post__metas__list display--\"><li class=\"ee-post__meta ee-post__meta--date ee-post__metas__date\"> 20\/10\/2007<span class=\"ee-post__meta__separator\">\u00b7<\/span><\/li><\/ul><\/div><div class=\"ee-post__excerpt\">Download PDF<\/div><div class=\"ee-post__read-more\">\n\t\t\t<a class=\"ee-post__button\" href=\"https:\/\/schoueri.com.br\/en\/transparencia-fiscal-internacional-proporcionalidade-e-disponibilidade-consideracoes-acerca-do-art-74-da-medida-provisoria-no-2-158-35\/\">\n\t\t\t\tMore\t\t\t<\/a>\n\t\t<\/div><\/div><!-- .ee-post__body --><\/article><!-- .ee-post --><\/div><!-- .ee-loop__item --><div class=\"ee-grid__item ee-loop__item ee-filter-48\"><article class=\"ee-post post-6392 post type-post status-publish format-standard hentry category-articles-book-chapters\"><div class=\"ee-post__body ee-post__area\"><a href=\"https:\/\/schoueri.com.br\/en\/posfacio-em-a-criminalidade-informatica\/\" class=\"ee-post__title\">\n\t\t\t<h2 class=\"ee-post__title__heading\">Posf\u00e1cio em A Criminalidade Inform\u00e1tica<\/h2>\n\t\t<\/a><div class=\"ee-post__metas ee-post__metas--has-metas\"><ul class=\"ee-post__metas__list display--\"><li class=\"ee-post__meta ee-post__meta--date ee-post__metas__date\"> 04\/11\/2006<span class=\"ee-post__meta__separator\">\u00b7<\/span><\/li><\/ul><\/div><div class=\"ee-post__excerpt\">Download PDF<\/div><div class=\"ee-post__read-more\">\n\t\t\t<a class=\"ee-post__button\" href=\"https:\/\/schoueri.com.br\/en\/posfacio-em-a-criminalidade-informatica\/\">\n\t\t\t\tMore\t\t\t<\/a>\n\t\t<\/div><\/div><!-- .ee-post__body --><\/article><!-- .ee-post --><\/div><!-- .ee-loop__item --><div class=\"ee-grid__item ee-loop__item ee-filter-48\"><article class=\"ee-post post-5196 post type-post status-publish format-standard hentry category-articles-book-chapters tag-direito-tributario-internacional-international-tax-law-tax-sparing\"><div class=\"ee-post__body ee-post__area\"><a href=\"https:\/\/schoueri.com.br\/en\/acordos-de-bitributacao-e-incentivos-fiscais-o-papel-das-clausulas-de-tax-sparing-matching-credit\/\" class=\"ee-post__title\">\n\t\t\t<h2 class=\"ee-post__title__heading\">Acordos de bitributa\u00e7\u00e3o e incentivos fiscais: o papel das cl\u00e1usulas de tax sparing &#038; matching credit<\/h2>\n\t\t<\/a><div class=\"ee-post__metas ee-post__metas--has-metas\"><ul class=\"ee-post__metas__list display--\"><li class=\"ee-post__meta ee-post__meta--date ee-post__metas__date\"> 20\/10\/2006<span class=\"ee-post__meta__separator\">\u00b7<\/span><\/li><\/ul><\/div><div class=\"ee-post__excerpt\">Download PDF<\/div><div class=\"ee-post__read-more\">\n\t\t\t<a class=\"ee-post__button\" href=\"https:\/\/schoueri.com.br\/en\/acordos-de-bitributacao-e-incentivos-fiscais-o-papel-das-clausulas-de-tax-sparing-matching-credit\/\">\n\t\t\t\tMore\t\t\t<\/a>\n\t\t<\/div><\/div><!-- .ee-post__body --><\/article><!-- .ee-post --><\/div><!-- .ee-loop__item --><div class=\"ee-grid__item ee-loop__item ee-filter-48\"><article class=\"ee-post post-5189 post type-post status-publish format-standard hentry category-articles-book-chapters tag-cide\"><div class=\"ee-post__body ee-post__area\"><a href=\"https:\/\/schoueri.com.br\/en\/a-cide-royalties-e-as-remessas-por-licenca-de-distribuicao-e-comercializacao-de-programas-de-computador\/\" class=\"ee-post__title\">\n\t\t\t<h2 class=\"ee-post__title__heading\">A Cide-Royalties e as remessas por licen\u00e7a de distribui\u00e7\u00e3o e comercializa\u00e7\u00e3o de programas de computador<\/h2>\n\t\t<\/a><div class=\"ee-post__metas ee-post__metas--has-metas\"><ul class=\"ee-post__metas__list display--\"><li class=\"ee-post__meta ee-post__meta--date ee-post__metas__date\"> 20\/10\/2006<span class=\"ee-post__meta__separator\">\u00b7<\/span><\/li><\/ul><\/div><div class=\"ee-post__excerpt\">Download PDF<\/div><div class=\"ee-post__read-more\">\n\t\t\t<a class=\"ee-post__button\" href=\"https:\/\/schoueri.com.br\/en\/a-cide-royalties-e-as-remessas-por-licenca-de-distribuicao-e-comercializacao-de-programas-de-computador\/\">\n\t\t\t\tMore\t\t\t<\/a>\n\t\t<\/div><\/div><!-- .ee-post__body --><\/article><!-- .ee-post --><\/div><!-- .ee-loop__item --><div class=\"ee-grid__item ee-loop__item ee-filter-48\"><article class=\"ee-post post-5185 post type-post status-publish format-standard hentry category-articles-book-chapters tag-direito-tributario-internacional-international-tax-law\"><div class=\"ee-post__body ee-post__area\"><a href=\"https:\/\/schoueri.com.br\/en\/questoes-atuais-da-tributacao-e-da-cooperacao-internacionais\/\" class=\"ee-post__title\">\n\t\t\t<h2 class=\"ee-post__title__heading\">Quest\u00f5es Atuais da Tributa\u00e7\u00e3o e da Coopera\u00e7\u00e3o Internacionais<\/h2>\n\t\t<\/a><div class=\"ee-post__metas ee-post__metas--has-metas\"><ul class=\"ee-post__metas__list display--\"><li class=\"ee-post__meta ee-post__meta--date ee-post__metas__date\"> 20\/10\/2006<span class=\"ee-post__meta__separator\">\u00b7<\/span><\/li><\/ul><\/div><div class=\"ee-post__excerpt\">Download PDF<\/div><div class=\"ee-post__read-more\">\n\t\t\t<a class=\"ee-post__button\" href=\"https:\/\/schoueri.com.br\/en\/questoes-atuais-da-tributacao-e-da-cooperacao-internacionais\/\">\n\t\t\t\tMore\t\t\t<\/a>\n\t\t<\/div><\/div><!-- .ee-post__body --><\/article><!-- .ee-post --><\/div><!-- .ee-loop__item --><div class=\"ee-grid__item ee-loop__item ee-filter-48\"><article class=\"ee-post post-5182 post type-post status-publish format-standard hentry category-articles-book-chapters tag-imposto-de-renda\"><div class=\"ee-post__body ee-post__area\"><a href=\"https:\/\/schoueri.com.br\/en\/omissao-de-receitas-e-depositos-bancarios-nao-identificados\/\" class=\"ee-post__title\">\n\t\t\t<h2 class=\"ee-post__title__heading\">Omiss\u00e3o de receitas e dep\u00f3sitos banc\u00e1rios n\u00e3o identificados<\/h2>\n\t\t<\/a><div class=\"ee-post__metas ee-post__metas--has-metas\"><ul class=\"ee-post__metas__list display--\"><li class=\"ee-post__meta ee-post__meta--date ee-post__metas__date\"> 20\/10\/2006<span class=\"ee-post__meta__separator\">\u00b7<\/span><\/li><\/ul><\/div><div class=\"ee-post__excerpt\">Download PDF<\/div><div class=\"ee-post__read-more\">\n\t\t\t<a class=\"ee-post__button\" href=\"https:\/\/schoueri.com.br\/en\/omissao-de-receitas-e-depositos-bancarios-nao-identificados\/\">\n\t\t\t\tMore\t\t\t<\/a>\n\t\t<\/div><\/div><!-- .ee-post__body --><\/article><!-- .ee-post --><\/div><!-- .ee-loop__item --><div class=\"ee-grid__item ee-loop__item ee-filter-48\"><article class=\"ee-post post-5179 post type-post status-publish format-standard hentry category-articles-book-chapters tag-direito-comunitario-europeu-european-tax-law\"><div class=\"ee-post__body ee-post__area\"><a href=\"https:\/\/schoueri.com.br\/en\/tributacao-direta-e-direito-comunitario-europeu-em-relacao-a-terceiros-paises\/\" class=\"ee-post__title\">\n\t\t\t<h2 class=\"ee-post__title__heading\">Tributa\u00e7\u00e3o direta e Direito Comunit\u00e1rio Europeu em rela\u00e7\u00e3o a terceiros pa\u00edses<\/h2>\n\t\t<\/a><div class=\"ee-post__metas ee-post__metas--has-metas\"><ul class=\"ee-post__metas__list display--\"><li class=\"ee-post__meta ee-post__meta--date ee-post__metas__date\"> 20\/10\/2006<span class=\"ee-post__meta__separator\">\u00b7<\/span><\/li><\/ul><\/div><div class=\"ee-post__excerpt\">Download PDF<\/div><div class=\"ee-post__read-more\">\n\t\t\t<a class=\"ee-post__button\" href=\"https:\/\/schoueri.com.br\/en\/tributacao-direta-e-direito-comunitario-europeu-em-relacao-a-terceiros-paises\/\">\n\t\t\t\tMore\t\t\t<\/a>\n\t\t<\/div><\/div><!-- .ee-post__body --><\/article><!-- .ee-post --><\/div><!-- .ee-loop__item --><div class=\"ee-grid__item ee-loop__item ee-filter-48\"><article class=\"ee-post post-6390 post type-post status-publish format-standard hentry category-articles-book-chapters\"><div class=\"ee-post__body ee-post__area\"><a href=\"https:\/\/schoueri.com.br\/en\/nota-a-segunda-edicao-direito-internacional-tributario-brasileiro-convencoes-de-bitributacao\/\" class=\"ee-post__title\">\n\t\t\t<h2 class=\"ee-post__title__heading\">Nota \u00e0 Segunda Edi\u00e7\u00e3o &#8211; Direito Internacional Tribut\u00e1rio Brasileiro &#8211; Conven\u00e7\u00f5es de Bitributa\u00e7\u00e3o<\/h2>\n\t\t<\/a><div class=\"ee-post__metas ee-post__metas--has-metas\"><ul class=\"ee-post__metas__list display--\"><li class=\"ee-post__meta ee-post__meta--date ee-post__metas__date\"> 04\/11\/2005<span class=\"ee-post__meta__separator\">\u00b7<\/span><\/li><\/ul><\/div><div class=\"ee-post__excerpt\">Download PDF<\/div><div class=\"ee-post__read-more\">\n\t\t\t<a class=\"ee-post__button\" href=\"https:\/\/schoueri.com.br\/en\/nota-a-segunda-edicao-direito-internacional-tributario-brasileiro-convencoes-de-bitributacao\/\">\n\t\t\t\tMore\t\t\t<\/a>\n\t\t<\/div><\/div><!-- .ee-post__body --><\/article><!-- .ee-post --><\/div><!-- .ee-loop__item --><div class=\"ee-grid__item ee-loop__item ee-filter-48\"><article class=\"ee-post post-5176 post type-post status-publish format-standard hentry category-articles-book-chapters tag-limitacoes-constitucionais-ao-poder-de-tributar-legalidade\"><div class=\"ee-post__body ee-post__area\"><a href=\"https:\/\/schoueri.com.br\/en\/contribuicao-a-investigacao-das-origens-do-principio-da-legalidade-em-materia-tributaria\/\" class=\"ee-post__title\">\n\t\t\t<h2 class=\"ee-post__title__heading\">Contribui\u00e7\u00e3o \u00e0 Investiga\u00e7\u00e3o das Origens do Princ\u00edpio da Legalidade em Mat\u00e9ria Tribut\u00e1ria<\/h2>\n\t\t<\/a><div class=\"ee-post__metas ee-post__metas--has-metas\"><ul class=\"ee-post__metas__list display--\"><li class=\"ee-post__meta ee-post__meta--date ee-post__metas__date\"> 20\/10\/2005<span class=\"ee-post__meta__separator\">\u00b7<\/span><\/li><\/ul><\/div><div class=\"ee-post__excerpt\">Download PDF<\/div><div class=\"ee-post__read-more\">\n\t\t\t<a class=\"ee-post__button\" href=\"https:\/\/schoueri.com.br\/en\/contribuicao-a-investigacao-das-origens-do-principio-da-legalidade-em-materia-tributaria\/\">\n\t\t\t\tMore\t\t\t<\/a>\n\t\t<\/div><\/div><!-- .ee-post__body --><\/article><!-- .ee-post --><\/div><!-- .ee-loop__item --><div class=\"ee-grid__item ee-loop__item ee-filter-48\"><article class=\"ee-post post-5173 post type-post status-publish format-standard hentry category-articles-book-chapters tag-direito-tributario-internacional-international-tax-law\"><div class=\"ee-post__body ee-post__area\"><a href=\"https:\/\/schoueri.com.br\/en\/anotacoes-sobre-temas-do-direito-tributario-internacional\/\" class=\"ee-post__title\">\n\t\t\t<h2 class=\"ee-post__title__heading\">Anota\u00e7\u00f5es sobre Temas do Direito Tribut\u00e1rio Internacional<\/h2>\n\t\t<\/a><div class=\"ee-post__metas ee-post__metas--has-metas\"><ul class=\"ee-post__metas__list display--\"><li class=\"ee-post__meta ee-post__meta--date ee-post__metas__date\"> 20\/10\/2005<span class=\"ee-post__meta__separator\">\u00b7<\/span><\/li><\/ul><\/div><div class=\"ee-post__excerpt\">Download PDF<\/div><div class=\"ee-post__read-more\">\n\t\t\t<a class=\"ee-post__button\" href=\"https:\/\/schoueri.com.br\/en\/anotacoes-sobre-temas-do-direito-tributario-internacional\/\">\n\t\t\t\tMore\t\t\t<\/a>\n\t\t<\/div><\/div><!-- .ee-post__body --><\/article><!-- .ee-post --><\/div><!-- .ee-loop__item --><div class=\"ee-grid__item ee-loop__item ee-filter-48\"><article class=\"ee-post post-5170 post type-post status-publish format-standard hentry category-articles-book-chapters tag-normas-tributarias-indutoras\"><div class=\"ee-post__body ee-post__area\"><a href=\"https:\/\/schoueri.com.br\/en\/normas-tributarias-indutoras-em-materia-ambiental\/\" class=\"ee-post__title\">\n\t\t\t<h2 class=\"ee-post__title__heading\">Normas Tribut\u00e1rias Indutoras em Mat\u00e9ria Ambiental<\/h2>\n\t\t<\/a><div class=\"ee-post__metas ee-post__metas--has-metas\"><ul class=\"ee-post__metas__list display--\"><li class=\"ee-post__meta ee-post__meta--date ee-post__metas__date\"> 20\/10\/2005<span class=\"ee-post__meta__separator\">\u00b7<\/span><\/li><\/ul><\/div><div class=\"ee-post__excerpt\">Download PDF<\/div><div class=\"ee-post__read-more\">\n\t\t\t<a class=\"ee-post__button\" href=\"https:\/\/schoueri.com.br\/en\/normas-tributarias-indutoras-em-materia-ambiental\/\">\n\t\t\t\tMore\t\t\t<\/a>\n\t\t<\/div><\/div><!-- .ee-post__body --><\/article><!-- .ee-post --><\/div><!-- .ee-loop__item --><div class=\"ee-grid__item ee-loop__item ee-filter-48\"><article class=\"ee-post post-5167 post type-post status-publish format-standard hentry category-articles-book-chapters tag-direito-tributario-internacional-precos-de-transferencia-international-tax-law-transfer-pricing\"><div class=\"ee-post__body ee-post__area\"><a href=\"https:\/\/schoueri.com.br\/en\/aplicacao-concomitante-da-legislacao-de-precos-de-transferencia\/\" class=\"ee-post__title\">\n\t\t\t<h2 class=\"ee-post__title__heading\">Aplica\u00e7\u00e3o Concomitante da Legisla\u00e7\u00e3o de Pre\u00e7os de Transfer\u00eancia<\/h2>\n\t\t<\/a><div class=\"ee-post__metas ee-post__metas--has-metas\"><ul class=\"ee-post__metas__list display--\"><li class=\"ee-post__meta ee-post__meta--date ee-post__metas__date\"> 20\/10\/2005<span class=\"ee-post__meta__separator\">\u00b7<\/span><\/li><\/ul><\/div><div class=\"ee-post__excerpt\">Download PDF<\/div><div class=\"ee-post__read-more\">\n\t\t\t<a class=\"ee-post__button\" href=\"https:\/\/schoueri.com.br\/en\/aplicacao-concomitante-da-legislacao-de-precos-de-transferencia\/\">\n\t\t\t\tMore\t\t\t<\/a>\n\t\t<\/div><\/div><!-- .ee-post__body --><\/article><!-- .ee-post --><\/div><!-- .ee-loop__item --><div class=\"ee-grid__item ee-loop__item ee-filter-48\"><article class=\"ee-post post-5163 post type-post status-publish format-standard hentry category-articles-book-chapters tag-direito-tributario-internacional-international-tax-law\"><div class=\"ee-post__body ee-post__area\"><a href=\"https:\/\/schoueri.com.br\/en\/consequencias-da-denuncia-do-acordo-brasil-alemanha\/\" class=\"ee-post__title\">\n\t\t\t<h2 class=\"ee-post__title__heading\">Conseq\u00fc\u00eancias da den\u00fancia do acordo Brasil-Alemanha<\/h2>\n\t\t<\/a><div class=\"ee-post__metas ee-post__metas--has-metas\"><ul class=\"ee-post__metas__list display--\"><li class=\"ee-post__meta ee-post__meta--date ee-post__metas__date\"> 20\/10\/2005<span class=\"ee-post__meta__separator\">\u00b7<\/span><\/li><\/ul><\/div><div class=\"ee-post__excerpt\">Download PDF<\/div><div class=\"ee-post__read-more\">\n\t\t\t<a class=\"ee-post__button\" href=\"https:\/\/schoueri.com.br\/en\/consequencias-da-denuncia-do-acordo-brasil-alemanha\/\">\n\t\t\t\tMore\t\t\t<\/a>\n\t\t<\/div><\/div><!-- .ee-post__body --><\/article><!-- .ee-post --><\/div><!-- .ee-loop__item --><div class=\"ee-grid__item ee-loop__item ee-filter-48\"><article class=\"ee-post post-5159 post type-post status-publish format-standard hentry category-articles-book-chapters tag-direito-tributario-internacional-international-tax-law\"><div class=\"ee-post__body ee-post__area\"><a href=\"https:\/\/schoueri.com.br\/en\/notas-sobre-os-tratados-internacionais-sobre-tributacao\/\" class=\"ee-post__title\">\n\t\t\t<h2 class=\"ee-post__title__heading\">Notas sobre os tratados internacionais sobre tributa\u00e7\u00e3o<\/h2>\n\t\t<\/a><div class=\"ee-post__metas ee-post__metas--has-metas\"><ul class=\"ee-post__metas__list display--\"><li class=\"ee-post__meta ee-post__meta--date ee-post__metas__date\"> 20\/10\/2005<span class=\"ee-post__meta__separator\">\u00b7<\/span><\/li><\/ul><\/div><div class=\"ee-post__excerpt\">Download PDF<\/div><div class=\"ee-post__read-more\">\n\t\t\t<a class=\"ee-post__button\" href=\"https:\/\/schoueri.com.br\/en\/notas-sobre-os-tratados-internacionais-sobre-tributacao\/\">\n\t\t\t\tMore\t\t\t<\/a>\n\t\t<\/div><\/div><!-- .ee-post__body --><\/article><!-- .ee-post --><\/div><!-- .ee-loop__item --><div class=\"ee-grid__item ee-loop__item ee-filter-48\"><article class=\"ee-post post-5155 post type-post status-publish format-standard hentry category-articles-book-chapters tag-direito-tributario-internacional-international-tax-law\"><div class=\"ee-post__body ee-post__area\"><a href=\"https:\/\/schoueri.com.br\/en\/principios-no-direito-tributario-internacional-territorialidade-fonte-e-universalidade\/\" class=\"ee-post__title\">\n\t\t\t<h2 class=\"ee-post__title__heading\">Princ\u00edpios no Direito Tribut\u00e1rio Internacional: Territorialidade, Fonte e Universalidade<\/h2>\n\t\t<\/a><div class=\"ee-post__metas ee-post__metas--has-metas\"><ul class=\"ee-post__metas__list display--\"><li class=\"ee-post__meta ee-post__meta--date ee-post__metas__date\"> 20\/10\/2005<span class=\"ee-post__meta__separator\">\u00b7<\/span><\/li><\/ul><\/div><div class=\"ee-post__excerpt\">Download PDF<\/div><div class=\"ee-post__read-more\">\n\t\t\t<a class=\"ee-post__button\" href=\"https:\/\/schoueri.com.br\/en\/principios-no-direito-tributario-internacional-territorialidade-fonte-e-universalidade\/\">\n\t\t\t\tMore\t\t\t<\/a>\n\t\t<\/div><\/div><!-- .ee-post__body --><\/article><!-- .ee-post --><\/div><!-- .ee-loop__item --><div class=\"ee-grid__item ee-loop__item ee-filter-48\"><article class=\"ee-post post-5152 post type-post status-publish format-standard hentry category-articles-book-chapters tag-direito-tributario-internacional-international-tax-law\"><div class=\"ee-post__body ee-post__area\"><a href=\"https:\/\/schoueri.com.br\/en\/o-direito-tributario-internacional-ampliando-as-fronteiras-das-reflexoes-tributarias-relatorio-do-i-congresso-de-direito-tributario-internacional-do-ibdt\/\" class=\"ee-post__title\">\n\t\t\t<h2 class=\"ee-post__title__heading\">O Direito Tribut\u00e1rio Internacional: ampliando as fronteiras das reflex\u00f5es tribut\u00e1rias (Relat\u00f3rio do I Congresso de Direito Tribut\u00e1rio Internacional do IBDT)<\/h2>\n\t\t<\/a><div class=\"ee-post__metas ee-post__metas--has-metas\"><ul class=\"ee-post__metas__list display--\"><li class=\"ee-post__meta ee-post__meta--date ee-post__metas__date\"> 20\/10\/2005<span class=\"ee-post__meta__separator\">\u00b7<\/span><\/li><\/ul><\/div><div class=\"ee-post__excerpt\">Download PDF<\/div><div class=\"ee-post__read-more\">\n\t\t\t<a class=\"ee-post__button\" href=\"https:\/\/schoueri.com.br\/en\/o-direito-tributario-internacional-ampliando-as-fronteiras-das-reflexoes-tributarias-relatorio-do-i-congresso-de-direito-tributario-internacional-do-ibdt\/\">\n\t\t\t\tMore\t\t\t<\/a>\n\t\t<\/div><\/div><!-- .ee-post__body --><\/article><!-- .ee-post --><\/div><!-- .ee-loop__item --><div class=\"ee-grid__item ee-loop__item ee-filter-48\"><article class=\"ee-post post-5147 post type-post status-publish format-standard hentry category-articles-book-chapters tag-imunidades\"><div class=\"ee-post__body ee-post__area\"><a href=\"https:\/\/schoueri.com.br\/en\/notas-acerca-da-imunidade-tributaria-limites-a-uma-limitacao-do-poder-tributar\/\" class=\"ee-post__title\">\n\t\t\t<h2 class=\"ee-post__title__heading\">Notas acerca da Imunidade Tribut\u00e1ria: Limites a uma Limita\u00e7\u00e3o do Poder Tributar<\/h2>\n\t\t<\/a><div class=\"ee-post__metas ee-post__metas--has-metas\"><ul class=\"ee-post__metas__list display--\"><li class=\"ee-post__meta ee-post__meta--date ee-post__metas__date\"> 20\/10\/2005<span class=\"ee-post__meta__separator\">\u00b7<\/span><\/li><\/ul><\/div><div class=\"ee-post__excerpt\">Download PDF<\/div><div class=\"ee-post__read-more\">\n\t\t\t<a class=\"ee-post__button\" href=\"https:\/\/schoueri.com.br\/en\/notas-acerca-da-imunidade-tributaria-limites-a-uma-limitacao-do-poder-tributar\/\">\n\t\t\t\tMore\t\t\t<\/a>\n\t\t<\/div><\/div><!-- .ee-post__body --><\/article><!-- .ee-post --><\/div><!-- .ee-loop__item --><div class=\"ee-grid__item ee-loop__item ee-filter-48\"><article class=\"ee-post post-5143 post type-post status-publish format-standard hentry category-articles-book-chapters tag-direito-tributario-constitucional\"><div class=\"ee-post__body ee-post__area\"><a href=\"https:\/\/schoueri.com.br\/en\/direito-tributario-e-ordem-economica\/\" class=\"ee-post__title\">\n\t\t\t<h2 class=\"ee-post__title__heading\">Direito Tribut\u00e1rio e Ordem Econ\u00f4mica<\/h2>\n\t\t<\/a><div class=\"ee-post__metas ee-post__metas--has-metas\"><ul class=\"ee-post__metas__list display--\"><li class=\"ee-post__meta ee-post__meta--date ee-post__metas__date\"> 20\/10\/2005<span class=\"ee-post__meta__separator\">\u00b7<\/span><\/li><\/ul><\/div><div class=\"ee-post__excerpt\">Download PDF<\/div><div class=\"ee-post__read-more\">\n\t\t\t<a class=\"ee-post__button\" href=\"https:\/\/schoueri.com.br\/en\/direito-tributario-e-ordem-economica\/\">\n\t\t\t\tMore\t\t\t<\/a>\n\t\t<\/div><\/div><!-- .ee-post__body --><\/article><!-- .ee-post --><\/div><!-- .ee-loop__item --><div class=\"ee-grid__item ee-loop__item ee-filter-48\"><article class=\"ee-post post-6586 post type-post status-publish format-standard hentry category-articles-book-chapters tag-discurso\"><div class=\"ee-post__body ee-post__area\"><a href=\"https:\/\/schoueri.com.br\/en\/discurso-de-posse-na-academia-paulista-de-direito\/\" class=\"ee-post__title\">\n\t\t\t<h2 class=\"ee-post__title__heading\">Discurso de Posse na Academia Paulista de Direito<\/h2>\n\t\t<\/a><div class=\"ee-post__metas ee-post__metas--has-metas\"><ul class=\"ee-post__metas__list display--\"><li class=\"ee-post__meta ee-post__meta--date ee-post__metas__date\"> 16\/02\/2005<span class=\"ee-post__meta__separator\">\u00b7<\/span><\/li><\/ul><\/div><div class=\"ee-post__excerpt\">PDF<\/div><div class=\"ee-post__read-more\">\n\t\t\t<a class=\"ee-post__button\" href=\"https:\/\/schoueri.com.br\/en\/discurso-de-posse-na-academia-paulista-de-direito\/\">\n\t\t\t\tMore\t\t\t<\/a>\n\t\t<\/div><\/div><!-- .ee-post__body --><\/article><!-- .ee-post --><\/div><!-- .ee-loop__item --><div class=\"ee-grid__item ee-loop__item ee-filter-48\"><article class=\"ee-post post-6388 post type-post status-publish format-standard hentry category-articles-book-chapters\"><div class=\"ee-post__body ee-post__area\"><a href=\"https:\/\/schoueri.com.br\/en\/discurso-de-agradecimento-do-prof-luis-eduardo-schoueri-por-ocasiao-da-possa-pela-titularidade-em-legislacao-tributaria\/\" class=\"ee-post__title\">\n\t\t\t<h2 class=\"ee-post__title__heading\">Discurso de Agradecimento do Prof. Lu\u00eds Eduardo Schoueri por ocasi\u00e3o da possa pela Titularidade em Legisla\u00e7\u00e3o Tribut\u00e1ria<\/h2>\n\t\t<\/a><div class=\"ee-post__metas ee-post__metas--has-metas\"><ul class=\"ee-post__metas__list display--\"><li class=\"ee-post__meta ee-post__meta--date ee-post__metas__date\"> 04\/11\/2004<span class=\"ee-post__meta__separator\">\u00b7<\/span><\/li><\/ul><\/div><div class=\"ee-post__excerpt\">Download PDF<\/div><div class=\"ee-post__read-more\">\n\t\t\t<a class=\"ee-post__button\" href=\"https:\/\/schoueri.com.br\/en\/discurso-de-agradecimento-do-prof-luis-eduardo-schoueri-por-ocasiao-da-possa-pela-titularidade-em-legislacao-tributaria\/\">\n\t\t\t\tMore\t\t\t<\/a>\n\t\t<\/div><\/div><!-- .ee-post__body --><\/article><!-- .ee-post --><\/div><!-- .ee-loop__item --><div class=\"ee-grid__item ee-loop__item ee-filter-48\"><article class=\"ee-post post-5139 post type-post status-publish format-standard hentry category-articles-book-chapters tag-limitacoes-constitucionais-ao-poder-de-tributar\"><div class=\"ee-post__body ee-post__area\"><a href=\"https:\/\/schoueri.com.br\/en\/a-suave-perda-da-liberdade\/\" class=\"ee-post__title\">\n\t\t\t<h2 class=\"ee-post__title__heading\">A Suave Perda da Liberdade<\/h2>\n\t\t<\/a><div class=\"ee-post__metas ee-post__metas--has-metas\"><ul class=\"ee-post__metas__list display--\"><li class=\"ee-post__meta ee-post__meta--date ee-post__metas__date\"> 20\/10\/2004<span class=\"ee-post__meta__separator\">\u00b7<\/span><\/li><\/ul><\/div><div class=\"ee-post__excerpt\">Download PDF<\/div><div class=\"ee-post__read-more\">\n\t\t\t<a class=\"ee-post__button\" href=\"https:\/\/schoueri.com.br\/en\/a-suave-perda-da-liberdade\/\">\n\t\t\t\tMore\t\t\t<\/a>\n\t\t<\/div><\/div><!-- .ee-post__body --><\/article><!-- .ee-post --><\/div><!-- .ee-loop__item --><div class=\"ee-grid__item ee-loop__item ee-filter-48\"><article class=\"ee-post post-5135 post type-post status-publish format-standard hentry category-articles-book-chapters tag-direito-tributario-internacional-international-tax-law-corporate-tax-law\"><div class=\"ee-post__body ee-post__area\"><a href=\"https:\/\/schoueri.com.br\/en\/tax-treatment-of-index-participation-units\/\" class=\"ee-post__title\">\n\t\t\t<h2 class=\"ee-post__title__heading\">Tax Treatment of Index Participation Units<\/h2>\n\t\t<\/a><div class=\"ee-post__metas ee-post__metas--has-metas\"><ul class=\"ee-post__metas__list display--\"><li class=\"ee-post__meta ee-post__meta--date ee-post__metas__date\"> 20\/10\/2004<span class=\"ee-post__meta__separator\">\u00b7<\/span><\/li><\/ul><\/div><div class=\"ee-post__excerpt\">IBFD<\/div><div class=\"ee-post__read-more\">\n\t\t\t<a class=\"ee-post__button\" href=\"https:\/\/schoueri.com.br\/en\/tax-treatment-of-index-participation-units\/\">\n\t\t\t\tMore\t\t\t<\/a>\n\t\t<\/div><\/div><!-- .ee-post__body --><\/article><!-- .ee-post --><\/div><!-- .ee-loop__item --><div class=\"ee-grid__item ee-loop__item ee-filter-48\"><article class=\"ee-post post-5131 post type-post status-publish format-standard hentry category-articles-book-chapters tag-importacao-de-servicos-imported-services\"><div class=\"ee-post__body ee-post__area\"><a href=\"https:\/\/schoueri.com.br\/en\/new-withholding-taxes-on-imported-services\/\" class=\"ee-post__title\">\n\t\t\t<h2 class=\"ee-post__title__heading\">New Withholding Taxes on Imported Services<\/h2>\n\t\t<\/a><div class=\"ee-post__metas ee-post__metas--has-metas\"><ul class=\"ee-post__metas__list display--\"><li class=\"ee-post__meta ee-post__meta--date ee-post__metas__date\"> 20\/10\/2004<span class=\"ee-post__meta__separator\">\u00b7<\/span><\/li><\/ul><\/div><div class=\"ee-post__excerpt\">IBFD<\/div><div class=\"ee-post__read-more\">\n\t\t\t<a class=\"ee-post__button\" href=\"https:\/\/schoueri.com.br\/en\/new-withholding-taxes-on-imported-services\/\">\n\t\t\t\tMore\t\t\t<\/a>\n\t\t<\/div><\/div><!-- .ee-post__body --><\/article><!-- .ee-post --><\/div><!-- .ee-loop__item --><div class=\"ee-grid__item ee-loop__item ee-filter-48\"><article class=\"ee-post post-5128 post type-post status-publish format-standard hentry category-articles-book-chapters tag-iss-importacao-de-services-imported-services\"><div class=\"ee-post__body ee-post__area\"><a href=\"https:\/\/schoueri.com.br\/en\/iss-sobre-a-importacao-de-servicos-do-exterior\/\" class=\"ee-post__title\">\n\t\t\t<h2 class=\"ee-post__title__heading\">ISS sobre a Importa\u00e7\u00e3o de Servi\u00e7os do Exterior<\/h2>\n\t\t<\/a><div class=\"ee-post__metas ee-post__metas--has-metas\"><ul class=\"ee-post__metas__list display--\"><li class=\"ee-post__meta ee-post__meta--date ee-post__metas__date\"> 20\/10\/2004<span class=\"ee-post__meta__separator\">\u00b7<\/span><\/li><\/ul><\/div><div class=\"ee-post__excerpt\">Download PDF<\/div><div class=\"ee-post__read-more\">\n\t\t\t<a class=\"ee-post__button\" href=\"https:\/\/schoueri.com.br\/en\/iss-sobre-a-importacao-de-servicos-do-exterior\/\">\n\t\t\t\tMore\t\t\t<\/a>\n\t\t<\/div><\/div><!-- .ee-post__body --><\/article><!-- .ee-post --><\/div><!-- .ee-loop__item --><div class=\"ee-grid__item ee-loop__item ee-filter-48\"><article class=\"ee-post post-5107 post type-post status-publish format-standard hentry category-articles-book-chapters tag-direito-tributario-internacional-international-tax-law\"><div class=\"ee-post__body ee-post__area\"><a href=\"https:\/\/schoueri.com.br\/en\/tributacao-e-cooperacao-internacional\/\" class=\"ee-post__title\">\n\t\t\t<h2 class=\"ee-post__title__heading\">Tributa\u00e7\u00e3o e Coopera\u00e7\u00e3o Internacional<\/h2>\n\t\t<\/a><div class=\"ee-post__metas ee-post__metas--has-metas\"><ul class=\"ee-post__metas__list display--\"><li class=\"ee-post__meta ee-post__meta--date ee-post__metas__date\"> 20\/10\/2004<span class=\"ee-post__meta__separator\">\u00b7<\/span><\/li><\/ul><\/div><div class=\"ee-post__excerpt\">Download PDF<\/div><div class=\"ee-post__read-more\">\n\t\t\t<a class=\"ee-post__button\" href=\"https:\/\/schoueri.com.br\/en\/tributacao-e-cooperacao-internacional\/\">\n\t\t\t\tMore\t\t\t<\/a>\n\t\t<\/div><\/div><!-- .ee-post__body --><\/article><!-- .ee-post --><\/div><!-- .ee-loop__item --><div class=\"ee-grid__item ee-loop__item ee-filter-48\"><article class=\"ee-post post-5103 post type-post status-publish format-standard hentry category-articles-book-chapters tag-direito-tributario-internacional-precos-de-transferencia-international-tax-law-transfer-pricing\"><div class=\"ee-post__body ee-post__area\"><a href=\"https:\/\/schoueri.com.br\/en\/a-legislacao-brasileira-de-precos-de-transferencia\/\" class=\"ee-post__title\">\n\t\t\t<h2 class=\"ee-post__title__heading\">A Legisla\u00e7\u00e3o Brasileira de Pre\u00e7os de Transfer\u00eancia<\/h2>\n\t\t<\/a><div class=\"ee-post__metas ee-post__metas--has-metas\"><ul class=\"ee-post__metas__list display--\"><li class=\"ee-post__meta ee-post__meta--date ee-post__metas__date\"> 20\/10\/2004<span class=\"ee-post__meta__separator\">\u00b7<\/span><\/li><\/ul><\/div><div class=\"ee-post__excerpt\">Download PDF<\/div><div class=\"ee-post__read-more\">\n\t\t\t<a class=\"ee-post__button\" href=\"https:\/\/schoueri.com.br\/en\/a-legislacao-brasileira-de-precos-de-transferencia\/\">\n\t\t\t\tMore\t\t\t<\/a>\n\t\t<\/div><\/div><!-- .ee-post__body --><\/article><!-- .ee-post --><\/div><!-- .ee-loop__item --><div class=\"ee-grid__item ee-loop__item ee-filter-48\"><article class=\"ee-post post-5098 post type-post status-publish format-standard hentry category-articles-book-chapters tag-imunidades\"><div class=\"ee-post__body ee-post__area\"><a href=\"https:\/\/schoueri.com.br\/en\/l-e-comentarios-a-imunidade-do-art-155-%c2%a7-3-da-constituicao\/\" class=\"ee-post__title\">\n\t\t\t<h2 class=\"ee-post__title__heading\">Coment\u00e1rios \u00e0 Imunidade do art. 155, \u00a7 3\u00b0, da Constitui\u00e7\u00e3o<\/h2>\n\t\t<\/a><div class=\"ee-post__metas ee-post__metas--has-metas\"><ul class=\"ee-post__metas__list display--\"><li class=\"ee-post__meta ee-post__meta--date ee-post__metas__date\"> 20\/10\/2004<span class=\"ee-post__meta__separator\">\u00b7<\/span><\/li><\/ul><\/div><div class=\"ee-post__excerpt\">Download PDF<\/div><div class=\"ee-post__read-more\">\n\t\t\t<a class=\"ee-post__button\" href=\"https:\/\/schoueri.com.br\/en\/l-e-comentarios-a-imunidade-do-art-155-%c2%a7-3-da-constituicao\/\">\n\t\t\t\tMore\t\t\t<\/a>\n\t\t<\/div><\/div><!-- .ee-post__body --><\/article><!-- .ee-post --><\/div><!-- .ee-loop__item --><div class=\"ee-grid__item ee-loop__item ee-filter-48\"><article class=\"ee-post post-5095 post type-post status-publish format-standard hentry category-articles-book-chapters tag-direito-tributario-internacional-precos-de-transferencia-international-tax-law-transfer-pricing\"><div class=\"ee-post__body ee-post__area\"><a href=\"https:\/\/schoueri.com.br\/en\/application-of-the-resale-price-method\/\" class=\"ee-post__title\">\n\t\t\t<h2 class=\"ee-post__title__heading\">Application of the Resale Price Method<\/h2>\n\t\t<\/a><div class=\"ee-post__metas ee-post__metas--has-metas\"><ul class=\"ee-post__metas__list display--\"><li class=\"ee-post__meta ee-post__meta--date ee-post__metas__date\"> 20\/10\/2004<span class=\"ee-post__meta__separator\">\u00b7<\/span><\/li><\/ul><\/div><div class=\"ee-post__excerpt\">IBFD<\/div><div class=\"ee-post__read-more\">\n\t\t\t<a class=\"ee-post__button\" href=\"https:\/\/schoueri.com.br\/en\/application-of-the-resale-price-method\/\">\n\t\t\t\tMore\t\t\t<\/a>\n\t\t<\/div><\/div><!-- .ee-post__body --><\/article><!-- .ee-post --><\/div><!-- .ee-loop__item --><div class=\"ee-grid__item ee-loop__item ee-filter-48\"><article class=\"ee-post post-6367 post type-post status-publish format-standard hentry category-articles-book-chapters tag-direito-tributario-internacional-international-tax-law\"><div class=\"ee-post__body ee-post__area\"><a href=\"https:\/\/schoueri.com.br\/en\/palestra-exigencias-da-cide-sobre-royalties-e-assistencia-tecnica-ao-exterior\/\" class=\"ee-post__title\">\n\t\t\t<h2 class=\"ee-post__title__heading\">Palestra: Exig\u00eancias da CIDE sobre Royalties e Assist\u00eancia T\u00e9cnica ao Exterior<\/h2>\n\t\t<\/a><div class=\"ee-post__metas ee-post__metas--has-metas\"><ul class=\"ee-post__metas__list display--\"><li class=\"ee-post__meta ee-post__meta--date ee-post__metas__date\"> 04\/11\/2003<span class=\"ee-post__meta__separator\">\u00b7<\/span><\/li><\/ul><\/div><div class=\"ee-post__excerpt\">Download PDF<\/div><div class=\"ee-post__read-more\">\n\t\t\t<a class=\"ee-post__button\" href=\"https:\/\/schoueri.com.br\/en\/palestra-exigencias-da-cide-sobre-royalties-e-assistencia-tecnica-ao-exterior\/\">\n\t\t\t\tMore\t\t\t<\/a>\n\t\t<\/div><\/div><!-- .ee-post__body --><\/article><!-- .ee-post --><\/div><!-- .ee-loop__item --><div class=\"ee-grid__item ee-loop__item ee-filter-48\"><article class=\"ee-post post-5090 post type-post status-publish format-standard hentry category-articles-book-chapters tag-direito-tributario-internacional-international-tax-law\"><div class=\"ee-post__body ee-post__area\"><a href=\"https:\/\/schoueri.com.br\/en\/tratados-e-convencoes-internacionais-sobre-tributacao\/\" class=\"ee-post__title\">\n\t\t\t<h2 class=\"ee-post__title__heading\">Tratados e Conven\u00e7\u00f5es Internacionais sobre Tributa\u00e7\u00e3o<\/h2>\n\t\t<\/a><div class=\"ee-post__metas ee-post__metas--has-metas\"><ul class=\"ee-post__metas__list display--\"><li class=\"ee-post__meta ee-post__meta--date ee-post__metas__date\"> 20\/10\/2003<span class=\"ee-post__meta__separator\">\u00b7<\/span><\/li><\/ul><\/div><div class=\"ee-post__excerpt\">Download PDF<\/div><div class=\"ee-post__read-more\">\n\t\t\t<a class=\"ee-post__button\" href=\"https:\/\/schoueri.com.br\/en\/tratados-e-convencoes-internacionais-sobre-tributacao\/\">\n\t\t\t\tMore\t\t\t<\/a>\n\t\t<\/div><\/div><!-- .ee-post__body --><\/article><!-- .ee-post --><\/div><!-- .ee-loop__item --><div class=\"ee-grid__item ee-loop__item ee-filter-48\"><article class=\"ee-post post-5087 post type-post status-publish format-standard hentry category-articles-book-chapters tag-direito-tributario-internacional-international-tax-law-corporate-tax-law\"><div class=\"ee-post__body ee-post__area\"><a href=\"https:\/\/schoueri.com.br\/en\/tax-treatment-of-securitizations-of-receivables\/\" class=\"ee-post__title\">\n\t\t\t<h2 class=\"ee-post__title__heading\">Tax treatment of securitizations of receivables<\/h2>\n\t\t<\/a><div class=\"ee-post__metas ee-post__metas--has-metas\"><ul class=\"ee-post__metas__list display--\"><li class=\"ee-post__meta ee-post__meta--date ee-post__metas__date\"> 20\/10\/2003<span class=\"ee-post__meta__separator\">\u00b7<\/span><\/li><\/ul><\/div><div class=\"ee-post__excerpt\">IBFD<\/div><div class=\"ee-post__read-more\">\n\t\t\t<a class=\"ee-post__button\" href=\"https:\/\/schoueri.com.br\/en\/tax-treatment-of-securitizations-of-receivables\/\">\n\t\t\t\tMore\t\t\t<\/a>\n\t\t<\/div><\/div><!-- .ee-post__body --><\/article><!-- .ee-post --><\/div><!-- .ee-loop__item --><div class=\"ee-grid__item ee-loop__item ee-filter-48\"><article class=\"ee-post post-5083 post type-post status-publish format-standard hentry category-articles-book-chapters tag-direito-tributario-internacional-international-tax-law-lucros-no-exterior-worldwide-taxation-cfc-rules\"><div class=\"ee-post__body ee-post__area\"><a href=\"https:\/\/schoueri.com.br\/en\/imposto-de-renda-e-os-lucros-auferidos-no-exterior\/\" class=\"ee-post__title\">\n\t\t\t<h2 class=\"ee-post__title__heading\">Imposto de Renda e os Lucros Auferidos no Exterior<\/h2>\n\t\t<\/a><div class=\"ee-post__metas ee-post__metas--has-metas\"><ul class=\"ee-post__metas__list display--\"><li class=\"ee-post__meta ee-post__meta--date ee-post__metas__date\"> 20\/10\/2003<span class=\"ee-post__meta__separator\">\u00b7<\/span><\/li><\/ul><\/div><div class=\"ee-post__excerpt\">Download PDF<\/div><div class=\"ee-post__read-more\">\n\t\t\t<a class=\"ee-post__button\" href=\"https:\/\/schoueri.com.br\/en\/imposto-de-renda-e-os-lucros-auferidos-no-exterior\/\">\n\t\t\t\tMore\t\t\t<\/a>\n\t\t<\/div><\/div><!-- .ee-post__body --><\/article><!-- .ee-post --><\/div><!-- .ee-loop__item --><div class=\"ee-grid__item ee-loop__item ee-filter-48\"><article class=\"ee-post post-6575 post type-post status-publish format-standard hentry category-articles-book-chapters tag-obrigacao-tributaria-tax-obligation\"><div class=\"ee-post__body ee-post__area\"><a href=\"https:\/\/schoueri.com.br\/en\/fato-gerador-da-obrigacao-tributaria\/\" class=\"ee-post__title\">\n\t\t\t<h2 class=\"ee-post__title__heading\">Fato Gerador da Obriga\u00e7\u00e3o Tribut\u00e1ria<\/h2>\n\t\t<\/a><div class=\"ee-post__metas ee-post__metas--has-metas\"><ul class=\"ee-post__metas__list display--\"><li class=\"ee-post__meta ee-post__meta--date ee-post__metas__date\"> 28\/01\/2003<span class=\"ee-post__meta__separator\">\u00b7<\/span><\/li><\/ul><\/div><div class=\"ee-post__excerpt\">PDF<\/div><div class=\"ee-post__read-more\">\n\t\t\t<a class=\"ee-post__button\" href=\"https:\/\/schoueri.com.br\/en\/fato-gerador-da-obrigacao-tributaria\/\">\n\t\t\t\tMore\t\t\t<\/a>\n\t\t<\/div><\/div><!-- .ee-post__body --><\/article><!-- .ee-post --><\/div><!-- .ee-loop__item --><div class=\"ee-grid__item ee-loop__item ee-filter-48\"><article class=\"ee-post post-5077 post type-post status-publish format-standard hentry category-articles-book-chapters tag-direito-tributario-internacional-international-tax-law-corporate-tax-law\"><div class=\"ee-post__body ee-post__area\"><a href=\"https:\/\/schoueri.com.br\/en\/brazil-share-buy-backs-by-listed-companies-from-individual-minority-shareholders\/\" class=\"ee-post__title\">\n\t\t\t<h2 class=\"ee-post__title__heading\">Brazil &#8211; Share Buy-Backs by Listed Companies from Individual Minority Shareholders<\/h2>\n\t\t<\/a><div class=\"ee-post__metas ee-post__metas--has-metas\"><ul class=\"ee-post__metas__list display--\"><li class=\"ee-post__meta ee-post__meta--date ee-post__metas__date\"> 20\/10\/2002<span class=\"ee-post__meta__separator\">\u00b7<\/span><\/li><\/ul><\/div><div class=\"ee-post__excerpt\">IBFD<\/div><div class=\"ee-post__read-more\">\n\t\t\t<a class=\"ee-post__button\" href=\"https:\/\/schoueri.com.br\/en\/brazil-share-buy-backs-by-listed-companies-from-individual-minority-shareholders\/\">\n\t\t\t\tMore\t\t\t<\/a>\n\t\t<\/div><\/div><!-- .ee-post__body --><\/article><!-- .ee-post --><\/div><!-- .ee-loop__item --><div class=\"ee-grid__item ee-loop__item ee-filter-48\"><article class=\"ee-post post-5074 post type-post status-publish format-standard hentry category-articles-book-chapters tag-direito-tributario-internacional-servicos-tecnicos-international-tax-law-technical-services\"><div class=\"ee-post__body ee-post__area\"><a href=\"https:\/\/schoueri.com.br\/en\/a-prestacao-de-servicos-tecnicos-e-assistencia-tecnica-no-acordo-de-bitributacao-brasil-alemanha\/\" class=\"ee-post__title\">\n\t\t\t<h2 class=\"ee-post__title__heading\">A Presta\u00e7\u00e3o de Servi\u00e7os T\u00e9cnicos e Assist\u00eancia T\u00e9cnica no Acordo de Bitributa\u00e7\u00e3o Brasil &#8211; Alemanha<\/h2>\n\t\t<\/a><div class=\"ee-post__metas ee-post__metas--has-metas\"><ul class=\"ee-post__metas__list display--\"><li class=\"ee-post__meta ee-post__meta--date ee-post__metas__date\"> 20\/10\/2001<span class=\"ee-post__meta__separator\">\u00b7<\/span><\/li><\/ul><\/div><div class=\"ee-post__excerpt\">Donwload PDF<\/div><div class=\"ee-post__read-more\">\n\t\t\t<a class=\"ee-post__button\" href=\"https:\/\/schoueri.com.br\/en\/a-prestacao-de-servicos-tecnicos-e-assistencia-tecnica-no-acordo-de-bitributacao-brasil-alemanha\/\">\n\t\t\t\tMore\t\t\t<\/a>\n\t\t<\/div><\/div><!-- .ee-post__body --><\/article><!-- .ee-post --><\/div><!-- .ee-loop__item --><div class=\"ee-grid__item ee-loop__item ee-filter-48\"><article class=\"ee-post post-5070 post type-post status-publish format-standard hentry category-articles-book-chapters tag-cide\"><div class=\"ee-post__body ee-post__area\"><a href=\"https:\/\/schoueri.com.br\/en\/algumas-consideracoes-sobre-a-cide-no-sistema-constitucional-brasileiro-a-contribuicao-ao-programa-universidade-empresa\/\" class=\"ee-post__title\">\n\t\t\t<h2 class=\"ee-post__title__heading\">Algumas Considera\u00e7\u00f5es sobre a CIDE no Sistema Constitucional Brasileiro. A Contribui\u00e7\u00e3o ao Programa Universidade-Empresa<\/h2>\n\t\t<\/a><div class=\"ee-post__metas ee-post__metas--has-metas\"><ul class=\"ee-post__metas__list display--\"><li class=\"ee-post__meta ee-post__meta--date ee-post__metas__date\"> 20\/10\/2001<span class=\"ee-post__meta__separator\">\u00b7<\/span><\/li><\/ul><\/div><div class=\"ee-post__excerpt\">Download PDF<\/div><div class=\"ee-post__read-more\">\n\t\t\t<a class=\"ee-post__button\" href=\"https:\/\/schoueri.com.br\/en\/algumas-consideracoes-sobre-a-cide-no-sistema-constitucional-brasileiro-a-contribuicao-ao-programa-universidade-empresa\/\">\n\t\t\t\tMore\t\t\t<\/a>\n\t\t<\/div><\/div><!-- .ee-post__body --><\/article><!-- .ee-post --><\/div><!-- .ee-loop__item --><div class=\"ee-grid__item ee-loop__item ee-filter-48\"><article class=\"ee-post post-5063 post type-post status-publish format-standard hentry category-articles-book-chapters tag-direito-tributario-internacional-international-tax-law-lucros-no-exterior-worldwide-taxation-cfc-rules\"><div class=\"ee-post__body ee-post__area\"><a href=\"https:\/\/schoueri.com.br\/en\/direito-tributario-internacional-acordos-de-bitributacao-imposto-de-renda-lucros-auferidos-por-controladas-e-coligadas-no-exterior-efeitos-do-artigo-74-da-medida-provisoria-no-2158-35\/\" class=\"ee-post__title\">\n\t\t\t<h2 class=\"ee-post__title__heading\">Direito Tribut\u00e1rio Internacional. Acordos de Bitributa\u00e7\u00e3o. Imposto de Renda: Lucros Auferidos por Controladas e Coligadas no Exterior. Efeitos do Artigo 74 da Medida Provis\u00f3ria n\u00ba 2158-35.<\/h2>\n\t\t<\/a><div class=\"ee-post__metas ee-post__metas--has-metas\"><ul class=\"ee-post__metas__list display--\"><li class=\"ee-post__meta ee-post__meta--date ee-post__metas__date\"> 20\/10\/2001<span class=\"ee-post__meta__separator\">\u00b7<\/span><\/li><\/ul><\/div><div class=\"ee-post__excerpt\">Download PDF<\/div><div class=\"ee-post__read-more\">\n\t\t\t<a class=\"ee-post__button\" href=\"https:\/\/schoueri.com.br\/en\/direito-tributario-internacional-acordos-de-bitributacao-imposto-de-renda-lucros-auferidos-por-controladas-e-coligadas-no-exterior-efeitos-do-artigo-74-da-medida-provisoria-no-2158-35\/\">\n\t\t\t\tMore\t\t\t<\/a>\n\t\t<\/div><\/div><!-- .ee-post__body --><\/article><!-- .ee-post --><\/div><!-- .ee-loop__item --><div class=\"ee-grid__item ee-loop__item ee-filter-48\"><article class=\"ee-post post-5060 post type-post status-publish format-standard hentry category-articles-book-chapters tag-direito-tributario-internacional-international-tax-law\"><div class=\"ee-post__body ee-post__area\"><a href=\"https:\/\/schoueri.com.br\/en\/resenha-corso-di-diritto-tributario-internazionale\/\" class=\"ee-post__title\">\n\t\t\t<h2 class=\"ee-post__title__heading\">Resenha: Corso di Diritto Tributario Internazionale<\/h2>\n\t\t<\/a><div class=\"ee-post__metas ee-post__metas--has-metas\"><ul class=\"ee-post__metas__list display--\"><li class=\"ee-post__meta ee-post__meta--date ee-post__metas__date\"> 20\/10\/2001<span class=\"ee-post__meta__separator\">\u00b7<\/span><\/li><\/ul><\/div><div class=\"ee-post__excerpt\">Donwload PDF<\/div><div class=\"ee-post__read-more\">\n\t\t\t<a class=\"ee-post__button\" href=\"https:\/\/schoueri.com.br\/en\/resenha-corso-di-diritto-tributario-internazionale\/\">\n\t\t\t\tMore\t\t\t<\/a>\n\t\t<\/div><\/div><!-- .ee-post__body --><\/article><!-- .ee-post --><\/div><!-- .ee-loop__item --><div class=\"ee-grid__item ee-loop__item ee-filter-48\"><article class=\"ee-post post-5056 post type-post status-publish format-standard hentry category-articles-book-chapters tag-tributacao-e-economia-digital-taxation-and-digital-economy\"><div class=\"ee-post__body ee-post__area\"><a href=\"https:\/\/schoueri.com.br\/en\/imposto-de-renda-e-o-comercio-eletronico\/\" class=\"ee-post__title\">\n\t\t\t<h2 class=\"ee-post__title__heading\">Imposto de Renda e o Com\u00e9rcio Eletr\u00f4nico<\/h2>\n\t\t<\/a><div class=\"ee-post__metas ee-post__metas--has-metas\"><ul class=\"ee-post__metas__list display--\"><li class=\"ee-post__meta ee-post__meta--date ee-post__metas__date\"> 19\/10\/2001<span class=\"ee-post__meta__separator\">\u00b7<\/span><\/li><\/ul><\/div><div class=\"ee-post__excerpt\">Download PDF<\/div><div class=\"ee-post__read-more\">\n\t\t\t<a class=\"ee-post__button\" href=\"https:\/\/schoueri.com.br\/en\/imposto-de-renda-e-o-comercio-eletronico\/\">\n\t\t\t\tMore\t\t\t<\/a>\n\t\t<\/div><\/div><!-- .ee-post__body --><\/article><!-- .ee-post --><\/div><!-- .ee-loop__item --><div class=\"ee-grid__item ee-loop__item ee-filter-48\"><article class=\"ee-post post-5050 post type-post status-publish format-standard hentry category-articles-book-chapters tag-direito-tributario-internacional-international-tax-law-corporate-tax-law\"><div class=\"ee-post__body ee-post__area\"><a href=\"https:\/\/schoueri.com.br\/en\/international-tax-aspects-of-deferred-remunerations\/\" class=\"ee-post__title\">\n\t\t\t<h2 class=\"ee-post__title__heading\">International Tax Aspects of Deferred Remunerations<\/h2>\n\t\t<\/a><div class=\"ee-post__metas ee-post__metas--has-metas\"><ul class=\"ee-post__metas__list display--\"><li class=\"ee-post__meta ee-post__meta--date ee-post__metas__date\"> 19\/10\/2000<span class=\"ee-post__meta__separator\">\u00b7<\/span><\/li><\/ul><\/div><div class=\"ee-post__excerpt\">IBFD<\/div><div class=\"ee-post__read-more\">\n\t\t\t<a class=\"ee-post__button\" href=\"https:\/\/schoueri.com.br\/en\/international-tax-aspects-of-deferred-remunerations\/\">\n\t\t\t\tMore\t\t\t<\/a>\n\t\t<\/div><\/div><!-- .ee-post__body --><\/article><!-- .ee-post --><\/div><!-- .ee-loop__item --><div class=\"ee-grid__item ee-loop__item ee-filter-48\"><article class=\"ee-post post-5046 post type-post status-publish format-standard hentry category-articles-book-chapters tag-direito-tributario-internacional-international-tax-law\"><div class=\"ee-post__body ee-post__area\"><a href=\"https:\/\/schoueri.com.br\/en\/harmonizacao-tributaria-no-mercosul\/\" class=\"ee-post__title\">\n\t\t\t<h2 class=\"ee-post__title__heading\">Harmoniza\u00e7\u00e3o Tribut\u00e1ria no Mercosul<\/h2>\n\t\t<\/a><div class=\"ee-post__metas ee-post__metas--has-metas\"><ul class=\"ee-post__metas__list display--\"><li class=\"ee-post__meta ee-post__meta--date ee-post__metas__date\"> 19\/10\/2000<span class=\"ee-post__meta__separator\">\u00b7<\/span><\/li><\/ul><\/div><div class=\"ee-post__excerpt\">Download PDF<\/div><div class=\"ee-post__read-more\">\n\t\t\t<a class=\"ee-post__button\" href=\"https:\/\/schoueri.com.br\/en\/harmonizacao-tributaria-no-mercosul\/\">\n\t\t\t\tMore\t\t\t<\/a>\n\t\t<\/div><\/div><!-- .ee-post__body --><\/article><!-- .ee-post --><\/div><!-- .ee-loop__item --><div class=\"ee-grid__item ee-loop__item ee-filter-48\"><article class=\"ee-post post-5042 post type-post status-publish format-standard hentry category-articles-book-chapters tag-direito-tributario-internacional-international-tax-law\"><div class=\"ee-post__body ee-post__area\"><a href=\"https:\/\/schoueri.com.br\/en\/direito-tributario-internacional-qualificacao-e-substituicao-tributacao-no-brasil-de-rendimentos-provenientes-de-sociedade-de-pessoas-residente-na-alemanha\/\" class=\"ee-post__title\">\n\t\t\t<h2 class=\"ee-post__title__heading\">Direito Tribut\u00e1rio Internacional &#8211; Qualifica\u00e7\u00e3o e Substitui\u00e7\u00e3o &#8211; Tributa\u00e7\u00e3o, no Brasil, de Rendimentos Provenientes de Sociedade de Pessoas Residente na Alemanha<\/h2>\n\t\t<\/a><div class=\"ee-post__metas ee-post__metas--has-metas\"><ul class=\"ee-post__metas__list display--\"><li class=\"ee-post__meta ee-post__meta--date ee-post__metas__date\"> 19\/10\/2000<span class=\"ee-post__meta__separator\">\u00b7<\/span><\/li><\/ul><\/div><div class=\"ee-post__excerpt\">Download PDF<\/div><div class=\"ee-post__read-more\">\n\t\t\t<a class=\"ee-post__button\" href=\"https:\/\/schoueri.com.br\/en\/direito-tributario-internacional-qualificacao-e-substituicao-tributacao-no-brasil-de-rendimentos-provenientes-de-sociedade-de-pessoas-residente-na-alemanha\/\">\n\t\t\t\tMore\t\t\t<\/a>\n\t\t<\/div><\/div><!-- .ee-post__body --><\/article><!-- .ee-post --><\/div><!-- .ee-loop__item --><div class=\"ee-grid__item ee-loop__item ee-filter-48\"><article class=\"ee-post post-5038 post type-post status-publish format-standard hentry category-articles-book-chapters tag-direito-tributario-internacional-international-tax-law\"><div class=\"ee-post__body ee-post__area\"><a href=\"https:\/\/schoueri.com.br\/en\/qualifikation-und-substitution-im-internationalen-steuerrecht\/\" class=\"ee-post__title\">\n\t\t\t<h2 class=\"ee-post__title__heading\">Qualifikation und Substitution im internationalen Steuerrecht<\/h2>\n\t\t<\/a><div class=\"ee-post__metas ee-post__metas--has-metas\"><ul class=\"ee-post__metas__list display--\"><li class=\"ee-post__meta ee-post__meta--date ee-post__metas__date\"> 19\/10\/2000<span class=\"ee-post__meta__separator\">\u00b7<\/span><\/li><\/ul><\/div><div class=\"ee-post__excerpt\">Download PDF<\/div><div class=\"ee-post__read-more\">\n\t\t\t<a class=\"ee-post__button\" href=\"https:\/\/schoueri.com.br\/en\/qualifikation-und-substitution-im-internationalen-steuerrecht\/\">\n\t\t\t\tMore\t\t\t<\/a>\n\t\t<\/div><\/div><!-- .ee-post__body --><\/article><!-- .ee-post --><\/div><!-- .ee-loop__item --><div class=\"ee-grid__item ee-loop__item ee-filter-48\"><article class=\"ee-post post-5022 post type-post status-publish format-standard hentry category-articles-book-chapters tag-compensacao-cofins-csl\"><div class=\"ee-post__body ee-post__area\"><a href=\"https:\/\/schoueri.com.br\/en\/compensacao-da-elevacao-da-aliquota-da-cofins-com-a-contribuicao-social-sobre-o-lucro\/\" class=\"ee-post__title\">\n\t\t\t<h2 class=\"ee-post__title__heading\">Compensa\u00e7\u00e3o da Eleva\u00e7\u00e3o da Al\u00edquota da Cofins com a Contribui\u00e7\u00e3o Social sobre o Lucro<\/h2>\n\t\t<\/a><div class=\"ee-post__metas ee-post__metas--has-metas\"><ul class=\"ee-post__metas__list display--\"><li class=\"ee-post__meta ee-post__meta--date ee-post__metas__date\"> 19\/10\/1999<span class=\"ee-post__meta__separator\">\u00b7<\/span><\/li><\/ul><\/div><div class=\"ee-post__excerpt\">Download PDF<\/div><div class=\"ee-post__read-more\">\n\t\t\t<a class=\"ee-post__button\" href=\"https:\/\/schoueri.com.br\/en\/compensacao-da-elevacao-da-aliquota-da-cofins-com-a-contribuicao-social-sobre-o-lucro\/\">\n\t\t\t\tMore\t\t\t<\/a>\n\t\t<\/div><\/div><!-- .ee-post__body --><\/article><!-- .ee-post --><\/div><!-- .ee-loop__item --><div class=\"ee-grid__item ee-loop__item ee-filter-48\"><article class=\"ee-post post-5018 post type-post status-publish format-standard hentry category-articles-book-chapters tag-iof\"><div class=\"ee-post__body ee-post__area\"><a href=\"https:\/\/schoueri.com.br\/en\/iof-e-as-operacoes-de-mutuo\/\" class=\"ee-post__title\">\n\t\t\t<h2 class=\"ee-post__title__heading\">IOF e as Opera\u00e7\u00f5es de M\u00fatuo<\/h2>\n\t\t<\/a><div class=\"ee-post__metas ee-post__metas--has-metas\"><ul class=\"ee-post__metas__list display--\"><li class=\"ee-post__meta ee-post__meta--date ee-post__metas__date\"> 19\/10\/1999<span class=\"ee-post__meta__separator\">\u00b7<\/span><\/li><\/ul><\/div><div class=\"ee-post__excerpt\">Download PDF<\/div><div class=\"ee-post__read-more\">\n\t\t\t<a class=\"ee-post__button\" href=\"https:\/\/schoueri.com.br\/en\/iof-e-as-operacoes-de-mutuo\/\">\n\t\t\t\tMore\t\t\t<\/a>\n\t\t<\/div><\/div><!-- .ee-post__body --><\/article><!-- .ee-post --><\/div><!-- .ee-loop__item --><div class=\"ee-grid__item ee-loop__item ee-filter-48\"><article class=\"ee-post post-5014 post type-post status-publish format-standard hentry category-articles-book-chapters tag-direito-tributario-internacional-precos-de-transferencia-international-tax-law-transfer-pricing\"><div class=\"ee-post__body ee-post__area\"><a href=\"https:\/\/schoueri.com.br\/en\/regras-brasileiras-de-transfer-pricing-principais-reflexos-para-as-empresas-de-capital-alemao\/\" class=\"ee-post__title\">\n\t\t\t<h2 class=\"ee-post__title__heading\">Regras Brasileiras de &#8220;Transfer Pricing&#8221;: Principais Reflexos para as Empresas de Capital Alem\u00e3o<\/h2>\n\t\t<\/a><div class=\"ee-post__metas ee-post__metas--has-metas\"><ul class=\"ee-post__metas__list display--\"><li class=\"ee-post__meta ee-post__meta--date ee-post__metas__date\"> 19\/10\/1999<span class=\"ee-post__meta__separator\">\u00b7<\/span><\/li><\/ul><\/div><div class=\"ee-post__excerpt\">Download PDF<\/div><div class=\"ee-post__read-more\">\n\t\t\t<a class=\"ee-post__button\" href=\"https:\/\/schoueri.com.br\/en\/regras-brasileiras-de-transfer-pricing-principais-reflexos-para-as-empresas-de-capital-alemao\/\">\n\t\t\t\tMore\t\t\t<\/a>\n\t\t<\/div><\/div><!-- .ee-post__body --><\/article><!-- .ee-post --><\/div><!-- .ee-loop__item --><div class=\"ee-grid__item ee-loop__item ee-filter-48\"><article class=\"ee-post post-6386 post type-post status-publish format-standard hentry category-articles-book-chapters\"><div class=\"ee-post__body ee-post__area\"><a href=\"https:\/\/schoueri.com.br\/en\/homenagem-brandao-machado-uma-amizade\/\" class=\"ee-post__title\">\n\t\t\t<h2 class=\"ee-post__title__heading\">Homenagem: Brand\u00e3o Machado &#8211; uma Amizade<\/h2>\n\t\t<\/a><div class=\"ee-post__metas ee-post__metas--has-metas\"><ul class=\"ee-post__metas__list display--\"><li class=\"ee-post__meta ee-post__meta--date ee-post__metas__date\"> 04\/11\/1998<span class=\"ee-post__meta__separator\">\u00b7<\/span><\/li><\/ul><\/div><div class=\"ee-post__excerpt\">Download PDF<\/div><div class=\"ee-post__read-more\">\n\t\t\t<a class=\"ee-post__button\" href=\"https:\/\/schoueri.com.br\/en\/homenagem-brandao-machado-uma-amizade\/\">\n\t\t\t\tMore\t\t\t<\/a>\n\t\t<\/div><\/div><!-- .ee-post__body --><\/article><!-- .ee-post --><\/div><!-- .ee-loop__item --><div class=\"ee-grid__item ee-loop__item ee-filter-48\"><article class=\"ee-post post-5010 post type-post status-publish format-standard hentry category-articles-book-chapters tag-competencia-tributaria\"><div class=\"ee-post__body ee-post__area\"><a href=\"https:\/\/schoueri.com.br\/en\/discriminacao-de-competencias-e-competencia-residual\/\" class=\"ee-post__title\">\n\t\t\t<h2 class=\"ee-post__title__heading\">Discrimina\u00e7\u00e3o de Compet\u00eancias e Compet\u00eancia Residual<\/h2>\n\t\t<\/a><div class=\"ee-post__metas ee-post__metas--has-metas\"><ul class=\"ee-post__metas__list display--\"><li class=\"ee-post__meta ee-post__meta--date ee-post__metas__date\"> 19\/10\/1998<span class=\"ee-post__meta__separator\">\u00b7<\/span><\/li><\/ul><\/div><div class=\"ee-post__excerpt\">Download PDF<\/div><div class=\"ee-post__read-more\">\n\t\t\t<a class=\"ee-post__button\" href=\"https:\/\/schoueri.com.br\/en\/discriminacao-de-competencias-e-competencia-residual\/\">\n\t\t\t\tMore\t\t\t<\/a>\n\t\t<\/div><\/div><!-- .ee-post__body --><\/article><!-- .ee-post --><\/div><!-- .ee-loop__item --><div class=\"ee-grid__item ee-loop__item ee-filter-48\"><article class=\"ee-post post-5006 post type-post status-publish format-standard hentry category-articles-book-chapters tag-direito-tributario-internacional-planejamento-tributario-tax-planning-international-tax-law\"><div class=\"ee-post__body ee-post__area\"><a href=\"https:\/\/schoueri.com.br\/en\/planejamento-fiscal-atraves-de-acordos-de-bitributacao-2\/\" class=\"ee-post__title\">\n\t\t\t<h2 class=\"ee-post__title__heading\">Planejamento Fiscal atrav\u00e9s de Acordos de Bitributa\u00e7\u00e3o<\/h2>\n\t\t<\/a><div class=\"ee-post__metas ee-post__metas--has-metas\"><ul class=\"ee-post__metas__list display--\"><li class=\"ee-post__meta ee-post__meta--date ee-post__metas__date\"> 19\/10\/1998<span class=\"ee-post__meta__separator\">\u00b7<\/span><\/li><\/ul><\/div><div class=\"ee-post__excerpt\">Download PDF<\/div><div class=\"ee-post__read-more\">\n\t\t\t<a class=\"ee-post__button\" href=\"https:\/\/schoueri.com.br\/en\/planejamento-fiscal-atraves-de-acordos-de-bitributacao-2\/\">\n\t\t\t\tMore\t\t\t<\/a>\n\t\t<\/div><\/div><!-- .ee-post__body --><\/article><!-- .ee-post --><\/div><!-- .ee-loop__item --><div class=\"ee-grid__item ee-loop__item ee-filter-48\"><article class=\"ee-post post-5002 post type-post status-publish format-standard hentry category-articles-book-chapters tag-direito-tributario-internacional-planejamento-tributario-tax-planning-international-tax-law\"><div class=\"ee-post__body ee-post__area\"><a href=\"https:\/\/schoueri.com.br\/en\/reflexiones-sobre-la-pratica-de-treaty-shopping\/\" class=\"ee-post__title\">\n\t\t\t<h2 class=\"ee-post__title__heading\">Reflexiones sobre la pratica de Treaty Shopping<\/h2>\n\t\t<\/a><div class=\"ee-post__metas ee-post__metas--has-metas\"><ul class=\"ee-post__metas__list display--\"><li class=\"ee-post__meta ee-post__meta--date ee-post__metas__date\"> 19\/10\/1998<span class=\"ee-post__meta__separator\">\u00b7<\/span><\/li><\/ul><\/div><div class=\"ee-post__excerpt\">Download PDF<\/div><div class=\"ee-post__read-more\">\n\t\t\t<a class=\"ee-post__button\" href=\"https:\/\/schoueri.com.br\/en\/reflexiones-sobre-la-pratica-de-treaty-shopping\/\">\n\t\t\t\tMore\t\t\t<\/a>\n\t\t<\/div><\/div><!-- .ee-post__body --><\/article><!-- .ee-post --><\/div><!-- .ee-loop__item --><div class=\"ee-grid__item ee-loop__item ee-filter-48\"><article class=\"ee-post post-4998 post type-post status-publish format-standard hentry category-articles-book-chapters tag-planejamento-tributario-tax-planning\"><div class=\"ee-post__body ee-post__area\"><a href=\"https:\/\/schoueri.com.br\/en\/planejamento-fiscal-e-sucessao\/\" class=\"ee-post__title\">\n\t\t\t<h2 class=\"ee-post__title__heading\">Planejamento Fiscal e Sucess\u00e3o<\/h2>\n\t\t<\/a><div class=\"ee-post__metas ee-post__metas--has-metas\"><ul class=\"ee-post__metas__list display--\"><li class=\"ee-post__meta ee-post__meta--date ee-post__metas__date\"> 19\/10\/1998<span class=\"ee-post__meta__separator\">\u00b7<\/span><\/li><\/ul><\/div><div class=\"ee-post__excerpt\">Download PDF<\/div><div class=\"ee-post__read-more\">\n\t\t\t<a class=\"ee-post__button\" href=\"https:\/\/schoueri.com.br\/en\/planejamento-fiscal-e-sucessao\/\">\n\t\t\t\tMore\t\t\t<\/a>\n\t\t<\/div><\/div><!-- .ee-post__body --><\/article><!-- .ee-post --><\/div><!-- .ee-loop__item --><div class=\"ee-grid__item ee-loop__item ee-filter-48\"><article class=\"ee-post post-4989 post type-post status-publish format-standard hentry category-articles-book-chapters tag-contribuicao-de-melhoria\"><div class=\"ee-post__body ee-post__area\"><a href=\"https:\/\/schoueri.com.br\/en\/a-contribuicao-de-melhoria-e-a-necessidade-da-valorizacao-do-imovel\/\" class=\"ee-post__title\">\n\t\t\t<h2 class=\"ee-post__title__heading\">A Institui\u00e7\u00e3o da Contribui\u00e7\u00e3o de Melhoria e a Necessidade da Valoriza\u00e7\u00e3o do Im\u00f3vel<\/h2>\n\t\t<\/a><div class=\"ee-post__metas ee-post__metas--has-metas\"><ul class=\"ee-post__metas__list display--\"><li class=\"ee-post__meta ee-post__meta--date ee-post__metas__date\"> 19\/10\/1998<span class=\"ee-post__meta__separator\">\u00b7<\/span><\/li><\/ul><\/div><div class=\"ee-post__excerpt\">Download PDF<\/div><div class=\"ee-post__read-more\">\n\t\t\t<a class=\"ee-post__button\" href=\"https:\/\/schoueri.com.br\/en\/a-contribuicao-de-melhoria-e-a-necessidade-da-valorizacao-do-imovel\/\">\n\t\t\t\tMore\t\t\t<\/a>\n\t\t<\/div><\/div><!-- .ee-post__body --><\/article><!-- .ee-post --><\/div><!-- .ee-loop__item --><div class=\"ee-grid__item ee-loop__item ee-filter-48\"><article class=\"ee-post post-4984 post type-post status-publish format-standard hentry category-articles-book-chapters tag-direito-tributario-internacional-international-tax-law\"><div class=\"ee-post__body ee-post__area\"><a href=\"https:\/\/schoueri.com.br\/en\/vacordos-de-bitributacao-e-lei-interna-investimentos-na-ilha-da-madeira-efeitos-da-lei-no-9249-95\/\" class=\"ee-post__title\">\n\t\t\t<h2 class=\"ee-post__title__heading\">Acordos de Bitributa\u00e7\u00e3o e Lei Interna &#8211; Investimentos na Ilha da Madeira &#8211; Efeitos da Lei n\u00ba 9249\/95<\/h2>\n\t\t<\/a><div class=\"ee-post__metas ee-post__metas--has-metas\"><ul class=\"ee-post__metas__list display--\"><li class=\"ee-post__meta ee-post__meta--date ee-post__metas__date\"> 19\/10\/1997<span class=\"ee-post__meta__separator\">\u00b7<\/span><\/li><\/ul><\/div><div class=\"ee-post__excerpt\">Download PDF<\/div><div class=\"ee-post__read-more\">\n\t\t\t<a class=\"ee-post__button\" href=\"https:\/\/schoueri.com.br\/en\/vacordos-de-bitributacao-e-lei-interna-investimentos-na-ilha-da-madeira-efeitos-da-lei-no-9249-95\/\">\n\t\t\t\tMore\t\t\t<\/a>\n\t\t<\/div><\/div><!-- .ee-post__body --><\/article><!-- .ee-post --><\/div><!-- .ee-loop__item --><div class=\"ee-grid__item ee-loop__item ee-filter-48\"><article class=\"ee-post post-4980 post type-post status-publish format-standard hentry category-articles-book-chapters tag-processo-administrativo-tributario-tax-procedure\"><div class=\"ee-post__body ee-post__area\"><a href=\"https:\/\/schoueri.com.br\/en\/presuncoes-simples-e-indicios-no-procedimento-administrativo-fiscal\/\" class=\"ee-post__title\">\n\t\t\t<h2 class=\"ee-post__title__heading\">Presun\u00e7\u00f5es Simples e Ind\u00edcios no Procedimento Administrativo Fiscal<\/h2>\n\t\t<\/a><div class=\"ee-post__metas ee-post__metas--has-metas\"><ul class=\"ee-post__metas__list display--\"><li class=\"ee-post__meta ee-post__meta--date ee-post__metas__date\"> 19\/10\/1997<span class=\"ee-post__meta__separator\">\u00b7<\/span><\/li><\/ul><\/div><div class=\"ee-post__excerpt\">Download PDF<\/div><div class=\"ee-post__read-more\">\n\t\t\t<a class=\"ee-post__button\" href=\"https:\/\/schoueri.com.br\/en\/presuncoes-simples-e-indicios-no-procedimento-administrativo-fiscal\/\">\n\t\t\t\tMore\t\t\t<\/a>\n\t\t<\/div><\/div><!-- .ee-post__body --><\/article><!-- .ee-post --><\/div><!-- .ee-loop__item --><div class=\"ee-grid__item ee-loop__item ee-filter-48\"><article class=\"ee-post post-4976 post type-post status-publish format-standard hentry category-articles-book-chapters tag-consulta-tributaria-tax-ruling\"><div class=\"ee-post__body ee-post__area\"><a href=\"https:\/\/schoueri.com.br\/en\/algumas-reflexoes-sobre-a-consulta-em-materia-fiscal-2\/\" class=\"ee-post__title\">\n\t\t\t<h2 class=\"ee-post__title__heading\">Algumas Reflex\u00f5es sobre a Consulta em Mat\u00e9ria Fiscal<\/h2>\n\t\t<\/a><div class=\"ee-post__metas ee-post__metas--has-metas\"><ul class=\"ee-post__metas__list display--\"><li class=\"ee-post__meta ee-post__meta--date ee-post__metas__date\"> 19\/10\/1995<span class=\"ee-post__meta__separator\">\u00b7<\/span><\/li><\/ul><\/div><div class=\"ee-post__excerpt\">Download PDF<\/div><div class=\"ee-post__read-more\">\n\t\t\t<a class=\"ee-post__button\" href=\"https:\/\/schoueri.com.br\/en\/algumas-reflexoes-sobre-a-consulta-em-materia-fiscal-2\/\">\n\t\t\t\tMore\t\t\t<\/a>\n\t\t<\/div><\/div><!-- .ee-post__body --><\/article><!-- .ee-post --><\/div><!-- .ee-loop__item --><div class=\"ee-grid__item ee-loop__item ee-filter-48\"><article class=\"ee-post post-4964 post type-post status-publish format-standard hentry category-articles-book-chapters tag-consulta-tributaria-tax-ruling\"><div class=\"ee-post__body ee-post__area\"><a href=\"https:\/\/schoueri.com.br\/en\/algumas-reflexoes-sobre-a-consulta-em-materia-fiscal\/\" class=\"ee-post__title\">\n\t\t\t<h2 class=\"ee-post__title__heading\">Algumas Reflex\u00f5es sobre a Consulta em Mat\u00e9ria Fiscal<\/h2>\n\t\t<\/a><div class=\"ee-post__metas ee-post__metas--has-metas\"><ul class=\"ee-post__metas__list display--\"><li class=\"ee-post__meta ee-post__meta--date ee-post__metas__date\"> 19\/10\/1995<span class=\"ee-post__meta__separator\">\u00b7<\/span><\/li><\/ul><\/div><div class=\"ee-post__excerpt\">Download PDF<\/div><div class=\"ee-post__read-more\">\n\t\t\t<a class=\"ee-post__button\" href=\"https:\/\/schoueri.com.br\/en\/algumas-reflexoes-sobre-a-consulta-em-materia-fiscal\/\">\n\t\t\t\tMore\t\t\t<\/a>\n\t\t<\/div><\/div><!-- .ee-post__body --><\/article><!-- .ee-post --><\/div><!-- .ee-loop__item --><div class=\"ee-grid__item ee-loop__item ee-filter-48\"><article class=\"ee-post post-4972 post type-post status-publish format-standard hentry category-articles-book-chapters tag-direito-tributario-internacional-international-tax-law\"><div class=\"ee-post__body ee-post__area\"><a href=\"https:\/\/schoueri.com.br\/en\/validade-de-normas-internas-contrarias-a-dispositivos-de-acordos-de-bitributacao-no-direito-e-na-pratica-norte-americana-2\/\" class=\"ee-post__title\">\n\t\t\t<h2 class=\"ee-post__title__heading\">Validade de Normas Internas Contr\u00e1rias a Dispositivos de Acordos de Bitributa\u00e7\u00e3o no Direito e na Pr\u00e1tica Norte-americana<\/h2>\n\t\t<\/a><div class=\"ee-post__metas ee-post__metas--has-metas\"><ul class=\"ee-post__metas__list display--\"><li class=\"ee-post__meta ee-post__meta--date ee-post__metas__date\"> 19\/10\/1994<span class=\"ee-post__meta__separator\">\u00b7<\/span><\/li><\/ul><\/div><div class=\"ee-post__excerpt\">Download PDF<\/div><div class=\"ee-post__read-more\">\n\t\t\t<a class=\"ee-post__button\" href=\"https:\/\/schoueri.com.br\/en\/validade-de-normas-internas-contrarias-a-dispositivos-de-acordos-de-bitributacao-no-direito-e-na-pratica-norte-americana-2\/\">\n\t\t\t\tMore\t\t\t<\/a>\n\t\t<\/div><\/div><!-- .ee-post__body --><\/article><!-- .ee-post --><\/div><!-- .ee-loop__item --><div class=\"ee-grid__item ee-loop__item ee-filter-48\"><article class=\"ee-post post-4938 post type-post status-publish format-standard hentry category-articles-book-chapters tag-direito-tributario-internacional-international-tax-law\"><div class=\"ee-post__body ee-post__area\"><a href=\"https:\/\/schoueri.com.br\/en\/the-residence-of-employer-in-the-183-day-clause\/\" class=\"ee-post__title\">\n\t\t\t<h2 class=\"ee-post__title__heading\">The residence of employer in the &#8216;183-day clause&#8217; Article 15 of the OECD&#8217;s Model Double Taxation Convention<\/h2>\n\t\t<\/a><div class=\"ee-post__metas ee-post__metas--has-metas\"><ul class=\"ee-post__metas__list display--\"><li class=\"ee-post__meta ee-post__meta--date ee-post__metas__date\"> 19\/10\/1993<span class=\"ee-post__meta__separator\">\u00b7<\/span><\/li><\/ul><\/div><div class=\"ee-post__excerpt\">Download PDF<\/div><div class=\"ee-post__read-more\">\n\t\t\t<a class=\"ee-post__button\" href=\"https:\/\/schoueri.com.br\/en\/the-residence-of-employer-in-the-183-day-clause\/\">\n\t\t\t\tMore\t\t\t<\/a>\n\t\t<\/div><\/div><!-- .ee-post__body --><\/article><!-- .ee-post --><\/div><!-- .ee-loop__item --><div class=\"ee-grid__item ee-loop__item ee-filter-48\"><article class=\"ee-post post-4968 post type-post status-publish format-standard hentry category-articles-book-chapters tag-direito-tributario-internacional-international-tax-law\"><div class=\"ee-post__body ee-post__area\"><a href=\"https:\/\/schoueri.com.br\/en\/validade-de-normas-internas-contrarias-a-dispositivos-de-acordos-de-bitributacao-no-direito-e-na-pratica-norte-americana\/\" class=\"ee-post__title\">\n\t\t\t<h2 class=\"ee-post__title__heading\">Validade de Normas Internas Contr\u00e1rias a Dispositivos de Acordos de Bitributa\u00e7\u00e3o no Direito e na Pr\u00e1tica Norte-americana<\/h2>\n\t\t<\/a><div class=\"ee-post__metas ee-post__metas--has-metas\"><ul class=\"ee-post__metas__list display--\"><li class=\"ee-post__meta ee-post__meta--date ee-post__metas__date\"> 19\/10\/1993<span class=\"ee-post__meta__separator\">\u00b7<\/span><\/li><\/ul><\/div><div class=\"ee-post__excerpt\">Download PDF<\/div><div class=\"ee-post__read-more\">\n\t\t\t<a class=\"ee-post__button\" href=\"https:\/\/schoueri.com.br\/en\/validade-de-normas-internas-contrarias-a-dispositivos-de-acordos-de-bitributacao-no-direito-e-na-pratica-norte-americana\/\">\n\t\t\t\tMore\t\t\t<\/a>\n\t\t<\/div><\/div><!-- .ee-post__body --><\/article><!-- .ee-post --><\/div><!-- .ee-loop__item --><\/div><!-- .ee-loop -->\t\t\t\t<\/div>\n\t\t\t\t<\/div>\n\t\t\t\t\t<\/div>\n\t\t<\/div>\n\t\t\t\t\t<\/div>\n\t\t<\/section>\n\t\t\t\t<\/div>\n\t\t","protected":false},"excerpt":{"rendered":"<p>All Articles &amp; Book Chapters Books Presentations Legalidade Tribut\u00e1ria e o Supremo Tribunal Federal 04\/03\/2021\u00b7 O presente livro foi motivado por duas decis\u00f5es proferidas pelo Supremo Tribunal Federal que entendemos&hellip; More Obligations to MLI Non-Signatories within the Inclusive Framework 30\/12\/2020\u00b7 IBFD More Dedutibilidade de Doa\u00e7\u00f5es ao Terceiro Setor 28\/12\/2020\u00b7 PDF More Controlled Foreign Company Legislation &hellip;<\/p>\n<p class=\"read-more\"> <a class=\"\" href=\"https:\/\/schoueri.com.br\/en\/validade-de-normas-internas-contrarias-a-dispositivos-de-acordos-de-bitributacao-no-direito-e-na-pratica-norte-americana\/\"> <span class=\"screen-reader-text\">Validade de Normas Internas Contr\u00e1rias a Dispositivos de Acordos de Bitributa\u00e7\u00e3o no Direito e na Pr\u00e1tica Norte-americana<\/span> Leia mais &raquo;<\/a><\/p>\n","protected":false},"author":1,"featured_media":0,"parent":0,"menu_order":11,"comment_status":"closed","ping_status":"closed","template":"","meta":{"_acf_changed":false,"site-sidebar-layout":"no-sidebar","site-content-layout":"page-builder","ast-global-header-display":"","ast-banner-title-visibility":"","ast-main-header-display":"","ast-hfb-above-header-display":"","ast-hfb-below-header-display":"","ast-hfb-mobile-header-display":"","site-post-title":"disabled","ast-breadcrumbs-content":"","ast-featured-img":"disabled","footer-sml-layout":"","theme-transparent-header-meta":"default","adv-header-id-meta":"","stick-header-meta":"default","header-above-stick-meta":"","header-main-stick-meta":"","header-below-stick-meta":"","footnotes":"","_wp_rev_ctl_limit":""},"class_list":["post-4052","page","type-page","status-publish","hentry"],"acf":[],"_links":{"self":[{"href":"https:\/\/schoueri.com.br\/en\/wp-json\/wp\/v2\/pages\/4052","targetHints":{"allow":["GET"]}}],"collection":[{"href":"https:\/\/schoueri.com.br\/en\/wp-json\/wp\/v2\/pages"}],"about":[{"href":"https:\/\/schoueri.com.br\/en\/wp-json\/wp\/v2\/types\/page"}],"author":[{"embeddable":true,"href":"https:\/\/schoueri.com.br\/en\/wp-json\/wp\/v2\/users\/1"}],"replies":[{"embeddable":true,"href":"https:\/\/schoueri.com.br\/en\/wp-json\/wp\/v2\/comments?post=4052"}],"version-history":[{"count":0,"href":"https:\/\/schoueri.com.br\/en\/wp-json\/wp\/v2\/pages\/4052\/revisions"}],"wp:attachment":[{"href":"https:\/\/schoueri.com.br\/en\/wp-json\/wp\/v2\/media?parent=4052"}],"curies":[{"name":"wp","href":"https:\/\/api.w.org\/{rel}","templated":true}]}}